{"id":3100,"date":"2025-02-03T11:19:46","date_gmt":"2025-02-03T14:19:46","guid":{"rendered":"https:\/\/hola.test\/?page_id=3100"},"modified":"2025-03-07T21:28:52","modified_gmt":"2025-03-08T00:28:52","slug":"pedro-mege-rosso","status":"publish","type":"page","link":"https:\/\/dev.antudigital.cl\/sites\/fotografia\/autores\/pedro-mege-rosso\/","title":{"rendered":"Pedro Mege Rosso"},"content":{"rendered":"\t\t<div data-elementor-type=\"wp-page\" data-elementor-id=\"3100\" class=\"elementor elementor-3100\" data-elementor-post-type=\"page\">\n\t\t\t\t<div class=\"elementor-element elementor-element-819e7b4 e-con-full e-flex e-con e-parent\" data-id=\"819e7b4\" data-element_type=\"container\" data-settings=\"{&quot;background_background&quot;:&quot;classic&quot;}\">\n\t\t<div class=\"elementor-element elementor-element-1f4fa18 e-con-full elementor-hidden-tablet elementor-hidden-mobile e-flex e-con e-child\" data-id=\"1f4fa18\" data-element_type=\"container\" data-settings=\"{&quot;background_background&quot;:&quot;classic&quot;}\">\n\t\t\t\t<div class=\"elementor-element elementor-element-8e90d82 elementor-widget elementor-widget-spacer\" data-id=\"8e90d82\" data-element_type=\"widget\" data-widget_type=\"spacer.default\">\n\t\t\t\t<div class=\"elementor-widget-container\">\n\t\t\t\t\t\t\t<div class=\"elementor-spacer\">\n\t\t\t<div class=\"elementor-spacer-inner\"><\/div>\n\t\t<\/div>\n\t\t\t\t\t\t<\/div>\n\t\t\t\t<\/div>\n\t\t<div class=\"elementor-element elementor-element-afb0147 e-con-full e-flex e-con e-child\" data-id=\"afb0147\" data-element_type=\"container\" data-settings=\"{&quot;background_background&quot;:&quot;classic&quot;}\">\n\t\t\t\t<div class=\"elementor-element elementor-element-a784cf0 elementor-widget-divider--view-line elementor-widget elementor-widget-divider\" data-id=\"a784cf0\" data-element_type=\"widget\" data-widget_type=\"divider.default\">\n\t\t\t\t<div class=\"elementor-widget-container\">\n\t\t\t\t\t\t\t<div class=\"elementor-divider\">\n\t\t\t<span class=\"elementor-divider-separator\">\n\t\t\t\t\t\t<\/span>\n\t\t<\/div>\n\t\t\t\t\t\t<\/div>\n\t\t\t\t<\/div>\n\t\t\t\t<div class=\"elementor-element elementor-element-648da0d elementor-widget elementor-widget-heading\" data-id=\"648da0d\" data-element_type=\"widget\" data-widget_type=\"heading.default\">\n\t\t\t\t<div class=\"elementor-widget-container\">\n\t\t\t\t\t<span class=\"elementor-heading-title elementor-size-default\">Autores<\/span>\t\t\t\t<\/div>\n\t\t\t\t<\/div>\n\t\t\t\t<div class=\"elementor-element elementor-element-e17d844 nav-autores elementor-widget elementor-widget-nav-menu\" data-id=\"e17d844\" data-element_type=\"widget\" data-settings=\"{&quot;layout&quot;:&quot;dropdown&quot;,&quot;submenu_icon&quot;:{&quot;value&quot;:&quot;&lt;i class=\\&quot;\\&quot; aria-hidden=\\&quot;true\\&quot;&gt;&lt;\\\/i&gt;&quot;,&quot;library&quot;:&quot;&quot;}}\" data-widget_type=\"nav-menu.default\">\n\t\t\t\t<div class=\"elementor-widget-container\">\n\t\t\t\t\t\t\t\t<nav class=\"elementor-nav-menu--dropdown elementor-nav-menu__container\" aria-hidden=\"true\">\n\t\t\t\t<ul id=\"menu-2-e17d844\" class=\"elementor-nav-menu\"><li class=\"menu-item menu-item-type-post_type menu-item-object-page menu-item-3064\"><a href=\"https:\/\/dev.antudigital.cl\/sites\/fotografia\/autores\/margarita-alvarado-perez\/\" class=\"elementor-item\" tabindex=\"-1\">Margarita Alvarado P\u00e9rez<\/a><\/li>\n<li class=\"menu-item menu-item-type-post_type menu-item-object-page menu-item-3243\"><a href=\"https:\/\/dev.antudigital.cl\/sites\/fotografia\/autores\/alejandra-castro-rodriguez\/\" class=\"elementor-item\" tabindex=\"-1\">Alejandra Castro Rodr\u00edguez<\/a><\/li>\n<li class=\"menu-item menu-item-type-post_type menu-item-object-page menu-item-3244\"><a href=\"https:\/\/dev.antudigital.cl\/sites\/fotografia\/autores\/carla-moller-zunino\/\" class=\"elementor-item\" tabindex=\"-1\">Carla Moller Zunino<\/a><\/li>\n<li class=\"menu-item menu-item-type-post_type menu-item-object-page menu-item-3245\"><a href=\"https:\/\/dev.antudigital.cl\/sites\/fotografia\/autores\/christian-baez-allende\/\" class=\"elementor-item\" tabindex=\"-1\">Christian B\u00e1ez Allende<\/a><\/li>\n<li class=\"menu-item menu-item-type-post_type menu-item-object-page menu-item-3246\"><a href=\"https:\/\/dev.antudigital.cl\/sites\/fotografia\/autores\/felipe-a-maturana-diaz\/\" class=\"elementor-item\" tabindex=\"-1\">Felipe A. Maturana D\u00edaz<\/a><\/li>\n<li class=\"menu-item menu-item-type-post_type menu-item-object-page menu-item-3247\"><a href=\"https:\/\/dev.antudigital.cl\/sites\/fotografia\/autores\/gaston-carreno-gonzalez\/\" class=\"elementor-item\" tabindex=\"-1\">Gast\u00f3n Carre\u00f1o Gonz\u00e1lez<\/a><\/li>\n<li class=\"menu-item menu-item-type-post_type menu-item-object-page menu-item-3248\"><a href=\"https:\/\/dev.antudigital.cl\/sites\/fotografia\/autores\/gerardo-mora-rivera\/\" class=\"elementor-item\" tabindex=\"-1\">Gerardo Mora Rivera<\/a><\/li>\n<li class=\"menu-item menu-item-type-post_type menu-item-object-page menu-item-3249\"><a href=\"https:\/\/dev.antudigital.cl\/sites\/fotografia\/autores\/gonzalo-lobos-gonzalez\/\" class=\"elementor-item\" tabindex=\"-1\">Gonzalo Lobos Gonz\u00e1lez<\/a><\/li>\n<li class=\"menu-item menu-item-type-post_type menu-item-object-page menu-item-3250\"><a href=\"https:\/\/dev.antudigital.cl\/sites\/fotografia\/autores\/juan-pablo-leal-ugalde\/\" class=\"elementor-item\" tabindex=\"-1\">Juan Pablo Leal Ugalde<\/a><\/li>\n<li class=\"menu-item menu-item-type-post_type menu-item-object-page menu-item-3252\"><a href=\"https:\/\/dev.antudigital.cl\/sites\/fotografia\/autores\/maria-carolina-odone-correa\/\" class=\"elementor-item\" tabindex=\"-1\">Mar\u00eda Carolina Odone Correa<\/a><\/li>\n<li class=\"menu-item menu-item-type-post_type menu-item-object-page menu-item-3253\"><a href=\"https:\/\/dev.antudigital.cl\/sites\/fotografia\/autores\/maria-paz-bajas-irizar\/\" class=\"elementor-item\" tabindex=\"-1\">Mar\u00eda Paz Bajas Irizar<\/a><\/li>\n<li class=\"menu-item menu-item-type-post_type menu-item-object-page menu-item-3254\"><a href=\"https:\/\/dev.antudigital.cl\/sites\/fotografia\/autores\/pedro-mege-rosso\/\" class=\"elementor-item\" tabindex=\"-1\">Pedro Mege Rosso<\/a><\/li>\n<\/ul>\t\t\t<\/nav>\n\t\t\t\t\t\t<\/div>\n\t\t\t\t<\/div>\n\t\t\t\t<div class=\"elementor-element elementor-element-9abf743 elementor-widget-divider--view-line elementor-widget elementor-widget-divider\" data-id=\"9abf743\" data-element_type=\"widget\" data-widget_type=\"divider.default\">\n\t\t\t\t<div class=\"elementor-widget-container\">\n\t\t\t\t\t\t\t<div class=\"elementor-divider\">\n\t\t\t<span class=\"elementor-divider-separator\">\n\t\t\t\t\t\t<\/span>\n\t\t<\/div>\n\t\t\t\t\t\t<\/div>\n\t\t\t\t<\/div>\n\t\t\t\t<\/div>\n\t\t\t\t<\/div>\n\t\t<div class=\"elementor-element elementor-element-663d543 e-con-full e-flex e-con e-child\" data-id=\"663d543\" data-element_type=\"container\" data-settings=\"{&quot;background_background&quot;:&quot;classic&quot;}\">\n\t\t<div class=\"elementor-element elementor-element-db64e84 e-con-full e-flex e-con e-child\" data-id=\"db64e84\" data-element_type=\"container\">\n\t\t\t\t<div class=\"elementor-element elementor-element-47ccebf elementor-align-justify elementor-widget__width-inherit elementor-hidden-desktop elementor-widget elementor-widget-button\" data-id=\"47ccebf\" data-element_type=\"widget\" data-widget_type=\"button.default\">\n\t\t\t\t<div class=\"elementor-widget-container\">\n\t\t\t\t\t\t\t\t\t<div class=\"elementor-button-wrapper\">\n\t\t\t\t\t<a class=\"elementor-button elementor-button-link elementor-size-sm\" href=\"#elementor-action%3Aaction%3Dpopup%3Aopen%26settings%3DeyJpZCI6IjQ0MjQiLCJ0b2dnbGUiOmZhbHNlfQ%3D%3D\">\n\t\t\t\t\t\t<span class=\"elementor-button-content-wrapper\">\n\t\t\t\t\t\t<span class=\"elementor-button-icon\">\n\t\t\t\t<i aria-hidden=\"true\" class=\"fas fa-bars\"><\/i>\t\t\t<\/span>\n\t\t\t\t\t\t\t\t\t<span class=\"elementor-button-text\">AUTORES<\/span>\n\t\t\t\t\t<\/span>\n\t\t\t\t\t<\/a>\n\t\t\t\t<\/div>\n\t\t\t\t\t\t\t\t<\/div>\n\t\t\t\t<\/div>\n\t\t\t\t<div class=\"elementor-element elementor-element-beaad04 elementor-hidden-desktop elementor-widget elementor-widget-spacer\" data-id=\"beaad04\" data-element_type=\"widget\" data-widget_type=\"spacer.default\">\n\t\t\t\t<div class=\"elementor-widget-container\">\n\t\t\t\t\t\t\t<div class=\"elementor-spacer\">\n\t\t\t<div class=\"elementor-spacer-inner\"><\/div>\n\t\t<\/div>\n\t\t\t\t\t\t<\/div>\n\t\t\t\t<\/div>\n\t\t\t\t<div class=\"elementor-element elementor-element-5d2ad6a elementor-widget elementor-widget-heading\" data-id=\"5d2ad6a\" data-element_type=\"widget\" data-widget_type=\"heading.default\">\n\t\t\t\t<div class=\"elementor-widget-container\">\n\t\t\t\t\t<h1 class=\"elementor-heading-title elementor-size-default\">Pedro Mege Rosso<\/h1>\t\t\t\t<\/div>\n\t\t\t\t<\/div>\n\t\t\t\t<div class=\"elementor-element elementor-element-02bcf67 elementor-widget elementor-widget-text-editor\" data-id=\"02bcf67\" data-element_type=\"widget\" data-widget_type=\"text-editor.default\">\n\t\t\t\t<div class=\"elementor-widget-container\">\n\t\t\t\t\t\t\t\t\t<p>Licenciado en Antropolog\u00eda Sociocultural, Universidad de Chile.\u00a0 Profesor del Departamento de Historia y del Departamento de Antropolog\u00eda, Pontificia Universidad Cat\u00f3lica. Es Director del Centro Interdisciplinario de Estudios interculturales e Ind\u00edgenas (ICCIS,\u00a0<a href=\"http:\/\/interculturalindigena.uc.cl\/\">http:\/\/interculturalindigena.uc.cl<\/a>). Ha trabajado como Investigador adjunto del Museo Chileno de Arte Precolombino y en la Sociedad Arqueol\u00f3gica de Santiago. Sus investigaciones est\u00e1n ligadas a las \u00e1reas de Etnolog\u00eda Mapuche, Etnoling\u00fc\u00edstica, Etnoest\u00e9tica, Teor\u00eda de la Imagen y Etnosemiolog\u00eda.<\/p>\t\t\t\t\t\t\t\t<\/div>\n\t\t\t\t<\/div>\n\t\t\t\t<\/div>\n\t\t<div class=\"elementor-element elementor-element-5b048ed e-con-full e-flex e-con e-child\" data-id=\"5b048ed\" data-element_type=\"container\">\n\t\t\t\t<div class=\"elementor-element elementor-element-4c6dfb5 elementor-widget elementor-widget-image\" data-id=\"4c6dfb5\" data-element_type=\"widget\" data-widget_type=\"image.default\">\n\t\t\t\t<div class=\"elementor-widget-container\">\n\t\t\t\t\t\t\t\t\t\t\t\t\t\t\t<img decoding=\"async\" src=\"https:\/\/dev.antudigital.cl\/sites\/fotografia\/wp-content\/plugins\/elementor\/assets\/images\/placeholder.png\" title=\"\" alt=\"\" loading=\"lazy\" \/>\t\t\t\t\t\t\t\t\t\t\t\t\t\t\t<\/div>\n\t\t\t\t<\/div>\n\t\t\t\t<\/div>\n\t\t\t\t<\/div>\n\t\t<div class=\"elementor-element elementor-element-58e39a9 e-con-full elementor-hidden-tablet elementor-hidden-mobile e-flex e-con e-child\" data-id=\"58e39a9\" data-element_type=\"container\" data-settings=\"{&quot;background_background&quot;:&quot;classic&quot;}\">\n\t\t<div class=\"elementor-element elementor-element-b3dd6f4 e-con-full e-flex e-con e-child\" data-id=\"b3dd6f4\" data-element_type=\"container\">\n\t\t\t\t<div class=\"elementor-element elementor-element-5f10556 elementor-widget elementor-widget-heading\" data-id=\"5f10556\" data-element_type=\"widget\" data-widget_type=\"heading.default\">\n\t\t\t\t<div class=\"elementor-widget-container\">\n\t\t\t\t\t<span class=\"elementor-heading-title elementor-size-default\">Dise\u00f1o<\/span>\t\t\t\t<\/div>\n\t\t\t\t<\/div>\n\t\t\t\t<div class=\"elementor-element elementor-element-89ca02c elementor-widget elementor-widget-heading\" data-id=\"89ca02c\" data-element_type=\"widget\" data-widget_type=\"heading.default\">\n\t\t\t\t<div class=\"elementor-widget-container\">\n\t\t\t\t\t<span class=\"elementor-heading-title elementor-size-default\">estudioManada<\/span>\t\t\t\t<\/div>\n\t\t\t\t<\/div>\n\t\t\t\t<\/div>\n\t\t\t\t<\/div>\n\t\t\t\t<\/div>\n\t\t\t\t<\/div>\n\t\t","protected":false},"excerpt":{"rendered":"<p>Autores AUTORES Licenciado en Antropolog\u00eda Sociocultural, Universidad de Chile.\u00a0 Profesor del Departamento de Historia y del Departamento de Antropolog\u00eda, Pontificia Universidad Cat\u00f3lica. Es Director del Centro Interdisciplinario de Estudios interculturales e Ind\u00edgenas (ICCIS,\u00a0http:\/\/interculturalindigena.uc.cl). Ha trabajado como Investigador adjunto del Museo Chileno de Arte Precolombino y en la Sociedad Arqueol\u00f3gica de Santiago. Sus investigaciones est\u00e1n ligadas [&hellip;]<\/p>\n","protected":false},"author":1,"featured_media":0,"parent":1849,"menu_order":0,"comment_status":"closed","ping_status":"closed","template":"elementor_header_footer","meta":{"footnotes":""},"class_list":["post-3100","page","type-page","status-publish","hentry"],"_links":{"self":[{"href":"https:\/\/dev.antudigital.cl\/sites\/fotografia\/wp-json\/wp\/v2\/pages\/3100","targetHints":{"allow":["GET"]}}],"collection":[{"href":"https:\/\/dev.antudigital.cl\/sites\/fotografia\/wp-json\/wp\/v2\/pages"}],"about":[{"href":"https:\/\/dev.antudigital.cl\/sites\/fotografia\/wp-json\/wp\/v2\/types\/page"}],"author":[{"embeddable":true,"href":"https:\/\/dev.antudigital.cl\/sites\/fotografia\/wp-json\/wp\/v2\/users\/1"}],"replies":[{"embeddable":true,"href":"https:\/\/dev.antudigital.cl\/sites\/fotografia\/wp-json\/wp\/v2\/comments?post=3100"}],"version-history":[{"count":14,"href":"https:\/\/dev.antudigital.cl\/sites\/fotografia\/wp-json\/wp\/v2\/pages\/3100\/revisions"}],"predecessor-version":[{"id":4655,"href":"https:\/\/dev.antudigital.cl\/sites\/fotografia\/wp-json\/wp\/v2\/pages\/3100\/revisions\/4655"}],"up":[{"embeddable":true,"href":"https:\/\/dev.antudigital.cl\/sites\/fotografia\/wp-json\/wp\/v2\/pages\/1849"}],"wp:attachment":[{"href":"https:\/\/dev.antudigital.cl\/sites\/fotografia\/wp-json\/wp\/v2\/media?parent=3100"}],"curies":[{"name":"wp","href":"https:\/\/api.w.org\/{rel}","templated":true}]}}