{"id":3102,"date":"2025-02-03T11:19:31","date_gmt":"2025-02-03T14:19:31","guid":{"rendered":"https:\/\/hola.test\/?page_id=3102"},"modified":"2025-03-07T21:24:25","modified_gmt":"2025-03-08T00:24:25","slug":"felipe-a-maturana-diaz","status":"publish","type":"page","link":"https:\/\/dev.antudigital.cl\/sites\/fotografia\/autores\/felipe-a-maturana-diaz\/","title":{"rendered":"Felipe A. Maturana D\u00edaz"},"content":{"rendered":"\t\t<div data-elementor-type=\"wp-page\" data-elementor-id=\"3102\" class=\"elementor elementor-3102\" data-elementor-post-type=\"page\">\n\t\t\t\t<div class=\"elementor-element elementor-element-305b31c e-con-full e-flex e-con e-parent\" data-id=\"305b31c\" data-element_type=\"container\" data-settings=\"{&quot;background_background&quot;:&quot;classic&quot;}\">\n\t\t<div class=\"elementor-element elementor-element-4e150b6 e-con-full elementor-hidden-tablet elementor-hidden-mobile e-flex e-con e-child\" data-id=\"4e150b6\" data-element_type=\"container\" data-settings=\"{&quot;background_background&quot;:&quot;classic&quot;}\">\n\t\t\t\t<div class=\"elementor-element elementor-element-b29364c elementor-widget elementor-widget-spacer\" data-id=\"b29364c\" data-element_type=\"widget\" data-widget_type=\"spacer.default\">\n\t\t\t\t<div class=\"elementor-widget-container\">\n\t\t\t\t\t\t\t<div class=\"elementor-spacer\">\n\t\t\t<div class=\"elementor-spacer-inner\"><\/div>\n\t\t<\/div>\n\t\t\t\t\t\t<\/div>\n\t\t\t\t<\/div>\n\t\t<div class=\"elementor-element elementor-element-153ebee e-con-full e-flex e-con e-child\" data-id=\"153ebee\" data-element_type=\"container\" data-settings=\"{&quot;background_background&quot;:&quot;classic&quot;}\">\n\t\t\t\t<div class=\"elementor-element elementor-element-ff3c847 elementor-widget-divider--view-line elementor-widget elementor-widget-divider\" data-id=\"ff3c847\" data-element_type=\"widget\" data-widget_type=\"divider.default\">\n\t\t\t\t<div class=\"elementor-widget-container\">\n\t\t\t\t\t\t\t<div class=\"elementor-divider\">\n\t\t\t<span class=\"elementor-divider-separator\">\n\t\t\t\t\t\t<\/span>\n\t\t<\/div>\n\t\t\t\t\t\t<\/div>\n\t\t\t\t<\/div>\n\t\t\t\t<div class=\"elementor-element elementor-element-6747051 elementor-widget elementor-widget-heading\" data-id=\"6747051\" data-element_type=\"widget\" data-widget_type=\"heading.default\">\n\t\t\t\t<div class=\"elementor-widget-container\">\n\t\t\t\t\t<span class=\"elementor-heading-title elementor-size-default\">Autores<\/span>\t\t\t\t<\/div>\n\t\t\t\t<\/div>\n\t\t\t\t<div class=\"elementor-element elementor-element-e78bd6f nav-autores elementor-widget elementor-widget-nav-menu\" data-id=\"e78bd6f\" data-element_type=\"widget\" data-settings=\"{&quot;layout&quot;:&quot;dropdown&quot;,&quot;submenu_icon&quot;:{&quot;value&quot;:&quot;&lt;i class=\\&quot;\\&quot; aria-hidden=\\&quot;true\\&quot;&gt;&lt;\\\/i&gt;&quot;,&quot;library&quot;:&quot;&quot;}}\" data-widget_type=\"nav-menu.default\">\n\t\t\t\t<div class=\"elementor-widget-container\">\n\t\t\t\t\t\t\t\t<nav class=\"elementor-nav-menu--dropdown elementor-nav-menu__container\" aria-hidden=\"true\">\n\t\t\t\t<ul id=\"menu-2-e78bd6f\" class=\"elementor-nav-menu\"><li class=\"menu-item menu-item-type-post_type menu-item-object-page menu-item-3064\"><a href=\"https:\/\/dev.antudigital.cl\/sites\/fotografia\/autores\/margarita-alvarado-perez\/\" class=\"elementor-item\" tabindex=\"-1\">Margarita Alvarado P\u00e9rez<\/a><\/li>\n<li class=\"menu-item menu-item-type-post_type menu-item-object-page menu-item-3243\"><a href=\"https:\/\/dev.antudigital.cl\/sites\/fotografia\/autores\/alejandra-castro-rodriguez\/\" class=\"elementor-item\" tabindex=\"-1\">Alejandra Castro Rodr\u00edguez<\/a><\/li>\n<li class=\"menu-item menu-item-type-post_type menu-item-object-page menu-item-3244\"><a href=\"https:\/\/dev.antudigital.cl\/sites\/fotografia\/autores\/carla-moller-zunino\/\" class=\"elementor-item\" tabindex=\"-1\">Carla Moller Zunino<\/a><\/li>\n<li class=\"menu-item menu-item-type-post_type menu-item-object-page menu-item-3245\"><a href=\"https:\/\/dev.antudigital.cl\/sites\/fotografia\/autores\/christian-baez-allende\/\" class=\"elementor-item\" tabindex=\"-1\">Christian B\u00e1ez Allende<\/a><\/li>\n<li class=\"menu-item menu-item-type-post_type menu-item-object-page menu-item-3246\"><a href=\"https:\/\/dev.antudigital.cl\/sites\/fotografia\/autores\/felipe-a-maturana-diaz\/\" class=\"elementor-item\" tabindex=\"-1\">Felipe A. Maturana D\u00edaz<\/a><\/li>\n<li class=\"menu-item menu-item-type-post_type menu-item-object-page menu-item-3247\"><a href=\"https:\/\/dev.antudigital.cl\/sites\/fotografia\/autores\/gaston-carreno-gonzalez\/\" class=\"elementor-item\" tabindex=\"-1\">Gast\u00f3n Carre\u00f1o Gonz\u00e1lez<\/a><\/li>\n<li class=\"menu-item menu-item-type-post_type menu-item-object-page menu-item-3248\"><a href=\"https:\/\/dev.antudigital.cl\/sites\/fotografia\/autores\/gerardo-mora-rivera\/\" class=\"elementor-item\" tabindex=\"-1\">Gerardo Mora Rivera<\/a><\/li>\n<li class=\"menu-item menu-item-type-post_type menu-item-object-page menu-item-3249\"><a href=\"https:\/\/dev.antudigital.cl\/sites\/fotografia\/autores\/gonzalo-lobos-gonzalez\/\" class=\"elementor-item\" tabindex=\"-1\">Gonzalo Lobos Gonz\u00e1lez<\/a><\/li>\n<li class=\"menu-item menu-item-type-post_type menu-item-object-page menu-item-3250\"><a href=\"https:\/\/dev.antudigital.cl\/sites\/fotografia\/autores\/juan-pablo-leal-ugalde\/\" class=\"elementor-item\" tabindex=\"-1\">Juan Pablo Leal Ugalde<\/a><\/li>\n<li class=\"menu-item menu-item-type-post_type menu-item-object-page menu-item-3252\"><a href=\"https:\/\/dev.antudigital.cl\/sites\/fotografia\/autores\/maria-carolina-odone-correa\/\" class=\"elementor-item\" tabindex=\"-1\">Mar\u00eda Carolina Odone Correa<\/a><\/li>\n<li class=\"menu-item menu-item-type-post_type menu-item-object-page menu-item-3253\"><a href=\"https:\/\/dev.antudigital.cl\/sites\/fotografia\/autores\/maria-paz-bajas-irizar\/\" class=\"elementor-item\" tabindex=\"-1\">Mar\u00eda Paz Bajas Irizar<\/a><\/li>\n<li class=\"menu-item menu-item-type-post_type menu-item-object-page menu-item-3254\"><a href=\"https:\/\/dev.antudigital.cl\/sites\/fotografia\/autores\/pedro-mege-rosso\/\" class=\"elementor-item\" tabindex=\"-1\">Pedro Mege Rosso<\/a><\/li>\n<\/ul>\t\t\t<\/nav>\n\t\t\t\t\t\t<\/div>\n\t\t\t\t<\/div>\n\t\t\t\t<div class=\"elementor-element elementor-element-e9a916d elementor-widget-divider--view-line elementor-widget elementor-widget-divider\" data-id=\"e9a916d\" data-element_type=\"widget\" data-widget_type=\"divider.default\">\n\t\t\t\t<div class=\"elementor-widget-container\">\n\t\t\t\t\t\t\t<div class=\"elementor-divider\">\n\t\t\t<span class=\"elementor-divider-separator\">\n\t\t\t\t\t\t<\/span>\n\t\t<\/div>\n\t\t\t\t\t\t<\/div>\n\t\t\t\t<\/div>\n\t\t\t\t<\/div>\n\t\t\t\t<\/div>\n\t\t<div class=\"elementor-element elementor-element-03aeb0f e-con-full e-flex e-con e-child\" data-id=\"03aeb0f\" data-element_type=\"container\" data-settings=\"{&quot;background_background&quot;:&quot;classic&quot;}\">\n\t\t<div class=\"elementor-element elementor-element-da56d12 e-con-full e-flex e-con e-child\" data-id=\"da56d12\" data-element_type=\"container\">\n\t\t\t\t<div class=\"elementor-element elementor-element-fcbe297 elementor-align-justify elementor-widget__width-inherit elementor-hidden-desktop elementor-widget elementor-widget-button\" data-id=\"fcbe297\" data-element_type=\"widget\" data-widget_type=\"button.default\">\n\t\t\t\t<div class=\"elementor-widget-container\">\n\t\t\t\t\t\t\t\t\t<div class=\"elementor-button-wrapper\">\n\t\t\t\t\t<a class=\"elementor-button elementor-button-link elementor-size-sm\" href=\"#elementor-action%3Aaction%3Dpopup%3Aopen%26settings%3DeyJpZCI6IjQ0MjQiLCJ0b2dnbGUiOmZhbHNlfQ%3D%3D\">\n\t\t\t\t\t\t<span class=\"elementor-button-content-wrapper\">\n\t\t\t\t\t\t<span class=\"elementor-button-icon\">\n\t\t\t\t<i aria-hidden=\"true\" class=\"fas fa-bars\"><\/i>\t\t\t<\/span>\n\t\t\t\t\t\t\t\t\t<span class=\"elementor-button-text\">AUTORES<\/span>\n\t\t\t\t\t<\/span>\n\t\t\t\t\t<\/a>\n\t\t\t\t<\/div>\n\t\t\t\t\t\t\t\t<\/div>\n\t\t\t\t<\/div>\n\t\t\t\t<div class=\"elementor-element elementor-element-918e75a elementor-hidden-desktop elementor-widget elementor-widget-spacer\" data-id=\"918e75a\" data-element_type=\"widget\" data-widget_type=\"spacer.default\">\n\t\t\t\t<div class=\"elementor-widget-container\">\n\t\t\t\t\t\t\t<div class=\"elementor-spacer\">\n\t\t\t<div class=\"elementor-spacer-inner\"><\/div>\n\t\t<\/div>\n\t\t\t\t\t\t<\/div>\n\t\t\t\t<\/div>\n\t\t\t\t<div class=\"elementor-element elementor-element-5d2ad6a elementor-widget elementor-widget-heading\" data-id=\"5d2ad6a\" data-element_type=\"widget\" data-widget_type=\"heading.default\">\n\t\t\t\t<div class=\"elementor-widget-container\">\n\t\t\t\t\t<h1 class=\"elementor-heading-title elementor-size-default\">Felipe A. Maturana D\u00edaz<\/h1>\t\t\t\t<\/div>\n\t\t\t\t<\/div>\n\t\t\t\t<div class=\"elementor-element elementor-element-02bcf67 elementor-widget elementor-widget-text-editor\" data-id=\"02bcf67\" data-element_type=\"widget\" data-widget_type=\"text-editor.default\">\n\t\t\t\t<div class=\"elementor-widget-container\">\n\t\t\t\t\t\t\t\t\t<p>Antrop\u00f3logo Social de la Universidad de Chile y Realizador Audiovisual. Diplomado en documental creativo\/indagatorio, Universidad Alberto Hurtado. Investigador del Centro de Estudios en Antropolog\u00eda Visual (<a href=\"http:\/\/www.ceavi.cl\/\">www.ceavi.cl<\/a>). Sus temas de investigaci\u00f3n se relacionan con la Antropolog\u00eda Visual, la Etnograf\u00eda Audiovisual, vinculado con los archivos fotogr\u00e1ficos y la representaci\u00f3n de los Pueblos Originarios de Am\u00e9rica en sus diferentes soportes, como grabados, pintura, fotograf\u00eda, cine, video.<\/p>\t\t\t\t\t\t\t\t<\/div>\n\t\t\t\t<\/div>\n\t\t\t\t<\/div>\n\t\t<div class=\"elementor-element elementor-element-ee539e4 e-con-full e-flex e-con e-child\" data-id=\"ee539e4\" data-element_type=\"container\">\n\t\t\t\t<div class=\"elementor-element elementor-element-cacf0f0 elementor-widget elementor-widget-image\" data-id=\"cacf0f0\" data-element_type=\"widget\" data-widget_type=\"image.default\">\n\t\t\t\t<div class=\"elementor-widget-container\">\n\t\t\t\t\t\t\t\t\t\t\t\t\t\t\t<img decoding=\"async\" src=\"https:\/\/dev.antudigital.cl\/sites\/fotografia\/wp-content\/plugins\/elementor\/assets\/images\/placeholder.png\" title=\"\" alt=\"\" loading=\"lazy\" \/>\t\t\t\t\t\t\t\t\t\t\t\t\t\t\t<\/div>\n\t\t\t\t<\/div>\n\t\t\t\t<\/div>\n\t\t\t\t<\/div>\n\t\t<div class=\"elementor-element elementor-element-3a83fd6 e-con-full elementor-hidden-tablet elementor-hidden-mobile e-flex e-con e-child\" data-id=\"3a83fd6\" data-element_type=\"container\" data-settings=\"{&quot;background_background&quot;:&quot;classic&quot;}\">\n\t\t<div class=\"elementor-element elementor-element-39606a7 e-con-full e-flex e-con e-child\" data-id=\"39606a7\" data-element_type=\"container\">\n\t\t\t\t<div class=\"elementor-element elementor-element-c549918 elementor-widget elementor-widget-heading\" data-id=\"c549918\" data-element_type=\"widget\" data-widget_type=\"heading.default\">\n\t\t\t\t<div class=\"elementor-widget-container\">\n\t\t\t\t\t<span class=\"elementor-heading-title elementor-size-default\">Dise\u00f1o<\/span>\t\t\t\t<\/div>\n\t\t\t\t<\/div>\n\t\t\t\t<div class=\"elementor-element elementor-element-7b86d10 elementor-widget elementor-widget-heading\" data-id=\"7b86d10\" data-element_type=\"widget\" data-widget_type=\"heading.default\">\n\t\t\t\t<div class=\"elementor-widget-container\">\n\t\t\t\t\t<span class=\"elementor-heading-title elementor-size-default\">estudioManada<\/span>\t\t\t\t<\/div>\n\t\t\t\t<\/div>\n\t\t\t\t<\/div>\n\t\t\t\t<\/div>\n\t\t\t\t<\/div>\n\t\t\t\t<\/div>\n\t\t","protected":false},"excerpt":{"rendered":"<p>Autores AUTORES Antrop\u00f3logo Social de la Universidad de Chile y Realizador Audiovisual. Diplomado en documental creativo\/indagatorio, Universidad Alberto Hurtado. Investigador del Centro de Estudios en Antropolog\u00eda Visual (www.ceavi.cl). Sus temas de investigaci\u00f3n se relacionan con la Antropolog\u00eda Visual, la Etnograf\u00eda Audiovisual, vinculado con los archivos fotogr\u00e1ficos y la representaci\u00f3n de los Pueblos Originarios de Am\u00e9rica [&hellip;]<\/p>\n","protected":false},"author":1,"featured_media":0,"parent":1849,"menu_order":0,"comment_status":"closed","ping_status":"closed","template":"elementor_header_footer","meta":{"footnotes":""},"class_list":["post-3102","page","type-page","status-publish","hentry"],"_links":{"self":[{"href":"https:\/\/dev.antudigital.cl\/sites\/fotografia\/wp-json\/wp\/v2\/pages\/3102","targetHints":{"allow":["GET"]}}],"collection":[{"href":"https:\/\/dev.antudigital.cl\/sites\/fotografia\/wp-json\/wp\/v2\/pages"}],"about":[{"href":"https:\/\/dev.antudigital.cl\/sites\/fotografia\/wp-json\/wp\/v2\/types\/page"}],"author":[{"embeddable":true,"href":"https:\/\/dev.antudigital.cl\/sites\/fotografia\/wp-json\/wp\/v2\/users\/1"}],"replies":[{"embeddable":true,"href":"https:\/\/dev.antudigital.cl\/sites\/fotografia\/wp-json\/wp\/v2\/comments?post=3102"}],"version-history":[{"count":19,"href":"https:\/\/dev.antudigital.cl\/sites\/fotografia\/wp-json\/wp\/v2\/pages\/3102\/revisions"}],"predecessor-version":[{"id":4619,"href":"https:\/\/dev.antudigital.cl\/sites\/fotografia\/wp-json\/wp\/v2\/pages\/3102\/revisions\/4619"}],"up":[{"embeddable":true,"href":"https:\/\/dev.antudigital.cl\/sites\/fotografia\/wp-json\/wp\/v2\/pages\/1849"}],"wp:attachment":[{"href":"https:\/\/dev.antudigital.cl\/sites\/fotografia\/wp-json\/wp\/v2\/media?parent=3102"}],"curies":[{"name":"wp","href":"https:\/\/api.w.org\/{rel}","templated":true}]}}