{"id":3108,"date":"2025-02-03T11:19:24","date_gmt":"2025-02-03T14:19:24","guid":{"rendered":"https:\/\/hola.test\/?page_id=3108"},"modified":"2025-03-07T21:28:38","modified_gmt":"2025-03-08T00:28:38","slug":"juan-pablo-leal-ugalde","status":"publish","type":"page","link":"https:\/\/dev.antudigital.cl\/sites\/fotografia\/autores\/juan-pablo-leal-ugalde\/","title":{"rendered":"Juan Pablo Leal Ugalde"},"content":{"rendered":"\t\t<div data-elementor-type=\"wp-page\" data-elementor-id=\"3108\" class=\"elementor elementor-3108\" data-elementor-post-type=\"page\">\n\t\t\t\t<div class=\"elementor-element elementor-element-7814391 e-con-full e-flex e-con e-parent\" data-id=\"7814391\" data-element_type=\"container\" data-settings=\"{&quot;background_background&quot;:&quot;classic&quot;}\">\n\t\t<div class=\"elementor-element elementor-element-02b3fc7 e-con-full elementor-hidden-tablet elementor-hidden-mobile e-flex e-con e-child\" data-id=\"02b3fc7\" data-element_type=\"container\" data-settings=\"{&quot;background_background&quot;:&quot;classic&quot;}\">\n\t\t\t\t<div class=\"elementor-element elementor-element-41fe327 elementor-widget elementor-widget-spacer\" data-id=\"41fe327\" data-element_type=\"widget\" data-widget_type=\"spacer.default\">\n\t\t\t\t<div class=\"elementor-widget-container\">\n\t\t\t\t\t\t\t<div class=\"elementor-spacer\">\n\t\t\t<div class=\"elementor-spacer-inner\"><\/div>\n\t\t<\/div>\n\t\t\t\t\t\t<\/div>\n\t\t\t\t<\/div>\n\t\t<div class=\"elementor-element elementor-element-6c85fe5 e-con-full e-flex e-con e-child\" data-id=\"6c85fe5\" data-element_type=\"container\" data-settings=\"{&quot;background_background&quot;:&quot;classic&quot;}\">\n\t\t\t\t<div class=\"elementor-element elementor-element-a3cf5d1 elementor-widget-divider--view-line elementor-widget elementor-widget-divider\" data-id=\"a3cf5d1\" data-element_type=\"widget\" data-widget_type=\"divider.default\">\n\t\t\t\t<div class=\"elementor-widget-container\">\n\t\t\t\t\t\t\t<div class=\"elementor-divider\">\n\t\t\t<span class=\"elementor-divider-separator\">\n\t\t\t\t\t\t<\/span>\n\t\t<\/div>\n\t\t\t\t\t\t<\/div>\n\t\t\t\t<\/div>\n\t\t\t\t<div class=\"elementor-element elementor-element-af124ac elementor-widget elementor-widget-heading\" data-id=\"af124ac\" data-element_type=\"widget\" data-widget_type=\"heading.default\">\n\t\t\t\t<div class=\"elementor-widget-container\">\n\t\t\t\t\t<span class=\"elementor-heading-title elementor-size-default\">Autores<\/span>\t\t\t\t<\/div>\n\t\t\t\t<\/div>\n\t\t\t\t<div class=\"elementor-element elementor-element-b0ba377 nav-autores elementor-widget elementor-widget-nav-menu\" data-id=\"b0ba377\" data-element_type=\"widget\" data-settings=\"{&quot;layout&quot;:&quot;dropdown&quot;,&quot;submenu_icon&quot;:{&quot;value&quot;:&quot;&lt;i class=\\&quot;\\&quot; aria-hidden=\\&quot;true\\&quot;&gt;&lt;\\\/i&gt;&quot;,&quot;library&quot;:&quot;&quot;}}\" data-widget_type=\"nav-menu.default\">\n\t\t\t\t<div class=\"elementor-widget-container\">\n\t\t\t\t\t\t\t\t<nav class=\"elementor-nav-menu--dropdown elementor-nav-menu__container\" aria-hidden=\"true\">\n\t\t\t\t<ul id=\"menu-2-b0ba377\" class=\"elementor-nav-menu\"><li class=\"menu-item menu-item-type-post_type menu-item-object-page menu-item-3064\"><a href=\"https:\/\/dev.antudigital.cl\/sites\/fotografia\/autores\/margarita-alvarado-perez\/\" class=\"elementor-item\" tabindex=\"-1\">Margarita Alvarado P\u00e9rez<\/a><\/li>\n<li class=\"menu-item menu-item-type-post_type menu-item-object-page menu-item-3243\"><a href=\"https:\/\/dev.antudigital.cl\/sites\/fotografia\/autores\/alejandra-castro-rodriguez\/\" class=\"elementor-item\" tabindex=\"-1\">Alejandra Castro Rodr\u00edguez<\/a><\/li>\n<li class=\"menu-item menu-item-type-post_type menu-item-object-page menu-item-3244\"><a href=\"https:\/\/dev.antudigital.cl\/sites\/fotografia\/autores\/carla-moller-zunino\/\" class=\"elementor-item\" tabindex=\"-1\">Carla Moller Zunino<\/a><\/li>\n<li class=\"menu-item menu-item-type-post_type menu-item-object-page menu-item-3245\"><a href=\"https:\/\/dev.antudigital.cl\/sites\/fotografia\/autores\/christian-baez-allende\/\" class=\"elementor-item\" tabindex=\"-1\">Christian B\u00e1ez Allende<\/a><\/li>\n<li class=\"menu-item menu-item-type-post_type menu-item-object-page menu-item-3246\"><a href=\"https:\/\/dev.antudigital.cl\/sites\/fotografia\/autores\/felipe-a-maturana-diaz\/\" class=\"elementor-item\" tabindex=\"-1\">Felipe A. Maturana D\u00edaz<\/a><\/li>\n<li class=\"menu-item menu-item-type-post_type menu-item-object-page menu-item-3247\"><a href=\"https:\/\/dev.antudigital.cl\/sites\/fotografia\/autores\/gaston-carreno-gonzalez\/\" class=\"elementor-item\" tabindex=\"-1\">Gast\u00f3n Carre\u00f1o Gonz\u00e1lez<\/a><\/li>\n<li class=\"menu-item menu-item-type-post_type menu-item-object-page menu-item-3248\"><a href=\"https:\/\/dev.antudigital.cl\/sites\/fotografia\/autores\/gerardo-mora-rivera\/\" class=\"elementor-item\" tabindex=\"-1\">Gerardo Mora Rivera<\/a><\/li>\n<li class=\"menu-item menu-item-type-post_type menu-item-object-page menu-item-3249\"><a href=\"https:\/\/dev.antudigital.cl\/sites\/fotografia\/autores\/gonzalo-lobos-gonzalez\/\" class=\"elementor-item\" tabindex=\"-1\">Gonzalo Lobos Gonz\u00e1lez<\/a><\/li>\n<li class=\"menu-item menu-item-type-post_type menu-item-object-page menu-item-3250\"><a href=\"https:\/\/dev.antudigital.cl\/sites\/fotografia\/autores\/juan-pablo-leal-ugalde\/\" class=\"elementor-item\" tabindex=\"-1\">Juan Pablo Leal Ugalde<\/a><\/li>\n<li class=\"menu-item menu-item-type-post_type menu-item-object-page menu-item-3252\"><a href=\"https:\/\/dev.antudigital.cl\/sites\/fotografia\/autores\/maria-carolina-odone-correa\/\" class=\"elementor-item\" tabindex=\"-1\">Mar\u00eda Carolina Odone Correa<\/a><\/li>\n<li class=\"menu-item menu-item-type-post_type menu-item-object-page menu-item-3253\"><a href=\"https:\/\/dev.antudigital.cl\/sites\/fotografia\/autores\/maria-paz-bajas-irizar\/\" class=\"elementor-item\" tabindex=\"-1\">Mar\u00eda Paz Bajas Irizar<\/a><\/li>\n<li class=\"menu-item menu-item-type-post_type menu-item-object-page menu-item-3254\"><a href=\"https:\/\/dev.antudigital.cl\/sites\/fotografia\/autores\/pedro-mege-rosso\/\" class=\"elementor-item\" tabindex=\"-1\">Pedro Mege Rosso<\/a><\/li>\n<\/ul>\t\t\t<\/nav>\n\t\t\t\t\t\t<\/div>\n\t\t\t\t<\/div>\n\t\t\t\t<div class=\"elementor-element elementor-element-32ce8c5 elementor-widget-divider--view-line elementor-widget elementor-widget-divider\" data-id=\"32ce8c5\" data-element_type=\"widget\" data-widget_type=\"divider.default\">\n\t\t\t\t<div class=\"elementor-widget-container\">\n\t\t\t\t\t\t\t<div class=\"elementor-divider\">\n\t\t\t<span class=\"elementor-divider-separator\">\n\t\t\t\t\t\t<\/span>\n\t\t<\/div>\n\t\t\t\t\t\t<\/div>\n\t\t\t\t<\/div>\n\t\t\t\t<\/div>\n\t\t\t\t<\/div>\n\t\t<div class=\"elementor-element elementor-element-a962365 e-con-full e-flex e-con e-child\" data-id=\"a962365\" data-element_type=\"container\" data-settings=\"{&quot;background_background&quot;:&quot;classic&quot;}\">\n\t\t<div class=\"elementor-element elementor-element-32ef7f5 e-con-full e-flex e-con e-child\" data-id=\"32ef7f5\" data-element_type=\"container\">\n\t\t\t\t<div class=\"elementor-element elementor-element-abd89c6 elementor-align-justify elementor-widget__width-inherit elementor-hidden-desktop elementor-widget elementor-widget-button\" data-id=\"abd89c6\" data-element_type=\"widget\" data-widget_type=\"button.default\">\n\t\t\t\t<div class=\"elementor-widget-container\">\n\t\t\t\t\t\t\t\t\t<div class=\"elementor-button-wrapper\">\n\t\t\t\t\t<a class=\"elementor-button elementor-button-link elementor-size-sm\" href=\"#elementor-action%3Aaction%3Dpopup%3Aopen%26settings%3DeyJpZCI6IjQ0MjQiLCJ0b2dnbGUiOmZhbHNlfQ%3D%3D\">\n\t\t\t\t\t\t<span class=\"elementor-button-content-wrapper\">\n\t\t\t\t\t\t<span class=\"elementor-button-icon\">\n\t\t\t\t<i aria-hidden=\"true\" class=\"fas fa-bars\"><\/i>\t\t\t<\/span>\n\t\t\t\t\t\t\t\t\t<span class=\"elementor-button-text\">AUTORES<\/span>\n\t\t\t\t\t<\/span>\n\t\t\t\t\t<\/a>\n\t\t\t\t<\/div>\n\t\t\t\t\t\t\t\t<\/div>\n\t\t\t\t<\/div>\n\t\t\t\t<div class=\"elementor-element elementor-element-f93d0cc elementor-hidden-desktop elementor-widget elementor-widget-spacer\" data-id=\"f93d0cc\" data-element_type=\"widget\" data-widget_type=\"spacer.default\">\n\t\t\t\t<div class=\"elementor-widget-container\">\n\t\t\t\t\t\t\t<div class=\"elementor-spacer\">\n\t\t\t<div class=\"elementor-spacer-inner\"><\/div>\n\t\t<\/div>\n\t\t\t\t\t\t<\/div>\n\t\t\t\t<\/div>\n\t\t\t\t<div class=\"elementor-element elementor-element-5d2ad6a elementor-widget elementor-widget-heading\" data-id=\"5d2ad6a\" data-element_type=\"widget\" data-widget_type=\"heading.default\">\n\t\t\t\t<div class=\"elementor-widget-container\">\n\t\t\t\t\t<h1 class=\"elementor-heading-title elementor-size-default\">Juan Pablo Leal Ugalde<\/h1>\t\t\t\t<\/div>\n\t\t\t\t<\/div>\n\t\t\t\t<div class=\"elementor-element elementor-element-02bcf67 elementor-widget elementor-widget-text-editor\" data-id=\"02bcf67\" data-element_type=\"widget\" data-widget_type=\"text-editor.default\">\n\t\t\t\t<div class=\"elementor-widget-container\">\n\t\t\t\t\t\t\t\t\t<p>Bachiller en Ciencias Sociales y Humanidades y Licenciado en Est\u00e9tica, Pontificia Universidad Cat\u00f3lica de Chile. Ha participado en Coloquios sobre cine documental chileno, cine latinoamericano y est\u00e9ticas americanas, publicando diversos art\u00edculos. Ha trabajado en proyectos editoriales vinculados con la fotograf\u00eda ind\u00edgena.<\/p>\t\t\t\t\t\t\t\t<\/div>\n\t\t\t\t<\/div>\n\t\t\t\t<\/div>\n\t\t<div class=\"elementor-element elementor-element-13948c1 e-con-full e-flex e-con e-child\" data-id=\"13948c1\" data-element_type=\"container\">\n\t\t\t\t<div class=\"elementor-element elementor-element-8f47253 elementor-widget elementor-widget-image\" data-id=\"8f47253\" data-element_type=\"widget\" data-widget_type=\"image.default\">\n\t\t\t\t<div class=\"elementor-widget-container\">\n\t\t\t\t\t\t\t\t\t\t\t\t\t\t\t<img decoding=\"async\" src=\"https:\/\/dev.antudigital.cl\/sites\/fotografia\/wp-content\/plugins\/elementor\/assets\/images\/placeholder.png\" title=\"\" alt=\"\" loading=\"lazy\" \/>\t\t\t\t\t\t\t\t\t\t\t\t\t\t\t<\/div>\n\t\t\t\t<\/div>\n\t\t\t\t<\/div>\n\t\t\t\t<\/div>\n\t\t<div class=\"elementor-element elementor-element-dacee28 e-con-full elementor-hidden-tablet elementor-hidden-mobile e-flex e-con e-child\" data-id=\"dacee28\" data-element_type=\"container\" data-settings=\"{&quot;background_background&quot;:&quot;classic&quot;}\">\n\t\t<div class=\"elementor-element elementor-element-4314a82 e-con-full e-flex e-con e-child\" data-id=\"4314a82\" data-element_type=\"container\">\n\t\t\t\t<div class=\"elementor-element elementor-element-ec6a84e elementor-widget elementor-widget-heading\" data-id=\"ec6a84e\" data-element_type=\"widget\" data-widget_type=\"heading.default\">\n\t\t\t\t<div class=\"elementor-widget-container\">\n\t\t\t\t\t<span class=\"elementor-heading-title elementor-size-default\">Dise\u00f1o<\/span>\t\t\t\t<\/div>\n\t\t\t\t<\/div>\n\t\t\t\t<div class=\"elementor-element elementor-element-e2f5fc9 elementor-widget elementor-widget-heading\" data-id=\"e2f5fc9\" data-element_type=\"widget\" data-widget_type=\"heading.default\">\n\t\t\t\t<div class=\"elementor-widget-container\">\n\t\t\t\t\t<span class=\"elementor-heading-title elementor-size-default\">estudioManada<\/span>\t\t\t\t<\/div>\n\t\t\t\t<\/div>\n\t\t\t\t<\/div>\n\t\t\t\t<\/div>\n\t\t\t\t<\/div>\n\t\t\t\t<\/div>\n\t\t","protected":false},"excerpt":{"rendered":"<p>Autores AUTORES Bachiller en Ciencias Sociales y Humanidades y Licenciado en Est\u00e9tica, Pontificia Universidad Cat\u00f3lica de Chile. Ha participado en Coloquios sobre cine documental chileno, cine latinoamericano y est\u00e9ticas americanas, publicando diversos art\u00edculos. Ha trabajado en proyectos editoriales vinculados con la fotograf\u00eda ind\u00edgena. Dise\u00f1o estudioManada<\/p>\n","protected":false},"author":1,"featured_media":0,"parent":1849,"menu_order":0,"comment_status":"closed","ping_status":"closed","template":"elementor_header_footer","meta":{"footnotes":""},"class_list":["post-3108","page","type-page","status-publish","hentry"],"_links":{"self":[{"href":"https:\/\/dev.antudigital.cl\/sites\/fotografia\/wp-json\/wp\/v2\/pages\/3108","targetHints":{"allow":["GET"]}}],"collection":[{"href":"https:\/\/dev.antudigital.cl\/sites\/fotografia\/wp-json\/wp\/v2\/pages"}],"about":[{"href":"https:\/\/dev.antudigital.cl\/sites\/fotografia\/wp-json\/wp\/v2\/types\/page"}],"author":[{"embeddable":true,"href":"https:\/\/dev.antudigital.cl\/sites\/fotografia\/wp-json\/wp\/v2\/users\/1"}],"replies":[{"embeddable":true,"href":"https:\/\/dev.antudigital.cl\/sites\/fotografia\/wp-json\/wp\/v2\/comments?post=3108"}],"version-history":[{"count":15,"href":"https:\/\/dev.antudigital.cl\/sites\/fotografia\/wp-json\/wp\/v2\/pages\/3108\/revisions"}],"predecessor-version":[{"id":4646,"href":"https:\/\/dev.antudigital.cl\/sites\/fotografia\/wp-json\/wp\/v2\/pages\/3108\/revisions\/4646"}],"up":[{"embeddable":true,"href":"https:\/\/dev.antudigital.cl\/sites\/fotografia\/wp-json\/wp\/v2\/pages\/1849"}],"wp:attachment":[{"href":"https:\/\/dev.antudigital.cl\/sites\/fotografia\/wp-json\/wp\/v2\/media?parent=3108"}],"curies":[{"name":"wp","href":"https:\/\/api.w.org\/{rel}","templated":true}]}}