{"id":3118,"date":"2025-02-03T11:20:30","date_gmt":"2025-02-03T14:20:30","guid":{"rendered":"https:\/\/hola.test\/?page_id=3118"},"modified":"2025-03-07T22:17:26","modified_gmt":"2025-03-08T01:17:26","slug":"alejandra-castro-rodriguez","status":"publish","type":"page","link":"https:\/\/dev.antudigital.cl\/sites\/fotografia\/autores\/alejandra-castro-rodriguez\/","title":{"rendered":"Alejandra Castro Rodr\u00edguez"},"content":{"rendered":"\t\t<div data-elementor-type=\"wp-page\" data-elementor-id=\"3118\" class=\"elementor elementor-3118\" data-elementor-post-type=\"page\">\n\t\t\t\t<div class=\"elementor-element elementor-element-c28844e e-con-full e-flex e-con e-parent\" data-id=\"c28844e\" data-element_type=\"container\" data-settings=\"{&quot;background_background&quot;:&quot;classic&quot;}\">\n\t\t<div class=\"elementor-element elementor-element-ae23f9d e-con-full elementor-hidden-tablet elementor-hidden-mobile e-flex e-con e-child\" data-id=\"ae23f9d\" data-element_type=\"container\" data-settings=\"{&quot;background_background&quot;:&quot;classic&quot;}\">\n\t\t\t\t<div class=\"elementor-element elementor-element-e06fc71 elementor-widget elementor-widget-spacer\" data-id=\"e06fc71\" data-element_type=\"widget\" data-widget_type=\"spacer.default\">\n\t\t\t\t<div class=\"elementor-widget-container\">\n\t\t\t\t\t\t\t<div class=\"elementor-spacer\">\n\t\t\t<div class=\"elementor-spacer-inner\"><\/div>\n\t\t<\/div>\n\t\t\t\t\t\t<\/div>\n\t\t\t\t<\/div>\n\t\t<div class=\"elementor-element elementor-element-00a9f69 e-con-full e-flex e-con e-child\" data-id=\"00a9f69\" data-element_type=\"container\" data-settings=\"{&quot;background_background&quot;:&quot;classic&quot;}\">\n\t\t\t\t<div class=\"elementor-element elementor-element-1c8765f elementor-widget-divider--view-line elementor-widget elementor-widget-divider\" data-id=\"1c8765f\" data-element_type=\"widget\" data-widget_type=\"divider.default\">\n\t\t\t\t<div class=\"elementor-widget-container\">\n\t\t\t\t\t\t\t<div class=\"elementor-divider\">\n\t\t\t<span class=\"elementor-divider-separator\">\n\t\t\t\t\t\t<\/span>\n\t\t<\/div>\n\t\t\t\t\t\t<\/div>\n\t\t\t\t<\/div>\n\t\t\t\t<div class=\"elementor-element elementor-element-f42827d elementor-widget elementor-widget-heading\" data-id=\"f42827d\" data-element_type=\"widget\" data-widget_type=\"heading.default\">\n\t\t\t\t<div class=\"elementor-widget-container\">\n\t\t\t\t\t<span class=\"elementor-heading-title elementor-size-default\">Autores<\/span>\t\t\t\t<\/div>\n\t\t\t\t<\/div>\n\t\t\t\t<div class=\"elementor-element elementor-element-aa127c8 nav-autores elementor-widget elementor-widget-nav-menu\" data-id=\"aa127c8\" data-element_type=\"widget\" data-settings=\"{&quot;layout&quot;:&quot;dropdown&quot;,&quot;submenu_icon&quot;:{&quot;value&quot;:&quot;&lt;i class=\\&quot;\\&quot; aria-hidden=\\&quot;true\\&quot;&gt;&lt;\\\/i&gt;&quot;,&quot;library&quot;:&quot;&quot;}}\" data-widget_type=\"nav-menu.default\">\n\t\t\t\t<div class=\"elementor-widget-container\">\n\t\t\t\t\t\t\t\t<nav class=\"elementor-nav-menu--dropdown elementor-nav-menu__container\" aria-hidden=\"true\">\n\t\t\t\t<ul id=\"menu-2-aa127c8\" class=\"elementor-nav-menu\"><li class=\"menu-item menu-item-type-post_type menu-item-object-page menu-item-3064\"><a href=\"https:\/\/dev.antudigital.cl\/sites\/fotografia\/autores\/margarita-alvarado-perez\/\" class=\"elementor-item\" tabindex=\"-1\">Margarita Alvarado P\u00e9rez<\/a><\/li>\n<li class=\"menu-item menu-item-type-post_type menu-item-object-page menu-item-3243\"><a href=\"https:\/\/dev.antudigital.cl\/sites\/fotografia\/autores\/alejandra-castro-rodriguez\/\" class=\"elementor-item\" tabindex=\"-1\">Alejandra Castro Rodr\u00edguez<\/a><\/li>\n<li class=\"menu-item menu-item-type-post_type menu-item-object-page menu-item-3244\"><a href=\"https:\/\/dev.antudigital.cl\/sites\/fotografia\/autores\/carla-moller-zunino\/\" class=\"elementor-item\" tabindex=\"-1\">Carla Moller Zunino<\/a><\/li>\n<li class=\"menu-item menu-item-type-post_type menu-item-object-page menu-item-3245\"><a href=\"https:\/\/dev.antudigital.cl\/sites\/fotografia\/autores\/christian-baez-allende\/\" class=\"elementor-item\" tabindex=\"-1\">Christian B\u00e1ez Allende<\/a><\/li>\n<li class=\"menu-item menu-item-type-post_type menu-item-object-page menu-item-3246\"><a href=\"https:\/\/dev.antudigital.cl\/sites\/fotografia\/autores\/felipe-a-maturana-diaz\/\" class=\"elementor-item\" tabindex=\"-1\">Felipe A. Maturana D\u00edaz<\/a><\/li>\n<li class=\"menu-item menu-item-type-post_type menu-item-object-page menu-item-3247\"><a href=\"https:\/\/dev.antudigital.cl\/sites\/fotografia\/autores\/gaston-carreno-gonzalez\/\" class=\"elementor-item\" tabindex=\"-1\">Gast\u00f3n Carre\u00f1o Gonz\u00e1lez<\/a><\/li>\n<li class=\"menu-item menu-item-type-post_type menu-item-object-page menu-item-3248\"><a href=\"https:\/\/dev.antudigital.cl\/sites\/fotografia\/autores\/gerardo-mora-rivera\/\" class=\"elementor-item\" tabindex=\"-1\">Gerardo Mora Rivera<\/a><\/li>\n<li class=\"menu-item menu-item-type-post_type menu-item-object-page menu-item-3249\"><a href=\"https:\/\/dev.antudigital.cl\/sites\/fotografia\/autores\/gonzalo-lobos-gonzalez\/\" class=\"elementor-item\" tabindex=\"-1\">Gonzalo Lobos Gonz\u00e1lez<\/a><\/li>\n<li class=\"menu-item menu-item-type-post_type menu-item-object-page menu-item-3250\"><a href=\"https:\/\/dev.antudigital.cl\/sites\/fotografia\/autores\/juan-pablo-leal-ugalde\/\" class=\"elementor-item\" tabindex=\"-1\">Juan Pablo Leal Ugalde<\/a><\/li>\n<li class=\"menu-item menu-item-type-post_type menu-item-object-page menu-item-3252\"><a href=\"https:\/\/dev.antudigital.cl\/sites\/fotografia\/autores\/maria-carolina-odone-correa\/\" class=\"elementor-item\" tabindex=\"-1\">Mar\u00eda Carolina Odone Correa<\/a><\/li>\n<li class=\"menu-item menu-item-type-post_type menu-item-object-page menu-item-3253\"><a href=\"https:\/\/dev.antudigital.cl\/sites\/fotografia\/autores\/maria-paz-bajas-irizar\/\" class=\"elementor-item\" tabindex=\"-1\">Mar\u00eda Paz Bajas Irizar<\/a><\/li>\n<li class=\"menu-item menu-item-type-post_type menu-item-object-page menu-item-3254\"><a href=\"https:\/\/dev.antudigital.cl\/sites\/fotografia\/autores\/pedro-mege-rosso\/\" class=\"elementor-item\" tabindex=\"-1\">Pedro Mege Rosso<\/a><\/li>\n<\/ul>\t\t\t<\/nav>\n\t\t\t\t\t\t<\/div>\n\t\t\t\t<\/div>\n\t\t\t\t<div class=\"elementor-element elementor-element-cf07132 elementor-widget-divider--view-line elementor-widget elementor-widget-divider\" data-id=\"cf07132\" data-element_type=\"widget\" data-widget_type=\"divider.default\">\n\t\t\t\t<div class=\"elementor-widget-container\">\n\t\t\t\t\t\t\t<div class=\"elementor-divider\">\n\t\t\t<span class=\"elementor-divider-separator\">\n\t\t\t\t\t\t<\/span>\n\t\t<\/div>\n\t\t\t\t\t\t<\/div>\n\t\t\t\t<\/div>\n\t\t\t\t<\/div>\n\t\t\t\t<\/div>\n\t\t<div class=\"elementor-element elementor-element-d60cd56 e-con-full e-flex e-con e-child\" data-id=\"d60cd56\" data-element_type=\"container\" data-settings=\"{&quot;background_background&quot;:&quot;classic&quot;}\">\n\t\t<div class=\"elementor-element elementor-element-2cfac26 e-con-full e-flex e-con e-child\" data-id=\"2cfac26\" data-element_type=\"container\">\n\t\t\t\t<div class=\"elementor-element elementor-element-2a3c2da elementor-align-justify elementor-widget__width-inherit elementor-hidden-desktop elementor-widget elementor-widget-button\" data-id=\"2a3c2da\" data-element_type=\"widget\" data-widget_type=\"button.default\">\n\t\t\t\t<div class=\"elementor-widget-container\">\n\t\t\t\t\t\t\t\t\t<div class=\"elementor-button-wrapper\">\n\t\t\t\t\t<a class=\"elementor-button elementor-button-link elementor-size-sm\" href=\"#elementor-action%3Aaction%3Dpopup%3Aopen%26settings%3DeyJpZCI6IjQ1MjQiLCJ0b2dnbGUiOmZhbHNlfQ%3D%3D\">\n\t\t\t\t\t\t<span class=\"elementor-button-content-wrapper\">\n\t\t\t\t\t\t<span class=\"elementor-button-icon\">\n\t\t\t\t<i aria-hidden=\"true\" class=\"fas fa-bars\"><\/i>\t\t\t<\/span>\n\t\t\t\t\t\t\t\t\t<span class=\"elementor-button-text\">ANDINOS<\/span>\n\t\t\t\t\t<\/span>\n\t\t\t\t\t<\/a>\n\t\t\t\t<\/div>\n\t\t\t\t\t\t\t\t<\/div>\n\t\t\t\t<\/div>\n\t\t\t\t<div class=\"elementor-element elementor-element-5d210eb elementor-hidden-desktop elementor-widget elementor-widget-spacer\" data-id=\"5d210eb\" data-element_type=\"widget\" data-widget_type=\"spacer.default\">\n\t\t\t\t<div class=\"elementor-widget-container\">\n\t\t\t\t\t\t\t<div class=\"elementor-spacer\">\n\t\t\t<div class=\"elementor-spacer-inner\"><\/div>\n\t\t<\/div>\n\t\t\t\t\t\t<\/div>\n\t\t\t\t<\/div>\n\t\t\t\t<div class=\"elementor-element elementor-element-cc40bf7 elementor-widget elementor-widget-heading\" data-id=\"cc40bf7\" data-element_type=\"widget\" data-widget_type=\"heading.default\">\n\t\t\t\t<div class=\"elementor-widget-container\">\n\t\t\t\t\t<h1 class=\"elementor-heading-title elementor-size-default\">Alejandra Castro Rodr\u00edguez<\/h1>\t\t\t\t<\/div>\n\t\t\t\t<\/div>\n\t\t\t\t<div class=\"elementor-element elementor-element-62f4fbe elementor-widget elementor-widget-text-editor\" data-id=\"62f4fbe\" data-element_type=\"widget\" data-widget_type=\"text-editor.default\">\n\t\t\t\t<div class=\"elementor-widget-container\">\n\t\t\t\t\t\t\t\t\t<p>Licenciada en Historia y Licenciada en Est\u00e9tica, Pontificia Universidad Cat\u00f3lica de Chile. Ha participado como ayudante de investigaci\u00f3n de diversos proyectos relacionados con el \u00e1rea de los pueblos originarios de Am\u00e9rica, vinculado a los aspectos hist\u00f3ricos y est\u00e9ticos de ciertas visualidades americanas. Se desempe\u00f1a como jefa del Departamento de Historia en el colegio Sagrado Coraz\u00f3n de la Reina, Santiago.<\/p>\t\t\t\t\t\t\t\t<\/div>\n\t\t\t\t<\/div>\n\t\t\t\t<\/div>\n\t\t<div class=\"elementor-element elementor-element-33acdd3 e-con-full e-flex e-con e-child\" data-id=\"33acdd3\" data-element_type=\"container\">\n\t\t\t\t<div class=\"elementor-element elementor-element-24a1c6e elementor-widget elementor-widget-image\" data-id=\"24a1c6e\" data-element_type=\"widget\" data-widget_type=\"image.default\">\n\t\t\t\t<div class=\"elementor-widget-container\">\n\t\t\t\t\t\t\t\t\t\t\t\t\t\t\t<img decoding=\"async\" src=\"https:\/\/dev.antudigital.cl\/sites\/fotografia\/wp-content\/plugins\/elementor\/assets\/images\/placeholder.png\" title=\"\" alt=\"\" loading=\"lazy\" \/>\t\t\t\t\t\t\t\t\t\t\t\t\t\t\t<\/div>\n\t\t\t\t<\/div>\n\t\t\t\t<\/div>\n\t\t\t\t<\/div>\n\t\t<div class=\"elementor-element elementor-element-a541796 e-con-full elementor-hidden-tablet elementor-hidden-mobile e-flex e-con e-child\" data-id=\"a541796\" data-element_type=\"container\" data-settings=\"{&quot;background_background&quot;:&quot;classic&quot;}\">\n\t\t\t\t<\/div>\n\t\t\t\t<\/div>\n\t\t\t\t<\/div>\n\t\t","protected":false},"excerpt":{"rendered":"<p>Autores ANDINOS Licenciada en Historia y Licenciada en Est\u00e9tica, Pontificia Universidad Cat\u00f3lica de Chile. Ha participado como ayudante de investigaci\u00f3n de diversos proyectos relacionados con el \u00e1rea de los pueblos originarios de Am\u00e9rica, vinculado a los aspectos hist\u00f3ricos y est\u00e9ticos de ciertas visualidades americanas. Se desempe\u00f1a como jefa del Departamento de Historia en el colegio [&hellip;]<\/p>\n","protected":false},"author":1,"featured_media":0,"parent":1849,"menu_order":0,"comment_status":"closed","ping_status":"closed","template":"elementor_header_footer","meta":{"footnotes":""},"class_list":["post-3118","page","type-page","status-publish","hentry"],"_links":{"self":[{"href":"https:\/\/dev.antudigital.cl\/sites\/fotografia\/wp-json\/wp\/v2\/pages\/3118","targetHints":{"allow":["GET"]}}],"collection":[{"href":"https:\/\/dev.antudigital.cl\/sites\/fotografia\/wp-json\/wp\/v2\/pages"}],"about":[{"href":"https:\/\/dev.antudigital.cl\/sites\/fotografia\/wp-json\/wp\/v2\/types\/page"}],"author":[{"embeddable":true,"href":"https:\/\/dev.antudigital.cl\/sites\/fotografia\/wp-json\/wp\/v2\/users\/1"}],"replies":[{"embeddable":true,"href":"https:\/\/dev.antudigital.cl\/sites\/fotografia\/wp-json\/wp\/v2\/comments?post=3118"}],"version-history":[{"count":33,"href":"https:\/\/dev.antudigital.cl\/sites\/fotografia\/wp-json\/wp\/v2\/pages\/3118\/revisions"}],"predecessor-version":[{"id":4749,"href":"https:\/\/dev.antudigital.cl\/sites\/fotografia\/wp-json\/wp\/v2\/pages\/3118\/revisions\/4749"}],"up":[{"embeddable":true,"href":"https:\/\/dev.antudigital.cl\/sites\/fotografia\/wp-json\/wp\/v2\/pages\/1849"}],"wp:attachment":[{"href":"https:\/\/dev.antudigital.cl\/sites\/fotografia\/wp-json\/wp\/v2\/media?parent=3118"}],"curies":[{"name":"wp","href":"https:\/\/api.w.org\/{rel}","templated":true}]}}