{"id":3209,"date":"2025-02-03T11:54:43","date_gmt":"2025-02-03T14:54:43","guid":{"rendered":"https:\/\/hola.test\/?page_id=3209"},"modified":"2025-03-11T20:54:55","modified_gmt":"2025-03-11T23:54:55","slug":"fueguinos","status":"publish","type":"page","link":"https:\/\/dev.antudigital.cl\/sites\/fotografia\/bibliografia\/fueguinos\/","title":{"rendered":"Fueguinos"},"content":{"rendered":"\t\t<div data-elementor-type=\"wp-page\" data-elementor-id=\"3209\" class=\"elementor elementor-3209\" data-elementor-post-type=\"page\">\n\t\t\t\t<div class=\"elementor-element elementor-element-9368007 e-con-full e-flex e-con e-parent\" data-id=\"9368007\" data-element_type=\"container\" data-settings=\"{&quot;background_background&quot;:&quot;classic&quot;}\">\n\t\t<div class=\"elementor-element elementor-element-a9e6a71 e-con-full elementor-hidden-tablet elementor-hidden-mobile e-flex e-con e-child\" data-id=\"a9e6a71\" data-element_type=\"container\" data-settings=\"{&quot;sticky&quot;:&quot;top&quot;,&quot;sticky_offset&quot;:98,&quot;sticky_on&quot;:[&quot;desktop&quot;,&quot;tablet&quot;,&quot;mobile&quot;],&quot;sticky_effects_offset&quot;:0,&quot;sticky_anchor_link_offset&quot;:0}\">\n\t\t\t\t<div class=\"elementor-element elementor-element-892ab76 elementor-widget elementor-widget-spacer\" data-id=\"892ab76\" data-element_type=\"widget\" data-widget_type=\"spacer.default\">\n\t\t\t\t<div class=\"elementor-widget-container\">\n\t\t\t\t\t\t\t<div class=\"elementor-spacer\">\n\t\t\t<div class=\"elementor-spacer-inner\"><\/div>\n\t\t<\/div>\n\t\t\t\t\t\t<\/div>\n\t\t\t\t<\/div>\n\t\t\t\t<div class=\"elementor-element elementor-element-2b0b6db elementor-widget elementor-widget-nav-menu\" data-id=\"2b0b6db\" data-element_type=\"widget\" data-settings=\"{&quot;layout&quot;:&quot;dropdown&quot;,&quot;submenu_icon&quot;:{&quot;value&quot;:&quot;&lt;i class=\\&quot;\\&quot; aria-hidden=\\&quot;true\\&quot;&gt;&lt;\\\/i&gt;&quot;,&quot;library&quot;:&quot;&quot;}}\" data-widget_type=\"nav-menu.default\">\n\t\t\t\t<div class=\"elementor-widget-container\">\n\t\t\t\t\t\t\t\t<nav class=\"elementor-nav-menu--dropdown elementor-nav-menu__container\" aria-hidden=\"true\">\n\t\t\t\t<ul id=\"menu-2-2b0b6db\" class=\"elementor-nav-menu\"><li class=\"menu-item menu-item-type-post_type menu-item-object-page menu-item-3205\"><a href=\"https:\/\/dev.antudigital.cl\/sites\/fotografia\/bibliografia\/andinos\/\" class=\"elementor-item\" tabindex=\"-1\">Andinos<\/a><\/li>\n<li class=\"menu-item menu-item-type-post_type menu-item-object-page menu-item-3229\"><a href=\"https:\/\/dev.antudigital.cl\/sites\/fotografia\/bibliografia\/fueguinos\/\" class=\"elementor-item\" tabindex=\"-1\">Fueguinos<\/a><\/li>\n<li class=\"menu-item menu-item-type-post_type menu-item-object-page menu-item-3230\"><a href=\"https:\/\/dev.antudigital.cl\/sites\/fotografia\/bibliografia\/mapuches\/\" class=\"elementor-item\" tabindex=\"-1\">Mapuches<\/a><\/li>\n<\/ul>\t\t\t<\/nav>\n\t\t\t\t\t\t<\/div>\n\t\t\t\t<\/div>\n\t\t\t\t<\/div>\n\t\t<div class=\"elementor-element elementor-element-c326d5f e-con-full e-flex e-con e-child\" data-id=\"c326d5f\" data-element_type=\"container\" id=\"bibliografia\" data-settings=\"{&quot;background_background&quot;:&quot;classic&quot;}\">\n\t\t\t\t<div class=\"elementor-element elementor-element-f9c566e elementor-align-justify elementor-widget__width-inherit elementor-hidden-desktop elementor-widget elementor-widget-button\" data-id=\"f9c566e\" data-element_type=\"widget\" data-widget_type=\"button.default\">\n\t\t\t\t<div class=\"elementor-widget-container\">\n\t\t\t\t\t\t\t\t\t<div class=\"elementor-button-wrapper\">\n\t\t\t\t\t<a class=\"elementor-button elementor-button-link elementor-size-sm\" href=\"#elementor-action%3Aaction%3Dpopup%3Aopen%26settings%3DeyJpZCI6IjMyMDMiLCJ0b2dnbGUiOmZhbHNlfQ%3D%3D\">\n\t\t\t\t\t\t<span class=\"elementor-button-content-wrapper\">\n\t\t\t\t\t\t<span class=\"elementor-button-icon\">\n\t\t\t\t<i aria-hidden=\"true\" class=\"fas fa-bars\"><\/i>\t\t\t<\/span>\n\t\t\t\t\t\t\t\t\t<span class=\"elementor-button-text\">BIBLIOGRAF\u00cdA<\/span>\n\t\t\t\t\t<\/span>\n\t\t\t\t\t<\/a>\n\t\t\t\t<\/div>\n\t\t\t\t\t\t\t\t<\/div>\n\t\t\t\t<\/div>\n\t\t\t\t<div class=\"elementor-element elementor-element-a2ed334 elementor-widget elementor-widget-heading\" data-id=\"a2ed334\" data-element_type=\"widget\" data-widget_type=\"heading.default\">\n\t\t\t\t<div class=\"elementor-widget-container\">\n\t\t\t\t\t<h1 class=\"elementor-heading-title elementor-size-default\">Fueguinos<\/h1>\t\t\t\t<\/div>\n\t\t\t\t<\/div>\n\t\t\t\t<div class=\"elementor-element elementor-element-a7012a0 elementor-widget elementor-widget-heading\" data-id=\"a7012a0\" data-element_type=\"widget\" data-widget_type=\"heading.default\">\n\t\t\t\t<div class=\"elementor-widget-container\">\n\t\t\t\t\t<h4 class=\"elementor-heading-title elementor-size-default\">Representaci\u00f3n visual del paisaje fueguino<\/h4>\t\t\t\t<\/div>\n\t\t\t\t<\/div>\n\t\t\t\t<div class=\"elementor-element elementor-element-cc0eba6 elementor-widget elementor-widget-text-editor\" data-id=\"cc0eba6\" data-element_type=\"widget\" data-widget_type=\"text-editor.default\">\n\t\t\t\t<div class=\"elementor-widget-container\">\n\t\t\t\t\t\t\t\t\t<ul><li>FONTCUBERTA, Joan.\u00a0<em>Securitas.\u00a0\u00a0<\/em>Editorial Gustavo Gili, Barcelona, 2001.<\/li><li>ALVARADO, Margarita, et \u00e1l.\u00a0\u00a0<em>Fueguinos, fotograf\u00edas siglo XIX y XX.<\/em><\/li><li><em>Im\u00e1genes e imaginarios del fin del mundo<\/em>. Pehu\u00e9n Editores, Santiago, 2007.<\/li><li>SOPE\u00d1A, Germ\u00e1n.\u00a0<em>Monse\u00f1or Patagonia. Vida y viajes de Alberto de Agostini, el sacerdote salesiano y explorador.<\/em>\u00a0Ediciones El elefante blanco, Buenos Aires, 2001.<\/li><li>CHEVRIER, Jean-Francois.\u00a0<em>La fotograf\u00eda entre las bellas artes y los medios de comunicaci\u00f3n.\u00a0<\/em>Editorial Gustavo Gili, Barcelona, 2007.<\/li><\/ul>\t\t\t\t\t\t\t\t<\/div>\n\t\t\t\t<\/div>\n\t\t\t\t<div class=\"elementor-element elementor-element-1ce17a9 elementor-widget elementor-widget-heading\" data-id=\"1ce17a9\" data-element_type=\"widget\" data-widget_type=\"heading.default\">\n\t\t\t\t<div class=\"elementor-widget-container\">\n\t\t\t\t\t<h4 class=\"elementor-heading-title elementor-size-default\">Isla Misional. Inmensidad total<\/h4>\t\t\t\t<\/div>\n\t\t\t\t<\/div>\n\t\t\t\t<div class=\"elementor-element elementor-element-5aed312 elementor-widget elementor-widget-text-editor\" data-id=\"5aed312\" data-element_type=\"widget\" data-widget_type=\"text-editor.default\">\n\t\t\t\t<div class=\"elementor-widget-container\">\n\t\t\t\t\t\t\t\t\t<ul><li>ALIAGA, Fernando. \u201cLa Misi\u00f3n en la Isla Dawson (1889-1911)\u201d,\u00a0<em>Memoria para optar al grado de Licenciado en Historia<\/em>. Pontificia Universidad Cat\u00f3lica de Chile, Santiago de Chile, 1981.<\/li><li>CAVIERES, Eduardo (coord.). \u201cIdeas y presupuestos de la misionolog\u00eda en Am\u00e9rica Latina a fines del siglo XIX\u201d. En\u00a0<em>Entre discursos y pr\u00e1cticas. Am\u00e9rica Latina en el siglo XIX<\/em>, pp. 265-283. Ediciones Universitarias, Valpara\u00edso, 2003.<\/li><li>BLENGINO, Vanni.\u00a0<em>La zanja de la Patagonia.\u00a0<\/em><em>Los nuevos conquistadores: militares, cient\u00edficos, sacerdotes y escritores<\/em>. Fondo de Cultura Econ\u00f3mica, Buenos Aires, 2005.<\/li><li>BORREGO, Jes\u00fas. \u201cLa secci\u00f3n misiones del Instituto Hist\u00f3rico Salesiano\u201d, En\u00a0<em>Ricerche Storiche Salesiane<\/em>, Anno I, N\u00ba 1, pp. 54-73. Roma, 1982.<\/li><li>BRAUN MENENDEZ, Armando.\u00a0<em>Peque\u00f1a Historia Fueguina<\/em>. Editorial Francisco de Aguirre, Buenos Aires, 1971.<\/li><li>JIMENEZ, Sor Eliana. \u201cUn sue\u00f1o \u2026.una aventura. Las hijas de Mar\u00eda Auxiliadora en la Misi\u00f3n del Buen Pastor\u201d. En\u00a0<em>Actas del Primer Congreso de Historia de Magallanes<\/em>, pp. 77-87. Instituto de la Patagonia, Punta Arenas, 1983.<\/li><li>MASSA, Padre Lorenzo.\u00a0<em>Monograf\u00eda de Magallanes. Sesenta a\u00f1os de acci\u00f3n Salesiana en el Sur. 1886-1946<\/em>. Escuela Tipogr\u00e1fica del Instituto Don Bosco, Punta Arenas, 1945.<\/li><li>ODONE, Carolina. \u201cEl museo en el fin del mundo: \u00bfUna historia tambi\u00e9n para la ciencia? En\u00a0<em>Espacio Regional Revista de Estudios Sociales,<\/em>\u00a0a\u00f1o 3, volumen 1, n\u00famero especial de las XVI Jornadas de Historia de Chile, pp. 121-130. Universidad de Los Lagos, Osorno, 2006.<\/li><li>\u2014\u2014\u2014\u2014\u2014\u2014\u2014\u2013 \u201cEn la Isla Misional, la inmensidad es total. Tierra del Fuego, 1889-1911\u201d. En\u00a0<em>Operosit\u00e0 missionaria e immaginario patagonico<\/em>.<em>\u00a0A cura di Nicola Botiglieri<\/em>, pp. 93-115<em>.<\/em>\u00a0 Edizioni Universit\u00e0 di Cassino, Italia, 2009.<\/li><li><a href=\"http:\/\/www.rchav.cl\/odone_&amp;_purcell.htm\">ODONE, Carolina &amp; PURCELL, Andrea. \u201cEl espacio de la Misi\u00f3n de San Rafael y su fotograf\u00eda (Isla Dawson, Tierra del Fuego, 1889-1911)\u201d. En\u00a0<em>Revista Chilena de Antropolog\u00eda Visual<\/em>, N\u00b0 6. Santiago, 2005.<\/a><\/li><li><strong>\u00a0<\/strong>ODONE, Carolina &amp; MEGE, Pedro. \u201cIm\u00e1genes misionales. Sue\u00f1os y fotograf\u00edas del Extremo Sur (Isla Dawson, Tierra del Fuego, 1889-1911)\u201d. Margarita Alvarado, Carolina Odone, Felipe Maturana y Danae Fiore (Eds.) En\u00a0<em>Fueguinos. Fotograf\u00edas siglos XIX y XX. Im\u00e1genes e imaginarios del fin del mundo<\/em>, pp. 37-48. Editorial Pehu\u00e9n, Santiago, 2007.<\/li><li>SCARZZANELLA, Eugenia. \u201cFotograf\u00edas de Indios. Misioneros Salesianos y documentaci\u00f3n etnogr\u00e1fica de Tierra del Fuego\u201d, Chiara Evangelista (coord.). En\u00a0<em>Fronteras, Etnias, Culturas (Am\u00e9rica Latina, Siglo XVI-XX)<\/em>, N\u00ba 34, pp. 149-168. Colecci\u00f3n Biblioteca Abya-Yala, Editorial Abya-Yala, Quito, 1996.<\/li><\/ul>\t\t\t\t\t\t\t\t<\/div>\n\t\t\t\t<\/div>\n\t\t\t\t<div class=\"elementor-element elementor-element-e4fac6c elementor-widget elementor-widget-heading\" data-id=\"e4fac6c\" data-element_type=\"widget\" data-widget_type=\"heading.default\">\n\t\t\t\t<div class=\"elementor-widget-container\">\n\t\t\t\t\t<h4 class=\"elementor-heading-title elementor-size-default\">Canoeros del fin del mundo<\/h4>\t\t\t\t<\/div>\n\t\t\t\t<\/div>\n\t\t\t\t<div class=\"elementor-element elementor-element-68427cf elementor-widget elementor-widget-text-editor\" data-id=\"68427cf\" data-element_type=\"widget\" data-widget_type=\"text-editor.default\">\n\t\t\t\t<div class=\"elementor-widget-container\">\n\t\t\t\t\t\t\t\t\t<ul><li><a href=\"http:\/\/www.scielo.cl\/scielo.php?script=sci_arttext&amp;pid=S0718-22442006000200002\">BAJAS, Mar\u00eda Paz. \u201cLa transfiguraci\u00f3n de la imagen: el artista, su obra y el espectador\u201d. En Revista<em>\u00a0Magallania,<\/em>\u00a0volumen 34, n\u00ba2, pp. 11-20. Punta Arenas, 2006.<\/a><\/li><li>CHAPMANN, Anne.\u00a0<em>El fen\u00f3meno de la Canoa Yag\u00e1n<\/em>. Universidad Mar\u00edtima de Chile, Vi\u00f1a del Mar, 2003.<\/li><li>COPPINGER, R. W..\u00a0<em>Cruise of the alert. Four years in Patagonia, Polynesian\u00a0<\/em><em>and Mascarene Waters (1878-82).<\/em>\u00a01899.<\/li><li><em>\u00a0<\/em>DUBOIS, Philippe.\u00a0<em>El acto fotogr\u00e1fico.<\/em>\u00a0Editorial Paid\u00f3s, Barcelona, 1986.<\/li><li><em>\u00a0<\/em>PIC\u00d3N, Mariano y FELI\u00da, Guillermo.\u00a0<em>Im\u00e1genes de Chile.<\/em>\u00a0Editorial Nascimento, Santiago, 1933.<\/li><\/ul>\t\t\t\t\t\t\t\t<\/div>\n\t\t\t\t<\/div>\n\t\t\t\t<div class=\"elementor-element elementor-element-f7adf10 elementor-widget elementor-widget-heading\" data-id=\"f7adf10\" data-element_type=\"widget\" data-widget_type=\"heading.default\">\n\t\t\t\t<div class=\"elementor-widget-container\">\n\t\t\t\t\t<h4 class=\"elementor-heading-title elementor-size-default\">Cuerpos y gestos en im\u00e1genes<\/h4>\t\t\t\t<\/div>\n\t\t\t\t<\/div>\n\t\t\t\t<div class=\"elementor-element elementor-element-1d5e733 elementor-widget elementor-widget-text-editor\" data-id=\"1d5e733\" data-element_type=\"widget\" data-widget_type=\"text-editor.default\">\n\t\t\t\t<div class=\"elementor-widget-container\">\n\t\t\t\t\t\t\t\t\t<ul><li>ADAMS, Willams.<em>\u00a0Las ra\u00edces filos\u00f3ficas de la antropolog\u00eda<\/em>. Editorial Trotta. Madrid, 2003.<\/li><li><a href=\"https:\/\/fotografiaindigena.cl\/portal\/.%20http:\/\/www.estudios-atacamenos.ucn.cl\/web%20est%20atac%2035\/pdf\/numero%2020\/art%208%20Alvarado.pdf\">ALVARADO, Margarita. \u201cIndian Fashio<em>n.\u00a0<\/em>La imagen dislocada del indio chileno\u201d. En\u00a0<em>Revista de Estudios Atac<\/em>ame\u00f1os N\u00ba 20 \u2013 2000,\u00a0 pp. 137 \u2013 151. Universidad Cat\u00f3lica del Norte. San Pedro de Atacama, 2002<\/a><\/li><li>ALVARADO Margarita. \u201cLa fantas\u00eda fotogr\u00e1fica de una alteridad visual: Claves y herramientas para su desmontaje est\u00e9tico\u201d. En\u00a0<em>Fotograf\u00eda o la cotidiana finta a la experiencia<\/em>. Jos\u00e9 Pablo Concha (Ed.). Instituto de Est\u00e9tica, Facultad de Filosof\u00eda, Pontificia Universidad Cat\u00f3lica de Chile, Santiago, 2010.<\/li><li>\u00a0ALVARADO Margarita. \u201cLas primeras miradas. Fotograf\u00eda hist\u00f3rica y patrimonial de los ind\u00edgenas australes\u201d.\u00a0 En\u00a0<em>Fueguinos. Tres Tiempos, Tres Miradas. Fotograf\u00edas de Tierra del Fuego Siglos XIX y XX<\/em>. Cat\u00e1logo. Museo de Arte Hispanoamericanos Isaac Fern\u00e1ndez Blanco, Buenos Aires. (Con el apoyo del Instituto de Est\u00e9tica), Buenos Aires, 2010.<\/li><li>\u00a0ALVARADO Margarita y MEGE, Pedro. \u201cCuerpos y gestos de los n\u00f3mades del fin del mundo\u201d. En\u00a0<em>Fragmentos para una Historia del Cuerpo en Chile<\/em>. Editorial Taurus. Santiago, 2009.<\/li><li>\u00a0ALVARADO, Margarita, M\u00d6LLER, Carla y Pedro MEGE (editores).\u00a0 \u201c<em>Fueguinos. Tres Tiempos, Tres Miradas. Fotograf\u00edas de Tierra del Fuego Siglos XIX y XX\u201d<\/em>. Cat\u00e1logo. Museo de Arte Hispanoamericanos Isaac Fern\u00e1ndez Blanco, Buenos Aires, 2010.<\/li><li>\u00a0ALVARADO, Margarita, M\u00d6LLER,\u00a0 Carla (Editores).\u00a0 \u201c<em>Memoria Visual e Imaginarios. Fotograf\u00edas de pueblos originarios. Siglos XIX \u2013\u00a0 XXI\u201d<\/em>. Cat\u00e1logo Exposici\u00f3n Memoria Visual e Imaginario. Fotograf\u00edas de pueblos originarios. Siglos XIX \u2013\u00a0 XXI.<em>\u00a0<\/em>Museo de la Memoria e Instituto Est\u00e9tica, Pontificia Universidad Cat\u00f3lica de Chile. Pehu\u00e9n Editores, Santiago, 2011.<\/li><li>\u00a0BATCHEN, Geoffrey.\u00a0<em>Arder en deseos. La concepci\u00f3n de la fotograf\u00eda<\/em>. Editorial Gustavo Gili. Barcelona, 2004.<\/li><li>BENJAMIN, Walter.\u00a0<em>Discursos interrumpidos I. Filosof\u00eda del arte y la historia<\/em>. Editorial Taurus. Buenos Aires, 1989.<\/li><li>CASTILLO, Gabriel.\u00a0<em>Las est\u00e9ticas nocturnas. Ensayo republicano y representaci\u00f3n cultural en Chile e Iberoam\u00e9rica<\/em><strong>.<\/strong>\u00a0Colecci\u00f3n Aisthesis \u201c30 a\u00f1os\u201d N\u00ba 2. Instituto de Est\u00e9tica, Pontificia Universidad Cat\u00f3lica de Chile. Santiago,2003.<\/li><li>CLARKE, Graham.<em>\u00a0The Photograph<\/em>. Oxford History of Art, Oxford University Press, New York, 1997.<\/li><li>CONCHA, Jos\u00e9\u00a0 Pablo.<em>\u00a0<\/em><em>M\u00e1s all\u00e1 del referente, fotograf\u00eda. Del \u00edndex a la palabra<\/em>. Colecci\u00f3n Aisthesis \u201c30 A\u00f1os\u201d N\u00ba 3. Instituto de Est\u00e9tica. Pontificia Universidad Cat\u00f3lica de Chile, Santiago, 2004.<\/li><li>FLUSSER, Vilem.\u00a0<em>Hacia una filosof\u00eda de la fotograf\u00eda<\/em>. Editorial Trillas. Ciudad de M\u00e9xico, 1990.<\/li><li>GIORDANO, Mariana.\u00a0<em>Discursos e imagen sobre el ind\u00edgena chaque\u00f1o<\/em>. Ediciones al Margen. La Plata, 2005.<\/li><li>HIDALGO, Jorge; SCHIAPPACASSE, Virgilio; Hans NIEMEYER; Carlos ALDUNATE y Pedro MEGE.\u00a0\u00a0<em>Culturas de Chile. Etnograf\u00eda, Sociedades Ind\u00edgenas Contempor\u00e1neas y su Ideolog\u00eda.<\/em>\u00a0Editorial Andr\u00e9s Bello. Santiago, 1996.<\/li><li>MARTIAL, Louis \u2013 Ferdinand.\u00a0<em>Misi\u00f3n al Cabo de Hornos. La expedici\u00f3n francesa a Tierra del Fuego en\u00a0 la Romanche y su relevamiento de los abor\u00edgenes fueguinos. Julio 1882 \u2013 septiembre 1863<\/em>. Zagier &amp; Urruty Publications. Ushuaia, 2005<\/li><li>MEGE, Pedro, ALVARADO, Margarita. \u201cLos primeros hombres: Herculeanos y Trogloditas. Categor\u00edas raciales y est\u00e9ticas sobre la visualidad de los ind\u00edgenas australes\u201d. En\u00a0<em>Historias de Racismo y Discriminaci\u00f3n en Chile<\/em>. Uqbar Editores. Santiago, 2009.<\/li><li>SIMMEL, George.\u00a0<em>Cultura Femenina<\/em>. Espasa \u2013 Calpe. Buenos Aires, 1946.<\/li><li>SOULAGES, Fran\u00e7ois.\u00a0<em>Est\u00e9tica de la fotograf\u00eda<\/em>. La Marca. Buenos Aires, 2005.<\/li><li>TAGG, John.\u00a0<em>El peso de la representaci\u00f3n<\/em>. Editorial Gustavo Pili, SA. Barcelona, 1988.<\/li><\/ul>\t\t\t\t\t\t\t\t<\/div>\n\t\t\t\t<\/div>\n\t\t\t\t<div class=\"elementor-element elementor-element-506110c elementor-widget elementor-widget-heading\" data-id=\"506110c\" data-element_type=\"widget\" data-widget_type=\"heading.default\">\n\t\t\t\t<div class=\"elementor-widget-container\">\n\t\t\t\t\t<h4 class=\"elementor-heading-title elementor-size-default\"> El documental fueguino<\/h4>\t\t\t\t<\/div>\n\t\t\t\t<\/div>\n\t\t\t\t<div class=\"elementor-element elementor-element-884e00f elementor-widget elementor-widget-text-editor\" data-id=\"884e00f\" data-element_type=\"widget\" data-widget_type=\"text-editor.default\">\n\t\t\t\t<div class=\"elementor-widget-container\">\n\t\t\t\t\t\t\t\t\t<ul><li>BORDWELL, David, THOMPSON, Kristyn.\u00a0<em>El arte cinematogr\u00e1fico<\/em>. Paid\u00f3s Comunicaci\u00f3n 68 Cine. Ediciones Paid\u00f3s Ib\u00e9rica. S.A, Espa\u00f1a, 1995.<\/li><li>DOWNEY, Juan. \u201cEl olor del aguarr\u00e1<em>s\u201d<\/em>.\u00a0<em>Video Porque Te Ve<\/em>, Ediciones Visuala Galer\u00eda pp. 9-11, 1987.<\/li><li>EISENSTEIN, Sergei. \u201cEn gros plan\u201d<em>.<\/em>\u00a0En\u00a0<em>Au dela des \u00e9toiles Oeuvres<\/em>. Tomo I. U.G.C. Par\u00eds, 1974 (1945).<\/li><li><a href=\"http:\/\/www.scielo.cl\/pdf\/magallania\/v34n1\/art04.pdf\">MATURANA, Felipe. \u201cEl documental Fueguino chileno en el siglo XXI. Una mirada desde la Antropolog\u00eda Visual\u201d. En Revista\u00a0<em>Magallania<\/em>, volumen 1,n\u00b034, pp. 59-75. Punta Arenas, 2006.<\/a><\/li><\/ul>\t\t\t\t\t\t\t\t<\/div>\n\t\t\t\t<\/div>\n\t\t\t\t<div class=\"elementor-element elementor-element-05ff458 elementor-widget elementor-widget-heading\" data-id=\"05ff458\" data-element_type=\"widget\" data-widget_type=\"heading.default\">\n\t\t\t\t<div class=\"elementor-widget-container\">\n\t\t\t\t\t<h4 class=\"elementor-heading-title elementor-size-default\">Fotograf\u00edas de fueguinos en textos escolares<\/h4>\t\t\t\t<\/div>\n\t\t\t\t<\/div>\n\t\t\t\t<div class=\"elementor-element elementor-element-d169773 elementor-widget elementor-widget-text-editor\" data-id=\"d169773\" data-element_type=\"widget\" data-widget_type=\"text-editor.default\">\n\t\t\t\t<div class=\"elementor-widget-container\">\n\t\t\t\t\t\t\t\t\t<ul><li>ALMEYDA, Liliam; MILOS, Pedro y WHIPPLE, Pablo.\u00a0<em>Historia y Ciencias Sociales, 2\u00b0 Medio<\/em>. Mare Nostrum, Santiago, 2001.<\/li><li>ARAYA, Claudia y BERSEZIO, Alberto.\u00a0<em>5\u00ba Estudio y Comprensi\u00f3n de la Sociedad<\/em>. Empresa Editora Zig-Zag S.A, Santiago, 2003.<\/li><li>BURKE, Peter.\u00a0<em>Visto y no visto (el uso de la imagen como documento hist\u00f3rico)<\/em>. Editorial Cr\u00edtica, Barcelona, 2001.<\/li><li>CRUZ, Nicol\u00e1s y SAGREDO, Rafael.\u00a0<em>Historia y Geograf\u00eda Hoy 5<\/em>. Santillana, Santiago, 1990.<\/li><li>EDWARDS, Elizabeth. \u201cLa fotograf\u00eda de Mart\u00edn Gusinde\u201d. En Mason, Peter;\u00a0 Odone, Carolina (eds.)\u00a0<em>12 Miradas (sobre selknam, yaganes y kawesqar)<\/em>. Taller Experimental Cuerpos Pintados, Santiago, 2002.<\/li><li>KOPPERS, Wilhelm.\u00a0<em>Entre los fueguinos.\u00a0<\/em>Ediciones Universidad de Magallanes, Punta Arenas, 1991.<\/li><li>KOSSOY, Boris.\u00a0<em>Fotograf\u00eda e historia<\/em>. Editorial La Marca, Buenos Aires, 2001.<\/li><li>MASON, Peter.\u00a0<em>The Lives of Images<\/em>.\u00a0 Reaktion Books, Londres, 2001.<\/li><li><a href=\"http:\/\/www.memoriachilena.cl\/archivos2\/pdfs\/MC0035029.pdf\">MEGE, Pedro. \u201cLa memoria turbia de la frontera\u201d. En Alvarado, Margarita; Mege, Pedro; B\u00e1ez, Christian (eds.)\u00a0<em>Mapuche: Fotograf\u00eda del Siglo XIX. Construcci\u00f3n y Montaje de un Imaginario<\/em>. Editorial Pehu\u00e9n, Santiago, 2001.<\/a><\/li><li>MUSALEM, Nelly; MOLINA, Paula; ENRIQUEZ, Mar\u00eda.\u00a0<em>5\u00ba Estudio y Comprensi\u00f3n de la Sociedad<\/em>. McGraw Hill Interamericana, Santiago, 2003.<\/li><li>VEYNE, Paul.\u00a0<em>C\u00f3mo se escribe la historia. Foucault revoluciona la historia<\/em>. Alianza Editorial, Madrid, 1984.<\/li><\/ul>\t\t\t\t\t\t\t\t<\/div>\n\t\t\t\t<\/div>\n\t\t\t\t<div class=\"elementor-element elementor-element-bef5341 elementor-widget elementor-widget-heading\" data-id=\"bef5341\" data-element_type=\"widget\" data-widget_type=\"heading.default\">\n\t\t\t\t<div class=\"elementor-widget-container\">\n\t\t\t\t\t<h4 class=\"elementor-heading-title elementor-size-default\">Tierra del Fuego construida con los ojos<\/h4>\t\t\t\t<\/div>\n\t\t\t\t<\/div>\n\t\t\t\t<div class=\"elementor-element elementor-element-04363e4 elementor-widget elementor-widget-text-editor\" data-id=\"04363e4\" data-element_type=\"widget\" data-widget_type=\"text-editor.default\">\n\t\t\t\t<div class=\"elementor-widget-container\">\n\t\t\t\t\t\t\t\t\t<ul><li>FARRO, M\u00e1ximo.\u00a0 \u201cRedes y medios de transporte en el desarrollo de expediciones cient\u00edficas en Argentina (1850-1910)\u201d. En\u00a0<em>Hist\u00f3ria, Ci\u00eancias, Sa\u00fade \u2013 Manguinhos<\/em>, volumen 15, n\u00famero 3, pp. 679-696. Casa de Oswaldo Cruz, R\u00edo de Janeiro, 2008.<\/li><li>INGOLD, Tim. \u201cThe Temporality of the Landscape\u201d.\u00a0 En Preucel y Mrozowski [eds.]\u00a0<em>Contemporary Archaeology in Theory<\/em>.<em>\u00a0The New Pragmatism<\/em>, pp. 59-76. Blackwell Publishing Ltd. Indonesia, 2010.<\/li><li>WRIGHT, Pablo.\u00a0 \u201cCuerpos y espacios plurales: sobre la raz\u00f3n espacial de la pr\u00e1ctica etnogr\u00e1fica\u201d, en\u00a0<em>Indiana<\/em>, n\u00famero 22, pp. 55-72. Instituto Ibero-Americano de Berl\u00edn, Alemania, 2005.<\/li><\/ul>\t\t\t\t\t\t\t\t<\/div>\n\t\t\t\t<\/div>\n\t\t\t\t<div class=\"elementor-element elementor-element-658b72f elementor-widget elementor-widget-heading\" data-id=\"658b72f\" data-element_type=\"widget\" data-widget_type=\"heading.default\">\n\t\t\t\t<div class=\"elementor-widget-container\">\n\t\t\t\t\t<h4 class=\"elementor-heading-title elementor-size-default\">Canoeros del fin del mundo<\/h4>\t\t\t\t<\/div>\n\t\t\t\t<\/div>\n\t\t\t\t<div class=\"elementor-element elementor-element-a660c1b elementor-widget elementor-widget-text-editor\" data-id=\"a660c1b\" data-element_type=\"widget\" data-widget_type=\"text-editor.default\">\n\t\t\t\t<div class=\"elementor-widget-container\">\n\t\t\t\t\t\t\t\t\t<ul><li><a href=\"http:\/\/www.rchav.cl\/bajas.htm\">BAJAS, Mar\u00eda Paz. 2005. La transfiguraci\u00f3n de la imagen: el artista, su obra y el espectador. Nota documental. Proyecto Fondecyt 1030029 \u201c<em>La ventana indiscreta. Los pueblos originarios en el cine ficci\u00f3n y documental bajo la mirada de una antropolog\u00eda visual<\/em>\u201d.<\/a><\/li><li>DE AGOSTINI, A. M. 1930. Largometraje\u00a0<em>Terre Magellaniche<\/em><\/li><li>PERELMAN, P. 1992. Film\u00a0<em>Archipi\u00e9lago<\/em>. Televisi\u00f3n espa\u00f1ola S.A., Televisi\u00f3n Nacional de Chile, IMA FILMS.<\/li><\/ul>\t\t\t\t\t\t\t\t<\/div>\n\t\t\t\t<\/div>\n\t\t\t\t<div class=\"elementor-element elementor-element-92d3de0 elementor-widget elementor-widget-heading\" data-id=\"92d3de0\" data-element_type=\"widget\" data-widget_type=\"heading.default\">\n\t\t\t\t<div class=\"elementor-widget-container\">\n\t\t\t\t\t<h4 class=\"elementor-heading-title elementor-size-default\">Felipe Maturana<\/h4>\t\t\t\t<\/div>\n\t\t\t\t<\/div>\n\t\t\t\t<div class=\"elementor-element elementor-element-1ccf58c elementor-widget elementor-widget-text-editor\" data-id=\"1ccf58c\" data-element_type=\"widget\" data-widget_type=\"text-editor.default\">\n\t\t\t\t<div class=\"elementor-widget-container\">\n\t\t\t\t\t\t\t\t\t<ul><li>CASTILLO, Paola. 2001.\u00a0\u00a0<em>La \u00faltima huella.<\/em><\/li><li><em>\u00a0<\/em>AYLWIN, Christian. 2002. \u00a0<em>Yikwa ni Selk\u2019nam (Nosotros so<\/em><em>mos los Selk\u2019nam)<\/em>.<\/li><\/ul>\t\t\t\t\t\t\t\t<\/div>\n\t\t\t\t<\/div>\n\t\t\t\t<\/div>\n\t\t<div class=\"elementor-element elementor-element-6975d53 e-con-full elementor-hidden-tablet elementor-hidden-mobile e-flex e-con e-child\" data-id=\"6975d53\" data-element_type=\"container\">\n\t\t\t\t<\/div>\n\t\t\t\t<\/div>\n\t\t\t\t<\/div>\n\t\t","protected":false},"excerpt":{"rendered":"<p>BIBLIOGRAF\u00cdA Representaci\u00f3n visual del paisaje fueguino FONTCUBERTA, Joan.\u00a0Securitas.\u00a0\u00a0Editorial Gustavo Gili, Barcelona, 2001. ALVARADO, Margarita, et \u00e1l.\u00a0\u00a0Fueguinos, fotograf\u00edas siglo XIX y XX. Im\u00e1genes e imaginarios del fin del mundo. Pehu\u00e9n Editores, Santiago, 2007. SOPE\u00d1A, Germ\u00e1n.\u00a0Monse\u00f1or Patagonia. Vida y viajes de Alberto de Agostini, el sacerdote salesiano y explorador.\u00a0Ediciones El elefante blanco, Buenos Aires, 2001. CHEVRIER, Jean-Francois.\u00a0La [&hellip;]<\/p>\n","protected":false},"author":1,"featured_media":0,"parent":1853,"menu_order":0,"comment_status":"closed","ping_status":"closed","template":"elementor_header_footer","meta":{"footnotes":""},"class_list":["post-3209","page","type-page","status-publish","hentry"],"_links":{"self":[{"href":"https:\/\/dev.antudigital.cl\/sites\/fotografia\/wp-json\/wp\/v2\/pages\/3209","targetHints":{"allow":["GET"]}}],"collection":[{"href":"https:\/\/dev.antudigital.cl\/sites\/fotografia\/wp-json\/wp\/v2\/pages"}],"about":[{"href":"https:\/\/dev.antudigital.cl\/sites\/fotografia\/wp-json\/wp\/v2\/types\/page"}],"author":[{"embeddable":true,"href":"https:\/\/dev.antudigital.cl\/sites\/fotografia\/wp-json\/wp\/v2\/users\/1"}],"replies":[{"embeddable":true,"href":"https:\/\/dev.antudigital.cl\/sites\/fotografia\/wp-json\/wp\/v2\/comments?post=3209"}],"version-history":[{"count":31,"href":"https:\/\/dev.antudigital.cl\/sites\/fotografia\/wp-json\/wp\/v2\/pages\/3209\/revisions"}],"predecessor-version":[{"id":5565,"href":"https:\/\/dev.antudigital.cl\/sites\/fotografia\/wp-json\/wp\/v2\/pages\/3209\/revisions\/5565"}],"up":[{"embeddable":true,"href":"https:\/\/dev.antudigital.cl\/sites\/fotografia\/wp-json\/wp\/v2\/pages\/1853"}],"wp:attachment":[{"href":"https:\/\/dev.antudigital.cl\/sites\/fotografia\/wp-json\/wp\/v2\/media?parent=3209"}],"curies":[{"name":"wp","href":"https:\/\/api.w.org\/{rel}","templated":true}]}}