{"id":2263,"date":"2025-01-30T23:10:55","date_gmt":"2025-01-31T02:10:55","guid":{"rendered":"https:\/\/hola.test\/?post_type=pueblo-andino&#038;p=2263"},"modified":"2025-03-07T20:41:50","modified_gmt":"2025-03-07T23:41:50","slug":"bibliografia","status":"publish","type":"pueblo-andino","link":"https:\/\/dev.antudigital.cl\/sites\/fotografia\/pueblo-andino\/bibliografia\/","title":{"rendered":"Bibliograf\u00eda"},"content":{"rendered":"\t\t<div data-elementor-type=\"wp-post\" data-elementor-id=\"2263\" class=\"elementor elementor-2263\" data-elementor-post-type=\"pueblo-andino\">\n\t\t\t\t<div class=\"elementor-element elementor-element-602ab25 e-con-full e-flex e-con e-parent\" data-id=\"602ab25\" data-element_type=\"container\" data-settings=\"{&quot;background_background&quot;:&quot;classic&quot;}\">\n\t\t<div class=\"elementor-element elementor-element-f2424db e-con-full elementor-hidden-tablet elementor-hidden-mobile e-flex e-con e-child\" data-id=\"f2424db\" data-element_type=\"container\" data-settings=\"{&quot;sticky&quot;:&quot;top&quot;,&quot;sticky_on&quot;:[&quot;desktop&quot;],&quot;sticky_offset&quot;:98,&quot;sticky_parent&quot;:&quot;yes&quot;,&quot;sticky_effects_offset&quot;:0,&quot;sticky_anchor_link_offset&quot;:0}\">\n\t\t\t\t<div class=\"elementor-element elementor-element-84f9702 elementor-widget elementor-widget-spacer\" data-id=\"84f9702\" data-element_type=\"widget\" data-widget_type=\"spacer.default\">\n\t\t\t\t<div class=\"elementor-widget-container\">\n\t\t\t\t\t\t\t<div class=\"elementor-spacer\">\n\t\t\t<div class=\"elementor-spacer-inner\"><\/div>\n\t\t<\/div>\n\t\t\t\t\t\t<\/div>\n\t\t\t\t<\/div>\n\t\t<div class=\"elementor-element elementor-element-7ccbd23 e-con-full e-flex e-con e-child\" data-id=\"7ccbd23\" data-element_type=\"container\">\n\t\t\t\t<div class=\"elementor-element elementor-element-d668636 elementor-widget elementor-widget-heading\" data-id=\"d668636\" data-element_type=\"widget\" data-widget_type=\"heading.default\">\n\t\t\t\t<div class=\"elementor-widget-container\">\n\t\t\t\t\t<h1 class=\"elementor-heading-title elementor-size-default\">Andinos<\/h1>\t\t\t\t<\/div>\n\t\t\t\t<\/div>\n\t\t\t\t<div class=\"elementor-element elementor-element-68db4d8 menu-offcanvas elementor-widget elementor-widget-nav-menu\" data-id=\"68db4d8\" data-element_type=\"widget\" data-settings=\"{&quot;layout&quot;:&quot;dropdown&quot;,&quot;submenu_icon&quot;:{&quot;value&quot;:&quot;&lt;i class=\\&quot;\\&quot; aria-hidden=\\&quot;true\\&quot;&gt;&lt;\\\/i&gt;&quot;,&quot;library&quot;:&quot;&quot;}}\" data-widget_type=\"nav-menu.default\">\n\t\t\t\t<div class=\"elementor-widget-container\">\n\t\t\t\t\t\t\t\t<nav class=\"elementor-nav-menu--dropdown elementor-nav-menu__container\" aria-hidden=\"true\">\n\t\t\t\t<ul id=\"menu-2-68db4d8\" class=\"elementor-nav-menu\"><li class=\"sub-temas menu-item menu-item-type-custom menu-item-object-custom menu-item-has-children menu-item-4216\"><a href=\"#\" class=\"elementor-item elementor-item-anchor\" tabindex=\"-1\">Temas<\/a>\n<ul class=\"sub-menu elementor-nav-menu--dropdown\">\n\t<li class=\"menu-item menu-item-type-post_type menu-item-object-pueblo-andino menu-item-2278\"><a href=\"https:\/\/dev.antudigital.cl\/sites\/fotografia\/pueblo-andino\/temas\/representacion-y-estereotipo-en-la-fotografia-sobre-changos\/\" class=\"elementor-sub-item\" tabindex=\"-1\">REPRESENTACI\u00d3N Y ESTEREOTIPO EN LA FOTOGRAF\u00cdA SOBRE CHANGOS<\/a><\/li>\n\t<li class=\"menu-item menu-item-type-post_type menu-item-object-pueblo-andino menu-item-3930\"><a href=\"https:\/\/dev.antudigital.cl\/sites\/fotografia\/pueblo-andino\/temas\/estetica-en-la-fotografia-andina-contemporanea\/\" class=\"elementor-sub-item\" tabindex=\"-1\">EST\u00c9TICA EN LA FOTOGRAF\u00cdA ANDINA CONTEMPOR\u00c1NEA<\/a><\/li>\n\t<li class=\"menu-item menu-item-type-post_type menu-item-object-pueblo-andino menu-item-3929\"><a href=\"https:\/\/dev.antudigital.cl\/sites\/fotografia\/pueblo-andino\/temas\/ritos-y-fiestas-en-el-mundo-andino\/\" class=\"elementor-sub-item\" tabindex=\"-1\">RITOS Y FIESTAS EN EL MUNDO ANDINO<\/a><\/li>\n\t<li class=\"menu-item menu-item-type-post_type menu-item-object-pueblo-andino menu-item-3928\"><a href=\"https:\/\/dev.antudigital.cl\/sites\/fotografia\/pueblo-andino\/temas\/el-indigena-nortino-en-los-textos-escolares-chilenos-realidades-y-soledades-de-su-representacion\/\" class=\"elementor-sub-item\" tabindex=\"-1\">EL IND\u00cdGENA NORTINO EN LOS TEXTOS ESCOLARES CHILENOS: REALIDADES Y SOLEDADES DE SU REPRESENTACI\u00d3N<\/a><\/li>\n\t<li class=\"menu-item menu-item-type-post_type menu-item-object-pueblo-andino menu-item-3927\"><a href=\"https:\/\/dev.antudigital.cl\/sites\/fotografia\/pueblo-andino\/temas\/medios-audiovisuales-en-la-investigacion-antropologica\/\" class=\"elementor-sub-item\" tabindex=\"-1\">MEDIOS AUDIOVISUALES EN LA INVESTIGACI\u00d3N ANTROPOL\u00d3GICA<\/a><\/li>\n<\/ul>\n<\/li>\n<li class=\"sub-autores menu-item menu-item-type-custom menu-item-object-custom menu-item-has-children menu-item-4217\"><a href=\"#\" class=\"elementor-item elementor-item-anchor\" tabindex=\"-1\">Autores<\/a>\n<ul class=\"sub-menu elementor-nav-menu--dropdown\">\n\t<li class=\"menu-item menu-item-type-post_type menu-item-object-pueblo-andino menu-item-4014\"><a href=\"https:\/\/dev.antudigital.cl\/sites\/fotografia\/pueblo-andino\/autores\/gaston-carreno-gonzalez\/\" class=\"elementor-sub-item\" tabindex=\"-1\">Gast\u00f3n Carre\u00f1o Gonz\u00e1lez<\/a><\/li>\n\t<li class=\"menu-item menu-item-type-post_type menu-item-object-pueblo-andino menu-item-4095\"><a href=\"https:\/\/dev.antudigital.cl\/sites\/fotografia\/pueblo-andino\/autores\/juan-pablo-leal-ugalde\/\" class=\"elementor-sub-item\" tabindex=\"-1\">Juan Pablo Leal Ugalde<\/a><\/li>\n\t<li class=\"menu-item menu-item-type-post_type menu-item-object-pueblo-andino menu-item-4094\"><a href=\"https:\/\/dev.antudigital.cl\/sites\/fotografia\/pueblo-andino\/autores\/carla-moller-zunino\/\" class=\"elementor-sub-item\" tabindex=\"-1\">Carla Moller Zunino<\/a><\/li>\n\t<li class=\"menu-item menu-item-type-post_type menu-item-object-pueblo-andino menu-item-4093\"><a href=\"https:\/\/dev.antudigital.cl\/sites\/fotografia\/pueblo-andino\/autores\/maria-paz-bajas-irizar\/\" class=\"elementor-sub-item\" tabindex=\"-1\">Mar\u00eda Paz Bajas Irizar<\/a><\/li>\n\t<li class=\"menu-item menu-item-type-post_type menu-item-object-pueblo-andino menu-item-4092\"><a href=\"https:\/\/dev.antudigital.cl\/sites\/fotografia\/pueblo-andino\/autores\/margarita-alvarado-perez\/\" class=\"elementor-sub-item\" tabindex=\"-1\">Margarita Alvarado P\u00e9rez<\/a><\/li>\n\t<li class=\"menu-item menu-item-type-post_type menu-item-object-pueblo-andino menu-item-4091\"><a href=\"https:\/\/dev.antudigital.cl\/sites\/fotografia\/pueblo-andino\/autores\/felipe-a-maturana-diaz\/\" class=\"elementor-sub-item\" tabindex=\"-1\">Felipe A. Maturana D\u00edaz<\/a><\/li>\n\t<li class=\"menu-item menu-item-type-post_type menu-item-object-pueblo-andino menu-item-4090\"><a href=\"https:\/\/dev.antudigital.cl\/sites\/fotografia\/pueblo-andino\/autores\/christian-baez-allende\/\" class=\"elementor-sub-item\" tabindex=\"-1\">Christian B\u00e1ez Allende<\/a><\/li>\n\t<li class=\"menu-item menu-item-type-post_type menu-item-object-pueblo-andino menu-item-4089\"><a href=\"https:\/\/dev.antudigital.cl\/sites\/fotografia\/pueblo-andino\/autores\/alejandra-castro-rodriguez\/\" class=\"elementor-sub-item\" tabindex=\"-1\">Alejandra Castro Rodr\u00edguez<\/a><\/li>\n<\/ul>\n<\/li>\n<li class=\"menu-item menu-item-type-post_type menu-item-object-pueblo-andino menu-item-2259\"><a href=\"https:\/\/dev.antudigital.cl\/sites\/fotografia\/pueblo-andino\/territorio\/\" class=\"elementor-item\" tabindex=\"-1\">Territorio<\/a><\/li>\n<li class=\"menu-item menu-item-type-post_type menu-item-object-pueblo-andino menu-item-5636\"><a href=\"https:\/\/dev.antudigital.cl\/sites\/fotografia\/pueblo-andino\/glosario\/\" class=\"elementor-item\" tabindex=\"-1\">Glosario<\/a><\/li>\n<li class=\"menu-item menu-item-type-post_type menu-item-object-pueblo-andino menu-item-3516\"><a href=\"https:\/\/dev.antudigital.cl\/sites\/fotografia\/pueblo-andino\/bibliografia\/\" class=\"elementor-item\" tabindex=\"-1\">Bibliograf\u00eda<\/a><\/li>\n<\/ul>\t\t\t<\/nav>\n\t\t\t\t\t\t<\/div>\n\t\t\t\t<\/div>\n\t\t\t\t<\/div>\n\t\t\t\t<\/div>\n\t\t<div class=\"elementor-element elementor-element-7ba48a6 e-con-full e-flex e-con e-child\" data-id=\"7ba48a6\" data-element_type=\"container\" data-settings=\"{&quot;background_background&quot;:&quot;classic&quot;}\">\n\t\t\t\t<div class=\"elementor-element elementor-element-8955767 elementor-align-justify elementor-widget__width-inherit elementor-hidden-desktop elementor-widget elementor-widget-button\" data-id=\"8955767\" data-element_type=\"widget\" data-widget_type=\"button.default\">\n\t\t\t\t<div class=\"elementor-widget-container\">\n\t\t\t\t\t\t\t\t\t<div class=\"elementor-button-wrapper\">\n\t\t\t\t\t<a class=\"elementor-button elementor-button-link elementor-size-sm\" href=\"#elementor-action%3Aaction%3Dpopup%3Aopen%26settings%3DeyJpZCI6IjQ1MjQiLCJ0b2dnbGUiOmZhbHNlfQ%3D%3D\">\n\t\t\t\t\t\t<span class=\"elementor-button-content-wrapper\">\n\t\t\t\t\t\t<span class=\"elementor-button-icon\">\n\t\t\t\t<i aria-hidden=\"true\" class=\"fas fa-bars\"><\/i>\t\t\t<\/span>\n\t\t\t\t\t\t\t\t\t<span class=\"elementor-button-text\">ANDINOS<\/span>\n\t\t\t\t\t<\/span>\n\t\t\t\t\t<\/a>\n\t\t\t\t<\/div>\n\t\t\t\t\t\t\t\t<\/div>\n\t\t\t\t<\/div>\n\t\t\t\t<div class=\"elementor-element elementor-element-082e60c elementor-widget elementor-widget-heading\" data-id=\"082e60c\" data-element_type=\"widget\" data-widget_type=\"heading.default\">\n\t\t\t\t<div class=\"elementor-widget-container\">\n\t\t\t\t\t<h4 class=\"elementor-heading-title elementor-size-default\">Est\u00e9tica en la fotograf\u00eda andina contempor\u00e1nea <\/h4>\t\t\t\t<\/div>\n\t\t\t\t<\/div>\n\t\t\t\t<div class=\"elementor-element elementor-element-c3bbba5 elementor-widget elementor-widget-text-editor\" data-id=\"c3bbba5\" data-element_type=\"widget\" data-widget_type=\"text-editor.default\">\n\t\t\t\t<div class=\"elementor-widget-container\">\n\t\t\t\t\t\t\t\t\t<ul><li>ALVARADO, Margarita y M\u00d6LLER, Carla. \u201c<a href=\"http:\/\/estetica.uc.cl\/images\/stories\/Aisthesis1\/Aisthesis36-50\/46%20151_a46aisthesis%2046.pdf\" target=\"_blank\" rel=\"noopener\">Fuera de Cuadro. Fotograf\u00eda, fot\u00f3grafos y la representaci\u00f3n del ind\u00edgena del desierto y el altiplano andino (IDA)<\/a>\u201d.<em>\u00a0<\/em>En\u00a0<em>Aisthesis. Revista de Investigaciones Est\u00e9ticas<\/em>, Pontificia Universidad Cat\u00f3lica de Chile, N\u00ba 46, pp. 151\u2013 177. Santiago, 2009.<\/li><li>ALVARADO, Margarita, et. al.\u00a0<em>Fueguinos. Fotograf\u00edas Siglo XIX y XX. Im\u00e1genes e Imaginarios del fin del mundo<\/em>. Pehu\u00e9n Editores, Santiago, 2007.<\/li><li>BATCHEN, Geoffrey.\u00a0<em>Arder en deseos. La concepci\u00f3n de la fotograf\u00eda<\/em>. Editorial Gustavo Gili, S. A, Barcelona, 2004.<\/li><li>BRISSETT;\u00a0Demetrio<em>. Acerca de la fotograf\u00eda etnogr\u00e1fica<\/em>. En Gaceta de Antropolog\u00eda N\u00b0 15, texto 15 -11. M\u00e1laga, Espa\u00f1a, 1999.<\/li><li>KESSEL, Juan van.\u00a0<em>Holocausto al progreso. Los aymaras de Tarapac\u00e1.\u00a0<\/em>Editorial CEDLA,<em>\u00a0<\/em>\u00c1msterdam, 1980.<\/li><li>KROTZ, Esteban.\u00a0<em>La otredad cultural entre utop\u00eda y ciencia: un estudio sobre el origen, el desarrollo y la reorientaci\u00f3n de la antropolog\u00eda<\/em>.\u00a0 Fondo de Cultura Econ\u00f3mico, M\u00e9xico, 2002.<\/li><li>MASOTTA, Carlos.\u00a0<em>Indios en las primeras postales fotogr\u00e1ficas argentinas del siglo XX<\/em>. La Marca Editora, Buenos Aires, 2007.<\/li><li>MORENO, Jos\u00e9; FRESARD Denise.\u00a0<em>Fotograf\u00eda. Antonio Quintana 1904 \u2013 1972.<\/em>\u00a0Pehu\u00e9n Editores, Santiago, 2006.<\/li><li>NARANJO, Juan (Editor).\u00a0<em>La fotograf\u00eda, antropolog\u00eda y colonialismo (1845 \u2013 2006<\/em>). Editorial Gustavo Gili S.A., Barcelona, 2006.<\/li><li>P\u00c9REZ, Claudio.\u00a0<em>Andacollo. Rito pagano despu\u00e9s de la siesta<\/em>. Lom Ediciones, Santiago, 1996.<\/li><li>______________\u00a0<em>Kunza. Diccionario kunza \u2013 espa\u00f1ol\/espa\u00f1ol \u2013 kunza. Lengua del pueblo Lickan antai o Atacame\u00f1o<\/em>. Ograma S.A., Santiago, 2005.<\/li><li>______________\u00a0<em>Comunidades Per\u00fa \u2013 Chile<\/em>. Midia Comunicaci\u00f3n, Santiago, 2009.<\/li><li>RODRIGUEZ, Hern\u00e1n.\u00a0\u00a0<em>Historia de la fotograf\u00eda. Fot\u00f3grafos en Chile durante el siglo XIX.<\/em>\u00a0Centro Nacional del Patrimonio Fotogr\u00e1fico, Santiago, 2001.<\/li><li>______________\u00a0<em>Historia de la Fotograf\u00eda: fot\u00f3grafos en chile 1900 \u2013 1950<\/em>. Centro Nacional del Patrimonio Fotogr\u00e1fico, Santiago, 2011.<\/li><li>SEEBACH, Norberto.\u00a0<em>Recorriendo Chile<\/em>. Editorial Ant\u00e1rtica, Santiago, 2005<\/li><li>__________________\u00a0<em>Chile<\/em>. Editorial Kactus, Santiago, 2009.<\/li><li>SALAZAR, Mauricio.\u00a0<em>Primer Registro Hist\u00f3rico, Fotogr\u00e1fico de los Aymaras de la Provincia de Iquique<\/em>. O\u00f1ate Impresores, Iquique, 2002.<\/li><\/ul>\t\t\t\t\t\t\t\t<\/div>\n\t\t\t\t<\/div>\n\t\t\t\t<div class=\"elementor-element elementor-element-77f11f7 elementor-widget elementor-widget-heading\" data-id=\"77f11f7\" data-element_type=\"widget\" data-widget_type=\"heading.default\">\n\t\t\t\t<div class=\"elementor-widget-container\">\n\t\t\t\t\t<h4 class=\"elementor-heading-title elementor-size-default\">El ind\u00edgena nortino en los textos escolares chilenos: realidades y soledades de su representaci\u00f3n<\/h4>\t\t\t\t<\/div>\n\t\t\t\t<\/div>\n\t\t\t\t<div class=\"elementor-element elementor-element-7d41159 elementor-widget elementor-widget-text-editor\" data-id=\"7d41159\" data-element_type=\"widget\" data-widget_type=\"text-editor.default\">\n\t\t\t\t<div class=\"elementor-widget-container\">\n\t\t\t\t\t\t\t\t\t<ul><li>AGUIRRE, Carolina; QUESNEY, Mariana.\u00a0<em>Comprensi\u00f3n del Medio Natural, Social y Cultural: 4\u00b0 Educaci\u00f3n B\u00e1sica<\/em>. Ediciones Cal y Canto, Santiago, 2006.<\/li><li>AMENGUAL, Paula, et. al. \u00a0<em>Historia, Geograf\u00eda y Ciencias Sociales: 4\u00ba a\u00f1o Educaci\u00f3n B\u00e1sica<\/em>. Grupo Editorial Norma, Santiago, 2012.<\/li><li>DONOSO, Marina, et al.\u00a0<em>Estudio y comprensi\u00f3n de la sociedad: 5\u00b0 Educaci\u00f3n B\u00e1sica<\/em>. Santillana, Santiago, 2006-2007.<\/li><li>GIADROSIC, Georgina,\u00a0 et al.\u00a0<em>Comprensi\u00f3n del Medio Natural, Social y Cultural: 4\u00b0 Educaci\u00f3n B\u00e1sica<\/em>. Marenostrum, Santiago, 2005.<\/li><li>SARCEDA, Martha; CISTERNAS, Jaime.\u00a0<em>Comprensi\u00f3n del Medio Natural, Social y Cultural: 4\u00b0 Educaci\u00f3n B\u00e1sica<\/em>. Grupo Editorial Norma, Santiago, 2005.<\/li><\/ul>\t\t\t\t\t\t\t\t<\/div>\n\t\t\t\t<\/div>\n\t\t\t\t<div class=\"elementor-element elementor-element-7a860ce elementor-widget elementor-widget-heading\" data-id=\"7a860ce\" data-element_type=\"widget\" data-widget_type=\"heading.default\">\n\t\t\t\t<div class=\"elementor-widget-container\">\n\t\t\t\t\t<h4 class=\"elementor-heading-title elementor-size-default\">Ritos y fiestas en el mundo andino<\/h4>\t\t\t\t<\/div>\n\t\t\t\t<\/div>\n\t\t\t\t<div class=\"elementor-element elementor-element-871b910 elementor-widget elementor-widget-text-editor\" data-id=\"871b910\" data-element_type=\"widget\" data-widget_type=\"text-editor.default\">\n\t\t\t\t<div class=\"elementor-widget-container\">\n\t\t\t\t\t\t\t\t\t<ul><li>ALVARADO, Margarita, et. al.\u00a0\u00a0<em>Andinos. Fotograf\u00edas siglos XIX y XX. Visualidades e imaginarios del desierto y el altiplano.\u00a0<\/em>Pehu\u00e9n, Santiago, 2012.<\/li><li>GAVILAN VEGA, Vivian &amp; CARRASCO, Ana Mar\u00eda. \u201cFestividades andinas y religiosidad en el norte chileno\u201d<em>.\u00a0<\/em>En\u00a0<em>Revista de Antropolog\u00eda Chilena,\u00a0<\/em>vol. 41, n\u00b0 1, pp. 101-112. Chungara, 2009.<\/li><li>KESSEL, Juan van.\u00a0<em>Holocausto al progreso. Los Aymaras de Tarapac\u00e1.<\/em>\u00a0Editorial CEDLA, \u00c1msterdam, 2003 [1980].<\/li><li>________________\u00a0<em>Tecnolog\u00eda aymara: un enfoque cultural<\/em>. CIDSA, Puno, 1991.<\/li><li>________________ \u201cEl floreo en Lirima Viejo, provincia de Tarapac\u00e1, Chile\u201d. En\u00a0<em>IGUCC<\/em>\u00a0(1), pp. 34-44.Santiago, 1974.<\/li><li>LAGOS, Reinaldo, et. al.\u00a0 \u201cLa Limpia de Canales y Acequias de Santiago de R\u00edo Grande\u201d<em>.\u00a0<\/em>En\u00a0<em>Revista de Antropolog\u00eda Chilena,\u00a0<\/em>\u00a0n\u00b0 21, pp. 43-78. Chungara, 1988.<\/li><li>MAMANI, Manuel. \u201cEl rito agr\u00edcola de Pachallampi y la m\u00fasica en Pachama, Precordillera de Parinacota\u201d<em>.\u00a0<\/em>En\u00a0<em>Revista Musical\u00a0<\/em>Chilena, Vol. 56, pp. 45-62. Facultad de Artes, Universidad de Chile, Santiago, 2002.<\/li><li>MATUA DE LA PARRA, Ana Isabel. \u201cEl ceremonial de la Limpia de Canales en Caspana\u201d. En\u00a0<em>Revista Chilena de Antropolog\u00eda<\/em>, n\u00b012, pp. 65-86. Facultad de Ciencias Sociales, Universidad de Chile, Santiago, 1993-1994.<\/li><li>QUIJANO, An\u00edbal. \u201cColonialidad del Poder, Cultura y Conocimiento en Am\u00e9rica Latina\u201d. En Walter Mignolo (Comp.)\u00a0<em>Capitalismo y Geopol\u00edtica del Conocimiento: El eurocentrismo y la filosof\u00eda de la liberaci\u00f3n en el debate intelectual contempor\u00e1neo,\u00a0<\/em>pp. 117-131. Ediciones del Siglo, Buenos Aires, 2001.<\/li><\/ul>\t\t\t\t\t\t\t\t<\/div>\n\t\t\t\t<\/div>\n\t\t\t\t<div class=\"elementor-element elementor-element-d73c9a5 elementor-widget elementor-widget-heading\" data-id=\"d73c9a5\" data-element_type=\"widget\" data-widget_type=\"heading.default\">\n\t\t\t\t<div class=\"elementor-widget-container\">\n\t\t\t\t\t<h4 class=\"elementor-heading-title elementor-size-default\">Medios audiovisuales en la investigaci\u00f3n antropol\u00f3gica<\/h4>\t\t\t\t<\/div>\n\t\t\t\t<\/div>\n\t\t\t\t<div class=\"elementor-element elementor-element-72299e4 elementor-widget elementor-widget-text-editor\" data-id=\"72299e4\" data-element_type=\"widget\" data-widget_type=\"text-editor.default\">\n\t\t\t\t<div class=\"elementor-widget-container\">\n\t\t\t\t\t\t\t\t\t<ul><li>BERGER, John.\u00a0<em>Modos de ver.<\/em>\u00a0Gustavo Gili Editores, Barcelona, 2002.<\/li><li>MATURANA, Felipe y Carre\u00f1o, Gast\u00f3n. \u201cMedios Audiovisuales en el registro, an\u00e1lisis y difusi\u00f3n de la identidad\u201d en\u00a0<em>Actas del Encuentro Interdisciplinario Identidades en Chile<\/em>\u00a0(Enero 2004). Facultad de Ciencias Sociales, Universidad de Chile, 2004.<\/li><li>RUBY, Jay.\u00a0 \u201cLos \u00faltimos 20 a\u00f1os de Antropolog\u00eda visual \u2013 una revisi\u00f3n cr\u00edtica\u201d.\u00a0<em>Revista Chilena de Antropolog\u00eda Visual.<\/em>\u00a0A\u00f1o 7, N\u00b0 9, pp. 13-36. Santiago, Chile, 2007 [2005],<\/li><li>ROUCH, Jean. \u201cEl Hombre y la C\u00e1mara\u201d. En Hockings, Paul (ed.)\u00a0<em>Principles of Visual Anthropology<\/em>, pp. 83-102. The Hague, Mouton , 1975.<\/li><li>VAN KESSEL, Juan. La econom\u00eda andina de crianza; actores y factores meta-econ\u00f3micos. En\u00a0<em>Cuaderno de investigaci\u00f3n en cultura y tecnolog\u00eda andina<\/em>, n\u00ba22. IECTA, Iquique, 2006.<\/li><\/ul>\t\t\t\t\t\t\t\t<\/div>\n\t\t\t\t<\/div>\n\t\t\t\t<div class=\"elementor-element elementor-element-dbb200f elementor-widget elementor-widget-heading\" data-id=\"dbb200f\" data-element_type=\"widget\" data-widget_type=\"heading.default\">\n\t\t\t\t<div class=\"elementor-widget-container\">\n\t\t\t\t\t<h4 class=\"elementor-heading-title elementor-size-default\">Representaci\u00f3n y estereotipo en la fotograf\u00eda sobre changos<\/h4>\t\t\t\t<\/div>\n\t\t\t\t<\/div>\n\t\t\t\t<div class=\"elementor-element elementor-element-6a68f18 elementor-widget elementor-widget-text-editor\" data-id=\"6a68f18\" data-element_type=\"widget\" data-widget_type=\"text-editor.default\">\n\t\t\t\t<div class=\"elementor-widget-container\">\n\t\t\t\t\t\t\t\t\t<ul><li>ALVARADO,<strong>\u00a0<\/strong>Margarita, et. al.\u00a0<a href=\"http:\/\/www.memoriachilena.cl\/archivos2\/pdfs\/MC0035029.pdf\" target=\"_blank\" rel=\"noopener\"><em>Mapuche. Fotograf\u00edas Siglos XIX y XX. Construcci\u00f3n y Montaje de un Imaginario<\/em><\/a>. Pehu\u00e9n Editores, Santiago, 2001.<\/li><li>ALVARADO, Margarita, et. al.<em>\u00a0Fueguinos<\/em>.\u00a0<em>Fotograf\u00edas Siglos XIX y XX. Im\u00e1genes e Imaginarios del Fin del Mundo.<\/em>\u00a0Pehu\u00e9n Editores, Santiago, 2007.<\/li><li>COHAT, Yves.\u00a0<em>Vida y muerte de las ballenas<\/em>. Editorial Aguilar, Madrid, 1990.<\/li><li>D\u2019ORBIGNY, Alcides.\u00a0<em>Viaje a la Am\u00e9rica Meridional<\/em>. Tomo III. Ed. Futuro, Buenos Aires, 1945.<\/li><li>Gay, Claudio.\u00a0<em>Atlas de la Historia F\u00edsica y Pol\u00edtica de Chile<\/em>. Editorial LOM, Santiago, 2010 [1854].<\/li><li>NIEMEYER, Hans.<strong>\u00a0<\/strong>\u201cUna balsa de cueros de lobo de la caleta de Cha\u00f1aral de Aceitunas (Prov. de Atacama, Chile)\u201d. En\u00a0<em>Revista Universitaria<\/em>. Universidad Cat\u00f3lica de Chile. A\u00f1o L-LI-Fasc\u00edculo II, pp. 257-269. Santiago, 1966.<\/li><li>PHILIPPI, Rodolfo.\u00a0<em>Viage al Desierto de Atacama: hecho de orden del Gobierno de Chile en el verano 1853-54<\/em>. Librer\u00eda de Eduardo Ant\u00f3n, Santiago, 1860.<\/li><li>S\/A.\u00a0<em>Fuerzas Armadas de Chile. \u00c1lbum Hist\u00f3rico<\/em>. Empresa Editora \u201cAtenas\u201d, Boyle y Pellegrini Ltda., Segunda Edici\u00f3n Corregida y Aumentada, Santiago,1928.<\/li><\/ul>\t\t\t\t\t\t\t\t<\/div>\n\t\t\t\t<\/div>\n\t\t\t\t<\/div>\n\t\t<div class=\"elementor-element elementor-element-1c15f95 e-con-full elementor-hidden-tablet elementor-hidden-mobile e-flex e-con e-child\" data-id=\"1c15f95\" data-element_type=\"container\">\n\t\t\t\t<\/div>\n\t\t\t\t<\/div>\n\t\t\t\t<\/div>\n\t\t","protected":false},"excerpt":{"rendered":"<p>Andinos ANDINOS Est\u00e9tica en la fotograf\u00eda andina contempor\u00e1nea ALVARADO, Margarita y M\u00d6LLER, Carla. \u201cFuera de Cuadro. Fotograf\u00eda, fot\u00f3grafos y la representaci\u00f3n del ind\u00edgena del desierto y el altiplano andino (IDA)\u201d.\u00a0En\u00a0Aisthesis. Revista de Investigaciones Est\u00e9ticas, Pontificia Universidad Cat\u00f3lica de Chile, N\u00ba 46, pp. 151\u2013 177. Santiago, 2009. ALVARADO, Margarita, et. al.\u00a0Fueguinos. Fotograf\u00edas Siglo XIX y XX. [&hellip;]<\/p>\n","protected":false},"author":1,"featured_media":0,"parent":0,"menu_order":0,"comment_status":"open","ping_status":"open","template":"elementor_header_footer","format":"standard","meta":{"footnotes":""},"class_list":["post-2263","pueblo-andino","type-pueblo-andino","status-publish","format-standard","hentry"],"_links":{"self":[{"href":"https:\/\/dev.antudigital.cl\/sites\/fotografia\/wp-json\/wp\/v2\/pueblo-andino\/2263","targetHints":{"allow":["GET"]}}],"collection":[{"href":"https:\/\/dev.antudigital.cl\/sites\/fotografia\/wp-json\/wp\/v2\/pueblo-andino"}],"about":[{"href":"https:\/\/dev.antudigital.cl\/sites\/fotografia\/wp-json\/wp\/v2\/types\/pueblo-andino"}],"author":[{"embeddable":true,"href":"https:\/\/dev.antudigital.cl\/sites\/fotografia\/wp-json\/wp\/v2\/users\/1"}],"replies":[{"embeddable":true,"href":"https:\/\/dev.antudigital.cl\/sites\/fotografia\/wp-json\/wp\/v2\/comments?post=2263"}],"version-history":[{"count":37,"href":"https:\/\/dev.antudigital.cl\/sites\/fotografia\/wp-json\/wp\/v2\/pueblo-andino\/2263\/revisions"}],"predecessor-version":[{"id":4558,"href":"https:\/\/dev.antudigital.cl\/sites\/fotografia\/wp-json\/wp\/v2\/pueblo-andino\/2263\/revisions\/4558"}],"wp:attachment":[{"href":"https:\/\/dev.antudigital.cl\/sites\/fotografia\/wp-json\/wp\/v2\/media?parent=2263"}],"curies":[{"name":"wp","href":"https:\/\/api.w.org\/{rel}","templated":true}]}}