{"id":3768,"date":"2025-02-04T11:49:56","date_gmt":"2025-02-04T14:49:56","guid":{"rendered":"https:\/\/hola.test\/?post_type=pueblo-andino&#038;p=3768"},"modified":"2025-03-08T15:12:17","modified_gmt":"2025-03-08T18:12:17","slug":"cuerpos-femeninos-y-estereotipo-erotico-el-caso-de-la-changuita","status":"publish","type":"pueblo-andino","link":"https:\/\/dev.antudigital.cl\/sites\/fotografia\/pueblo-andino\/temas\/representacion-y-estereotipo-en-la-fotografia-sobre-changos\/cuerpos-femeninos-y-estereotipo-erotico-el-caso-de-la-changuita\/","title":{"rendered":"Cuerpos Femeninos y Estereotipo Er\u00f3tico: el caso de \u201cLa Changuita\u201d"},"content":{"rendered":"\t\t<div data-elementor-type=\"wp-post\" data-elementor-id=\"3768\" class=\"elementor elementor-3768\" data-elementor-post-type=\"pueblo-andino\">\n\t\t\t\t<div class=\"elementor-element elementor-element-91ce1c6 e-con-full container-start e-flex e-con e-parent\" data-id=\"91ce1c6\" data-element_type=\"container\" data-settings=\"{&quot;background_background&quot;:&quot;classic&quot;}\">\n\t\t<div class=\"elementor-element elementor-element-8dcbc25 e-con-full elementor-hidden-tablet elementor-hidden-mobile e-flex e-con e-child\" data-id=\"8dcbc25\" data-element_type=\"container\">\n\t\t\t\t<div class=\"elementor-element elementor-element-d527781 elementor-widget elementor-widget-spacer\" data-id=\"d527781\" data-element_type=\"widget\" data-widget_type=\"spacer.default\">\n\t\t\t\t<div class=\"elementor-widget-container\">\n\t\t\t\t\t\t\t<div class=\"elementor-spacer\">\n\t\t\t<div class=\"elementor-spacer-inner\"><\/div>\n\t\t<\/div>\n\t\t\t\t\t\t<\/div>\n\t\t\t\t<\/div>\n\t\t<div class=\"elementor-element elementor-element-480db82 e-con-full e-flex e-con e-child\" data-id=\"480db82\" data-element_type=\"container\">\n\t\t\t\t<div class=\"elementor-element elementor-element-30da315 elementor-widget elementor-widget-heading\" data-id=\"30da315\" data-element_type=\"widget\" data-widget_type=\"heading.default\">\n\t\t\t\t<div class=\"elementor-widget-container\">\n\t\t\t\t\t<h1 class=\"elementor-heading-title elementor-size-default\">Andinos<\/h1>\t\t\t\t<\/div>\n\t\t\t\t<\/div>\n\t\t\t\t<div class=\"elementor-element elementor-element-bdf8258 menu-offcanvas elementor-widget elementor-widget-nav-menu\" data-id=\"bdf8258\" data-element_type=\"widget\" data-settings=\"{&quot;layout&quot;:&quot;dropdown&quot;,&quot;submenu_icon&quot;:{&quot;value&quot;:&quot;&lt;i class=\\&quot;\\&quot; aria-hidden=\\&quot;true\\&quot;&gt;&lt;\\\/i&gt;&quot;,&quot;library&quot;:&quot;&quot;}}\" data-widget_type=\"nav-menu.default\">\n\t\t\t\t<div class=\"elementor-widget-container\">\n\t\t\t\t\t\t\t\t<nav class=\"elementor-nav-menu--dropdown elementor-nav-menu__container\" aria-hidden=\"true\">\n\t\t\t\t<ul id=\"menu-2-bdf8258\" class=\"elementor-nav-menu\"><li class=\"sub-temas menu-item menu-item-type-custom menu-item-object-custom menu-item-has-children menu-item-4216\"><a href=\"#\" class=\"elementor-item elementor-item-anchor\" tabindex=\"-1\">Temas<\/a>\n<ul class=\"sub-menu elementor-nav-menu--dropdown\">\n\t<li class=\"menu-item menu-item-type-post_type menu-item-object-pueblo-andino menu-item-2278\"><a href=\"https:\/\/dev.antudigital.cl\/sites\/fotografia\/pueblo-andino\/temas\/representacion-y-estereotipo-en-la-fotografia-sobre-changos\/\" class=\"elementor-sub-item\" tabindex=\"-1\">REPRESENTACI\u00d3N Y ESTEREOTIPO EN LA FOTOGRAF\u00cdA SOBRE CHANGOS<\/a><\/li>\n\t<li class=\"menu-item menu-item-type-post_type menu-item-object-pueblo-andino menu-item-3930\"><a href=\"https:\/\/dev.antudigital.cl\/sites\/fotografia\/pueblo-andino\/temas\/estetica-en-la-fotografia-andina-contemporanea\/\" class=\"elementor-sub-item\" tabindex=\"-1\">EST\u00c9TICA EN LA FOTOGRAF\u00cdA ANDINA CONTEMPOR\u00c1NEA<\/a><\/li>\n\t<li class=\"menu-item menu-item-type-post_type menu-item-object-pueblo-andino menu-item-3929\"><a href=\"https:\/\/dev.antudigital.cl\/sites\/fotografia\/pueblo-andino\/temas\/ritos-y-fiestas-en-el-mundo-andino\/\" class=\"elementor-sub-item\" tabindex=\"-1\">RITOS Y FIESTAS EN EL MUNDO ANDINO<\/a><\/li>\n\t<li class=\"menu-item menu-item-type-post_type menu-item-object-pueblo-andino menu-item-3928\"><a href=\"https:\/\/dev.antudigital.cl\/sites\/fotografia\/pueblo-andino\/temas\/el-indigena-nortino-en-los-textos-escolares-chilenos-realidades-y-soledades-de-su-representacion\/\" class=\"elementor-sub-item\" tabindex=\"-1\">EL IND\u00cdGENA NORTINO EN LOS TEXTOS ESCOLARES CHILENOS: REALIDADES Y SOLEDADES DE SU REPRESENTACI\u00d3N<\/a><\/li>\n\t<li class=\"menu-item menu-item-type-post_type menu-item-object-pueblo-andino menu-item-3927\"><a href=\"https:\/\/dev.antudigital.cl\/sites\/fotografia\/pueblo-andino\/temas\/medios-audiovisuales-en-la-investigacion-antropologica\/\" class=\"elementor-sub-item\" tabindex=\"-1\">MEDIOS AUDIOVISUALES EN LA INVESTIGACI\u00d3N ANTROPOL\u00d3GICA<\/a><\/li>\n<\/ul>\n<\/li>\n<li class=\"sub-autores menu-item menu-item-type-custom menu-item-object-custom menu-item-has-children menu-item-4217\"><a href=\"#\" class=\"elementor-item elementor-item-anchor\" tabindex=\"-1\">Autores<\/a>\n<ul class=\"sub-menu elementor-nav-menu--dropdown\">\n\t<li class=\"menu-item menu-item-type-post_type menu-item-object-pueblo-andino menu-item-4014\"><a href=\"https:\/\/dev.antudigital.cl\/sites\/fotografia\/pueblo-andino\/autores\/gaston-carreno-gonzalez\/\" class=\"elementor-sub-item\" tabindex=\"-1\">Gast\u00f3n Carre\u00f1o Gonz\u00e1lez<\/a><\/li>\n\t<li class=\"menu-item menu-item-type-post_type menu-item-object-pueblo-andino menu-item-4095\"><a href=\"https:\/\/dev.antudigital.cl\/sites\/fotografia\/pueblo-andino\/autores\/juan-pablo-leal-ugalde\/\" class=\"elementor-sub-item\" tabindex=\"-1\">Juan Pablo Leal Ugalde<\/a><\/li>\n\t<li class=\"menu-item menu-item-type-post_type menu-item-object-pueblo-andino menu-item-4094\"><a href=\"https:\/\/dev.antudigital.cl\/sites\/fotografia\/pueblo-andino\/autores\/carla-moller-zunino\/\" class=\"elementor-sub-item\" tabindex=\"-1\">Carla Moller Zunino<\/a><\/li>\n\t<li class=\"menu-item menu-item-type-post_type menu-item-object-pueblo-andino menu-item-4093\"><a href=\"https:\/\/dev.antudigital.cl\/sites\/fotografia\/pueblo-andino\/autores\/maria-paz-bajas-irizar\/\" class=\"elementor-sub-item\" tabindex=\"-1\">Mar\u00eda Paz Bajas Irizar<\/a><\/li>\n\t<li class=\"menu-item menu-item-type-post_type menu-item-object-pueblo-andino menu-item-4092\"><a href=\"https:\/\/dev.antudigital.cl\/sites\/fotografia\/pueblo-andino\/autores\/margarita-alvarado-perez\/\" class=\"elementor-sub-item\" tabindex=\"-1\">Margarita Alvarado P\u00e9rez<\/a><\/li>\n\t<li class=\"menu-item menu-item-type-post_type menu-item-object-pueblo-andino menu-item-4091\"><a href=\"https:\/\/dev.antudigital.cl\/sites\/fotografia\/pueblo-andino\/autores\/felipe-a-maturana-diaz\/\" class=\"elementor-sub-item\" tabindex=\"-1\">Felipe A. Maturana D\u00edaz<\/a><\/li>\n\t<li class=\"menu-item menu-item-type-post_type menu-item-object-pueblo-andino menu-item-4090\"><a href=\"https:\/\/dev.antudigital.cl\/sites\/fotografia\/pueblo-andino\/autores\/christian-baez-allende\/\" class=\"elementor-sub-item\" tabindex=\"-1\">Christian B\u00e1ez Allende<\/a><\/li>\n\t<li class=\"menu-item menu-item-type-post_type menu-item-object-pueblo-andino menu-item-4089\"><a href=\"https:\/\/dev.antudigital.cl\/sites\/fotografia\/pueblo-andino\/autores\/alejandra-castro-rodriguez\/\" class=\"elementor-sub-item\" tabindex=\"-1\">Alejandra Castro Rodr\u00edguez<\/a><\/li>\n<\/ul>\n<\/li>\n<li class=\"menu-item menu-item-type-post_type menu-item-object-pueblo-andino menu-item-2259\"><a href=\"https:\/\/dev.antudigital.cl\/sites\/fotografia\/pueblo-andino\/territorio\/\" class=\"elementor-item\" tabindex=\"-1\">Territorio<\/a><\/li>\n<li class=\"menu-item menu-item-type-post_type menu-item-object-pueblo-andino menu-item-5636\"><a href=\"https:\/\/dev.antudigital.cl\/sites\/fotografia\/pueblo-andino\/glosario\/\" class=\"elementor-item\" tabindex=\"-1\">Glosario<\/a><\/li>\n<li class=\"menu-item menu-item-type-post_type menu-item-object-pueblo-andino menu-item-3516\"><a href=\"https:\/\/dev.antudigital.cl\/sites\/fotografia\/pueblo-andino\/bibliografia\/\" class=\"elementor-item\" tabindex=\"-1\">Bibliograf\u00eda<\/a><\/li>\n<\/ul>\t\t\t<\/nav>\n\t\t\t\t\t\t<\/div>\n\t\t\t\t<\/div>\n\t\t\t\t<\/div>\n\t\t\t\t<\/div>\n\t\t<div class=\"elementor-element elementor-element-117dd74 e-con-full container-nav e-flex e-con e-child\" data-id=\"117dd74\" data-element_type=\"container\" data-settings=\"{&quot;background_background&quot;:&quot;classic&quot;}\">\n\t\t\t\t<div class=\"elementor-element elementor-element-039c30a elementor-align-justify elementor-widget__width-inherit elementor-hidden-desktop elementor-widget elementor-widget-button\" data-id=\"039c30a\" data-element_type=\"widget\" data-widget_type=\"button.default\">\n\t\t\t\t<div class=\"elementor-widget-container\">\n\t\t\t\t\t\t\t\t\t<div class=\"elementor-button-wrapper\">\n\t\t\t\t\t<a class=\"elementor-button elementor-button-link elementor-size-sm\" href=\"#elementor-action%3Aaction%3Dpopup%3Aopen%26settings%3DeyJpZCI6IjQ1MjQiLCJ0b2dnbGUiOmZhbHNlfQ%3D%3D\">\n\t\t\t\t\t\t<span class=\"elementor-button-content-wrapper\">\n\t\t\t\t\t\t<span class=\"elementor-button-icon\">\n\t\t\t\t<i aria-hidden=\"true\" class=\"fas fa-bars\"><\/i>\t\t\t<\/span>\n\t\t\t\t\t\t\t\t\t<span class=\"elementor-button-text\">ANDINOS<\/span>\n\t\t\t\t\t<\/span>\n\t\t\t\t\t<\/a>\n\t\t\t\t<\/div>\n\t\t\t\t\t\t\t\t<\/div>\n\t\t\t\t<\/div>\n\t\t\t\t<div class=\"elementor-element elementor-element-cc92182 elementor-widget elementor-widget-heading\" data-id=\"cc92182\" data-element_type=\"widget\" data-widget_type=\"heading.default\">\n\t\t\t\t<div class=\"elementor-widget-container\">\n\t\t\t\t\t<h4 class=\"elementor-heading-title elementor-size-default\">REPRESENTACI\u00d3N Y ESTEREOTIPO EN LA FOTOGRAF\u00cdA SOBRE CHANGOS<\/h4>\t\t\t\t<\/div>\n\t\t\t\t<\/div>\n\t\t\t\t<div class=\"elementor-element elementor-element-9af1624 elementor-icon-list--layout-traditional elementor-list-item-link-full_width elementor-widget elementor-widget-icon-list\" data-id=\"9af1624\" data-element_type=\"widget\" data-widget_type=\"icon-list.default\">\n\t\t\t\t<div class=\"elementor-widget-container\">\n\t\t\t\t\t\t\t<ul class=\"elementor-icon-list-items\">\n\t\t\t\t\t\t\t<li class=\"elementor-icon-list-item\">\n\t\t\t\t\t\t\t\t\t\t\t<a href=\"https:\/\/dev.antudigital.cl\/sites\/fotografia\/pueblo-andino\/temas\/representacion-y-estereotipo-en-la-fotografia-sobre-changos\/\">\n\n\t\t\t\t\t\t\t\t\t\t\t\t<span class=\"elementor-icon-list-icon\">\n\t\t\t\t\t\t\t<i aria-hidden=\"true\" class=\"fas fa-circle\"><\/i>\t\t\t\t\t\t<\/span>\n\t\t\t\t\t\t\t\t\t\t<span class=\"elementor-icon-list-text\">Presentaci\u00f3n<\/span>\n\t\t\t\t\t\t\t\t\t\t\t<\/a>\n\t\t\t\t\t\t\t\t\t<\/li>\n\t\t\t\t\t\t\t\t<li class=\"elementor-icon-list-item\">\n\t\t\t\t\t\t\t\t\t\t\t<a href=\"https:\/\/dev.antudigital.cl\/sites\/fotografia\/pueblo-andino\/temas\/representacion-y-estereotipo-en-la-fotografia-sobre-changos\/la-balsa-de-cuero-de-lobo-marino-como-marcador-etnico-de-los-changos\/\">\n\n\t\t\t\t\t\t\t\t\t\t\t\t<span class=\"elementor-icon-list-icon\">\n\t\t\t\t\t\t\t<i aria-hidden=\"true\" class=\"fas fa-circle\"><\/i>\t\t\t\t\t\t<\/span>\n\t\t\t\t\t\t\t\t\t\t<span class=\"elementor-icon-list-text\">La balsa de cuero de lobo marino como marcador \u00e9tnico de los Changos<\/span>\n\t\t\t\t\t\t\t\t\t\t\t<\/a>\n\t\t\t\t\t\t\t\t\t<\/li>\n\t\t\t\t\t\t\t\t<li class=\"elementor-icon-list-item\">\n\t\t\t\t\t\t\t\t\t\t\t<a href=\"https:\/\/dev.antudigital.cl\/sites\/fotografia\/pueblo-andino\/temas\/representacion-y-estereotipo-en-la-fotografia-sobre-changos\/fotografias-sobre-changos\/\">\n\n\t\t\t\t\t\t\t\t\t\t\t\t<span class=\"elementor-icon-list-icon\">\n\t\t\t\t\t\t\t<i aria-hidden=\"true\" class=\"fas fa-circle\"><\/i>\t\t\t\t\t\t<\/span>\n\t\t\t\t\t\t\t\t\t\t<span class=\"elementor-icon-list-text\">Fotograf\u00edas sobre Changos<\/span>\n\t\t\t\t\t\t\t\t\t\t\t<\/a>\n\t\t\t\t\t\t\t\t\t<\/li>\n\t\t\t\t\t\t\t\t<li class=\"elementor-icon-list-item\">\n\t\t\t\t\t\t\t\t\t\t\t<a href=\"https:\/\/dev.antudigital.cl\/sites\/fotografia\/pueblo-andino\/temas\/representacion-y-estereotipo-en-la-fotografia-sobre-changos\/cuerpos-femeninos-y-estereotipo-erotico-el-caso-de-la-changuita\/\" class=\"item-active\">\n\n\t\t\t\t\t\t\t\t\t\t\t\t<span class=\"elementor-icon-list-icon\">\n\t\t\t\t\t\t\t<i aria-hidden=\"true\" class=\"fas fa-circle\"><\/i>\t\t\t\t\t\t<\/span>\n\t\t\t\t\t\t\t\t\t\t<span class=\"elementor-icon-list-text\">Cuerpos Femeninos y Estereotipo Er\u00f3tico: el caso de \u201cLa Changuita\u201d<\/span>\n\t\t\t\t\t\t\t\t\t\t\t<\/a>\n\t\t\t\t\t\t\t\t\t<\/li>\n\t\t\t\t\t\t\t\t<li class=\"elementor-icon-list-item\">\n\t\t\t\t\t\t\t\t\t\t\t<a href=\"https:\/\/dev.antudigital.cl\/sites\/fotografia\/pueblo-andino\/temas\/representacion-y-estereotipo-en-la-fotografia-sobre-changos\/iconografia-sobre-mujeres-de-la-costa-norte\/\">\n\n\t\t\t\t\t\t\t\t\t\t\t\t<span class=\"elementor-icon-list-icon\">\n\t\t\t\t\t\t\t<i aria-hidden=\"true\" class=\"fas fa-circle\"><\/i>\t\t\t\t\t\t<\/span>\n\t\t\t\t\t\t\t\t\t\t<span class=\"elementor-icon-list-text\">Iconograf\u00eda sobre mujeres de la costa norte<\/span>\n\t\t\t\t\t\t\t\t\t\t\t<\/a>\n\t\t\t\t\t\t\t\t\t<\/li>\n\t\t\t\t\t\t<\/ul>\n\t\t\t\t\t\t<\/div>\n\t\t\t\t<\/div>\n\t\t\t\t<\/div>\n\t\t<div class=\"elementor-element elementor-element-b7d6b7f e-con-full container-info e-flex e-con e-child\" data-id=\"b7d6b7f\" data-element_type=\"container\">\n\t\t\t\t<div class=\"elementor-element elementor-element-0fc86be elementor-widget elementor-widget-heading\" data-id=\"0fc86be\" data-element_type=\"widget\" data-widget_type=\"heading.default\">\n\t\t\t\t<div class=\"elementor-widget-container\">\n\t\t\t\t\t<h1 class=\"elementor-heading-title elementor-size-default\">Cuerpos Femeninos y Estereotipo Er\u00f3tico: el caso de \u201cLa Changuita\u201d<\/h1>\t\t\t\t<\/div>\n\t\t\t\t<\/div>\n\t\t\t\t<div class=\"elementor-element elementor-element-5776657 elementor-widget elementor-widget-text-editor\" data-id=\"5776657\" data-element_type=\"widget\" data-widget_type=\"text-editor.default\">\n\t\t\t\t<div class=\"elementor-widget-container\">\n\t\t\t\t\t\t\t\t\t<p>Dentro de esta investigaci\u00f3n, fue posible encontrar una fotograf\u00eda donde supuestamente se representaba a una mujer Chango. La imagen en cuesti\u00f3n, originalmente fue publicada en el texto Fuerzas Armadas de Chile. \u00c1lbum Hist\u00f3rico [1928], en el marco de una breve descripci\u00f3n de la historia de Chile, concretamente en el cap\u00edtulo I \u201cLa Conquista\u201d. En su parte baja se\u00f1ala: \u201cTipo de india joven del norte, de los denominados Changos\u201d (S\/A,1928:43).<\/p><p>En esta fotograf\u00eda aparece una mujer joven de cuerpo entero, sin m\u00e1s vestimenta que un taparrabo, sobre este hay una rama que cubre la zona p\u00fabica. La \u00fanica informaci\u00f3n que adscribe a esta mujer como parte de la etnia Chango, corresponde al texto que aparece bajo la fotograf\u00eda, lo que es tremendamente sospechoso. En gran medida, esta sospecha surge de la comparaci\u00f3n de la fotograf\u00eda de esta j\u00f3ven con otras representaciones de mujeres Chango, concretamente dibujos y grabados realizados en el siglo XIX.<\/p>\t\t\t\t\t\t\t\t<\/div>\n\t\t\t\t<\/div>\n\t\t\t\t<div class=\"elementor-element elementor-element-072f4bd elementor-widget elementor-widget-heading\" data-id=\"072f4bd\" data-element_type=\"widget\" data-widget_type=\"heading.default\">\n\t\t\t\t<div class=\"elementor-widget-container\">\n\t\t\t\t\t<h4 class=\"elementor-heading-title elementor-size-default\">gast\u00f3n carre\u00f1o gonz\u00e1lez <\/h4>\t\t\t\t<\/div>\n\t\t\t\t<\/div>\n\t\t\t\t<\/div>\n\t\t<div class=\"elementor-element elementor-element-48d57d5 e-con-full container-media e-flex e-con e-child\" data-id=\"48d57d5\" data-element_type=\"container\">\n\t\t\t\t<div class=\"elementor-element elementor-element-4d3a60d elementor-absolute elementor-view-default elementor-widget elementor-widget-icon\" data-id=\"4d3a60d\" data-element_type=\"widget\" data-settings=\"{&quot;_position&quot;:&quot;absolute&quot;}\" data-widget_type=\"icon.default\">\n\t\t\t\t<div class=\"elementor-widget-container\">\n\t\t\t\t\t\t\t<div class=\"elementor-icon-wrapper\">\n\t\t\t<a class=\"elementor-icon\" href=\"#elementor-action%3Aaction%3Dlightbox%26settings%3DeyJ1cmwiOiJodHRwczpcL1wvZGV2LmFudHVkaWdpdGFsLmNsXC9zaXRlc1wvZm90b2dyYWZpYVwvd3AtY29udGVudFwvdXBsb2Fkc1wvMjAyNVwvMDJcL2NhcnI2X2JpZy0yMS5qcGciLCJ0eXBlIjoiaW1hZ2UifQ%3D%3D\">\n\t\t\t<i aria-hidden=\"true\" class=\"fas fa-expand-alt\"><\/i>\t\t\t<\/a>\n\t\t<\/div>\n\t\t\t\t\t\t<\/div>\n\t\t\t\t<\/div>\n\t\t\t\t<div class=\"elementor-element elementor-element-dc010ef elementor-widget elementor-widget-image\" data-id=\"dc010ef\" data-element_type=\"widget\" data-widget_type=\"image.default\">\n\t\t\t\t<div class=\"elementor-widget-container\">\n\t\t\t\t\t\t\t\t\t\t\t\t\t\t\t\t<a href=\"https:\/\/dev.antudigital.cl\/sites\/fotografia\/wp-content\/uploads\/2025\/02\/carr6_big-21.jpg\" data-elementor-open-lightbox=\"yes\" data-e-action-hash=\"#elementor-action%3Aaction%3Dlightbox%26settings%3DeyJpZCI6Mzc3MiwidXJsIjoiaHR0cHM6XC9cL2Rldi5hbnR1ZGlnaXRhbC5jbFwvc2l0ZXNcL2ZvdG9ncmFmaWFcL3dwLWNvbnRlbnRcL3VwbG9hZHNcLzIwMjVcLzAyXC9jYXJyNl9iaWctMjEuanBnIn0%3D\">\n\t\t\t\t\t\t\t<img decoding=\"async\" src=\"https:\/\/dev.antudigital.cl\/sites\/fotografia\/wp-content\/uploads\/elementor\/thumbs\/carr6_big-21-r12kmgv5guodizwgzluzzg8umu06czf8cyn702df5s.jpg\" title=\"carr6_big-2[1]\" alt=\"carr6_big-2[1]\" loading=\"lazy\" \/>\t\t\t\t\t\t\t\t<\/a>\n\t\t\t\t\t\t\t\t\t\t\t\t\t\t\t<\/div>\n\t\t\t\t<\/div>\n\t\t\t\t<\/div>\n\t\t\t\t<\/div>\n\t\t\t\t<\/div>\n\t\t","protected":false},"excerpt":{"rendered":"<p>Andinos ANDINOS REPRESENTACI\u00d3N Y ESTEREOTIPO EN LA FOTOGRAF\u00cdA SOBRE CHANGOS Presentaci\u00f3n La balsa de cuero de lobo marino como marcador \u00e9tnico de los Changos Fotograf\u00edas sobre Changos Cuerpos Femeninos y Estereotipo Er\u00f3tico: el caso de \u201cLa Changuita\u201d Iconograf\u00eda sobre mujeres de la costa norte Dentro de esta investigaci\u00f3n, fue posible encontrar una fotograf\u00eda donde supuestamente [&hellip;]<\/p>\n","protected":false},"author":1,"featured_media":0,"parent":2265,"menu_order":0,"comment_status":"open","ping_status":"open","template":"elementor_header_footer","format":"standard","meta":{"footnotes":""},"class_list":["post-3768","pueblo-andino","type-pueblo-andino","status-publish","format-standard","hentry"],"_links":{"self":[{"href":"https:\/\/dev.antudigital.cl\/sites\/fotografia\/wp-json\/wp\/v2\/pueblo-andino\/3768","targetHints":{"allow":["GET"]}}],"collection":[{"href":"https:\/\/dev.antudigital.cl\/sites\/fotografia\/wp-json\/wp\/v2\/pueblo-andino"}],"about":[{"href":"https:\/\/dev.antudigital.cl\/sites\/fotografia\/wp-json\/wp\/v2\/types\/pueblo-andino"}],"author":[{"embeddable":true,"href":"https:\/\/dev.antudigital.cl\/sites\/fotografia\/wp-json\/wp\/v2\/users\/1"}],"replies":[{"embeddable":true,"href":"https:\/\/dev.antudigital.cl\/sites\/fotografia\/wp-json\/wp\/v2\/comments?post=3768"}],"version-history":[{"count":64,"href":"https:\/\/dev.antudigital.cl\/sites\/fotografia\/wp-json\/wp\/v2\/pueblo-andino\/3768\/revisions"}],"predecessor-version":[{"id":4995,"href":"https:\/\/dev.antudigital.cl\/sites\/fotografia\/wp-json\/wp\/v2\/pueblo-andino\/3768\/revisions\/4995"}],"up":[{"embeddable":true,"href":"https:\/\/dev.antudigital.cl\/sites\/fotografia\/wp-json\/wp\/v2\/pueblo-andino\/2265"}],"wp:attachment":[{"href":"https:\/\/dev.antudigital.cl\/sites\/fotografia\/wp-json\/wp\/v2\/media?parent=3768"}],"curies":[{"name":"wp","href":"https:\/\/api.w.org\/{rel}","templated":true}]}}