{"id":4074,"date":"2025-02-04T15:03:45","date_gmt":"2025-02-04T18:03:45","guid":{"rendered":"https:\/\/hola.test\/?post_type=pueblo-andino&#038;p=4074"},"modified":"2025-03-07T22:26:25","modified_gmt":"2025-03-08T01:26:25","slug":"felipe-a-maturana-diaz","status":"publish","type":"pueblo-andino","link":"https:\/\/dev.antudigital.cl\/sites\/fotografia\/pueblo-andino\/autores\/felipe-a-maturana-diaz\/","title":{"rendered":"Felipe A. Maturana D\u00edaz"},"content":{"rendered":"\t\t<div data-elementor-type=\"wp-post\" data-elementor-id=\"4074\" class=\"elementor elementor-4074\" data-elementor-post-type=\"pueblo-andino\">\n\t\t\t\t<div class=\"elementor-element elementor-element-d9f4412 e-con-full e-flex e-con e-parent\" data-id=\"d9f4412\" data-element_type=\"container\" data-settings=\"{&quot;background_background&quot;:&quot;classic&quot;}\">\n\t\t<div class=\"elementor-element elementor-element-d09f572 e-con-full elementor-hidden-tablet elementor-hidden-mobile e-flex e-con e-child\" data-id=\"d09f572\" data-element_type=\"container\" data-settings=\"{&quot;background_background&quot;:&quot;classic&quot;}\">\n\t\t<div class=\"elementor-element elementor-element-c665819 e-con-full e-flex e-con e-child\" data-id=\"c665819\" data-element_type=\"container\">\n\t\t\t\t<div class=\"elementor-element elementor-element-c80a95b elementor-widget elementor-widget-heading\" data-id=\"c80a95b\" data-element_type=\"widget\" data-widget_type=\"heading.default\">\n\t\t\t\t<div class=\"elementor-widget-container\">\n\t\t\t\t\t<h1 class=\"elementor-heading-title elementor-size-default\">Andinos<\/h1>\t\t\t\t<\/div>\n\t\t\t\t<\/div>\n\t\t\t\t<div class=\"elementor-element elementor-element-a070935 menu-offcanvas elementor-widget elementor-widget-nav-menu\" data-id=\"a070935\" data-element_type=\"widget\" data-settings=\"{&quot;layout&quot;:&quot;dropdown&quot;,&quot;submenu_icon&quot;:{&quot;value&quot;:&quot;&lt;i class=\\&quot;\\&quot; aria-hidden=\\&quot;true\\&quot;&gt;&lt;\\\/i&gt;&quot;,&quot;library&quot;:&quot;&quot;}}\" data-widget_type=\"nav-menu.default\">\n\t\t\t\t<div class=\"elementor-widget-container\">\n\t\t\t\t\t\t\t\t<nav class=\"elementor-nav-menu--dropdown elementor-nav-menu__container\" aria-hidden=\"true\">\n\t\t\t\t<ul id=\"menu-2-a070935\" class=\"elementor-nav-menu\"><li class=\"sub-temas menu-item menu-item-type-custom menu-item-object-custom menu-item-has-children menu-item-4216\"><a href=\"#\" class=\"elementor-item elementor-item-anchor\" tabindex=\"-1\">Temas<\/a>\n<ul class=\"sub-menu elementor-nav-menu--dropdown\">\n\t<li class=\"menu-item menu-item-type-post_type menu-item-object-pueblo-andino menu-item-2278\"><a href=\"https:\/\/dev.antudigital.cl\/sites\/fotografia\/pueblo-andino\/temas\/representacion-y-estereotipo-en-la-fotografia-sobre-changos\/\" class=\"elementor-sub-item\" tabindex=\"-1\">REPRESENTACI\u00d3N Y ESTEREOTIPO EN LA FOTOGRAF\u00cdA SOBRE CHANGOS<\/a><\/li>\n\t<li class=\"menu-item menu-item-type-post_type menu-item-object-pueblo-andino menu-item-3930\"><a href=\"https:\/\/dev.antudigital.cl\/sites\/fotografia\/pueblo-andino\/temas\/estetica-en-la-fotografia-andina-contemporanea\/\" class=\"elementor-sub-item\" tabindex=\"-1\">EST\u00c9TICA EN LA FOTOGRAF\u00cdA ANDINA CONTEMPOR\u00c1NEA<\/a><\/li>\n\t<li class=\"menu-item menu-item-type-post_type menu-item-object-pueblo-andino menu-item-3929\"><a href=\"https:\/\/dev.antudigital.cl\/sites\/fotografia\/pueblo-andino\/temas\/ritos-y-fiestas-en-el-mundo-andino\/\" class=\"elementor-sub-item\" tabindex=\"-1\">RITOS Y FIESTAS EN EL MUNDO ANDINO<\/a><\/li>\n\t<li class=\"menu-item menu-item-type-post_type menu-item-object-pueblo-andino menu-item-3928\"><a href=\"https:\/\/dev.antudigital.cl\/sites\/fotografia\/pueblo-andino\/temas\/el-indigena-nortino-en-los-textos-escolares-chilenos-realidades-y-soledades-de-su-representacion\/\" class=\"elementor-sub-item\" tabindex=\"-1\">EL IND\u00cdGENA NORTINO EN LOS TEXTOS ESCOLARES CHILENOS: REALIDADES Y SOLEDADES DE SU REPRESENTACI\u00d3N<\/a><\/li>\n\t<li class=\"menu-item menu-item-type-post_type menu-item-object-pueblo-andino menu-item-3927\"><a href=\"https:\/\/dev.antudigital.cl\/sites\/fotografia\/pueblo-andino\/temas\/medios-audiovisuales-en-la-investigacion-antropologica\/\" class=\"elementor-sub-item\" tabindex=\"-1\">MEDIOS AUDIOVISUALES EN LA INVESTIGACI\u00d3N ANTROPOL\u00d3GICA<\/a><\/li>\n<\/ul>\n<\/li>\n<li class=\"sub-autores menu-item menu-item-type-custom menu-item-object-custom menu-item-has-children menu-item-4217\"><a href=\"#\" class=\"elementor-item elementor-item-anchor\" tabindex=\"-1\">Autores<\/a>\n<ul class=\"sub-menu elementor-nav-menu--dropdown\">\n\t<li class=\"menu-item menu-item-type-post_type menu-item-object-pueblo-andino menu-item-4014\"><a href=\"https:\/\/dev.antudigital.cl\/sites\/fotografia\/pueblo-andino\/autores\/gaston-carreno-gonzalez\/\" class=\"elementor-sub-item\" tabindex=\"-1\">Gast\u00f3n Carre\u00f1o Gonz\u00e1lez<\/a><\/li>\n\t<li class=\"menu-item menu-item-type-post_type menu-item-object-pueblo-andino menu-item-4095\"><a href=\"https:\/\/dev.antudigital.cl\/sites\/fotografia\/pueblo-andino\/autores\/juan-pablo-leal-ugalde\/\" class=\"elementor-sub-item\" tabindex=\"-1\">Juan Pablo Leal Ugalde<\/a><\/li>\n\t<li class=\"menu-item menu-item-type-post_type menu-item-object-pueblo-andino menu-item-4094\"><a href=\"https:\/\/dev.antudigital.cl\/sites\/fotografia\/pueblo-andino\/autores\/carla-moller-zunino\/\" class=\"elementor-sub-item\" tabindex=\"-1\">Carla Moller Zunino<\/a><\/li>\n\t<li class=\"menu-item menu-item-type-post_type menu-item-object-pueblo-andino menu-item-4093\"><a href=\"https:\/\/dev.antudigital.cl\/sites\/fotografia\/pueblo-andino\/autores\/maria-paz-bajas-irizar\/\" class=\"elementor-sub-item\" tabindex=\"-1\">Mar\u00eda Paz Bajas Irizar<\/a><\/li>\n\t<li class=\"menu-item menu-item-type-post_type menu-item-object-pueblo-andino menu-item-4092\"><a href=\"https:\/\/dev.antudigital.cl\/sites\/fotografia\/pueblo-andino\/autores\/margarita-alvarado-perez\/\" class=\"elementor-sub-item\" tabindex=\"-1\">Margarita Alvarado P\u00e9rez<\/a><\/li>\n\t<li class=\"menu-item menu-item-type-post_type menu-item-object-pueblo-andino menu-item-4091\"><a href=\"https:\/\/dev.antudigital.cl\/sites\/fotografia\/pueblo-andino\/autores\/felipe-a-maturana-diaz\/\" class=\"elementor-sub-item\" tabindex=\"-1\">Felipe A. Maturana D\u00edaz<\/a><\/li>\n\t<li class=\"menu-item menu-item-type-post_type menu-item-object-pueblo-andino menu-item-4090\"><a href=\"https:\/\/dev.antudigital.cl\/sites\/fotografia\/pueblo-andino\/autores\/christian-baez-allende\/\" class=\"elementor-sub-item\" tabindex=\"-1\">Christian B\u00e1ez Allende<\/a><\/li>\n\t<li class=\"menu-item menu-item-type-post_type menu-item-object-pueblo-andino menu-item-4089\"><a href=\"https:\/\/dev.antudigital.cl\/sites\/fotografia\/pueblo-andino\/autores\/alejandra-castro-rodriguez\/\" class=\"elementor-sub-item\" tabindex=\"-1\">Alejandra Castro Rodr\u00edguez<\/a><\/li>\n<\/ul>\n<\/li>\n<li class=\"menu-item menu-item-type-post_type menu-item-object-pueblo-andino menu-item-2259\"><a href=\"https:\/\/dev.antudigital.cl\/sites\/fotografia\/pueblo-andino\/territorio\/\" class=\"elementor-item\" tabindex=\"-1\">Territorio<\/a><\/li>\n<li class=\"menu-item menu-item-type-post_type menu-item-object-pueblo-andino menu-item-5636\"><a href=\"https:\/\/dev.antudigital.cl\/sites\/fotografia\/pueblo-andino\/glosario\/\" class=\"elementor-item\" tabindex=\"-1\">Glosario<\/a><\/li>\n<li class=\"menu-item menu-item-type-post_type menu-item-object-pueblo-andino menu-item-3516\"><a href=\"https:\/\/dev.antudigital.cl\/sites\/fotografia\/pueblo-andino\/bibliografia\/\" class=\"elementor-item\" tabindex=\"-1\">Bibliograf\u00eda<\/a><\/li>\n<\/ul>\t\t\t<\/nav>\n\t\t\t\t\t\t<\/div>\n\t\t\t\t<\/div>\n\t\t\t\t<\/div>\n\t\t\t\t<\/div>\n\t\t<div class=\"elementor-element elementor-element-a6c6559 e-con-full e-flex e-con e-child\" data-id=\"a6c6559\" data-element_type=\"container\" data-settings=\"{&quot;background_background&quot;:&quot;classic&quot;}\">\n\t\t<div class=\"elementor-element elementor-element-7dce84f e-con-full e-flex e-con e-child\" data-id=\"7dce84f\" data-element_type=\"container\">\n\t\t\t\t<div class=\"elementor-element elementor-element-eee4f66 elementor-align-justify elementor-widget__width-inherit elementor-hidden-desktop elementor-widget elementor-widget-button\" data-id=\"eee4f66\" data-element_type=\"widget\" data-widget_type=\"button.default\">\n\t\t\t\t<div class=\"elementor-widget-container\">\n\t\t\t\t\t\t\t\t\t<div class=\"elementor-button-wrapper\">\n\t\t\t\t\t<a class=\"elementor-button elementor-button-link elementor-size-sm\" href=\"#elementor-action%3Aaction%3Dpopup%3Aopen%26settings%3DeyJpZCI6IjQ1MjQiLCJ0b2dnbGUiOmZhbHNlfQ%3D%3D\">\n\t\t\t\t\t\t<span class=\"elementor-button-content-wrapper\">\n\t\t\t\t\t\t<span class=\"elementor-button-icon\">\n\t\t\t\t<i aria-hidden=\"true\" class=\"fas fa-bars\"><\/i>\t\t\t<\/span>\n\t\t\t\t\t\t\t\t\t<span class=\"elementor-button-text\">ANDINOS<\/span>\n\t\t\t\t\t<\/span>\n\t\t\t\t\t<\/a>\n\t\t\t\t<\/div>\n\t\t\t\t\t\t\t\t<\/div>\n\t\t\t\t<\/div>\n\t\t\t\t<div class=\"elementor-element elementor-element-f2cb22c elementor-hidden-desktop elementor-widget elementor-widget-spacer\" data-id=\"f2cb22c\" data-element_type=\"widget\" data-widget_type=\"spacer.default\">\n\t\t\t\t<div class=\"elementor-widget-container\">\n\t\t\t\t\t\t\t<div class=\"elementor-spacer\">\n\t\t\t<div class=\"elementor-spacer-inner\"><\/div>\n\t\t<\/div>\n\t\t\t\t\t\t<\/div>\n\t\t\t\t<\/div>\n\t\t\t\t<div class=\"elementor-element elementor-element-bec1737 elementor-widget elementor-widget-heading\" data-id=\"bec1737\" data-element_type=\"widget\" data-widget_type=\"heading.default\">\n\t\t\t\t<div class=\"elementor-widget-container\">\n\t\t\t\t\t<h1 class=\"elementor-heading-title elementor-size-default\">Felipe A. Maturana D\u00edaz<\/h1>\t\t\t\t<\/div>\n\t\t\t\t<\/div>\n\t\t\t\t<div class=\"elementor-element elementor-element-442b7df elementor-widget elementor-widget-text-editor\" data-id=\"442b7df\" data-element_type=\"widget\" data-widget_type=\"text-editor.default\">\n\t\t\t\t<div class=\"elementor-widget-container\">\n\t\t\t\t\t\t\t\t\t<p>Antrop\u00f3logo Social de la Universidad de Chile y Realizador Audiovisual. Diplomado en documental creativo\/indagatorio, Universidad Alberto Hurtado. Investigador del Centro de Estudios en Antropolog\u00eda Visual (<a href=\"http:\/\/www.ceavi.cl\/\">www.ceavi.cl<\/a>). Sus temas de investigaci\u00f3n se relacionan con la Antropolog\u00eda Visual, la Etnograf\u00eda Audiovisual, vinculado con los archivos fotogr\u00e1ficos y la representaci\u00f3n de los Pueblos Originarios de Am\u00e9rica en sus diferentes soportes, como grabados, pintura, fotograf\u00eda, cine, video.<\/p>\t\t\t\t\t\t\t\t<\/div>\n\t\t\t\t<\/div>\n\t\t\t\t<\/div>\n\t\t<div class=\"elementor-element elementor-element-dd9c75e e-con-full e-flex e-con e-child\" data-id=\"dd9c75e\" data-element_type=\"container\">\n\t\t\t\t<div class=\"elementor-element elementor-element-cb9c492 elementor-widget elementor-widget-image\" data-id=\"cb9c492\" data-element_type=\"widget\" data-widget_type=\"image.default\">\n\t\t\t\t<div class=\"elementor-widget-container\">\n\t\t\t\t\t\t\t\t\t\t\t\t\t\t\t<img decoding=\"async\" src=\"https:\/\/dev.antudigital.cl\/sites\/fotografia\/wp-content\/plugins\/elementor\/assets\/images\/placeholder.png\" title=\"\" alt=\"\" loading=\"lazy\" \/>\t\t\t\t\t\t\t\t\t\t\t\t\t\t\t<\/div>\n\t\t\t\t<\/div>\n\t\t\t\t<\/div>\n\t\t\t\t<\/div>\n\t\t<div class=\"elementor-element elementor-element-8c98fd3 e-con-full elementor-hidden-tablet elementor-hidden-mobile e-flex e-con e-child\" data-id=\"8c98fd3\" data-element_type=\"container\" data-settings=\"{&quot;background_background&quot;:&quot;classic&quot;}\">\n\t\t\t\t<\/div>\n\t\t\t\t<\/div>\n\t\t\t\t<\/div>\n\t\t","protected":false},"excerpt":{"rendered":"<p>Andinos ANDINOS Antrop\u00f3logo Social de la Universidad de Chile y Realizador Audiovisual. Diplomado en documental creativo\/indagatorio, Universidad Alberto Hurtado. Investigador del Centro de Estudios en Antropolog\u00eda Visual (www.ceavi.cl). Sus temas de investigaci\u00f3n se relacionan con la Antropolog\u00eda Visual, la Etnograf\u00eda Audiovisual, vinculado con los archivos fotogr\u00e1ficos y la representaci\u00f3n de los Pueblos Originarios de Am\u00e9rica [&hellip;]<\/p>\n","protected":false},"author":1,"featured_media":0,"parent":4000,"menu_order":0,"comment_status":"open","ping_status":"open","template":"elementor_header_footer","format":"standard","meta":{"footnotes":""},"class_list":["post-4074","pueblo-andino","type-pueblo-andino","status-publish","format-standard","hentry"],"_links":{"self":[{"href":"https:\/\/dev.antudigital.cl\/sites\/fotografia\/wp-json\/wp\/v2\/pueblo-andino\/4074","targetHints":{"allow":["GET"]}}],"collection":[{"href":"https:\/\/dev.antudigital.cl\/sites\/fotografia\/wp-json\/wp\/v2\/pueblo-andino"}],"about":[{"href":"https:\/\/dev.antudigital.cl\/sites\/fotografia\/wp-json\/wp\/v2\/types\/pueblo-andino"}],"author":[{"embeddable":true,"href":"https:\/\/dev.antudigital.cl\/sites\/fotografia\/wp-json\/wp\/v2\/users\/1"}],"replies":[{"embeddable":true,"href":"https:\/\/dev.antudigital.cl\/sites\/fotografia\/wp-json\/wp\/v2\/comments?post=4074"}],"version-history":[{"count":7,"href":"https:\/\/dev.antudigital.cl\/sites\/fotografia\/wp-json\/wp\/v2\/pueblo-andino\/4074\/revisions"}],"predecessor-version":[{"id":4789,"href":"https:\/\/dev.antudigital.cl\/sites\/fotografia\/wp-json\/wp\/v2\/pueblo-andino\/4074\/revisions\/4789"}],"up":[{"embeddable":true,"href":"https:\/\/dev.antudigital.cl\/sites\/fotografia\/wp-json\/wp\/v2\/pueblo-andino\/4000"}],"wp:attachment":[{"href":"https:\/\/dev.antudigital.cl\/sites\/fotografia\/wp-json\/wp\/v2\/media?parent=4074"}],"curies":[{"name":"wp","href":"https:\/\/api.w.org\/{rel}","templated":true}]}}