{"id":4110,"date":"2025-02-04T15:28:08","date_gmt":"2025-02-04T18:28:08","guid":{"rendered":"https:\/\/hola.test\/?post_type=pueblo-andino&#038;p=4110"},"modified":"2025-03-08T20:46:29","modified_gmt":"2025-03-08T23:46:29","slug":"fotografos-etnografos-antropologos-la-mirada-sobre-el-otro-ca-1980-1990","status":"publish","type":"pueblo-andino","link":"https:\/\/dev.antudigital.cl\/sites\/fotografia\/pueblo-andino\/temas\/estetica-en-la-fotografia-andina-contemporanea\/fotografos-etnografos-antropologos-la-mirada-sobre-el-otro-ca-1980-1990\/","title":{"rendered":"Fot\u00f3grafos etn\u00f3grafos \u2013 antrop\u00f3logos. La mirada sobre el \u201cotro\u201d (ca.1980 \u2013 1990)"},"content":{"rendered":"\t\t<div data-elementor-type=\"wp-post\" data-elementor-id=\"4110\" class=\"elementor elementor-4110\" data-elementor-post-type=\"pueblo-andino\">\n\t\t\t\t<div class=\"elementor-element elementor-element-91ce1c6 e-con-full container-start e-flex e-con e-parent\" data-id=\"91ce1c6\" data-element_type=\"container\" data-settings=\"{&quot;background_background&quot;:&quot;classic&quot;}\">\n\t\t<div class=\"elementor-element elementor-element-9504d26 e-con-full elementor-hidden-tablet elementor-hidden-mobile e-flex e-con e-child\" data-id=\"9504d26\" data-element_type=\"container\">\n\t\t\t\t<div class=\"elementor-element elementor-element-f993ca1 elementor-widget elementor-widget-spacer\" data-id=\"f993ca1\" data-element_type=\"widget\" data-widget_type=\"spacer.default\">\n\t\t\t\t<div class=\"elementor-widget-container\">\n\t\t\t\t\t\t\t<div class=\"elementor-spacer\">\n\t\t\t<div class=\"elementor-spacer-inner\"><\/div>\n\t\t<\/div>\n\t\t\t\t\t\t<\/div>\n\t\t\t\t<\/div>\n\t\t<div class=\"elementor-element elementor-element-08d702c e-con-full e-flex e-con e-child\" data-id=\"08d702c\" data-element_type=\"container\">\n\t\t\t\t<div class=\"elementor-element elementor-element-255ad1a elementor-widget elementor-widget-heading\" data-id=\"255ad1a\" data-element_type=\"widget\" data-widget_type=\"heading.default\">\n\t\t\t\t<div class=\"elementor-widget-container\">\n\t\t\t\t\t<h1 class=\"elementor-heading-title elementor-size-default\">Andinos<\/h1>\t\t\t\t<\/div>\n\t\t\t\t<\/div>\n\t\t\t\t<div class=\"elementor-element elementor-element-8e57394 menu-offcanvas elementor-widget elementor-widget-nav-menu\" data-id=\"8e57394\" data-element_type=\"widget\" data-settings=\"{&quot;layout&quot;:&quot;dropdown&quot;,&quot;submenu_icon&quot;:{&quot;value&quot;:&quot;&lt;i class=\\&quot;\\&quot; aria-hidden=\\&quot;true\\&quot;&gt;&lt;\\\/i&gt;&quot;,&quot;library&quot;:&quot;&quot;}}\" data-widget_type=\"nav-menu.default\">\n\t\t\t\t<div class=\"elementor-widget-container\">\n\t\t\t\t\t\t\t\t<nav class=\"elementor-nav-menu--dropdown elementor-nav-menu__container\" aria-hidden=\"true\">\n\t\t\t\t<ul id=\"menu-2-8e57394\" class=\"elementor-nav-menu\"><li class=\"sub-temas menu-item menu-item-type-custom menu-item-object-custom menu-item-has-children menu-item-4216\"><a href=\"#\" class=\"elementor-item elementor-item-anchor\" tabindex=\"-1\">Temas<\/a>\n<ul class=\"sub-menu elementor-nav-menu--dropdown\">\n\t<li class=\"menu-item menu-item-type-post_type menu-item-object-pueblo-andino menu-item-2278\"><a href=\"https:\/\/dev.antudigital.cl\/sites\/fotografia\/pueblo-andino\/temas\/representacion-y-estereotipo-en-la-fotografia-sobre-changos\/\" class=\"elementor-sub-item\" tabindex=\"-1\">REPRESENTACI\u00d3N Y ESTEREOTIPO EN LA FOTOGRAF\u00cdA SOBRE CHANGOS<\/a><\/li>\n\t<li class=\"menu-item menu-item-type-post_type menu-item-object-pueblo-andino menu-item-3930\"><a href=\"https:\/\/dev.antudigital.cl\/sites\/fotografia\/pueblo-andino\/temas\/estetica-en-la-fotografia-andina-contemporanea\/\" class=\"elementor-sub-item\" tabindex=\"-1\">EST\u00c9TICA EN LA FOTOGRAF\u00cdA ANDINA CONTEMPOR\u00c1NEA<\/a><\/li>\n\t<li class=\"menu-item menu-item-type-post_type menu-item-object-pueblo-andino menu-item-3929\"><a href=\"https:\/\/dev.antudigital.cl\/sites\/fotografia\/pueblo-andino\/temas\/ritos-y-fiestas-en-el-mundo-andino\/\" class=\"elementor-sub-item\" tabindex=\"-1\">RITOS Y FIESTAS EN EL MUNDO ANDINO<\/a><\/li>\n\t<li class=\"menu-item menu-item-type-post_type menu-item-object-pueblo-andino menu-item-3928\"><a href=\"https:\/\/dev.antudigital.cl\/sites\/fotografia\/pueblo-andino\/temas\/el-indigena-nortino-en-los-textos-escolares-chilenos-realidades-y-soledades-de-su-representacion\/\" class=\"elementor-sub-item\" tabindex=\"-1\">EL IND\u00cdGENA NORTINO EN LOS TEXTOS ESCOLARES CHILENOS: REALIDADES Y SOLEDADES DE SU REPRESENTACI\u00d3N<\/a><\/li>\n\t<li class=\"menu-item menu-item-type-post_type menu-item-object-pueblo-andino menu-item-3927\"><a href=\"https:\/\/dev.antudigital.cl\/sites\/fotografia\/pueblo-andino\/temas\/medios-audiovisuales-en-la-investigacion-antropologica\/\" class=\"elementor-sub-item\" tabindex=\"-1\">MEDIOS AUDIOVISUALES EN LA INVESTIGACI\u00d3N ANTROPOL\u00d3GICA<\/a><\/li>\n<\/ul>\n<\/li>\n<li class=\"sub-autores menu-item menu-item-type-custom menu-item-object-custom menu-item-has-children menu-item-4217\"><a href=\"#\" class=\"elementor-item elementor-item-anchor\" tabindex=\"-1\">Autores<\/a>\n<ul class=\"sub-menu elementor-nav-menu--dropdown\">\n\t<li class=\"menu-item menu-item-type-post_type menu-item-object-pueblo-andino menu-item-4014\"><a href=\"https:\/\/dev.antudigital.cl\/sites\/fotografia\/pueblo-andino\/autores\/gaston-carreno-gonzalez\/\" class=\"elementor-sub-item\" tabindex=\"-1\">Gast\u00f3n Carre\u00f1o Gonz\u00e1lez<\/a><\/li>\n\t<li class=\"menu-item menu-item-type-post_type menu-item-object-pueblo-andino menu-item-4095\"><a href=\"https:\/\/dev.antudigital.cl\/sites\/fotografia\/pueblo-andino\/autores\/juan-pablo-leal-ugalde\/\" class=\"elementor-sub-item\" tabindex=\"-1\">Juan Pablo Leal Ugalde<\/a><\/li>\n\t<li class=\"menu-item menu-item-type-post_type menu-item-object-pueblo-andino menu-item-4094\"><a href=\"https:\/\/dev.antudigital.cl\/sites\/fotografia\/pueblo-andino\/autores\/carla-moller-zunino\/\" class=\"elementor-sub-item\" tabindex=\"-1\">Carla Moller Zunino<\/a><\/li>\n\t<li class=\"menu-item menu-item-type-post_type menu-item-object-pueblo-andino menu-item-4093\"><a href=\"https:\/\/dev.antudigital.cl\/sites\/fotografia\/pueblo-andino\/autores\/maria-paz-bajas-irizar\/\" class=\"elementor-sub-item\" tabindex=\"-1\">Mar\u00eda Paz Bajas Irizar<\/a><\/li>\n\t<li class=\"menu-item menu-item-type-post_type menu-item-object-pueblo-andino menu-item-4092\"><a href=\"https:\/\/dev.antudigital.cl\/sites\/fotografia\/pueblo-andino\/autores\/margarita-alvarado-perez\/\" class=\"elementor-sub-item\" tabindex=\"-1\">Margarita Alvarado P\u00e9rez<\/a><\/li>\n\t<li class=\"menu-item menu-item-type-post_type menu-item-object-pueblo-andino menu-item-4091\"><a href=\"https:\/\/dev.antudigital.cl\/sites\/fotografia\/pueblo-andino\/autores\/felipe-a-maturana-diaz\/\" class=\"elementor-sub-item\" tabindex=\"-1\">Felipe A. Maturana D\u00edaz<\/a><\/li>\n\t<li class=\"menu-item menu-item-type-post_type menu-item-object-pueblo-andino menu-item-4090\"><a href=\"https:\/\/dev.antudigital.cl\/sites\/fotografia\/pueblo-andino\/autores\/christian-baez-allende\/\" class=\"elementor-sub-item\" tabindex=\"-1\">Christian B\u00e1ez Allende<\/a><\/li>\n\t<li class=\"menu-item menu-item-type-post_type menu-item-object-pueblo-andino menu-item-4089\"><a href=\"https:\/\/dev.antudigital.cl\/sites\/fotografia\/pueblo-andino\/autores\/alejandra-castro-rodriguez\/\" class=\"elementor-sub-item\" tabindex=\"-1\">Alejandra Castro Rodr\u00edguez<\/a><\/li>\n<\/ul>\n<\/li>\n<li class=\"menu-item menu-item-type-post_type menu-item-object-pueblo-andino menu-item-2259\"><a href=\"https:\/\/dev.antudigital.cl\/sites\/fotografia\/pueblo-andino\/territorio\/\" class=\"elementor-item\" tabindex=\"-1\">Territorio<\/a><\/li>\n<li class=\"menu-item menu-item-type-post_type menu-item-object-pueblo-andino menu-item-5636\"><a href=\"https:\/\/dev.antudigital.cl\/sites\/fotografia\/pueblo-andino\/glosario\/\" class=\"elementor-item\" tabindex=\"-1\">Glosario<\/a><\/li>\n<li class=\"menu-item menu-item-type-post_type menu-item-object-pueblo-andino menu-item-3516\"><a href=\"https:\/\/dev.antudigital.cl\/sites\/fotografia\/pueblo-andino\/bibliografia\/\" class=\"elementor-item\" tabindex=\"-1\">Bibliograf\u00eda<\/a><\/li>\n<\/ul>\t\t\t<\/nav>\n\t\t\t\t\t\t<\/div>\n\t\t\t\t<\/div>\n\t\t\t\t<\/div>\n\t\t\t\t<\/div>\n\t\t<div class=\"elementor-element elementor-element-117dd74 e-con-full container-nav e-flex e-con e-child\" data-id=\"117dd74\" data-element_type=\"container\" data-settings=\"{&quot;background_background&quot;:&quot;classic&quot;}\">\n\t\t\t\t<div class=\"elementor-element elementor-element-f581f77 elementor-align-justify elementor-widget__width-inherit elementor-hidden-desktop elementor-widget elementor-widget-button\" data-id=\"f581f77\" data-element_type=\"widget\" data-widget_type=\"button.default\">\n\t\t\t\t<div class=\"elementor-widget-container\">\n\t\t\t\t\t\t\t\t\t<div class=\"elementor-button-wrapper\">\n\t\t\t\t\t<a class=\"elementor-button elementor-button-link elementor-size-sm\" href=\"#elementor-action%3Aaction%3Dpopup%3Aopen%26settings%3DeyJpZCI6IjQ1MjQiLCJ0b2dnbGUiOmZhbHNlfQ%3D%3D\">\n\t\t\t\t\t\t<span class=\"elementor-button-content-wrapper\">\n\t\t\t\t\t\t<span class=\"elementor-button-icon\">\n\t\t\t\t<i aria-hidden=\"true\" class=\"fas fa-bars\"><\/i>\t\t\t<\/span>\n\t\t\t\t\t\t\t\t\t<span class=\"elementor-button-text\">ANDINOS<\/span>\n\t\t\t\t\t<\/span>\n\t\t\t\t\t<\/a>\n\t\t\t\t<\/div>\n\t\t\t\t\t\t\t\t<\/div>\n\t\t\t\t<\/div>\n\t\t\t\t<div class=\"elementor-element elementor-element-7f739de elementor-widget elementor-widget-heading\" data-id=\"7f739de\" data-element_type=\"widget\" data-widget_type=\"heading.default\">\n\t\t\t\t<div class=\"elementor-widget-container\">\n\t\t\t\t\t<h4 class=\"elementor-heading-title elementor-size-default\">REPRESENTACI\u00d3N Y ESTEREOTIPO EN LA FOTOGRAF\u00cdA SOBRE CHANGOS<\/h4>\t\t\t\t<\/div>\n\t\t\t\t<\/div>\n\t\t\t\t<div class=\"elementor-element elementor-element-5d7b8d8 elementor-icon-list--layout-traditional elementor-list-item-link-full_width elementor-widget elementor-widget-icon-list\" data-id=\"5d7b8d8\" data-element_type=\"widget\" data-widget_type=\"icon-list.default\">\n\t\t\t\t<div class=\"elementor-widget-container\">\n\t\t\t\t\t\t\t<ul class=\"elementor-icon-list-items\">\n\t\t\t\t\t\t\t<li class=\"elementor-icon-list-item\">\n\t\t\t\t\t\t\t\t\t\t\t<a href=\"https:\/\/dev.antudigital.cl\/sites\/fotografia\/pueblo-andino\/temas\/representacion-y-estereotipo-en-la-fotografia-sobre-changos\/\">\n\n\t\t\t\t\t\t\t\t\t\t\t\t<span class=\"elementor-icon-list-icon\">\n\t\t\t\t\t\t\t<i aria-hidden=\"true\" class=\"fas fa-circle\"><\/i>\t\t\t\t\t\t<\/span>\n\t\t\t\t\t\t\t\t\t\t<span class=\"elementor-icon-list-text\">Presentaci\u00f3n<\/span>\n\t\t\t\t\t\t\t\t\t\t\t<\/a>\n\t\t\t\t\t\t\t\t\t<\/li>\n\t\t\t\t\t\t\t\t<li class=\"elementor-icon-list-item\">\n\t\t\t\t\t\t\t\t\t\t\t<a href=\"https:\/\/dev.antudigital.cl\/sites\/fotografia\/pueblo-andino\/temas\/estetica-en-la-fotografia-andina-contemporanea\/la-fotografia-documental-la-mirada-del-registro-ca-1955-ca-1970\/\">\n\n\t\t\t\t\t\t\t\t\t\t\t\t<span class=\"elementor-icon-list-icon\">\n\t\t\t\t\t\t\t<i aria-hidden=\"true\" class=\"fas fa-circle\"><\/i>\t\t\t\t\t\t<\/span>\n\t\t\t\t\t\t\t\t\t\t<span class=\"elementor-icon-list-text\">La fotograf\u00eda documental. La mirada del registro (ca. 1955 \u2013 ca. 1970)<\/span>\n\t\t\t\t\t\t\t\t\t\t\t<\/a>\n\t\t\t\t\t\t\t\t\t<\/li>\n\t\t\t\t\t\t\t\t<li class=\"elementor-icon-list-item\">\n\t\t\t\t\t\t\t\t\t\t\t<a href=\"https:\/\/dev.antudigital.cl\/sites\/fotografia\/pueblo-andino\/temas\/estetica-en-la-fotografia-andina-contemporanea\/fotografos-etnografos-antropologos-la-mirada-sobre-el-otro-ca-1980-1990\/\" class=\"item-active\">\n\n\t\t\t\t\t\t\t\t\t\t\t\t<span class=\"elementor-icon-list-icon\">\n\t\t\t\t\t\t\t<i aria-hidden=\"true\" class=\"fas fa-circle\"><\/i>\t\t\t\t\t\t<\/span>\n\t\t\t\t\t\t\t\t\t\t<span class=\"elementor-icon-list-text\">Fot\u00f3grafos etn\u00f3grafos \u2013 antrop\u00f3logos. La mirada sobre el \u201cotro\u201d (ca.1980 \u2013 1990)<\/span>\n\t\t\t\t\t\t\t\t\t\t\t<\/a>\n\t\t\t\t\t\t\t\t\t<\/li>\n\t\t\t\t\t\t\t\t<li class=\"elementor-icon-list-item\">\n\t\t\t\t\t\t\t\t\t\t\t<a href=\"https:\/\/dev.antudigital.cl\/sites\/fotografia\/pueblo-andino\/temas\/estetica-en-la-fotografia-andina-contemporanea\/fotografia-y-produccion-comercial-la-mirada-turistica-y-publicitaria-ca-1990-ca-2010\/\">\n\n\t\t\t\t\t\t\t\t\t\t\t\t<span class=\"elementor-icon-list-icon\">\n\t\t\t\t\t\t\t<i aria-hidden=\"true\" class=\"fas fa-circle\"><\/i>\t\t\t\t\t\t<\/span>\n\t\t\t\t\t\t\t\t\t\t<span class=\"elementor-icon-list-text\">Fotograf\u00eda y producci\u00f3n comercial. La mirada tur\u00edstica y publicitaria (ca. 1990 \u2013 ca. 2010)<\/span>\n\t\t\t\t\t\t\t\t\t\t\t<\/a>\n\t\t\t\t\t\t\t\t\t<\/li>\n\t\t\t\t\t\t\t\t<li class=\"elementor-icon-list-item\">\n\t\t\t\t\t\t\t\t\t\t\t<a href=\"https:\/\/dev.antudigital.cl\/sites\/fotografia\/pueblo-andino\/temas\/estetica-en-la-fotografia-andina-contemporanea\/fotografia-de-autor-y-creacion-la-mirada-del-artista-fotografo-ca-1990-ca-2012\/\">\n\n\t\t\t\t\t\t\t\t\t\t\t\t<span class=\"elementor-icon-list-icon\">\n\t\t\t\t\t\t\t<i aria-hidden=\"true\" class=\"fas fa-circle\"><\/i>\t\t\t\t\t\t<\/span>\n\t\t\t\t\t\t\t\t\t\t<span class=\"elementor-icon-list-text\">Fotografia de autor y creaci\u00f3n. La mirada del artista \u2013 fot\u00f3grafo (ca. 1990 \u2013 ca. 2012)<\/span>\n\t\t\t\t\t\t\t\t\t\t\t<\/a>\n\t\t\t\t\t\t\t\t\t<\/li>\n\t\t\t\t\t\t<\/ul>\n\t\t\t\t\t\t<\/div>\n\t\t\t\t<\/div>\n\t\t\t\t<\/div>\n\t\t<div class=\"elementor-element elementor-element-b7d6b7f e-con-full container-info e-flex e-con e-child\" data-id=\"b7d6b7f\" data-element_type=\"container\">\n\t\t\t\t<div class=\"elementor-element elementor-element-553641c elementor-widget elementor-widget-heading\" data-id=\"553641c\" data-element_type=\"widget\" data-widget_type=\"heading.default\">\n\t\t\t\t<div class=\"elementor-widget-container\">\n\t\t\t\t\t<h1 class=\"elementor-heading-title elementor-size-default\">Fot\u00f3grafos etn\u00f3grafos \u2013 antrop\u00f3logos. La mirada sobre el \u201cotro\u201d (ca.1980 \u2013 1990)<\/h1>\t\t\t\t<\/div>\n\t\t\t\t<\/div>\n\t\t\t\t<div class=\"elementor-element elementor-element-5776657 elementor-widget elementor-widget-text-editor\" data-id=\"5776657\" data-element_type=\"widget\" data-widget_type=\"text-editor.default\">\n\t\t\t\t<div class=\"elementor-widget-container\">\n\t\t\t\t\t\t\t\t\t<p>La capacidad mim\u00e9tica que se le atribuye a la fotograf\u00eda como medio de representaci\u00f3n incentiva su uso como herramienta de registro en el trabajo antropol\u00f3gico y arqueol\u00f3gico.\u00a0 A fines del siglo XX, numerosos \u00a0profesionales\u00a0 realizan su trabajo de campo apoyados en el registro fotogr\u00e1fico de una alteridad cultural, es decir de los habitantes del desierto y el altiplano. El uso del recurso fotogr\u00e1fico queda inscrito dentro del relato etnogr\u00e1fico, haciendo de la imagen una verificaci\u00f3n visual de lo observado.<\/p><p>Estos fot\u00f3grafos \u201cocasionales\u201d, como la arque\u00f3loga Grete Mostny (1914 \u2013 1991) y el padre Gustavo Le Paige (1903 \u2013 1930) as\u00ed como los antrop\u00f3logos Maria Ester Grebe (1928 \u2013 ), Vaclav Sol\u0109 (1919 \u2013 1995) y Juan van Kessel (1934 \u2013 ), utilizan dispositivos visuales de encuadres parejos que se cierran sobre un acontecimiento m\u00e1s que sobre un sujeto, generando una est\u00e9tica de lo andino, donde su presencia\u00a0 no se define por la pose y la composici\u00f3n. \u00a0\u00a0La mirada sobre el \u201cotro\u201d se manifiesta en la realizaci\u00f3n de una gran cantidad de tomas de un mismo motivo.<\/p>\t\t\t\t\t\t\t\t<\/div>\n\t\t\t\t<\/div>\n\t\t\t\t<div class=\"elementor-element elementor-element-072f4bd elementor-widget elementor-widget-heading\" data-id=\"072f4bd\" data-element_type=\"widget\" data-widget_type=\"heading.default\">\n\t\t\t\t<div class=\"elementor-widget-container\">\n\t\t\t\t\t<h4 class=\"elementor-heading-title elementor-size-default\">Margarita Alvarado P\u00e9rez y Carla M\u00f6ller Zunino<\/h4>\t\t\t\t<\/div>\n\t\t\t\t<\/div>\n\t\t\t\t<\/div>\n\t\t<div class=\"elementor-element elementor-element-48d57d5 e-con-full container-media e-flex e-con e-child\" data-id=\"48d57d5\" data-element_type=\"container\">\n\t\t\t\t<div class=\"elementor-element elementor-element-df37657 elementor-align-left elementor-absolute elementor-hidden-tablet elementor-hidden-mobile elementor-widget elementor-widget-button\" data-id=\"df37657\" data-element_type=\"widget\" data-settings=\"{&quot;_position&quot;:&quot;absolute&quot;}\" data-widget_type=\"button.default\">\n\t\t\t\t<div class=\"elementor-widget-container\">\n\t\t\t\t\t\t\t\t\t<div class=\"elementor-button-wrapper\">\n\t\t\t\t\t<a class=\"elementor-button elementor-button-link elementor-size-sm\" href=\"#\" id=\"btn-expand\">\n\t\t\t\t\t\t<span class=\"elementor-button-content-wrapper\">\n\t\t\t\t\t\t<span class=\"elementor-button-icon\">\n\t\t\t\t<i aria-hidden=\"true\" class=\"fas fa-long-arrow-alt-left\"><\/i>\t\t\t<\/span>\n\t\t\t\t\t\t\t\t<\/span>\n\t\t\t\t\t<\/a>\n\t\t\t\t<\/div>\n\t\t\t\t\t\t\t\t<\/div>\n\t\t\t\t<\/div>\n\t\t\t\t<div class=\"elementor-element elementor-element-5e1890d media-carrusel elementor-arrows-position-inside elementor-pagination-position-outside elementor-widget elementor-widget-image-carousel\" data-id=\"5e1890d\" data-element_type=\"widget\" data-settings=\"{&quot;slides_to_show&quot;:&quot;1&quot;,&quot;navigation&quot;:&quot;both&quot;,&quot;autoplay&quot;:&quot;yes&quot;,&quot;pause_on_hover&quot;:&quot;yes&quot;,&quot;pause_on_interaction&quot;:&quot;yes&quot;,&quot;autoplay_speed&quot;:5000,&quot;infinite&quot;:&quot;yes&quot;,&quot;effect&quot;:&quot;slide&quot;,&quot;speed&quot;:500}\" data-widget_type=\"image-carousel.default\">\n\t\t\t\t<div class=\"elementor-widget-container\">\n\t\t\t\t\t\t\t<div class=\"elementor-image-carousel-wrapper swiper\" role=\"region\" aria-roledescription=\"carousel\" aria-label=\"Carrusel\" dir=\"ltr\">\n\t\t\t<div class=\"elementor-image-carousel swiper-wrapper\" aria-live=\"off\">\n\t\t\t\t\t\t\t\t<div class=\"swiper-slide\" role=\"group\" aria-roledescription=\"slide\" aria-label=\"1 de 3\"><figure class=\"swiper-slide-inner\"><img decoding=\"async\" class=\"swiper-slide-image\" src=\"https:\/\/dev.antudigital.cl\/sites\/fotografia\/wp-content\/uploads\/elementor\/thumbs\/am4_big1-r12kmgv5guodizwgzluzzg8umu06czf8cyn702df5s.jpg\" alt=\"am4_big[1]\" \/><\/figure><\/div><div class=\"swiper-slide\" role=\"group\" aria-roledescription=\"slide\" aria-label=\"2 de 3\"><figure class=\"swiper-slide-inner\"><img decoding=\"async\" class=\"swiper-slide-image\" src=\"https:\/\/dev.antudigital.cl\/sites\/fotografia\/wp-content\/uploads\/elementor\/thumbs\/am5_big1-r12kmgv5guodizwgzluzzg8umu06czf8cyn702df5s.jpg\" alt=\"am5_big[1]\" \/><\/figure><\/div><div class=\"swiper-slide\" role=\"group\" aria-roledescription=\"slide\" aria-label=\"3 de 3\"><figure class=\"swiper-slide-inner\"><img decoding=\"async\" class=\"swiper-slide-image\" src=\"https:\/\/dev.antudigital.cl\/sites\/fotografia\/wp-content\/uploads\/elementor\/thumbs\/am6_big1-r12kmgv5guodizwgzluzzg8umu06czf8cyn702df5s.jpg\" alt=\"am6_big[1]\" \/><\/figure><\/div>\t\t\t<\/div>\n\t\t\t\t\t\t\t\t\t\t\t\t<div class=\"elementor-swiper-button elementor-swiper-button-prev\" role=\"button\" tabindex=\"0\">\n\t\t\t\t\t\t<i aria-hidden=\"true\" class=\"eicon-chevron-left\"><\/i>\t\t\t\t\t<\/div>\n\t\t\t\t\t<div class=\"elementor-swiper-button elementor-swiper-button-next\" role=\"button\" tabindex=\"0\">\n\t\t\t\t\t\t<i aria-hidden=\"true\" class=\"eicon-chevron-right\"><\/i>\t\t\t\t\t<\/div>\n\t\t\t\t\n\t\t\t\t\t\t\t\t\t<div class=\"swiper-pagination\"><\/div>\n\t\t\t\t\t\t\t\t\t<\/div>\n\t\t\t\t\t\t<\/div>\n\t\t\t\t<\/div>\n\t\t<div class=\"elementor-element elementor-element-4b95a0c e-con-full media-gallery e-flex e-con e-child\" data-id=\"4b95a0c\" data-element_type=\"container\">\n\t\t\t\t<div class=\"elementor-element elementor-element-3336a71 elementor-widget elementor-widget-gallery\" data-id=\"3336a71\" data-element_type=\"widget\" data-settings=\"{&quot;columns&quot;:1,&quot;columns_tablet&quot;:1,&quot;gap_tablet&quot;:{&quot;unit&quot;:&quot;px&quot;,&quot;size&quot;:20,&quot;sizes&quot;:[]},&quot;gap_mobile&quot;:{&quot;unit&quot;:&quot;px&quot;,&quot;size&quot;:20,&quot;sizes&quot;:[]},&quot;aspect_ratio&quot;:&quot;16:9&quot;,&quot;lazyload&quot;:&quot;yes&quot;,&quot;gallery_layout&quot;:&quot;grid&quot;,&quot;columns_mobile&quot;:1,&quot;gap&quot;:{&quot;unit&quot;:&quot;px&quot;,&quot;size&quot;:10,&quot;sizes&quot;:[]},&quot;link_to&quot;:&quot;file&quot;,&quot;overlay_background&quot;:&quot;yes&quot;,&quot;content_hover_animation&quot;:&quot;fade-in&quot;}\" data-widget_type=\"gallery.default\">\n\t\t\t\t<div class=\"elementor-widget-container\">\n\t\t\t\t\t\t\t<div class=\"elementor-gallery__container\">\n\t\t\t\t\t\t\t<a class=\"e-gallery-item elementor-gallery-item elementor-animated-content\" href=\"https:\/\/dev.antudigital.cl\/sites\/fotografia\/wp-content\/uploads\/2025\/02\/am4_big1.jpg\" data-elementor-open-lightbox=\"yes\" data-elementor-lightbox-slideshow=\"3336a71\" data-e-action-hash=\"#elementor-action%3Aaction%3Dlightbox%26settings%3DeyJpZCI6NDExMiwidXJsIjoiaHR0cHM6XC9cL2Rldi5hbnR1ZGlnaXRhbC5jbFwvc2l0ZXNcL2ZvdG9ncmFmaWFcL3dwLWNvbnRlbnRcL3VwbG9hZHNcLzIwMjVcLzAyXC9hbTRfYmlnMS5qcGciLCJzbGlkZXNob3ciOiIzMzM2YTcxIn0%3D\">\n\t\t\t\t\t<div class=\"e-gallery-image elementor-gallery-item__image\" data-thumbnail=\"https:\/\/dev.antudigital.cl\/sites\/fotografia\/wp-content\/uploads\/2025\/02\/am4_big1.jpg\" data-width=\"674\" data-height=\"568\" aria-label=\"\" role=\"img\" ><\/div>\n\t\t\t\t\t\t\t\t\t\t\t<div class=\"elementor-gallery-item__overlay\"><\/div>\n\t\t\t\t\t\t\t\t\t\t\t\t\t\t<\/a>\n\t\t\t\t\t\t\t<a class=\"e-gallery-item elementor-gallery-item elementor-animated-content\" href=\"https:\/\/dev.antudigital.cl\/sites\/fotografia\/wp-content\/uploads\/2025\/02\/am5_big1.jpg\" data-elementor-open-lightbox=\"yes\" data-elementor-lightbox-slideshow=\"3336a71\" data-e-action-hash=\"#elementor-action%3Aaction%3Dlightbox%26settings%3DeyJpZCI6NDExMywidXJsIjoiaHR0cHM6XC9cL2Rldi5hbnR1ZGlnaXRhbC5jbFwvc2l0ZXNcL2ZvdG9ncmFmaWFcL3dwLWNvbnRlbnRcL3VwbG9hZHNcLzIwMjVcLzAyXC9hbTVfYmlnMS5qcGciLCJzbGlkZXNob3ciOiIzMzM2YTcxIn0%3D\">\n\t\t\t\t\t<div class=\"e-gallery-image elementor-gallery-item__image\" data-thumbnail=\"https:\/\/dev.antudigital.cl\/sites\/fotografia\/wp-content\/uploads\/2025\/02\/am5_big1.jpg\" data-width=\"674\" data-height=\"568\" aria-label=\"\" role=\"img\" ><\/div>\n\t\t\t\t\t\t\t\t\t\t\t<div class=\"elementor-gallery-item__overlay\"><\/div>\n\t\t\t\t\t\t\t\t\t\t\t\t\t\t<\/a>\n\t\t\t\t\t\t\t<a class=\"e-gallery-item elementor-gallery-item elementor-animated-content\" href=\"https:\/\/dev.antudigital.cl\/sites\/fotografia\/wp-content\/uploads\/2025\/02\/am6_big1.jpg\" data-elementor-open-lightbox=\"yes\" data-elementor-lightbox-slideshow=\"3336a71\" data-e-action-hash=\"#elementor-action%3Aaction%3Dlightbox%26settings%3DeyJpZCI6NDExNCwidXJsIjoiaHR0cHM6XC9cL2Rldi5hbnR1ZGlnaXRhbC5jbFwvc2l0ZXNcL2ZvdG9ncmFmaWFcL3dwLWNvbnRlbnRcL3VwbG9hZHNcLzIwMjVcLzAyXC9hbTZfYmlnMS5qcGciLCJzbGlkZXNob3ciOiIzMzM2YTcxIn0%3D\">\n\t\t\t\t\t<div class=\"e-gallery-image elementor-gallery-item__image\" data-thumbnail=\"https:\/\/dev.antudigital.cl\/sites\/fotografia\/wp-content\/uploads\/2025\/02\/am6_big1.jpg\" data-width=\"674\" data-height=\"568\" aria-label=\"\" role=\"img\" ><\/div>\n\t\t\t\t\t\t\t\t\t\t\t<div class=\"elementor-gallery-item__overlay\"><\/div>\n\t\t\t\t\t\t\t\t\t\t\t\t\t\t<\/a>\n\t\t\t\t\t<\/div>\n\t\t\t\t\t<\/div>\n\t\t\t\t<\/div>\n\t\t\t\t<\/div>\n\t\t\t\t<\/div>\n\t\t\t\t<\/div>\n\t\t\t\t<\/div>\n\t\t","protected":false},"excerpt":{"rendered":"<p>Andinos ANDINOS REPRESENTACI\u00d3N Y ESTEREOTIPO EN LA FOTOGRAF\u00cdA SOBRE CHANGOS Presentaci\u00f3n La fotograf\u00eda documental. La mirada del registro (ca. 1955 \u2013 ca. 1970) Fot\u00f3grafos etn\u00f3grafos \u2013 antrop\u00f3logos. La mirada sobre el \u201cotro\u201d (ca.1980 \u2013 1990) Fotograf\u00eda y producci\u00f3n comercial. La mirada tur\u00edstica y publicitaria (ca. 1990 \u2013 ca. 2010) Fotografia de autor y creaci\u00f3n. La [&hellip;]<\/p>\n","protected":false},"author":1,"featured_media":0,"parent":3852,"menu_order":0,"comment_status":"open","ping_status":"open","template":"elementor_header_footer","format":"standard","meta":{"footnotes":""},"class_list":["post-4110","pueblo-andino","type-pueblo-andino","status-publish","format-standard","hentry"],"_links":{"self":[{"href":"https:\/\/dev.antudigital.cl\/sites\/fotografia\/wp-json\/wp\/v2\/pueblo-andino\/4110","targetHints":{"allow":["GET"]}}],"collection":[{"href":"https:\/\/dev.antudigital.cl\/sites\/fotografia\/wp-json\/wp\/v2\/pueblo-andino"}],"about":[{"href":"https:\/\/dev.antudigital.cl\/sites\/fotografia\/wp-json\/wp\/v2\/types\/pueblo-andino"}],"author":[{"embeddable":true,"href":"https:\/\/dev.antudigital.cl\/sites\/fotografia\/wp-json\/wp\/v2\/users\/1"}],"replies":[{"embeddable":true,"href":"https:\/\/dev.antudigital.cl\/sites\/fotografia\/wp-json\/wp\/v2\/comments?post=4110"}],"version-history":[{"count":13,"href":"https:\/\/dev.antudigital.cl\/sites\/fotografia\/wp-json\/wp\/v2\/pueblo-andino\/4110\/revisions"}],"predecessor-version":[{"id":5030,"href":"https:\/\/dev.antudigital.cl\/sites\/fotografia\/wp-json\/wp\/v2\/pueblo-andino\/4110\/revisions\/5030"}],"up":[{"embeddable":true,"href":"https:\/\/dev.antudigital.cl\/sites\/fotografia\/wp-json\/wp\/v2\/pueblo-andino\/3852"}],"wp:attachment":[{"href":"https:\/\/dev.antudigital.cl\/sites\/fotografia\/wp-json\/wp\/v2\/media?parent=4110"}],"curies":[{"name":"wp","href":"https:\/\/api.w.org\/{rel}","templated":true}]}}