{"id":5644,"date":"2025-03-16T21:30:39","date_gmt":"2025-03-17T00:30:39","guid":{"rendered":"https:\/\/dev.antudigital.cl\/sites\/fotografia\/?post_type=pueblo-mapuche&#038;p=5644"},"modified":"2025-04-08T12:43:11","modified_gmt":"2025-04-08T16:43:11","slug":"glosario","status":"publish","type":"pueblo-fueguino","link":"https:\/\/dev.antudigital.cl\/sites\/fotografia\/pueblo-fueguino\/glosario\/","title":{"rendered":"Glosario"},"content":{"rendered":"\t\t<div data-elementor-type=\"wp-post\" data-elementor-id=\"5644\" class=\"elementor elementor-5644\" data-elementor-post-type=\"pueblo-fueguino\">\n\t\t\t\t<div class=\"elementor-element elementor-element-541e81a e-con-full e-flex e-con e-parent\" data-id=\"541e81a\" data-element_type=\"container\" data-settings=\"{&quot;background_background&quot;:&quot;classic&quot;}\">\n\t\t<div class=\"elementor-element elementor-element-eb6a9f9 e-con-full elementor-hidden-tablet elementor-hidden-mobile e-flex e-con e-child\" data-id=\"eb6a9f9\" data-element_type=\"container\" data-settings=\"{&quot;background_background&quot;:&quot;classic&quot;}\">\n\t\t\t\t<div class=\"elementor-element elementor-element-8650b47 elementor-widget elementor-widget-spacer\" data-id=\"8650b47\" data-element_type=\"widget\" data-widget_type=\"spacer.default\">\n\t\t\t\t<div class=\"elementor-widget-container\">\n\t\t\t\t\t\t\t<div class=\"elementor-spacer\">\n\t\t\t<div class=\"elementor-spacer-inner\"><\/div>\n\t\t<\/div>\n\t\t\t\t\t\t<\/div>\n\t\t\t\t<\/div>\n\t\t<div class=\"elementor-element elementor-element-1d72d23 e-con-full e-flex e-con e-child\" data-id=\"1d72d23\" data-element_type=\"container\">\n\t\t\t\t<div class=\"elementor-element elementor-element-2adab75 elementor-widget elementor-widget-heading\" data-id=\"2adab75\" data-element_type=\"widget\" data-widget_type=\"heading.default\">\n\t\t\t\t<div class=\"elementor-widget-container\">\n\t\t\t\t\t<h1 class=\"elementor-heading-title elementor-size-default\">Fueguinos<\/h1>\t\t\t\t<\/div>\n\t\t\t\t<\/div>\n\t\t\t\t<div class=\"elementor-element elementor-element-a757cd2 menu-offcanvas elementor-widget elementor-widget-nav-menu\" data-id=\"a757cd2\" data-element_type=\"widget\" data-settings=\"{&quot;layout&quot;:&quot;dropdown&quot;,&quot;submenu_icon&quot;:{&quot;value&quot;:&quot;&lt;i class=\\&quot;\\&quot; aria-hidden=\\&quot;true\\&quot;&gt;&lt;\\\/i&gt;&quot;,&quot;library&quot;:&quot;&quot;}}\" data-widget_type=\"nav-menu.default\">\n\t\t\t\t<div class=\"elementor-widget-container\">\n\t\t\t\t\t\t\t\t<nav class=\"elementor-nav-menu--dropdown elementor-nav-menu__container\" aria-hidden=\"true\">\n\t\t\t\t<ul id=\"menu-2-a757cd2\" class=\"elementor-nav-menu\"><li class=\"menu-item menu-item-type-custom menu-item-object-custom menu-item-has-children menu-item-5637\"><a href=\"#\" class=\"elementor-item elementor-item-anchor\" tabindex=\"-1\">Temas<\/a>\n<ul class=\"sub-menu elementor-nav-menu--dropdown\">\n\t<li class=\"menu-item menu-item-type-post_type menu-item-object-pueblo-fueguino menu-item-6499\"><a href=\"https:\/\/dev.antudigital.cl\/sites\/fotografia\/pueblo-fueguino\/temas\/representacion-visual-del-paisaje-fueguino-en-la-fotografia\/\" class=\"elementor-sub-item\" tabindex=\"-1\">REPRESENTACI\u00d3N VISUAL DEL PAISAJE FUEGUINO EN LA FOTOGRAF\u00cdA<\/a><\/li>\n\t<li class=\"menu-item menu-item-type-post_type menu-item-object-pueblo-fueguino menu-item-6498\"><a href=\"https:\/\/dev.antudigital.cl\/sites\/fotografia\/pueblo-fueguino\/temas\/isla-misional-inmensidad-total\/\" class=\"elementor-sub-item\" tabindex=\"-1\">ISLA MISIONAL. INMENSIDAD TOTAL<\/a><\/li>\n\t<li class=\"menu-item menu-item-type-post_type menu-item-object-pueblo-fueguino menu-item-6497\"><a href=\"https:\/\/dev.antudigital.cl\/sites\/fotografia\/pueblo-fueguino\/temas\/canoeros-del-fin-del-mundo\/\" class=\"elementor-sub-item\" tabindex=\"-1\">CANOEROS DEL FIN DEL MUNDO<\/a><\/li>\n\t<li class=\"menu-item menu-item-type-post_type menu-item-object-pueblo-fueguino menu-item-6494\"><a href=\"https:\/\/dev.antudigital.cl\/sites\/fotografia\/pueblo-fueguino\/temas\/cuerpos-y-gestos-en-imagenes-fueguinas\/\" class=\"elementor-sub-item\" tabindex=\"-1\">CUERPOS Y GESTOS EN IM\u00c1GENES FUEGUINAS<\/a><\/li>\n\t<li class=\"menu-item menu-item-type-post_type menu-item-object-pueblo-fueguino menu-item-6496\"><a href=\"https:\/\/dev.antudigital.cl\/sites\/fotografia\/pueblo-fueguino\/temas\/el-documental-fueguino\/\" class=\"elementor-sub-item\" tabindex=\"-1\">EL DOCUMENTAL FUEGUINO<\/a><\/li>\n\t<li class=\"menu-item menu-item-type-post_type menu-item-object-pueblo-fueguino menu-item-6493\"><a href=\"https:\/\/dev.antudigital.cl\/sites\/fotografia\/pueblo-fueguino\/temas\/fotografias-de-fueguinos-en-textos-escolares\/\" class=\"elementor-sub-item\" tabindex=\"-1\">FOTOGRAF\u00cdAS DE FUEGUINOS EN TEXTOS ESCOLARES<\/a><\/li>\n\t<li class=\"menu-item menu-item-type-post_type menu-item-object-pueblo-fueguino menu-item-6495\"><a href=\"https:\/\/dev.antudigital.cl\/sites\/fotografia\/pueblo-fueguino\/temas\/tierra-del-fuego-construida-con-los-ojos\/\" class=\"elementor-sub-item\" tabindex=\"-1\">TIERRA DEL FUEGO CONSTRUIDA CON LOS OJOS<\/a><\/li>\n<\/ul>\n<\/li>\n<li class=\"menu-item menu-item-type-custom menu-item-object-custom menu-item-has-children menu-item-5638\"><a href=\"#\" class=\"elementor-item elementor-item-anchor\" tabindex=\"-1\">Autores<\/a>\n<ul class=\"sub-menu elementor-nav-menu--dropdown\">\n\t<li class=\"menu-item menu-item-type-post_type menu-item-object-pueblo-fueguino menu-item-7031\"><a href=\"https:\/\/dev.antudigital.cl\/sites\/fotografia\/pueblo-fueguino\/autores\/carla-moller-zunino\/\" class=\"elementor-sub-item\" tabindex=\"-1\">Carla Moller Zunino<\/a><\/li>\n\t<li class=\"menu-item menu-item-type-post_type menu-item-object-pueblo-fueguino menu-item-7029\"><a href=\"https:\/\/dev.antudigital.cl\/sites\/fotografia\/pueblo-fueguino\/autores\/maria-paz-bajas-irizar\/\" class=\"elementor-sub-item\" tabindex=\"-1\">Mar\u00eda Paz Bajas Irizar<\/a><\/li>\n\t<li class=\"menu-item menu-item-type-post_type menu-item-object-pueblo-fueguino menu-item-7025\"><a href=\"https:\/\/dev.antudigital.cl\/sites\/fotografia\/pueblo-fueguino\/autores\/maria-carolina-odone-correa\/\" class=\"elementor-sub-item\" tabindex=\"-1\">Mar\u00eda Carolina Odone Correa<\/a><\/li>\n\t<li class=\"menu-item menu-item-type-post_type menu-item-object-pueblo-fueguino menu-item-7028\"><a href=\"https:\/\/dev.antudigital.cl\/sites\/fotografia\/pueblo-fueguino\/autores\/margarita-alvarado-perez\/\" class=\"elementor-sub-item\" tabindex=\"-1\">Margarita Alvarado P\u00e9rez<\/a><\/li>\n\t<li class=\"menu-item menu-item-type-post_type menu-item-object-pueblo-fueguino menu-item-7024\"><a href=\"https:\/\/dev.antudigital.cl\/sites\/fotografia\/pueblo-fueguino\/autores\/pedro-mege-rosso\/\" class=\"elementor-sub-item\" tabindex=\"-1\">Pedro Mege Rosso<\/a><\/li>\n\t<li class=\"menu-item menu-item-type-post_type menu-item-object-pueblo-fueguino menu-item-7027\"><a href=\"https:\/\/dev.antudigital.cl\/sites\/fotografia\/pueblo-fueguino\/autores\/felipe-a-maturana-diaz\/\" class=\"elementor-sub-item\" tabindex=\"-1\">Felipe A. Maturana D\u00edaz<\/a><\/li>\n\t<li class=\"menu-item menu-item-type-post_type menu-item-object-pueblo-fueguino menu-item-7026\"><a href=\"https:\/\/dev.antudigital.cl\/sites\/fotografia\/pueblo-fueguino\/autores\/christian-baez-allende\/\" class=\"elementor-sub-item\" tabindex=\"-1\">Christian B\u00e1ez Allende<\/a><\/li>\n\t<li class=\"menu-item menu-item-type-post_type menu-item-object-pueblo-fueguino menu-item-7030\"><a href=\"https:\/\/dev.antudigital.cl\/sites\/fotografia\/pueblo-fueguino\/autores\/alejandra-castro-rodriguez\/\" class=\"elementor-sub-item\" tabindex=\"-1\">Alejandra Castro Rodr\u00edguez<\/a><\/li>\n\t<li class=\"menu-item menu-item-type-post_type menu-item-object-pueblo-fueguino menu-item-7023\"><a href=\"https:\/\/dev.antudigital.cl\/sites\/fotografia\/pueblo-fueguino\/autores\/gerardo-mora-rivera\/\" class=\"elementor-sub-item\" tabindex=\"-1\">Gerardo Mora Rivera<\/a><\/li>\n<\/ul>\n<\/li>\n<li class=\"menu-item menu-item-type-post_type menu-item-object-pueblo-fueguino menu-item-5670\"><a href=\"https:\/\/dev.antudigital.cl\/sites\/fotografia\/pueblo-fueguino\/territorio\/\" class=\"elementor-item\" tabindex=\"-1\">Territorio<\/a><\/li>\n<li class=\"menu-item menu-item-type-post_type menu-item-object-pueblo-fueguino menu-item-5669\"><a href=\"https:\/\/dev.antudigital.cl\/sites\/fotografia\/pueblo-fueguino\/glosario\/\" class=\"elementor-item\" tabindex=\"-1\">Glosario<\/a><\/li>\n<li class=\"menu-item menu-item-type-post_type menu-item-object-pueblo-fueguino menu-item-5668\"><a href=\"https:\/\/dev.antudigital.cl\/sites\/fotografia\/pueblo-fueguino\/bibliografia\/\" class=\"elementor-item\" tabindex=\"-1\">Bibliograf\u00eda<\/a><\/li>\n<\/ul>\t\t\t<\/nav>\n\t\t\t\t\t\t<\/div>\n\t\t\t\t<\/div>\n\t\t\t\t<\/div>\n\t\t\t\t<\/div>\n\t\t<div class=\"elementor-element elementor-element-6a430ac e-con-full e-flex e-con e-child\" data-id=\"6a430ac\" data-element_type=\"container\" data-settings=\"{&quot;background_background&quot;:&quot;classic&quot;}\">\n\t\t\t\t<div class=\"elementor-element elementor-element-05e4f37 elementor-align-justify elementor-widget__width-inherit elementor-hidden-desktop elementor-widget elementor-widget-button\" data-id=\"05e4f37\" data-element_type=\"widget\" data-widget_type=\"button.default\">\n\t\t\t\t<div class=\"elementor-widget-container\">\n\t\t\t\t\t\t\t\t\t<div class=\"elementor-button-wrapper\">\n\t\t\t\t\t<a class=\"elementor-button elementor-button-link elementor-size-sm\" href=\"#elementor-action%3Aaction%3Dpopup%3Aopen%26settings%3DeyJpZCI6IjU2MzkiLCJ0b2dnbGUiOmZhbHNlfQ%3D%3D\">\n\t\t\t\t\t\t<span class=\"elementor-button-content-wrapper\">\n\t\t\t\t\t\t<span class=\"elementor-button-icon\">\n\t\t\t\t<i aria-hidden=\"true\" class=\"fas fa-bars\"><\/i>\t\t\t<\/span>\n\t\t\t\t\t\t\t\t\t<span class=\"elementor-button-text\">FUEGUINOS<\/span>\n\t\t\t\t\t<\/span>\n\t\t\t\t\t<\/a>\n\t\t\t\t<\/div>\n\t\t\t\t\t\t\t\t<\/div>\n\t\t\t\t<\/div>\n\t\t\t\t<div class=\"elementor-element elementor-element-e41ffda elementor-hidden-desktop elementor-widget elementor-widget-heading\" data-id=\"e41ffda\" data-element_type=\"widget\" data-widget_type=\"heading.default\">\n\t\t\t\t<div class=\"elementor-widget-container\">\n\t\t\t\t\t<h1 class=\"elementor-heading-title elementor-size-default\">Glosario<\/h1>\t\t\t\t<\/div>\n\t\t\t\t<\/div>\n\t\t\t\t<div class=\"elementor-element elementor-element-97fb558 elementor-absolute elementor-hidden-tablet elementor-hidden-mobile elementor-widget elementor-widget-button\" data-id=\"97fb558\" data-element_type=\"widget\" data-settings=\"{&quot;_position&quot;:&quot;absolute&quot;}\" data-widget_type=\"button.default\">\n\t\t\t\t<div class=\"elementor-widget-container\">\n\t\t\t\t\t\t\t\t\t<div class=\"elementor-button-wrapper\">\n\t\t\t\t\t<a class=\"elementor-button elementor-button-link elementor-size-sm\" href=\"#\" id=\"scrollDownBtn\">\n\t\t\t\t\t\t<span class=\"elementor-button-content-wrapper\">\n\t\t\t\t\t\t<span class=\"elementor-button-icon\">\n\t\t\t\t<i aria-hidden=\"true\" class=\"fas fa-long-arrow-alt-down\"><\/i>\t\t\t<\/span>\n\t\t\t\t\t\t\t\t<\/span>\n\t\t\t\t\t<\/a>\n\t\t\t\t<\/div>\n\t\t\t\t\t\t\t\t<\/div>\n\t\t\t\t<\/div>\n\t\t\t\t<div class=\"elementor-element elementor-element-1297234 elementor-align-left elementor-absolute elementor-hidden-tablet elementor-hidden-mobile elementor-widget elementor-widget-button\" data-id=\"1297234\" data-element_type=\"widget\" data-settings=\"{&quot;_position&quot;:&quot;absolute&quot;}\" data-widget_type=\"button.default\">\n\t\t\t\t<div class=\"elementor-widget-container\">\n\t\t\t\t\t\t\t\t\t<div class=\"elementor-button-wrapper\">\n\t\t\t\t\t<a class=\"elementor-button elementor-button-link elementor-size-sm\" href=\"#\" id=\"scroll-top-internal\">\n\t\t\t\t\t\t<span class=\"elementor-button-content-wrapper\">\n\t\t\t\t\t\t<span class=\"elementor-button-icon\">\n\t\t\t\t<i aria-hidden=\"true\" class=\"fas fa-long-arrow-alt-up\"><\/i>\t\t\t<\/span>\n\t\t\t\t\t\t\t\t<\/span>\n\t\t\t\t\t<\/a>\n\t\t\t\t<\/div>\n\t\t\t\t\t\t\t\t<\/div>\n\t\t\t\t<\/div>\n\t\t\t\t<div class=\"elementor-element elementor-element-3bab615 e-n-tabs-tablet elementor-widget elementor-widget-n-tabs\" data-id=\"3bab615\" data-element_type=\"widget\" data-widget_type=\"nested-tabs.default\">\n\t\t\t\t<div class=\"elementor-widget-container\">\n\t\t\t\t\t\t\t<div class=\"e-n-tabs\" data-widget-number=\"62567957\" aria-label=\"Pesta\u00f1as. Abre elementos con Intro o Espacio, ci\u00e9rralos con Escape y navega con las fechas.\">\n\t\t\t<div class=\"e-n-tabs-heading\" role=\"tablist\">\n\t\t\t\t\t<button id=\"e-n-tab-title-625679571\" data-tab-title-id=\"e-n-tab-title-625679571\" class=\"e-n-tab-title\" aria-selected=\"true\" data-tab-index=\"1\" role=\"tab\" tabindex=\"0\" aria-controls=\"e-n-tab-content-625679571\" style=\"--n-tabs-title-order: 1;\">\n\t\t\t\t\t<span class=\"e-n-tab-icon\">\n\t\t\t<i aria-hidden=\"true\" class=\"fas fa-square-full\"><\/i>\t\t\t<i aria-hidden=\"true\" class=\"fas fa-square-full\"><\/i>\t\t<\/span>\n\t\t\t\t\t<span class=\"e-n-tab-title-text\">\n\t\t\t\tCongregaci\u00f3n de las Hijas de Mar\u00eda Auxiliadora\t\t\t<\/span>\n\t\t<\/button>\n\t\t\t\t<button id=\"e-n-tab-title-625679572\" data-tab-title-id=\"e-n-tab-title-625679572\" class=\"e-n-tab-title\" aria-selected=\"false\" data-tab-index=\"2\" role=\"tab\" tabindex=\"-1\" aria-controls=\"e-n-tab-content-625679572\" style=\"--n-tabs-title-order: 2;\">\n\t\t\t\t\t<span class=\"e-n-tab-icon\">\n\t\t\t<i aria-hidden=\"true\" class=\"fas fa-square-full\"><\/i>\t\t\t<i aria-hidden=\"true\" class=\"fas fa-square-full\"><\/i>\t\t<\/span>\n\t\t\t\t\t<span class=\"e-n-tab-title-text\">\n\t\t\t\tCongregaci\u00f3n Salesiana\t\t\t<\/span>\n\t\t<\/button>\n\t\t\t\t<button id=\"e-n-tab-title-625679573\" data-tab-title-id=\"e-n-tab-title-625679573\" class=\"e-n-tab-title\" aria-selected=\"false\" data-tab-index=\"3\" role=\"tab\" tabindex=\"-1\" aria-controls=\"e-n-tab-content-625679573\" style=\"--n-tabs-title-order: 3;\">\n\t\t\t\t\t<span class=\"e-n-tab-icon\">\n\t\t\t<i aria-hidden=\"true\" class=\"fas fa-square-full\"><\/i>\t\t\t<i aria-hidden=\"true\" class=\"fas fa-square-full\"><\/i>\t\t<\/span>\n\t\t\t\t\t<span class=\"e-n-tab-title-text\">\n\t\t\t\tDespojo\t\t\t<\/span>\n\t\t<\/button>\n\t\t\t\t<button id=\"e-n-tab-title-625679574\" data-tab-title-id=\"e-n-tab-title-625679574\" class=\"e-n-tab-title\" aria-selected=\"false\" data-tab-index=\"4\" role=\"tab\" tabindex=\"-1\" aria-controls=\"e-n-tab-content-625679574\" style=\"--n-tabs-title-order: 4;\">\n\t\t\t\t\t<span class=\"e-n-tab-icon\">\n\t\t\t<i aria-hidden=\"true\" class=\"fas fa-square-full\"><\/i>\t\t\t<i aria-hidden=\"true\" class=\"fas fa-square-full\"><\/i>\t\t<\/span>\n\t\t\t\t\t<span class=\"e-n-tab-title-text\">\n\t\t\t\tDocumental ind\u00edgena\t\t\t<\/span>\n\t\t<\/button>\n\t\t\t\t<button id=\"e-n-tab-title-625679575\" data-tab-title-id=\"e-n-tab-title-625679575\" class=\"e-n-tab-title\" aria-selected=\"false\" data-tab-index=\"5\" role=\"tab\" tabindex=\"-1\" aria-controls=\"e-n-tab-content-625679575\" style=\"--n-tabs-title-order: 5;\">\n\t\t\t\t\t<span class=\"e-n-tab-icon\">\n\t\t\t<i aria-hidden=\"true\" class=\"fas fa-square-full\"><\/i>\t\t\t<i aria-hidden=\"true\" class=\"fas fa-square-full\"><\/i>\t\t<\/span>\n\t\t\t\t\t<span class=\"e-n-tab-title-text\">\n\t\t\t\tEstancia ganadera\t\t\t<\/span>\n\t\t<\/button>\n\t\t\t\t<button id=\"e-n-tab-title-625679576\" data-tab-title-id=\"e-n-tab-title-625679576\" class=\"e-n-tab-title\" aria-selected=\"false\" data-tab-index=\"6\" role=\"tab\" tabindex=\"-1\" aria-controls=\"e-n-tab-content-625679576\" style=\"--n-tabs-title-order: 6;\">\n\t\t\t\t\t<span class=\"e-n-tab-icon\">\n\t\t\t<i aria-hidden=\"true\" class=\"fas fa-square-full\"><\/i>\t\t\t<i aria-hidden=\"true\" class=\"fas fa-square-full\"><\/i>\t\t<\/span>\n\t\t\t\t\t<span class=\"e-n-tab-title-text\">\n\t\t\t\tFueguinos y territorio fueguino\t\t\t<\/span>\n\t\t<\/button>\n\t\t\t\t<button id=\"e-n-tab-title-625679577\" data-tab-title-id=\"e-n-tab-title-625679577\" class=\"e-n-tab-title\" aria-selected=\"false\" data-tab-index=\"7\" role=\"tab\" tabindex=\"-1\" aria-controls=\"e-n-tab-content-625679577\" style=\"--n-tabs-title-order: 7;\">\n\t\t\t\t\t<span class=\"e-n-tab-icon\">\n\t\t\t<i aria-hidden=\"true\" class=\"fas fa-square-full\"><\/i>\t\t\t<i aria-hidden=\"true\" class=\"fas fa-square-full\"><\/i>\t\t<\/span>\n\t\t\t\t\t<span class=\"e-n-tab-title-text\">\n\t\t\t\tHabitad Fotogr\u00e1fico\t\t\t<\/span>\n\t\t<\/button>\n\t\t\t\t<button id=\"e-n-tab-title-625679578\" data-tab-title-id=\"e-n-tab-title-625679578\" class=\"e-n-tab-title\" aria-selected=\"false\" data-tab-index=\"8\" role=\"tab\" tabindex=\"-1\" aria-controls=\"e-n-tab-content-625679578\" style=\"--n-tabs-title-order: 8;\">\n\t\t\t\t\t<span class=\"e-n-tab-icon\">\n\t\t\t<i aria-hidden=\"true\" class=\"fas fa-square-full\"><\/i>\t\t\t<i aria-hidden=\"true\" class=\"fas fa-square-full\"><\/i>\t\t<\/span>\n\t\t\t\t\t<span class=\"e-n-tab-title-text\">\n\t\t\t\tHabitar\t\t\t<\/span>\n\t\t<\/button>\n\t\t\t\t<button id=\"e-n-tab-title-625679579\" data-tab-title-id=\"e-n-tab-title-625679579\" class=\"e-n-tab-title\" aria-selected=\"false\" data-tab-index=\"9\" role=\"tab\" tabindex=\"-1\" aria-controls=\"e-n-tab-content-625679579\" style=\"--n-tabs-title-order: 9;\">\n\t\t\t\t\t<span class=\"e-n-tab-icon\">\n\t\t\t<i aria-hidden=\"true\" class=\"fas fa-square-full\"><\/i>\t\t\t<i aria-hidden=\"true\" class=\"fas fa-square-full\"><\/i>\t\t<\/span>\n\t\t\t\t\t<span class=\"e-n-tab-title-text\">\n\t\t\t\tHerculano \/herculeanos\t\t\t<\/span>\n\t\t<\/button>\n\t\t\t\t<button id=\"e-n-tab-title-6256795710\" data-tab-title-id=\"e-n-tab-title-6256795710\" class=\"e-n-tab-title\" aria-selected=\"false\" data-tab-index=\"10\" role=\"tab\" tabindex=\"-1\" aria-controls=\"e-n-tab-content-6256795710\" style=\"--n-tabs-title-order: 10;\">\n\t\t\t\t\t<span class=\"e-n-tab-icon\">\n\t\t\t<i aria-hidden=\"true\" class=\"fas fa-square-full\"><\/i>\t\t\t<i aria-hidden=\"true\" class=\"fas fa-square-full\"><\/i>\t\t<\/span>\n\t\t\t\t\t<span class=\"e-n-tab-title-text\">\n\t\t\t\tIndumentaria\t\t\t<\/span>\n\t\t<\/button>\n\t\t\t\t<button id=\"e-n-tab-title-6256795711\" data-tab-title-id=\"e-n-tab-title-6256795711\" class=\"e-n-tab-title\" aria-selected=\"false\" data-tab-index=\"11\" role=\"tab\" tabindex=\"-1\" aria-controls=\"e-n-tab-content-6256795711\" style=\"--n-tabs-title-order: 11;\">\n\t\t\t\t\t<span class=\"e-n-tab-icon\">\n\t\t\t<i aria-hidden=\"true\" class=\"fas fa-square-full\"><\/i>\t\t\t<i aria-hidden=\"true\" class=\"fas fa-square-full\"><\/i>\t\t<\/span>\n\t\t\t\t\t<span class=\"e-n-tab-title-text\">\n\t\t\t\tInvestidura\t\t\t<\/span>\n\t\t<\/button>\n\t\t\t\t<button id=\"e-n-tab-title-6256795712\" data-tab-title-id=\"e-n-tab-title-6256795712\" class=\"e-n-tab-title\" aria-selected=\"false\" data-tab-index=\"12\" role=\"tab\" tabindex=\"-1\" aria-controls=\"e-n-tab-content-6256795712\" style=\"--n-tabs-title-order: 12;\">\n\t\t\t\t\t<span class=\"e-n-tab-icon\">\n\t\t\t<i aria-hidden=\"true\" class=\"fas fa-square-full\"><\/i>\t\t\t<i aria-hidden=\"true\" class=\"fas fa-square-full\"><\/i>\t\t<\/span>\n\t\t\t\t\t<span class=\"e-n-tab-title-text\">\n\t\t\t\tKaw\u00e9sqar\t\t\t<\/span>\n\t\t<\/button>\n\t\t\t\t<button id=\"e-n-tab-title-6256795713\" data-tab-title-id=\"e-n-tab-title-6256795713\" class=\"e-n-tab-title\" aria-selected=\"false\" data-tab-index=\"13\" role=\"tab\" tabindex=\"-1\" aria-controls=\"e-n-tab-content-6256795713\" style=\"--n-tabs-title-order: 13;\">\n\t\t\t\t\t<span class=\"e-n-tab-icon\">\n\t\t\t<i aria-hidden=\"true\" class=\"fas fa-square-full\"><\/i>\t\t\t<i aria-hidden=\"true\" class=\"fas fa-square-full\"><\/i>\t\t<\/span>\n\t\t\t\t\t<span class=\"e-n-tab-title-text\">\n\t\t\t\tLugar antropol\u00f3gico\t\t\t<\/span>\n\t\t<\/button>\n\t\t\t\t<button id=\"e-n-tab-title-6256795714\" data-tab-title-id=\"e-n-tab-title-6256795714\" class=\"e-n-tab-title\" aria-selected=\"false\" data-tab-index=\"14\" role=\"tab\" tabindex=\"-1\" aria-controls=\"e-n-tab-content-6256795714\" style=\"--n-tabs-title-order: 14;\">\n\t\t\t\t\t<span class=\"e-n-tab-icon\">\n\t\t\t<i aria-hidden=\"true\" class=\"fas fa-square-full\"><\/i>\t\t\t<i aria-hidden=\"true\" class=\"fas fa-square-full\"><\/i>\t\t<\/span>\n\t\t\t\t\t<span class=\"e-n-tab-title-text\">\n\t\t\t\tMisi\u00f3n Scientifique du Cap Horn\t\t\t<\/span>\n\t\t<\/button>\n\t\t\t\t<button id=\"e-n-tab-title-6256795715\" data-tab-title-id=\"e-n-tab-title-6256795715\" class=\"e-n-tab-title\" aria-selected=\"false\" data-tab-index=\"15\" role=\"tab\" tabindex=\"-1\" aria-controls=\"e-n-tab-content-6256795715\" style=\"--n-tabs-title-order: 15;\">\n\t\t\t\t\t<span class=\"e-n-tab-icon\">\n\t\t\t<i aria-hidden=\"true\" class=\"fas fa-square-full\"><\/i>\t\t\t<i aria-hidden=\"true\" class=\"fas fa-square-full\"><\/i>\t\t<\/span>\n\t\t\t\t\t<span class=\"e-n-tab-title-text\">\n\t\t\t\tMotivo\t\t\t<\/span>\n\t\t<\/button>\n\t\t\t\t<button id=\"e-n-tab-title-6256795716\" data-tab-title-id=\"e-n-tab-title-6256795716\" class=\"e-n-tab-title\" aria-selected=\"false\" data-tab-index=\"16\" role=\"tab\" tabindex=\"-1\" aria-controls=\"e-n-tab-content-6256795716\" style=\"--n-tabs-title-order: 16;\">\n\t\t\t\t\t<span class=\"e-n-tab-icon\">\n\t\t\t<i aria-hidden=\"true\" class=\"fas fa-square-full\"><\/i>\t\t\t<i aria-hidden=\"true\" class=\"fas fa-square-full\"><\/i>\t\t<\/span>\n\t\t\t\t\t<span class=\"e-n-tab-title-text\">\n\t\t\t\tNoble salvaje\t\t\t<\/span>\n\t\t<\/button>\n\t\t\t\t<button id=\"e-n-tab-title-6256795717\" data-tab-title-id=\"e-n-tab-title-6256795717\" class=\"e-n-tab-title\" aria-selected=\"false\" data-tab-index=\"17\" role=\"tab\" tabindex=\"-1\" aria-controls=\"e-n-tab-content-6256795717\" style=\"--n-tabs-title-order: 17;\">\n\t\t\t\t\t<span class=\"e-n-tab-icon\">\n\t\t\t<i aria-hidden=\"true\" class=\"fas fa-square-full\"><\/i>\t\t\t<i aria-hidden=\"true\" class=\"fas fa-square-full\"><\/i>\t\t<\/span>\n\t\t\t\t\t<span class=\"e-n-tab-title-text\">\n\t\t\t\tPlano\t\t\t<\/span>\n\t\t<\/button>\n\t\t\t\t<button id=\"e-n-tab-title-6256795718\" data-tab-title-id=\"e-n-tab-title-6256795718\" class=\"e-n-tab-title\" aria-selected=\"false\" data-tab-index=\"18\" role=\"tab\" tabindex=\"-1\" aria-controls=\"e-n-tab-content-6256795718\" style=\"--n-tabs-title-order: 18;\">\n\t\t\t\t\t<span class=\"e-n-tab-icon\">\n\t\t\t<i aria-hidden=\"true\" class=\"fas fa-square-full\"><\/i>\t\t\t<i aria-hidden=\"true\" class=\"fas fa-square-full\"><\/i>\t\t<\/span>\n\t\t\t\t\t<span class=\"e-n-tab-title-text\">\n\t\t\t\tPlano general\t\t\t<\/span>\n\t\t<\/button>\n\t\t\t\t<button id=\"e-n-tab-title-6256795719\" data-tab-title-id=\"e-n-tab-title-6256795719\" class=\"e-n-tab-title\" aria-selected=\"false\" data-tab-index=\"19\" role=\"tab\" tabindex=\"-1\" aria-controls=\"e-n-tab-content-6256795719\" style=\"--n-tabs-title-order: 19;\">\n\t\t\t\t\t<span class=\"e-n-tab-icon\">\n\t\t\t<i aria-hidden=\"true\" class=\"fas fa-square-full\"><\/i>\t\t\t<i aria-hidden=\"true\" class=\"fas fa-square-full\"><\/i>\t\t<\/span>\n\t\t\t\t\t<span class=\"e-n-tab-title-text\">\n\t\t\t\tPlano medio o parcial\t\t\t<\/span>\n\t\t<\/button>\n\t\t\t\t<button id=\"e-n-tab-title-6256795720\" data-tab-title-id=\"e-n-tab-title-6256795720\" class=\"e-n-tab-title\" aria-selected=\"false\" data-tab-index=\"20\" role=\"tab\" tabindex=\"-1\" aria-controls=\"e-n-tab-content-6256795720\" style=\"--n-tabs-title-order: 20;\">\n\t\t\t\t\t<span class=\"e-n-tab-icon\">\n\t\t\t<i aria-hidden=\"true\" class=\"fas fa-square-full\"><\/i>\t\t\t<i aria-hidden=\"true\" class=\"fas fa-square-full\"><\/i>\t\t<\/span>\n\t\t\t\t\t<span class=\"e-n-tab-title-text\">\n\t\t\t\tPrimer plano\t\t\t<\/span>\n\t\t<\/button>\n\t\t\t\t<button id=\"e-n-tab-title-6256795721\" data-tab-title-id=\"e-n-tab-title-6256795721\" class=\"e-n-tab-title\" aria-selected=\"false\" data-tab-index=\"21\" role=\"tab\" tabindex=\"-1\" aria-controls=\"e-n-tab-content-6256795721\" style=\"--n-tabs-title-order: 21;\">\n\t\t\t\t\t<span class=\"e-n-tab-icon\">\n\t\t\t<i aria-hidden=\"true\" class=\"fas fa-square-full\"><\/i>\t\t\t<i aria-hidden=\"true\" class=\"fas fa-square-full\"><\/i>\t\t<\/span>\n\t\t\t\t\t<span class=\"e-n-tab-title-text\">\n\t\t\t\tRecursos lum\u00ednicos\t\t\t<\/span>\n\t\t<\/button>\n\t\t\t\t<button id=\"e-n-tab-title-6256795722\" data-tab-title-id=\"e-n-tab-title-6256795722\" class=\"e-n-tab-title\" aria-selected=\"false\" data-tab-index=\"22\" role=\"tab\" tabindex=\"-1\" aria-controls=\"e-n-tab-content-6256795722\" style=\"--n-tabs-title-order: 22;\">\n\t\t\t\t\t<span class=\"e-n-tab-icon\">\n\t\t\t<i aria-hidden=\"true\" class=\"fas fa-square-full\"><\/i>\t\t\t<i aria-hidden=\"true\" class=\"fas fa-square-full\"><\/i>\t\t<\/span>\n\t\t\t\t\t<span class=\"e-n-tab-title-text\">\n\t\t\t\tSelk\u2019nam\t\t\t<\/span>\n\t\t<\/button>\n\t\t\t\t<button id=\"e-n-tab-title-6256795723\" data-tab-title-id=\"e-n-tab-title-6256795723\" class=\"e-n-tab-title\" aria-selected=\"false\" data-tab-index=\"23\" role=\"tab\" tabindex=\"-1\" aria-controls=\"e-n-tab-content-6256795723\" style=\"--n-tabs-title-order: 23;\">\n\t\t\t\t\t<span class=\"e-n-tab-icon\">\n\t\t\t<i aria-hidden=\"true\" class=\"fas fa-square-full\"><\/i>\t\t\t<i aria-hidden=\"true\" class=\"fas fa-square-full\"><\/i>\t\t<\/span>\n\t\t\t\t\t<span class=\"e-n-tab-title-text\">\n\t\t\t\tTrabajo de campo\t\t\t<\/span>\n\t\t<\/button>\n\t\t\t\t<button id=\"e-n-tab-title-6256795724\" data-tab-title-id=\"e-n-tab-title-6256795724\" class=\"e-n-tab-title\" aria-selected=\"false\" data-tab-index=\"24\" role=\"tab\" tabindex=\"-1\" aria-controls=\"e-n-tab-content-6256795724\" style=\"--n-tabs-title-order: 24;\">\n\t\t\t\t\t<span class=\"e-n-tab-icon\">\n\t\t\t<i aria-hidden=\"true\" class=\"fas fa-square-full\"><\/i>\t\t\t<i aria-hidden=\"true\" class=\"fas fa-square-full\"><\/i>\t\t<\/span>\n\t\t\t\t\t<span class=\"e-n-tab-title-text\">\n\t\t\t\tTroglodita\t\t\t<\/span>\n\t\t<\/button>\n\t\t\t\t<button id=\"e-n-tab-title-6256795725\" data-tab-title-id=\"e-n-tab-title-6256795725\" class=\"e-n-tab-title\" aria-selected=\"false\" data-tab-index=\"25\" role=\"tab\" tabindex=\"-1\" aria-controls=\"e-n-tab-content-6256795725\" style=\"--n-tabs-title-order: 25;\">\n\t\t\t\t\t<span class=\"e-n-tab-icon\">\n\t\t\t<i aria-hidden=\"true\" class=\"fas fa-square-full\"><\/i>\t\t\t<i aria-hidden=\"true\" class=\"fas fa-square-full\"><\/i>\t\t<\/span>\n\t\t\t\t\t<span class=\"e-n-tab-title-text\">\n\t\t\t\tVestidura\t\t\t<\/span>\n\t\t<\/button>\n\t\t\t\t<button id=\"e-n-tab-title-6256795726\" data-tab-title-id=\"e-n-tab-title-6256795726\" class=\"e-n-tab-title\" aria-selected=\"false\" data-tab-index=\"26\" role=\"tab\" tabindex=\"-1\" aria-controls=\"e-n-tab-content-6256795726\" style=\"--n-tabs-title-order: 26;\">\n\t\t\t\t\t<span class=\"e-n-tab-icon\">\n\t\t\t<i aria-hidden=\"true\" class=\"fas fa-square-full\"><\/i>\t\t\t<i aria-hidden=\"true\" class=\"fas fa-square-full\"><\/i>\t\t<\/span>\n\t\t\t\t\t<span class=\"e-n-tab-title-text\">\n\t\t\t\tY\u00e1mana o Yaganes\t\t\t<\/span>\n\t\t<\/button>\n\t\t\t\t\t<\/div>\n\t\t\t<div class=\"e-n-tabs-content\">\n\t\t\t\t<div id=\"e-n-tab-content-625679571\" role=\"tabpanel\" aria-labelledby=\"e-n-tab-title-625679571\" data-tab-index=\"1\" style=\"--n-tabs-title-order: 1;\" class=\"e-active elementor-element elementor-element-bd1cc26 e-con-full container-info e-flex e-con e-child\" data-id=\"bd1cc26\" data-element_type=\"container\">\n\t\t\t\t<div class=\"elementor-element elementor-element-40e3793 elementor-widget elementor-widget-heading\" data-id=\"40e3793\" data-element_type=\"widget\" data-widget_type=\"heading.default\">\n\t\t\t\t<div class=\"elementor-widget-container\">\n\t\t\t\t\t<h3 class=\"elementor-heading-title elementor-size-default\">Congregaci\u00f3n de las Hijas de Mar\u00eda Auxiliadora<\/h3>\t\t\t\t<\/div>\n\t\t\t\t<\/div>\n\t\t\t\t<div class=\"elementor-element elementor-element-82f370d elementor-widget elementor-widget-text-editor\" data-id=\"82f370d\" data-element_type=\"widget\" data-widget_type=\"text-editor.default\">\n\t\t\t\t<div class=\"elementor-widget-container\">\n\t\t\t\t\t\t\t\t\t<p>Oficialmente formada en Italia en 1872, orientada a la asistencia de las mujeres y ni\u00f1as m\u00e1s humildes, adem\u00e1s del trabajo con las enfermas. La P\u00eda Uni\u00f3n de las Hijas de la Inmaculada fue el inicio de la sociedad femenina Salesiana.<\/p>\t\t\t\t\t\t\t\t<\/div>\n\t\t\t\t<\/div>\n\t\t\t\t<\/div>\n\t\t<div id=\"e-n-tab-content-625679572\" role=\"tabpanel\" aria-labelledby=\"e-n-tab-title-625679572\" data-tab-index=\"2\" style=\"--n-tabs-title-order: 2;\" class=\" elementor-element elementor-element-c9daf27 e-con-full container-info e-flex e-con e-child\" data-id=\"c9daf27\" data-element_type=\"container\">\n\t\t\t\t<div class=\"elementor-element elementor-element-de9f6e7 elementor-widget elementor-widget-heading\" data-id=\"de9f6e7\" data-element_type=\"widget\" data-widget_type=\"heading.default\">\n\t\t\t\t<div class=\"elementor-widget-container\">\n\t\t\t\t\t<h3 class=\"elementor-heading-title elementor-size-default\">Congregaci\u00f3n Salesiana<\/h3>\t\t\t\t<\/div>\n\t\t\t\t<\/div>\n\t\t\t\t<div class=\"elementor-element elementor-element-1cd6da1 elementor-widget elementor-widget-text-editor\" data-id=\"1cd6da1\" data-element_type=\"widget\" data-widget_type=\"text-editor.default\">\n\t\t\t\t<div class=\"elementor-widget-container\">\n\t\t\t\t\t\t\t\t\t<p>Oficialmente formada en Italia en 1869, orientada a la asistencia de los ni\u00f1os obreros, pobres y hu\u00e9rfanos a trav\u00e9s del cobijo y ense\u00f1anza en oratorios y hogares-colegios-internados. En 1874 se aprobaron las reglas de la P\u00eda Sociedad Salesiana.<\/p>\t\t\t\t\t\t\t\t<\/div>\n\t\t\t\t<\/div>\n\t\t\t\t<\/div>\n\t\t<div id=\"e-n-tab-content-625679573\" role=\"tabpanel\" aria-labelledby=\"e-n-tab-title-625679573\" data-tab-index=\"3\" style=\"--n-tabs-title-order: 3;\" class=\" elementor-element elementor-element-92ed438 e-con-full container-info e-flex e-con e-child\" data-id=\"92ed438\" data-element_type=\"container\">\n\t\t\t\t<div class=\"elementor-element elementor-element-e9dde7e elementor-widget elementor-widget-heading\" data-id=\"e9dde7e\" data-element_type=\"widget\" data-widget_type=\"heading.default\">\n\t\t\t\t<div class=\"elementor-widget-container\">\n\t\t\t\t\t<h3 class=\"elementor-heading-title elementor-size-default\">Despojo<\/h3>\t\t\t\t<\/div>\n\t\t\t\t<\/div>\n\t\t\t\t<div class=\"elementor-element elementor-element-480ec86 elementor-widget elementor-widget-text-editor\" data-id=\"480ec86\" data-element_type=\"widget\" data-widget_type=\"text-editor.default\">\n\t\t\t\t<div class=\"elementor-widget-container\">\n\t\t\t\t\t\t\t\t\t<p>Se define como el gesto de retirar, privar o quitar una posesi\u00f3n o privilegio por medio de la des \u2013 vestidura de un sujeto, priv\u00e1ndolo de su indumentaria o los paisajes y escenarios que los identifica social, cultural o \u00e9tnicamente. En este acto se fractura o anula el\u00a0<em>efecto de indiscernibilidad<\/em>, como lo define Guido Dorfles.<\/p>\t\t\t\t\t\t\t\t<\/div>\n\t\t\t\t<\/div>\n\t\t\t\t<\/div>\n\t\t<div id=\"e-n-tab-content-625679574\" role=\"tabpanel\" aria-labelledby=\"e-n-tab-title-625679574\" data-tab-index=\"4\" style=\"--n-tabs-title-order: 4;\" class=\" elementor-element elementor-element-022121b e-con-full container-info e-flex e-con e-child\" data-id=\"022121b\" data-element_type=\"container\">\n\t\t\t\t<div class=\"elementor-element elementor-element-2881fd9 elementor-widget elementor-widget-heading\" data-id=\"2881fd9\" data-element_type=\"widget\" data-widget_type=\"heading.default\">\n\t\t\t\t<div class=\"elementor-widget-container\">\n\t\t\t\t\t<h3 class=\"elementor-heading-title elementor-size-default\">Documental ind\u00edgena<\/h3>\t\t\t\t<\/div>\n\t\t\t\t<\/div>\n\t\t\t\t<div class=\"elementor-element elementor-element-7874a6a elementor-widget elementor-widget-text-editor\" data-id=\"7874a6a\" data-element_type=\"widget\" data-widget_type=\"text-editor.default\">\n\t\t\t\t<div class=\"elementor-widget-container\">\n\t\t\t\t\t\t\t\t\t<p>Realizaciones audiovisuales que abordan decisivamente el tema ind\u00edgena y tienen una mediana relevancia y difusi\u00f3n nacional. No se consideran en este caso los documentales de las series televisivas con tem\u00e1tica ind\u00edgena, como \u201cAl Sur del Mundo\u201d (UC) y\/o \u201cLa Tierra en que Vivimos\u201d (TVN). Tampoco son incluidos los documentales ind\u00edgenas (realizados por los propios ind\u00edgenas) ni los videos antropol\u00f3gicos.<\/p>\t\t\t\t\t\t\t\t<\/div>\n\t\t\t\t<\/div>\n\t\t\t\t<\/div>\n\t\t<div id=\"e-n-tab-content-625679575\" role=\"tabpanel\" aria-labelledby=\"e-n-tab-title-625679575\" data-tab-index=\"5\" style=\"--n-tabs-title-order: 5;\" class=\" elementor-element elementor-element-4a5b677 e-con-full container-info e-flex e-con e-child\" data-id=\"4a5b677\" data-element_type=\"container\">\n\t\t\t\t<div class=\"elementor-element elementor-element-24307fb elementor-widget elementor-widget-heading\" data-id=\"24307fb\" data-element_type=\"widget\" data-widget_type=\"heading.default\">\n\t\t\t\t<div class=\"elementor-widget-container\">\n\t\t\t\t\t<h3 class=\"elementor-heading-title elementor-size-default\">Estancia ganadera<\/h3>\t\t\t\t<\/div>\n\t\t\t\t<\/div>\n\t\t\t\t<div class=\"elementor-element elementor-element-f2c5f53 elementor-widget elementor-widget-text-editor\" data-id=\"f2c5f53\" data-element_type=\"widget\" data-widget_type=\"text-editor.default\">\n\t\t\t\t<div class=\"elementor-widget-container\">\n\t\t\t\t\t\t\t\t\t<p>Unidad productiva-empresarial constituida por n\u00facleos habitacionales e industriales situados en extensos pastos dedicados a la selecci\u00f3n de reproductores y ovejas para conservar la calidad de sus lanas, las que se dirig\u00edan a mercados brit\u00e1nicos y estadounidenses.<\/p>\t\t\t\t\t\t\t\t<\/div>\n\t\t\t\t<\/div>\n\t\t\t\t<\/div>\n\t\t<div id=\"e-n-tab-content-625679576\" role=\"tabpanel\" aria-labelledby=\"e-n-tab-title-625679576\" data-tab-index=\"6\" style=\"--n-tabs-title-order: 6;\" class=\" elementor-element elementor-element-094ade7 e-con-full container-info e-flex e-con e-child\" data-id=\"094ade7\" data-element_type=\"container\">\n\t\t\t\t<div class=\"elementor-element elementor-element-cacb56d elementor-widget elementor-widget-heading\" data-id=\"cacb56d\" data-element_type=\"widget\" data-widget_type=\"heading.default\">\n\t\t\t\t<div class=\"elementor-widget-container\">\n\t\t\t\t\t<h3 class=\"elementor-heading-title elementor-size-default\">Fueguinos y territorio fueguino<\/h3>\t\t\t\t<\/div>\n\t\t\t\t<\/div>\n\t\t\t\t<div class=\"elementor-element elementor-element-1ff1b1b elementor-widget elementor-widget-text-editor\" data-id=\"1ff1b1b\" data-element_type=\"widget\" data-widget_type=\"text-editor.default\">\n\t\t\t\t<div class=\"elementor-widget-container\">\n\t\t\t\t\t\t\t\t\t<p>Denominaci\u00f3n gen\u00e9rica aplicada a los grupos ind\u00edgenas que habitaban el territorio que comprend\u00eda Isla Grande de Tierra del Fuego y los canales y archipi\u00e9lagos adyacentes a la regi\u00f3n del Cabo de Hornos y al Estrecho de Magallanes, en general.<\/p>\t\t\t\t\t\t\t\t<\/div>\n\t\t\t\t<\/div>\n\t\t\t\t<\/div>\n\t\t<div id=\"e-n-tab-content-625679577\" role=\"tabpanel\" aria-labelledby=\"e-n-tab-title-625679577\" data-tab-index=\"7\" style=\"--n-tabs-title-order: 7;\" class=\" elementor-element elementor-element-a9c7b96 e-con-full container-info e-flex e-con e-child\" data-id=\"a9c7b96\" data-element_type=\"container\">\n\t\t\t\t<div class=\"elementor-element elementor-element-18c69da elementor-widget elementor-widget-heading\" data-id=\"18c69da\" data-element_type=\"widget\" data-widget_type=\"heading.default\">\n\t\t\t\t<div class=\"elementor-widget-container\">\n\t\t\t\t\t<h3 class=\"elementor-heading-title elementor-size-default\">Habitad Fotogr\u00e1fico<\/h3>\t\t\t\t<\/div>\n\t\t\t\t<\/div>\n\t\t\t\t<div class=\"elementor-element elementor-element-eef4f2b elementor-widget elementor-widget-text-editor\" data-id=\"eef4f2b\" data-element_type=\"widget\" data-widget_type=\"text-editor.default\">\n\t\t\t\t<div class=\"elementor-widget-container\">\n\t\t\t\t\t\t\t\t\t<p>Espacio visual determinado por el paisaje y la figura fueguina, expresado en el encuadre fotogr\u00e1fico.<\/p>\t\t\t\t\t\t\t\t<\/div>\n\t\t\t\t<\/div>\n\t\t\t\t<\/div>\n\t\t<div id=\"e-n-tab-content-625679578\" role=\"tabpanel\" aria-labelledby=\"e-n-tab-title-625679578\" data-tab-index=\"8\" style=\"--n-tabs-title-order: 8;\" class=\" elementor-element elementor-element-a1fcca2 e-con-full container-info e-flex e-con e-child\" data-id=\"a1fcca2\" data-element_type=\"container\">\n\t\t\t\t<div class=\"elementor-element elementor-element-c083437 elementor-widget elementor-widget-heading\" data-id=\"c083437\" data-element_type=\"widget\" data-widget_type=\"heading.default\">\n\t\t\t\t<div class=\"elementor-widget-container\">\n\t\t\t\t\t<h3 class=\"elementor-heading-title elementor-size-default\">Habitar<\/h3>\t\t\t\t<\/div>\n\t\t\t\t<\/div>\n\t\t\t\t<div class=\"elementor-element elementor-element-aeabd39 elementor-widget elementor-widget-text-editor\" data-id=\"aeabd39\" data-element_type=\"widget\" data-widget_type=\"text-editor.default\">\n\t\t\t\t<div class=\"elementor-widget-container\">\n\t\t\t\t\t\t\t\t\t<p>Acto de constituci\u00f3n de un paisaje a trav\u00e9s de la inscripci\u00f3n en el mismo de obras (casas, caminos, canciones, cuentos, etc.) que sucesivas generaciones humanas van creando en \u00e9l y con \u00e9l (Ingold, 2010).<\/p>\t\t\t\t\t\t\t\t<\/div>\n\t\t\t\t<\/div>\n\t\t\t\t<\/div>\n\t\t<div id=\"e-n-tab-content-625679579\" role=\"tabpanel\" aria-labelledby=\"e-n-tab-title-625679579\" data-tab-index=\"9\" style=\"--n-tabs-title-order: 9;\" class=\" elementor-element elementor-element-bc47cb0 e-con-full container-info e-flex e-con e-child\" data-id=\"bc47cb0\" data-element_type=\"container\">\n\t\t\t\t<div class=\"elementor-element elementor-element-66bc2b4 elementor-widget elementor-widget-heading\" data-id=\"66bc2b4\" data-element_type=\"widget\" data-widget_type=\"heading.default\">\n\t\t\t\t<div class=\"elementor-widget-container\">\n\t\t\t\t\t<h3 class=\"elementor-heading-title elementor-size-default\">Herculano \/herculeanos<\/h3>\t\t\t\t<\/div>\n\t\t\t\t<\/div>\n\t\t\t\t<div class=\"elementor-element elementor-element-05f48fb elementor-widget elementor-widget-text-editor\" data-id=\"05f48fb\" data-element_type=\"widget\" data-widget_type=\"text-editor.default\">\n\t\t\t\t<div class=\"elementor-widget-container\">\n\t\t\t\t\t\t\t\t\t<p>Lo que se asemeja o tiene las propiedades de H\u00e9rcules, nombre romano que se dio al semidios hel\u00e9nico Heracles, hijo de Zeus y la reina Alcmena; en su condici\u00f3n corporal y espiritual, representaci\u00f3n de la belleza de la fuerza f\u00edsica expresada en el cuerpo, la virilidad y potencia sexual, de la perseverancia\u00a0 y de cierta candidez, simboliza en t\u00e9rminos generales la fortaleza.<\/p>\t\t\t\t\t\t\t\t<\/div>\n\t\t\t\t<\/div>\n\t\t\t\t<\/div>\n\t\t<div id=\"e-n-tab-content-6256795710\" role=\"tabpanel\" aria-labelledby=\"e-n-tab-title-6256795710\" data-tab-index=\"10\" style=\"--n-tabs-title-order: 10;\" class=\" elementor-element elementor-element-7350425 e-con-full container-info e-flex e-con e-child\" data-id=\"7350425\" data-element_type=\"container\">\n\t\t\t\t<div class=\"elementor-element elementor-element-9ed44ac elementor-widget elementor-widget-heading\" data-id=\"9ed44ac\" data-element_type=\"widget\" data-widget_type=\"heading.default\">\n\t\t\t\t<div class=\"elementor-widget-container\">\n\t\t\t\t\t<h3 class=\"elementor-heading-title elementor-size-default\">Indumentaria<\/h3>\t\t\t\t<\/div>\n\t\t\t\t<\/div>\n\t\t\t\t<div class=\"elementor-element elementor-element-b0b8d6b elementor-widget elementor-widget-text-editor\" data-id=\"b0b8d6b\" data-element_type=\"widget\" data-widget_type=\"text-editor.default\">\n\t\t\t\t<div class=\"elementor-widget-container\">\n\t\t\t\t\t\t\t\t\t<p>Se define como aquello perteneciente o relativo al vestido. Conjunto de prendas de vestir, joyas y adornos que hacen parte de la vestimenta de una persona para adorno y abrigo de su cuerpo. En el sentido que lo platea George Simmel, en su calidad de adorno, la indumentaria se constituye en una forma de presencia frente al otro, solo frente al otro cobra valor la existencia propia.<\/p>\t\t\t\t\t\t\t\t<\/div>\n\t\t\t\t<\/div>\n\t\t\t\t<\/div>\n\t\t<div id=\"e-n-tab-content-6256795711\" role=\"tabpanel\" aria-labelledby=\"e-n-tab-title-6256795711\" data-tab-index=\"11\" style=\"--n-tabs-title-order: 11;\" class=\" elementor-element elementor-element-0be6536 e-con-full container-info e-flex e-con e-child\" data-id=\"0be6536\" data-element_type=\"container\">\n\t\t\t\t<div class=\"elementor-element elementor-element-ffe201c elementor-widget elementor-widget-heading\" data-id=\"ffe201c\" data-element_type=\"widget\" data-widget_type=\"heading.default\">\n\t\t\t\t<div class=\"elementor-widget-container\">\n\t\t\t\t\t<h3 class=\"elementor-heading-title elementor-size-default\">Investidura<\/h3>\t\t\t\t<\/div>\n\t\t\t\t<\/div>\n\t\t\t\t<div class=\"elementor-element elementor-element-6772972 elementor-widget elementor-widget-text-editor\" data-id=\"6772972\" data-element_type=\"widget\" data-widget_type=\"text-editor.default\">\n\t\t\t\t<div class=\"elementor-widget-container\">\n\t\t\t\t\t\t\t\t\t<p>Se define como la acci\u00f3n de revestir, otorgar un privilegio, categor\u00eda o cargo materializado en la indumentaria que viste un sujeto y el escenario en que el fot\u00f3grafo posiciona a dicho sujeto. Un acto de investidura puede implicar un cambio de status, identidad o pertenencia cultural de un sujeto retratado.<\/p>\t\t\t\t\t\t\t\t<\/div>\n\t\t\t\t<\/div>\n\t\t\t\t<\/div>\n\t\t<div id=\"e-n-tab-content-6256795712\" role=\"tabpanel\" aria-labelledby=\"e-n-tab-title-6256795712\" data-tab-index=\"12\" style=\"--n-tabs-title-order: 12;\" class=\" elementor-element elementor-element-bbd58e6 e-con-full container-info e-flex e-con e-child\" data-id=\"bbd58e6\" data-element_type=\"container\">\n\t\t\t\t<div class=\"elementor-element elementor-element-1f9b68e elementor-widget elementor-widget-heading\" data-id=\"1f9b68e\" data-element_type=\"widget\" data-widget_type=\"heading.default\">\n\t\t\t\t<div class=\"elementor-widget-container\">\n\t\t\t\t\t<h3 class=\"elementor-heading-title elementor-size-default\">Kaw\u00e9sqar<\/h3>\t\t\t\t<\/div>\n\t\t\t\t<\/div>\n\t\t\t\t<div class=\"elementor-element elementor-element-26ece70 elementor-widget elementor-widget-text-editor\" data-id=\"26ece70\" data-element_type=\"widget\" data-widget_type=\"text-editor.default\">\n\t\t\t\t<div class=\"elementor-widget-container\">\n\t\t\t\t\t\t\t\t\t<p>Poblaciones canoeras y recolectoras marinas que ocupaban el \u00e1rea comprendida entre el golfo de Penas por el Norte, y el canal Cockburn por el Sur, incluyendo el Estrecho de Magallanes hacia su boca oriental. Eran denominados como <em>alakaluf,\u00a0alakulof,\u00a0alacalufe,\u00a0halakwulup, alookooloop, alinkhoolip,<\/em> entre otros.<\/p>\t\t\t\t\t\t\t\t<\/div>\n\t\t\t\t<\/div>\n\t\t\t\t<\/div>\n\t\t<div id=\"e-n-tab-content-6256795713\" role=\"tabpanel\" aria-labelledby=\"e-n-tab-title-6256795713\" data-tab-index=\"13\" style=\"--n-tabs-title-order: 13;\" class=\" elementor-element elementor-element-6affaad e-con-full container-info e-flex e-con e-child\" data-id=\"6affaad\" data-element_type=\"container\">\n\t\t\t\t<div class=\"elementor-element elementor-element-c96f2fb elementor-widget elementor-widget-heading\" data-id=\"c96f2fb\" data-element_type=\"widget\" data-widget_type=\"heading.default\">\n\t\t\t\t<div class=\"elementor-widget-container\">\n\t\t\t\t\t<h3 class=\"elementor-heading-title elementor-size-default\">Lugar antropol\u00f3gico<\/h3>\t\t\t\t<\/div>\n\t\t\t\t<\/div>\n\t\t\t\t<div class=\"elementor-element elementor-element-20a1bd0 elementor-widget elementor-widget-text-editor\" data-id=\"20a1bd0\" data-element_type=\"widget\" data-widget_type=\"text-editor.default\">\n\t\t\t\t<div class=\"elementor-widget-container\">\n\t\t\t\t\t\t\t\t\t<p>Elemento de una taxonom\u00eda espacial producida por quienes investigan un determinado lugar y proceso. Es el resultado de la acumulaci\u00f3n a lo largo del tiempo de acciones, documentos y narraciones que le tienen por objeto (Wrigth 2005).<\/p>\t\t\t\t\t\t\t\t<\/div>\n\t\t\t\t<\/div>\n\t\t\t\t<\/div>\n\t\t<div id=\"e-n-tab-content-6256795714\" role=\"tabpanel\" aria-labelledby=\"e-n-tab-title-6256795714\" data-tab-index=\"14\" style=\"--n-tabs-title-order: 14;\" class=\" elementor-element elementor-element-d2ce8ad e-con-full container-info e-flex e-con e-child\" data-id=\"d2ce8ad\" data-element_type=\"container\">\n\t\t\t\t<div class=\"elementor-element elementor-element-772568a elementor-widget elementor-widget-heading\" data-id=\"772568a\" data-element_type=\"widget\" data-widget_type=\"heading.default\">\n\t\t\t\t<div class=\"elementor-widget-container\">\n\t\t\t\t\t<h3 class=\"elementor-heading-title elementor-size-default\">Misi\u00f3n Scientifique du Cap Horn<\/h3>\t\t\t\t<\/div>\n\t\t\t\t<\/div>\n\t\t\t\t<div class=\"elementor-element elementor-element-67fe078 elementor-widget elementor-widget-text-editor\" data-id=\"67fe078\" data-element_type=\"widget\" data-widget_type=\"text-editor.default\">\n\t\t\t\t<div class=\"elementor-widget-container\">\n\t\t\t\t\t\t\t\t\t<p>Expedici\u00f3n francesa comandada por el Capit\u00e1n Ferdinand Martial a bordo de la nave\u00a0<em>Romanche.<\/em>\u00a0Fue realizada en ocasi\u00f3n del Primer A\u00f1o Polar Internacional donde se estudi\u00f3 el paso de Venus frente al sol. Adem\u00e1s de ello, la Misi\u00f3n desarroll\u00f3 numerosos estudios bot\u00e1nicos, zool\u00f3gicos, geogr\u00e1ficos y antropol\u00f3gicos. Paul Hyades, m\u00e9dico de la expedici\u00f3n, sistematiz\u00f3 sus observaciones sobre aspectos ling\u00fc\u00edsticos, culturales, f\u00edsicos y patol\u00f3gicos de los Y\u00e1mana (Chapman 2002).<\/p>\t\t\t\t\t\t\t\t<\/div>\n\t\t\t\t<\/div>\n\t\t\t\t<\/div>\n\t\t<div id=\"e-n-tab-content-6256795715\" role=\"tabpanel\" aria-labelledby=\"e-n-tab-title-6256795715\" data-tab-index=\"15\" style=\"--n-tabs-title-order: 15;\" class=\" elementor-element elementor-element-4c55b6e e-con-full container-info e-flex e-con e-child\" data-id=\"4c55b6e\" data-element_type=\"container\">\n\t\t\t\t<div class=\"elementor-element elementor-element-ac1cea6 elementor-widget elementor-widget-heading\" data-id=\"ac1cea6\" data-element_type=\"widget\" data-widget_type=\"heading.default\">\n\t\t\t\t<div class=\"elementor-widget-container\">\n\t\t\t\t\t<h3 class=\"elementor-heading-title elementor-size-default\">Motivo <\/h3>\t\t\t\t<\/div>\n\t\t\t\t<\/div>\n\t\t\t\t<div class=\"elementor-element elementor-element-5ed53d7 elementor-widget elementor-widget-text-editor\" data-id=\"5ed53d7\" data-element_type=\"widget\" data-widget_type=\"text-editor.default\">\n\t\t\t\t<div class=\"elementor-widget-container\">\n\t\t\t\t\t\t\t\t\t<p>Todo elemento importante que se repite en una pel\u00edcula. Un motivo puede ser un objeto, un color, un lugar, una persona, un sonido e incluso un modelo de iluminaci\u00f3n o una posici\u00f3n de c\u00e1mara si se repite a lo largo de toda la pel\u00edcula (Bordwell y Thompson 1995).<\/p>\t\t\t\t\t\t\t\t<\/div>\n\t\t\t\t<\/div>\n\t\t\t\t<\/div>\n\t\t<div id=\"e-n-tab-content-6256795716\" role=\"tabpanel\" aria-labelledby=\"e-n-tab-title-6256795716\" data-tab-index=\"16\" style=\"--n-tabs-title-order: 16;\" class=\" elementor-element elementor-element-0e3f115 e-con-full container-info e-flex e-con e-child\" data-id=\"0e3f115\" data-element_type=\"container\">\n\t\t\t\t<div class=\"elementor-element elementor-element-3571a0d elementor-widget elementor-widget-heading\" data-id=\"3571a0d\" data-element_type=\"widget\" data-widget_type=\"heading.default\">\n\t\t\t\t<div class=\"elementor-widget-container\">\n\t\t\t\t\t<h3 class=\"elementor-heading-title elementor-size-default\">Noble salvaje<\/h3>\t\t\t\t<\/div>\n\t\t\t\t<\/div>\n\t\t\t\t<div class=\"elementor-element elementor-element-595326c elementor-widget elementor-widget-text-editor\" data-id=\"595326c\" data-element_type=\"widget\" data-widget_type=\"text-editor.default\">\n\t\t\t\t<div class=\"elementor-widget-container\">\n\t\t\t\t\t\t\t\t\t<p>Noci\u00f3n compuesta por dos conceptos fundantes instituidos por la filosof\u00eda de Jean Jaques Rousseau:\u00a0<em>noble<\/em>, que en este contexto significa que el sujeto en cuesti\u00f3n en sus valores y motivaciones tienen un alto rango moral, en contraposici\u00f3n a la\u00a0<em>plebe<\/em>, o\u00a0<em>estado llano<\/em>, que no compartir\u00eda esos valores y motivaciones;\u00a0<em>salvaje<\/em>, etimol\u00f3gicamente, que es un habitante de la selva, y que en el contexto rousseauniano hace referencia a los habitantes del Brasil con los que se toparon los primeros exploradores franceses en Am\u00e9rica, y que son introducidos por Michel de Montaigne en la filosof\u00eda con su notable ensayo\u00a0<em>De los can\u00edbales.<\/em><\/p>\t\t\t\t\t\t\t\t<\/div>\n\t\t\t\t<\/div>\n\t\t\t\t<\/div>\n\t\t<div id=\"e-n-tab-content-6256795717\" role=\"tabpanel\" aria-labelledby=\"e-n-tab-title-6256795717\" data-tab-index=\"17\" style=\"--n-tabs-title-order: 17;\" class=\" elementor-element elementor-element-05731d9 e-con-full container-info e-flex e-con e-child\" data-id=\"05731d9\" data-element_type=\"container\">\n\t\t\t\t<div class=\"elementor-element elementor-element-23adc58 elementor-widget elementor-widget-heading\" data-id=\"23adc58\" data-element_type=\"widget\" data-widget_type=\"heading.default\">\n\t\t\t\t<div class=\"elementor-widget-container\">\n\t\t\t\t\t<h3 class=\"elementor-heading-title elementor-size-default\">Plano<\/h3>\t\t\t\t<\/div>\n\t\t\t\t<\/div>\n\t\t\t\t<div class=\"elementor-element elementor-element-14ae346 elementor-widget elementor-widget-text-editor\" data-id=\"14ae346\" data-element_type=\"widget\" data-widget_type=\"text-editor.default\">\n\t\t\t\t<div class=\"elementor-widget-container\">\n\t\t\t\t\t\t\t\t\t<p>Porci\u00f3n que ocupa el sujeto fotografiado dentro del encuadre fotogr\u00e1fico. Est\u00e1 determinado por la distancia que el fot\u00f3grafo establezca hacia su sujeto y\u00a0 la distancia focal de los lentes fotogr\u00e1ficos.<\/p>\t\t\t\t\t\t\t\t<\/div>\n\t\t\t\t<\/div>\n\t\t\t\t<\/div>\n\t\t<div id=\"e-n-tab-content-6256795718\" role=\"tabpanel\" aria-labelledby=\"e-n-tab-title-6256795718\" data-tab-index=\"18\" style=\"--n-tabs-title-order: 18;\" class=\" elementor-element elementor-element-d725ad9 e-con-full container-info e-flex e-con e-child\" data-id=\"d725ad9\" data-element_type=\"container\">\n\t\t\t\t<div class=\"elementor-element elementor-element-b3f4569 elementor-widget elementor-widget-heading\" data-id=\"b3f4569\" data-element_type=\"widget\" data-widget_type=\"heading.default\">\n\t\t\t\t<div class=\"elementor-widget-container\">\n\t\t\t\t\t<h3 class=\"elementor-heading-title elementor-size-default\">Plano general<\/h3>\t\t\t\t<\/div>\n\t\t\t\t<\/div>\n\t\t\t\t<div class=\"elementor-element elementor-element-fecd733 elementor-widget elementor-widget-text-editor\" data-id=\"fecd733\" data-element_type=\"widget\" data-widget_type=\"text-editor.default\">\n\t\t\t\t<div class=\"elementor-widget-container\">\n\t\t\t\t\t\t\t\t\t<p>Encuadre que abarca todo el escenario o ambiente, las personas aparecen siempre de cuerpo completo, y en caso de objetos o naturaleza\u00a0<strong>no\u00a0<\/strong>se observan detalles y se aprecia su contexto en plenitud.<\/p>\t\t\t\t\t\t\t\t<\/div>\n\t\t\t\t<\/div>\n\t\t\t\t<\/div>\n\t\t<div id=\"e-n-tab-content-6256795719\" role=\"tabpanel\" aria-labelledby=\"e-n-tab-title-6256795719\" data-tab-index=\"19\" style=\"--n-tabs-title-order: 19;\" class=\" elementor-element elementor-element-c98e12d e-con-full container-info e-flex e-con e-child\" data-id=\"c98e12d\" data-element_type=\"container\">\n\t\t\t\t<div class=\"elementor-element elementor-element-214eec3 elementor-widget elementor-widget-heading\" data-id=\"214eec3\" data-element_type=\"widget\" data-widget_type=\"heading.default\">\n\t\t\t\t<div class=\"elementor-widget-container\">\n\t\t\t\t\t<h3 class=\"elementor-heading-title elementor-size-default\">Plano medio o parcial<\/h3>\t\t\t\t<\/div>\n\t\t\t\t<\/div>\n\t\t\t\t<div class=\"elementor-element elementor-element-514e3f7 elementor-widget elementor-widget-text-editor\" data-id=\"514e3f7\" data-element_type=\"widget\" data-widget_type=\"text-editor.default\">\n\t\t\t\t<div class=\"elementor-widget-container\">\n\t\t\t\t\t\t\t\t\t<p>Encuadre que muestra a un sujeto o m\u00e1s, desde la rodilla hasta la cabeza. En caso de objetos o naturaleza se observan detalles y se aprecia su contexto parcialmente.<\/p>\t\t\t\t\t\t\t\t<\/div>\n\t\t\t\t<\/div>\n\t\t\t\t<\/div>\n\t\t<div id=\"e-n-tab-content-6256795720\" role=\"tabpanel\" aria-labelledby=\"e-n-tab-title-6256795720\" data-tab-index=\"20\" style=\"--n-tabs-title-order: 20;\" class=\" elementor-element elementor-element-239729d e-con-full container-info e-flex e-con e-child\" data-id=\"239729d\" data-element_type=\"container\">\n\t\t\t\t<div class=\"elementor-element elementor-element-433bfaf elementor-widget elementor-widget-heading\" data-id=\"433bfaf\" data-element_type=\"widget\" data-widget_type=\"heading.default\">\n\t\t\t\t<div class=\"elementor-widget-container\">\n\t\t\t\t\t<h3 class=\"elementor-heading-title elementor-size-default\">TITULO<\/h3>\t\t\t\t<\/div>\n\t\t\t\t<\/div>\n\t\t\t\t<div class=\"elementor-element elementor-element-e1dae90 elementor-widget elementor-widget-text-editor\" data-id=\"e1dae90\" data-element_type=\"widget\" data-widget_type=\"text-editor.default\">\n\t\t\t\t<div class=\"elementor-widget-container\">\n\t\t\t\t\t\t\t\t\t<p>Lorem Ipsum<\/p>\t\t\t\t\t\t\t\t<\/div>\n\t\t\t\t<\/div>\n\t\t\t\t<\/div>\n\t\t<div id=\"e-n-tab-content-6256795721\" role=\"tabpanel\" aria-labelledby=\"e-n-tab-title-6256795721\" data-tab-index=\"21\" style=\"--n-tabs-title-order: 21;\" class=\" elementor-element elementor-element-76dd303 e-con-full container-info e-flex e-con e-child\" data-id=\"76dd303\" data-element_type=\"container\">\n\t\t\t\t<div class=\"elementor-element elementor-element-1cb3581 elementor-widget elementor-widget-heading\" data-id=\"1cb3581\" data-element_type=\"widget\" data-widget_type=\"heading.default\">\n\t\t\t\t<div class=\"elementor-widget-container\">\n\t\t\t\t\t<h3 class=\"elementor-heading-title elementor-size-default\">Recursos lum\u00ednicos<\/h3>\t\t\t\t<\/div>\n\t\t\t\t<\/div>\n\t\t\t\t<div class=\"elementor-element elementor-element-8d458fc elementor-widget elementor-widget-text-editor\" data-id=\"8d458fc\" data-element_type=\"widget\" data-widget_type=\"text-editor.default\">\n\t\t\t\t<div class=\"elementor-widget-container\">\n\t\t\t\t\t\t\t\t\t<p>Fuente y caracter\u00edsticas de luz e iluminaci\u00f3n con que cuenta el fot\u00f3grafo para realizar la toma fotogr\u00e1fica.<\/p>\t\t\t\t\t\t\t\t<\/div>\n\t\t\t\t<\/div>\n\t\t\t\t<\/div>\n\t\t<div id=\"e-n-tab-content-6256795722\" role=\"tabpanel\" aria-labelledby=\"e-n-tab-title-6256795722\" data-tab-index=\"22\" style=\"--n-tabs-title-order: 22;\" class=\" elementor-element elementor-element-5dc7199 e-con-full container-info e-flex e-con e-child\" data-id=\"5dc7199\" data-element_type=\"container\">\n\t\t\t\t<div class=\"elementor-element elementor-element-4cc0a87 elementor-widget elementor-widget-heading\" data-id=\"4cc0a87\" data-element_type=\"widget\" data-widget_type=\"heading.default\">\n\t\t\t\t<div class=\"elementor-widget-container\">\n\t\t\t\t\t<h3 class=\"elementor-heading-title elementor-size-default\">Selk\u2019nam<\/h3>\t\t\t\t<\/div>\n\t\t\t\t<\/div>\n\t\t\t\t<div class=\"elementor-element elementor-element-321a884 elementor-widget elementor-widget-text-editor\" data-id=\"321a884\" data-element_type=\"widget\" data-widget_type=\"text-editor.default\">\n\t\t\t\t<div class=\"elementor-widget-container\">\n\t\t\t\t\t\t\t\t\t<p>Poblaciones cazadoras y recolectoras terrestres, conocidos con el nombre de\u00a0<em>onas<\/em>, que habitaron Isla Grande de Tierra del Fuego, ocupando tanto los espacios abiertos de llanuras y mesetas situados al norte y centro de la isla como los espacios boscosos precordilleranos situados al sur de R\u00edo Grande.<\/p>\t\t\t\t\t\t\t\t<\/div>\n\t\t\t\t<\/div>\n\t\t\t\t<\/div>\n\t\t<div id=\"e-n-tab-content-6256795723\" role=\"tabpanel\" aria-labelledby=\"e-n-tab-title-6256795723\" data-tab-index=\"23\" style=\"--n-tabs-title-order: 23;\" class=\" elementor-element elementor-element-834c267 e-con-full container-info e-flex e-con e-child\" data-id=\"834c267\" data-element_type=\"container\">\n\t\t\t\t<div class=\"elementor-element elementor-element-ea87e2f elementor-widget elementor-widget-heading\" data-id=\"ea87e2f\" data-element_type=\"widget\" data-widget_type=\"heading.default\">\n\t\t\t\t<div class=\"elementor-widget-container\">\n\t\t\t\t\t<h3 class=\"elementor-heading-title elementor-size-default\">Trabajo de campo<\/h3>\t\t\t\t<\/div>\n\t\t\t\t<\/div>\n\t\t\t\t<div class=\"elementor-element elementor-element-f735893 elementor-widget elementor-widget-text-editor\" data-id=\"f735893\" data-element_type=\"widget\" data-widget_type=\"text-editor.default\">\n\t\t\t\t<div class=\"elementor-widget-container\">\n\t\t\t\t\t\t\t\t\t<p>Actividad colectiva, acotada a un tiempo y espacio llamado \u201cterreno\u201d, que demanda la concurrencia de investigadores, t\u00e9cnicos, funcionarios estatales, residentes locales, etc., quienes atribuyen distintos significados a las tareas realizadas y a los objetos (materiales e inmateriales) reunidos en terreno, y act\u00faan a favor (tambi\u00e9n en contra) de esas tareas (Farro 2008).<\/p>\t\t\t\t\t\t\t\t<\/div>\n\t\t\t\t<\/div>\n\t\t\t\t<\/div>\n\t\t<div id=\"e-n-tab-content-6256795724\" role=\"tabpanel\" aria-labelledby=\"e-n-tab-title-6256795724\" data-tab-index=\"24\" style=\"--n-tabs-title-order: 24;\" class=\" elementor-element elementor-element-e363f0c e-con-full container-info e-flex e-con e-child\" data-id=\"e363f0c\" data-element_type=\"container\">\n\t\t\t\t<div class=\"elementor-element elementor-element-26b65de elementor-widget elementor-widget-heading\" data-id=\"26b65de\" data-element_type=\"widget\" data-widget_type=\"heading.default\">\n\t\t\t\t<div class=\"elementor-widget-container\">\n\t\t\t\t\t<h3 class=\"elementor-heading-title elementor-size-default\">Troglodita<\/h3>\t\t\t\t<\/div>\n\t\t\t\t<\/div>\n\t\t\t\t<div class=\"elementor-element elementor-element-b2a214e elementor-widget elementor-widget-text-editor\" data-id=\"b2a214e\" data-element_type=\"widget\" data-widget_type=\"text-editor.default\">\n\t\t\t\t<div class=\"elementor-widget-container\">\n\t\t\t\t\t\t\t\t\t<p>Etnonimio griego, atribuible a Herodoto, son los habitantes de las cavernas que viven en el norte de \u00c1frica, se alimentan con serpientes, no poseen lenguaje articulado y viven de forma primitiva y b\u00e1rbara, eventualmente se los supuso comedores de carne humana.<\/p>\t\t\t\t\t\t\t\t<\/div>\n\t\t\t\t<\/div>\n\t\t\t\t<\/div>\n\t\t<div id=\"e-n-tab-content-6256795725\" role=\"tabpanel\" aria-labelledby=\"e-n-tab-title-6256795725\" data-tab-index=\"25\" style=\"--n-tabs-title-order: 25;\" class=\" elementor-element elementor-element-930d466 e-con-full container-info e-flex e-con e-child\" data-id=\"930d466\" data-element_type=\"container\">\n\t\t\t\t<div class=\"elementor-element elementor-element-2ff0087 elementor-widget elementor-widget-heading\" data-id=\"2ff0087\" data-element_type=\"widget\" data-widget_type=\"heading.default\">\n\t\t\t\t<div class=\"elementor-widget-container\">\n\t\t\t\t\t<h3 class=\"elementor-heading-title elementor-size-default\">Vestidura<\/h3>\t\t\t\t<\/div>\n\t\t\t\t<\/div>\n\t\t\t\t<div class=\"elementor-element elementor-element-0645677 elementor-widget elementor-widget-text-editor\" data-id=\"0645677\" data-element_type=\"widget\" data-widget_type=\"text-editor.default\">\n\t\t\t\t<div class=\"elementor-widget-container\">\n\t\t\t\t\t\t\t\t\t<p>Se define como el acto de cubrir, ornamentar o adornar un sujeto, un escenario o un paisaje. Este acto lo realiza un fot\u00f3grafo a trav\u00e9s del uso de determinados dispositivos visuales y opera de acuerdo a uno de los sentidos b\u00e1sicos del vestir, el llamado\u00a0<em>efecto de indiscernibilidad<\/em>, como lo define Guido Dorfles. Un acto de\u00a0<em>vestidura<\/em>\u00a0no es s\u00f3lo llevar o lucir un traje, una joya o un accesorio, ornamentar \u00a0un espacio o posicionarse en un escenario, sino es tambi\u00e9n el sentido que adquiere todo individuo o paisaje al ser\u00a0<em>vestido<\/em>\u00a0por un fot\u00f3grafo, m\u00e1s all\u00e1 de los c\u00f3digos y convenciones sociales y est\u00e9ticas de la cultura, etnia o sociedad a la que pertenece.<\/p>\t\t\t\t\t\t\t\t<\/div>\n\t\t\t\t<\/div>\n\t\t\t\t<\/div>\n\t\t<div id=\"e-n-tab-content-6256795726\" role=\"tabpanel\" aria-labelledby=\"e-n-tab-title-6256795726\" data-tab-index=\"26\" style=\"--n-tabs-title-order: 26;\" class=\" elementor-element elementor-element-791a1a6 e-con-full container-info e-flex e-con e-child\" data-id=\"791a1a6\" data-element_type=\"container\">\n\t\t\t\t<div class=\"elementor-element elementor-element-98c886b elementor-widget elementor-widget-heading\" data-id=\"98c886b\" data-element_type=\"widget\" data-widget_type=\"heading.default\">\n\t\t\t\t<div class=\"elementor-widget-container\">\n\t\t\t\t\t<h3 class=\"elementor-heading-title elementor-size-default\">Y\u00e1mana o Yaganes<\/h3>\t\t\t\t<\/div>\n\t\t\t\t<\/div>\n\t\t\t\t<div class=\"elementor-element elementor-element-be3bf6b elementor-widget elementor-widget-text-editor\" data-id=\"be3bf6b\" data-element_type=\"widget\" data-widget_type=\"text-editor.default\">\n\t\t\t\t<div class=\"elementor-widget-container\">\n\t\t\t\t\t\t\t\t\t<p>Poblaciones canoeros y recolectoras terrestres, cuya \u00e1rea de dispersi\u00f3n comprend\u00eda las islas, canales y archipi\u00e9lagos existentes entre el canal de Beagle, por el Norte, y el cabo de Hornos por el Sur. Eran denominados como\u00a0<em>y\u00e1mana<\/em>,\u00a0<em>yag\u00e1n o yaghanes<\/em>.<\/p>\t\t\t\t\t\t\t\t<\/div>\n\t\t\t\t<\/div>\n\t\t\t\t<\/div>\n\t\t\t\t\t<\/div>\n\t\t<\/div>\n\t\t\t\t\t\t<\/div>\n\t\t\t\t<\/div>\n\t\t\t\t<\/div>\n\t\t\t\t<\/div>\n\t\t\t\t<\/div>\n\t\t","protected":false},"excerpt":{"rendered":"<p>Fueguinos FUEGUINOS Congregaci\u00f3n de las Hijas de Mar\u00eda Auxiliadora Congregaci\u00f3n Salesiana Despojo Documental ind\u00edgena Estancia ganadera Fueguinos y territorio fueguino Habitad Fotogr\u00e1fico Habitar Herculano \/herculeanos Indumentaria Investidura Kaw\u00e9sqar Lugar antropol\u00f3gico Misi\u00f3n Scientifique du Cap Horn Motivo Noble salvaje Plano Plano general Plano medio o parcial Primer plano Recursos lum\u00ednicos Selk\u2019nam Trabajo de campo Troglodita Vestidura [&hellip;]<\/p>\n","protected":false},"author":1,"featured_media":0,"parent":0,"menu_order":0,"comment_status":"open","ping_status":"open","template":"elementor_header_footer","format":"standard","meta":{"footnotes":""},"class_list":["post-5644","pueblo-fueguino","type-pueblo-fueguino","status-publish","format-standard","hentry"],"_links":{"self":[{"href":"https:\/\/dev.antudigital.cl\/sites\/fotografia\/wp-json\/wp\/v2\/pueblo-fueguino\/5644","targetHints":{"allow":["GET"]}}],"collection":[{"href":"https:\/\/dev.antudigital.cl\/sites\/fotografia\/wp-json\/wp\/v2\/pueblo-fueguino"}],"about":[{"href":"https:\/\/dev.antudigital.cl\/sites\/fotografia\/wp-json\/wp\/v2\/types\/pueblo-fueguino"}],"author":[{"embeddable":true,"href":"https:\/\/dev.antudigital.cl\/sites\/fotografia\/wp-json\/wp\/v2\/users\/1"}],"replies":[{"embeddable":true,"href":"https:\/\/dev.antudigital.cl\/sites\/fotografia\/wp-json\/wp\/v2\/comments?post=5644"}],"version-history":[{"count":22,"href":"https:\/\/dev.antudigital.cl\/sites\/fotografia\/wp-json\/wp\/v2\/pueblo-fueguino\/5644\/revisions"}],"predecessor-version":[{"id":6439,"href":"https:\/\/dev.antudigital.cl\/sites\/fotografia\/wp-json\/wp\/v2\/pueblo-fueguino\/5644\/revisions\/6439"}],"wp:attachment":[{"href":"https:\/\/dev.antudigital.cl\/sites\/fotografia\/wp-json\/wp\/v2\/media?parent=5644"}],"curies":[{"name":"wp","href":"https:\/\/api.w.org\/{rel}","templated":true}]}}