{"id":6457,"date":"2025-04-08T15:27:48","date_gmt":"2025-04-08T19:27:48","guid":{"rendered":"https:\/\/dev.antudigital.cl\/sites\/fotografia\/?post_type=pueblo-fueguino&#038;p=6457"},"modified":"2025-04-12T20:11:15","modified_gmt":"2025-04-13T00:11:15","slug":"cuerpos-y-gestos-en-imagenes-fueguinas","status":"publish","type":"pueblo-fueguino","link":"https:\/\/dev.antudigital.cl\/sites\/fotografia\/pueblo-fueguino\/temas\/cuerpos-y-gestos-en-imagenes-fueguinas\/","title":{"rendered":"CUERPOS Y GESTOS EN IM\u00c1GENES FUEGUINAS"},"content":{"rendered":"\t\t<div data-elementor-type=\"wp-post\" data-elementor-id=\"6457\" class=\"elementor elementor-6457\" data-elementor-post-type=\"pueblo-fueguino\">\n\t\t\t\t<div class=\"elementor-element elementor-element-91ce1c6 e-con-full container-start e-flex e-con e-parent\" data-id=\"91ce1c6\" data-element_type=\"container\" data-settings=\"{&quot;background_background&quot;:&quot;classic&quot;}\">\n\t\t<div class=\"elementor-element elementor-element-2564af8 e-con-full elementor-hidden-tablet elementor-hidden-mobile e-flex e-con e-child\" data-id=\"2564af8\" data-element_type=\"container\">\n\t\t\t\t<div class=\"elementor-element elementor-element-43cf72e elementor-widget elementor-widget-spacer\" data-id=\"43cf72e\" data-element_type=\"widget\" data-widget_type=\"spacer.default\">\n\t\t\t\t<div class=\"elementor-widget-container\">\n\t\t\t\t\t\t\t<div class=\"elementor-spacer\">\n\t\t\t<div class=\"elementor-spacer-inner\"><\/div>\n\t\t<\/div>\n\t\t\t\t\t\t<\/div>\n\t\t\t\t<\/div>\n\t\t<div class=\"elementor-element elementor-element-e5a97dd e-con-full e-flex e-con e-child\" data-id=\"e5a97dd\" data-element_type=\"container\">\n\t\t\t\t<div class=\"elementor-element elementor-element-bd82aae elementor-widget elementor-widget-heading\" data-id=\"bd82aae\" data-element_type=\"widget\" data-widget_type=\"heading.default\">\n\t\t\t\t<div class=\"elementor-widget-container\">\n\t\t\t\t\t<h1 class=\"elementor-heading-title elementor-size-default\">Fueguinos<\/h1>\t\t\t\t<\/div>\n\t\t\t\t<\/div>\n\t\t\t\t<div class=\"elementor-element elementor-element-49147c6 menu-offcanvas elementor-widget elementor-widget-nav-menu\" data-id=\"49147c6\" data-element_type=\"widget\" data-settings=\"{&quot;layout&quot;:&quot;dropdown&quot;,&quot;submenu_icon&quot;:{&quot;value&quot;:&quot;&lt;i class=\\&quot;\\&quot; aria-hidden=\\&quot;true\\&quot;&gt;&lt;\\\/i&gt;&quot;,&quot;library&quot;:&quot;&quot;}}\" data-widget_type=\"nav-menu.default\">\n\t\t\t\t<div class=\"elementor-widget-container\">\n\t\t\t\t\t\t\t\t<nav class=\"elementor-nav-menu--dropdown elementor-nav-menu__container\" aria-hidden=\"true\">\n\t\t\t\t<ul id=\"menu-2-49147c6\" class=\"elementor-nav-menu\"><li class=\"menu-item menu-item-type-custom menu-item-object-custom menu-item-has-children menu-item-5637\"><a href=\"#\" class=\"elementor-item elementor-item-anchor\" tabindex=\"-1\">Temas<\/a>\n<ul class=\"sub-menu elementor-nav-menu--dropdown\">\n\t<li class=\"menu-item menu-item-type-post_type menu-item-object-pueblo-fueguino menu-item-6499\"><a href=\"https:\/\/dev.antudigital.cl\/sites\/fotografia\/pueblo-fueguino\/temas\/representacion-visual-del-paisaje-fueguino-en-la-fotografia\/\" class=\"elementor-sub-item\" tabindex=\"-1\">REPRESENTACI\u00d3N VISUAL DEL PAISAJE FUEGUINO EN LA FOTOGRAF\u00cdA<\/a><\/li>\n\t<li class=\"menu-item menu-item-type-post_type menu-item-object-pueblo-fueguino menu-item-6498\"><a href=\"https:\/\/dev.antudigital.cl\/sites\/fotografia\/pueblo-fueguino\/temas\/isla-misional-inmensidad-total\/\" class=\"elementor-sub-item\" tabindex=\"-1\">ISLA MISIONAL. INMENSIDAD TOTAL<\/a><\/li>\n\t<li class=\"menu-item menu-item-type-post_type menu-item-object-pueblo-fueguino menu-item-6497\"><a href=\"https:\/\/dev.antudigital.cl\/sites\/fotografia\/pueblo-fueguino\/temas\/canoeros-del-fin-del-mundo\/\" class=\"elementor-sub-item\" tabindex=\"-1\">CANOEROS DEL FIN DEL MUNDO<\/a><\/li>\n\t<li class=\"menu-item menu-item-type-post_type menu-item-object-pueblo-fueguino menu-item-6494\"><a href=\"https:\/\/dev.antudigital.cl\/sites\/fotografia\/pueblo-fueguino\/temas\/cuerpos-y-gestos-en-imagenes-fueguinas\/\" class=\"elementor-sub-item\" tabindex=\"-1\">CUERPOS Y GESTOS EN IM\u00c1GENES FUEGUINAS<\/a><\/li>\n\t<li class=\"menu-item menu-item-type-post_type menu-item-object-pueblo-fueguino menu-item-6496\"><a href=\"https:\/\/dev.antudigital.cl\/sites\/fotografia\/pueblo-fueguino\/temas\/el-documental-fueguino\/\" class=\"elementor-sub-item\" tabindex=\"-1\">EL DOCUMENTAL FUEGUINO<\/a><\/li>\n\t<li class=\"menu-item menu-item-type-post_type menu-item-object-pueblo-fueguino menu-item-6493\"><a href=\"https:\/\/dev.antudigital.cl\/sites\/fotografia\/pueblo-fueguino\/temas\/fotografias-de-fueguinos-en-textos-escolares\/\" class=\"elementor-sub-item\" tabindex=\"-1\">FOTOGRAF\u00cdAS DE FUEGUINOS EN TEXTOS ESCOLARES<\/a><\/li>\n\t<li class=\"menu-item menu-item-type-post_type menu-item-object-pueblo-fueguino menu-item-6495\"><a href=\"https:\/\/dev.antudigital.cl\/sites\/fotografia\/pueblo-fueguino\/temas\/tierra-del-fuego-construida-con-los-ojos\/\" class=\"elementor-sub-item\" tabindex=\"-1\">TIERRA DEL FUEGO CONSTRUIDA CON LOS OJOS<\/a><\/li>\n<\/ul>\n<\/li>\n<li class=\"menu-item menu-item-type-custom menu-item-object-custom menu-item-has-children menu-item-5638\"><a href=\"#\" class=\"elementor-item elementor-item-anchor\" tabindex=\"-1\">Autores<\/a>\n<ul class=\"sub-menu elementor-nav-menu--dropdown\">\n\t<li class=\"menu-item menu-item-type-post_type menu-item-object-pueblo-fueguino menu-item-7031\"><a href=\"https:\/\/dev.antudigital.cl\/sites\/fotografia\/pueblo-fueguino\/autores\/carla-moller-zunino\/\" class=\"elementor-sub-item\" tabindex=\"-1\">Carla Moller Zunino<\/a><\/li>\n\t<li class=\"menu-item menu-item-type-post_type menu-item-object-pueblo-fueguino menu-item-7029\"><a href=\"https:\/\/dev.antudigital.cl\/sites\/fotografia\/pueblo-fueguino\/autores\/maria-paz-bajas-irizar\/\" class=\"elementor-sub-item\" tabindex=\"-1\">Mar\u00eda Paz Bajas Irizar<\/a><\/li>\n\t<li class=\"menu-item menu-item-type-post_type menu-item-object-pueblo-fueguino menu-item-7025\"><a href=\"https:\/\/dev.antudigital.cl\/sites\/fotografia\/pueblo-fueguino\/autores\/maria-carolina-odone-correa\/\" class=\"elementor-sub-item\" tabindex=\"-1\">Mar\u00eda Carolina Odone Correa<\/a><\/li>\n\t<li class=\"menu-item menu-item-type-post_type menu-item-object-pueblo-fueguino menu-item-7028\"><a href=\"https:\/\/dev.antudigital.cl\/sites\/fotografia\/pueblo-fueguino\/autores\/margarita-alvarado-perez\/\" class=\"elementor-sub-item\" tabindex=\"-1\">Margarita Alvarado P\u00e9rez<\/a><\/li>\n\t<li class=\"menu-item menu-item-type-post_type menu-item-object-pueblo-fueguino menu-item-7024\"><a href=\"https:\/\/dev.antudigital.cl\/sites\/fotografia\/pueblo-fueguino\/autores\/pedro-mege-rosso\/\" class=\"elementor-sub-item\" tabindex=\"-1\">Pedro Mege Rosso<\/a><\/li>\n\t<li class=\"menu-item menu-item-type-post_type menu-item-object-pueblo-fueguino menu-item-7027\"><a href=\"https:\/\/dev.antudigital.cl\/sites\/fotografia\/pueblo-fueguino\/autores\/felipe-a-maturana-diaz\/\" class=\"elementor-sub-item\" tabindex=\"-1\">Felipe A. Maturana D\u00edaz<\/a><\/li>\n\t<li class=\"menu-item menu-item-type-post_type menu-item-object-pueblo-fueguino menu-item-7026\"><a href=\"https:\/\/dev.antudigital.cl\/sites\/fotografia\/pueblo-fueguino\/autores\/christian-baez-allende\/\" class=\"elementor-sub-item\" tabindex=\"-1\">Christian B\u00e1ez Allende<\/a><\/li>\n\t<li class=\"menu-item menu-item-type-post_type menu-item-object-pueblo-fueguino menu-item-7030\"><a href=\"https:\/\/dev.antudigital.cl\/sites\/fotografia\/pueblo-fueguino\/autores\/alejandra-castro-rodriguez\/\" class=\"elementor-sub-item\" tabindex=\"-1\">Alejandra Castro Rodr\u00edguez<\/a><\/li>\n\t<li class=\"menu-item menu-item-type-post_type menu-item-object-pueblo-fueguino menu-item-7023\"><a href=\"https:\/\/dev.antudigital.cl\/sites\/fotografia\/pueblo-fueguino\/autores\/gerardo-mora-rivera\/\" class=\"elementor-sub-item\" tabindex=\"-1\">Gerardo Mora Rivera<\/a><\/li>\n<\/ul>\n<\/li>\n<li class=\"menu-item menu-item-type-post_type menu-item-object-pueblo-fueguino menu-item-5670\"><a href=\"https:\/\/dev.antudigital.cl\/sites\/fotografia\/pueblo-fueguino\/territorio\/\" class=\"elementor-item\" tabindex=\"-1\">Territorio<\/a><\/li>\n<li class=\"menu-item menu-item-type-post_type menu-item-object-pueblo-fueguino menu-item-5669\"><a href=\"https:\/\/dev.antudigital.cl\/sites\/fotografia\/pueblo-fueguino\/glosario\/\" class=\"elementor-item\" tabindex=\"-1\">Glosario<\/a><\/li>\n<li class=\"menu-item menu-item-type-post_type menu-item-object-pueblo-fueguino menu-item-5668\"><a href=\"https:\/\/dev.antudigital.cl\/sites\/fotografia\/pueblo-fueguino\/bibliografia\/\" class=\"elementor-item\" tabindex=\"-1\">Bibliograf\u00eda<\/a><\/li>\n<\/ul>\t\t\t<\/nav>\n\t\t\t\t\t\t<\/div>\n\t\t\t\t<\/div>\n\t\t\t\t<\/div>\n\t\t\t\t<\/div>\n\t\t<div class=\"elementor-element elementor-element-117dd74 e-con-full container-nav e-flex e-con e-child\" data-id=\"117dd74\" data-element_type=\"container\" data-settings=\"{&quot;background_background&quot;:&quot;classic&quot;}\">\n\t\t\t\t<div class=\"elementor-element elementor-element-2fd130d elementor-align-justify elementor-widget__width-inherit elementor-hidden-desktop elementor-widget elementor-widget-button\" data-id=\"2fd130d\" data-element_type=\"widget\" data-widget_type=\"button.default\">\n\t\t\t\t<div class=\"elementor-widget-container\">\n\t\t\t\t\t\t\t\t\t<div class=\"elementor-button-wrapper\">\n\t\t\t\t\t<a class=\"elementor-button elementor-button-link elementor-size-sm\" href=\"#elementor-action%3Aaction%3Dpopup%3Aopen%26settings%3DeyJpZCI6IjU2MzkiLCJ0b2dnbGUiOmZhbHNlfQ%3D%3D\">\n\t\t\t\t\t\t<span class=\"elementor-button-content-wrapper\">\n\t\t\t\t\t\t<span class=\"elementor-button-icon\">\n\t\t\t\t<i aria-hidden=\"true\" class=\"fas fa-bars\"><\/i>\t\t\t<\/span>\n\t\t\t\t\t\t\t\t\t<span class=\"elementor-button-text\">FUEGUINOS<\/span>\n\t\t\t\t\t<\/span>\n\t\t\t\t\t<\/a>\n\t\t\t\t<\/div>\n\t\t\t\t\t\t\t\t<\/div>\n\t\t\t\t<\/div>\n\t\t\t\t<div class=\"elementor-element elementor-element-be8df05 elementor-widget elementor-widget-heading\" data-id=\"be8df05\" data-element_type=\"widget\" data-widget_type=\"heading.default\">\n\t\t\t\t<div class=\"elementor-widget-container\">\n\t\t\t\t\t<h4 class=\"elementor-heading-title elementor-size-default\">CUERPOS Y GESTOS EN IM\u00c1GENES FUEGUINAS\n<\/h4>\t\t\t\t<\/div>\n\t\t\t\t<\/div>\n\t\t\t\t<div class=\"elementor-element elementor-element-a2f3874 elementor-icon-list--layout-traditional elementor-list-item-link-full_width elementor-widget elementor-widget-icon-list\" data-id=\"a2f3874\" data-element_type=\"widget\" data-widget_type=\"icon-list.default\">\n\t\t\t\t<div class=\"elementor-widget-container\">\n\t\t\t\t\t\t\t<ul class=\"elementor-icon-list-items\">\n\t\t\t\t\t\t\t<li class=\"elementor-icon-list-item\">\n\t\t\t\t\t\t\t\t\t\t\t<a href=\"https:\/\/dev.antudigital.cl\/sites\/fotografia\/pueblo-fueguino\/temas\/cuerpos-y-gestos-en-imagenes-fueguinas\/\" class=\"item-active\">\n\n\t\t\t\t\t\t\t\t\t\t\t\t<span class=\"elementor-icon-list-icon\">\n\t\t\t\t\t\t\t<i aria-hidden=\"true\" class=\"fas fa-circle\"><\/i>\t\t\t\t\t\t<\/span>\n\t\t\t\t\t\t\t\t\t\t<span class=\"elementor-icon-list-text\">Presentaci\u00f3n<\/span>\n\t\t\t\t\t\t\t\t\t\t\t<\/a>\n\t\t\t\t\t\t\t\t\t<\/li>\n\t\t\t\t\t\t\t\t<li class=\"elementor-icon-list-item\">\n\t\t\t\t\t\t\t\t\t\t\t<a href=\"https:\/\/dev.antudigital.cl\/sites\/fotografia\/pueblo-fueguino\/temas\/cuerpos-y-gestos-en-imagenes-fueguinas\/vestidura-investidura-y-despojo\/\">\n\n\t\t\t\t\t\t\t\t\t\t\t\t<span class=\"elementor-icon-list-icon\">\n\t\t\t\t\t\t\t<i aria-hidden=\"true\" class=\"fas fa-circle\"><\/i>\t\t\t\t\t\t<\/span>\n\t\t\t\t\t\t\t\t\t\t<span class=\"elementor-icon-list-text\">Vestidura, investidura y despojo<\/span>\n\t\t\t\t\t\t\t\t\t\t\t<\/a>\n\t\t\t\t\t\t\t\t\t<\/li>\n\t\t\t\t\t\t\t\t<li class=\"elementor-icon-list-item\">\n\t\t\t\t\t\t\t\t\t\t\t<a href=\"https:\/\/dev.antudigital.cl\/sites\/fotografia\/pueblo-fueguino\/temas\/cuerpos-y-gestos-en-imagenes-fueguinas\/vestidura-e-investidura-en-el-estudio-del-fotografo\/\">\n\n\t\t\t\t\t\t\t\t\t\t\t\t<span class=\"elementor-icon-list-icon\">\n\t\t\t\t\t\t\t<i aria-hidden=\"true\" class=\"fas fa-circle\"><\/i>\t\t\t\t\t\t<\/span>\n\t\t\t\t\t\t\t\t\t\t<span class=\"elementor-icon-list-text\">Vestidura e investidura en el Estudio del fot\u00f3grafo<\/span>\n\t\t\t\t\t\t\t\t\t\t\t<\/a>\n\t\t\t\t\t\t\t\t\t<\/li>\n\t\t\t\t\t\t\t\t<li class=\"elementor-icon-list-item\">\n\t\t\t\t\t\t\t\t\t\t\t<a href=\"https:\/\/dev.antudigital.cl\/sites\/fotografia\/pueblo-fueguino\/temas\/cuerpos-y-gestos-en-imagenes-fueguinas\/vestidos-y-despojados\/\">\n\n\t\t\t\t\t\t\t\t\t\t\t\t<span class=\"elementor-icon-list-icon\">\n\t\t\t\t\t\t\t<i aria-hidden=\"true\" class=\"fas fa-circle\"><\/i>\t\t\t\t\t\t<\/span>\n\t\t\t\t\t\t\t\t\t\t<span class=\"elementor-icon-list-text\">Vestidos y despojados<\/span>\n\t\t\t\t\t\t\t\t\t\t\t<\/a>\n\t\t\t\t\t\t\t\t\t<\/li>\n\t\t\t\t\t\t\t\t<li class=\"elementor-icon-list-item\">\n\t\t\t\t\t\t\t\t\t\t\t<a href=\"https:\/\/dev.antudigital.cl\/sites\/fotografia\/pueblo-fueguino\/temas\/cuerpos-y-gestos-en-imagenes-fueguinas\/cuerpos-de-herculeanos-y-cuerpos-de-trogloditas\/\">\n\n\t\t\t\t\t\t\t\t\t\t\t\t<span class=\"elementor-icon-list-icon\">\n\t\t\t\t\t\t\t<i aria-hidden=\"true\" class=\"fas fa-circle\"><\/i>\t\t\t\t\t\t<\/span>\n\t\t\t\t\t\t\t\t\t\t<span class=\"elementor-icon-list-text\">Cuerpos de herculeanos y cuerpos de trogloditas<\/span>\n\t\t\t\t\t\t\t\t\t\t\t<\/a>\n\t\t\t\t\t\t\t\t\t<\/li>\n\t\t\t\t\t\t\t\t<li class=\"elementor-icon-list-item\">\n\t\t\t\t\t\t\t\t\t\t\t<a href=\"https:\/\/dev.antudigital.cl\/sites\/fotografia\/pueblo-fueguino\/temas\/cuerpos-y-gestos-en-imagenes-fueguinas\/paisajes-propios-y-paisajes-enajenados\/\">\n\n\t\t\t\t\t\t\t\t\t\t\t\t<span class=\"elementor-icon-list-icon\">\n\t\t\t\t\t\t\t<i aria-hidden=\"true\" class=\"fas fa-circle\"><\/i>\t\t\t\t\t\t<\/span>\n\t\t\t\t\t\t\t\t\t\t<span class=\"elementor-icon-list-text\">Paisajes propios y paisajes enajenados<\/span>\n\t\t\t\t\t\t\t\t\t\t\t<\/a>\n\t\t\t\t\t\t\t\t\t<\/li>\n\t\t\t\t\t\t\t\t<li class=\"elementor-icon-list-item\">\n\t\t\t\t\t\t\t\t\t\t\t<a href=\"https:\/\/dev.antudigital.cl\/sites\/fotografia\/pueblo-fueguino\/temas\/cuerpos-y-gestos-en-imagenes-fueguinas\/supervivientes-cazadores-y-sobrevivientes-canoeros\/\">\n\n\t\t\t\t\t\t\t\t\t\t\t\t<span class=\"elementor-icon-list-icon\">\n\t\t\t\t\t\t\t<i aria-hidden=\"true\" class=\"fas fa-circle\"><\/i>\t\t\t\t\t\t<\/span>\n\t\t\t\t\t\t\t\t\t\t<span class=\"elementor-icon-list-text\">Supervivientes cazadores y sobrevivientes canoeros<\/span>\n\t\t\t\t\t\t\t\t\t\t\t<\/a>\n\t\t\t\t\t\t\t\t\t<\/li>\n\t\t\t\t\t\t\t\t<li class=\"elementor-icon-list-item\">\n\t\t\t\t\t\t\t\t\t\t\t<a href=\"https:\/\/dev.antudigital.cl\/sites\/fotografia\/pueblo-fueguino\/temas\/cuerpos-y-gestos-en-imagenes-fueguinas\/ritual-pintura-corporal-y-puesta-en-escena\/\">\n\n\t\t\t\t\t\t\t\t\t\t\t\t<span class=\"elementor-icon-list-icon\">\n\t\t\t\t\t\t\t<i aria-hidden=\"true\" class=\"fas fa-circle\"><\/i>\t\t\t\t\t\t<\/span>\n\t\t\t\t\t\t\t\t\t\t<span class=\"elementor-icon-list-text\">Ritual, pintura corporal y puesta en escena<\/span>\n\t\t\t\t\t\t\t\t\t\t\t<\/a>\n\t\t\t\t\t\t\t\t\t<\/li>\n\t\t\t\t\t\t<\/ul>\n\t\t\t\t\t\t<\/div>\n\t\t\t\t<\/div>\n\t\t\t\t<\/div>\n\t\t<div class=\"elementor-element elementor-element-39b122c e-con-full container-info e-flex e-con e-child\" data-id=\"39b122c\" data-element_type=\"container\">\n\t\t\t\t<div class=\"elementor-element elementor-element-c3a246d elementor-widget elementor-widget-heading\" data-id=\"c3a246d\" data-element_type=\"widget\" data-widget_type=\"heading.default\">\n\t\t\t\t<div class=\"elementor-widget-container\">\n\t\t\t\t\t<h1 class=\"elementor-heading-title elementor-size-default\">Presentaci\u00f3n<\/h1>\t\t\t\t<\/div>\n\t\t\t\t<\/div>\n\t\t\t\t<div class=\"elementor-element elementor-element-e03d1c3 elementor-widget elementor-widget-text-editor\" data-id=\"e03d1c3\" data-element_type=\"widget\" data-widget_type=\"text-editor.default\">\n\t\t\t\t<div class=\"elementor-widget-container\">\n\t\t\t\t\t\t\t\t\t<p>Nuestro encuentro con los dem\u00e1s, entre muchas y diferentes instancias, se produce dentro de la corporalidad, definida como una construcci\u00f3n cultural del cuerpo, influenciada por\u00a0 las visiones particulares de cada grupo social.En diversas fotograf\u00edas tomadas a poblaciones nativas de Tierra del Fuego se evidencian las pr\u00e1cticas culturales ejercidas por los fot\u00f3grafos sobre el cuerpo y sus gestualidades. En \u00e9stas se aprecian las estrategias visuales adoptadas para representar los cuerpos de determinadas alteridades, junto a la\u00a0<strong>indumentaria<\/strong>\u00a0y los adornos.\u00a0Aqu\u00ed mostraremos y analizaremos algunos casos de producci\u00f3n fotogr\u00e1fica realizados entre los siglos XIX y XX, de acuerdo a las visiones que diversos fot\u00f3grafos tienen sobre el cuerpo y los gestos de Selk\u2019nam, Kaw\u00e9sqar y Y\u00e1mana.<\/p>\t\t\t\t\t\t\t\t<\/div>\n\t\t\t\t<\/div>\n\t\t\t\t<div class=\"elementor-element elementor-element-0ac22a5 elementor-widget elementor-widget-heading\" data-id=\"0ac22a5\" data-element_type=\"widget\" data-widget_type=\"heading.default\">\n\t\t\t\t<div class=\"elementor-widget-container\">\n\t\t\t\t\t<h4 class=\"elementor-heading-title elementor-size-default\">Pedro Mege Rosso y Margarita Alvarado P\u00e9rez<\/h4>\t\t\t\t<\/div>\n\t\t\t\t<\/div>\n\t\t\t\t<\/div>\n\t\t<div class=\"elementor-element elementor-element-d6579d3 e-con-full elementor-hidden-tablet elementor-hidden-mobile e-flex e-con e-child\" data-id=\"d6579d3\" data-element_type=\"container\">\n\t\t\t\t<\/div>\n\t\t\t\t<\/div>\n\t\t\t\t<\/div>\n\t\t","protected":false},"excerpt":{"rendered":"<p>Fueguinos FUEGUINOS CUERPOS Y GESTOS EN IM\u00c1GENES FUEGUINAS Presentaci\u00f3n Vestidura, investidura y despojo Vestidura e investidura en el Estudio del fot\u00f3grafo Vestidos y despojados Cuerpos de herculeanos y cuerpos de trogloditas Paisajes propios y paisajes enajenados Supervivientes cazadores y sobrevivientes canoeros Ritual, pintura corporal y puesta en escena Presentaci\u00f3n Nuestro encuentro con los dem\u00e1s, entre [&hellip;]<\/p>\n","protected":false},"author":1,"featured_media":0,"parent":6450,"menu_order":4,"comment_status":"open","ping_status":"open","template":"elementor_header_footer","format":"standard","meta":{"footnotes":""},"class_list":["post-6457","pueblo-fueguino","type-pueblo-fueguino","status-publish","format-standard","hentry"],"_links":{"self":[{"href":"https:\/\/dev.antudigital.cl\/sites\/fotografia\/wp-json\/wp\/v2\/pueblo-fueguino\/6457","targetHints":{"allow":["GET"]}}],"collection":[{"href":"https:\/\/dev.antudigital.cl\/sites\/fotografia\/wp-json\/wp\/v2\/pueblo-fueguino"}],"about":[{"href":"https:\/\/dev.antudigital.cl\/sites\/fotografia\/wp-json\/wp\/v2\/types\/pueblo-fueguino"}],"author":[{"embeddable":true,"href":"https:\/\/dev.antudigital.cl\/sites\/fotografia\/wp-json\/wp\/v2\/users\/1"}],"replies":[{"embeddable":true,"href":"https:\/\/dev.antudigital.cl\/sites\/fotografia\/wp-json\/wp\/v2\/comments?post=6457"}],"version-history":[{"count":7,"href":"https:\/\/dev.antudigital.cl\/sites\/fotografia\/wp-json\/wp\/v2\/pueblo-fueguino\/6457\/revisions"}],"predecessor-version":[{"id":6896,"href":"https:\/\/dev.antudigital.cl\/sites\/fotografia\/wp-json\/wp\/v2\/pueblo-fueguino\/6457\/revisions\/6896"}],"up":[{"embeddable":true,"href":"https:\/\/dev.antudigital.cl\/sites\/fotografia\/wp-json\/wp\/v2\/pueblo-fueguino\/6450"}],"wp:attachment":[{"href":"https:\/\/dev.antudigital.cl\/sites\/fotografia\/wp-json\/wp\/v2\/media?parent=6457"}],"curies":[{"name":"wp","href":"https:\/\/api.w.org\/{rel}","templated":true}]}}