{"id":6569,"date":"2025-04-08T20:25:52","date_gmt":"2025-04-09T00:25:52","guid":{"rendered":"https:\/\/dev.antudigital.cl\/sites\/fotografia\/?post_type=pueblo-fueguino&#038;p=6569"},"modified":"2025-04-12T20:18:56","modified_gmt":"2025-04-13T00:18:56","slug":"plano-general","status":"publish","type":"pueblo-fueguino","link":"https:\/\/dev.antudigital.cl\/sites\/fotografia\/pueblo-fueguino\/temas\/el-documental-fueguino\/plano-general\/","title":{"rendered":"Plano General"},"content":{"rendered":"\t\t<div data-elementor-type=\"wp-post\" data-elementor-id=\"6569\" class=\"elementor elementor-6569\" data-elementor-post-type=\"pueblo-fueguino\">\n\t\t\t\t<div class=\"elementor-element elementor-element-91ce1c6 e-con-full container-start e-flex e-con e-parent\" data-id=\"91ce1c6\" data-element_type=\"container\" data-settings=\"{&quot;background_background&quot;:&quot;classic&quot;}\">\n\t\t<div class=\"elementor-element elementor-element-2564af8 e-con-full elementor-hidden-tablet elementor-hidden-mobile e-flex e-con e-child\" data-id=\"2564af8\" data-element_type=\"container\">\n\t\t\t\t<div class=\"elementor-element elementor-element-43cf72e elementor-widget elementor-widget-spacer\" data-id=\"43cf72e\" data-element_type=\"widget\" data-widget_type=\"spacer.default\">\n\t\t\t\t<div class=\"elementor-widget-container\">\n\t\t\t\t\t\t\t<div class=\"elementor-spacer\">\n\t\t\t<div class=\"elementor-spacer-inner\"><\/div>\n\t\t<\/div>\n\t\t\t\t\t\t<\/div>\n\t\t\t\t<\/div>\n\t\t<div class=\"elementor-element elementor-element-e5a97dd e-con-full e-flex e-con e-child\" data-id=\"e5a97dd\" data-element_type=\"container\">\n\t\t\t\t<div class=\"elementor-element elementor-element-bd82aae elementor-widget elementor-widget-heading\" data-id=\"bd82aae\" data-element_type=\"widget\" data-widget_type=\"heading.default\">\n\t\t\t\t<div class=\"elementor-widget-container\">\n\t\t\t\t\t<h1 class=\"elementor-heading-title elementor-size-default\">Fueguinos<\/h1>\t\t\t\t<\/div>\n\t\t\t\t<\/div>\n\t\t\t\t<div class=\"elementor-element elementor-element-49147c6 menu-offcanvas elementor-widget elementor-widget-nav-menu\" data-id=\"49147c6\" data-element_type=\"widget\" data-settings=\"{&quot;layout&quot;:&quot;dropdown&quot;,&quot;submenu_icon&quot;:{&quot;value&quot;:&quot;&lt;i class=\\&quot;\\&quot; aria-hidden=\\&quot;true\\&quot;&gt;&lt;\\\/i&gt;&quot;,&quot;library&quot;:&quot;&quot;}}\" data-widget_type=\"nav-menu.default\">\n\t\t\t\t<div class=\"elementor-widget-container\">\n\t\t\t\t\t\t\t\t<nav class=\"elementor-nav-menu--dropdown elementor-nav-menu__container\" aria-hidden=\"true\">\n\t\t\t\t<ul id=\"menu-2-49147c6\" class=\"elementor-nav-menu\"><li class=\"menu-item menu-item-type-custom menu-item-object-custom menu-item-has-children menu-item-5637\"><a href=\"#\" class=\"elementor-item elementor-item-anchor\" tabindex=\"-1\">Temas<\/a>\n<ul class=\"sub-menu elementor-nav-menu--dropdown\">\n\t<li class=\"menu-item menu-item-type-post_type menu-item-object-pueblo-fueguino menu-item-6499\"><a href=\"https:\/\/dev.antudigital.cl\/sites\/fotografia\/pueblo-fueguino\/temas\/representacion-visual-del-paisaje-fueguino-en-la-fotografia\/\" class=\"elementor-sub-item\" tabindex=\"-1\">REPRESENTACI\u00d3N VISUAL DEL PAISAJE FUEGUINO EN LA FOTOGRAF\u00cdA<\/a><\/li>\n\t<li class=\"menu-item menu-item-type-post_type menu-item-object-pueblo-fueguino menu-item-6498\"><a href=\"https:\/\/dev.antudigital.cl\/sites\/fotografia\/pueblo-fueguino\/temas\/isla-misional-inmensidad-total\/\" class=\"elementor-sub-item\" tabindex=\"-1\">ISLA MISIONAL. INMENSIDAD TOTAL<\/a><\/li>\n\t<li class=\"menu-item menu-item-type-post_type menu-item-object-pueblo-fueguino menu-item-6497\"><a href=\"https:\/\/dev.antudigital.cl\/sites\/fotografia\/pueblo-fueguino\/temas\/canoeros-del-fin-del-mundo\/\" class=\"elementor-sub-item\" tabindex=\"-1\">CANOEROS DEL FIN DEL MUNDO<\/a><\/li>\n\t<li class=\"menu-item menu-item-type-post_type menu-item-object-pueblo-fueguino menu-item-6494\"><a href=\"https:\/\/dev.antudigital.cl\/sites\/fotografia\/pueblo-fueguino\/temas\/cuerpos-y-gestos-en-imagenes-fueguinas\/\" class=\"elementor-sub-item\" tabindex=\"-1\">CUERPOS Y GESTOS EN IM\u00c1GENES FUEGUINAS<\/a><\/li>\n\t<li class=\"menu-item menu-item-type-post_type menu-item-object-pueblo-fueguino menu-item-6496\"><a href=\"https:\/\/dev.antudigital.cl\/sites\/fotografia\/pueblo-fueguino\/temas\/el-documental-fueguino\/\" class=\"elementor-sub-item\" tabindex=\"-1\">EL DOCUMENTAL FUEGUINO<\/a><\/li>\n\t<li class=\"menu-item menu-item-type-post_type menu-item-object-pueblo-fueguino menu-item-6493\"><a href=\"https:\/\/dev.antudigital.cl\/sites\/fotografia\/pueblo-fueguino\/temas\/fotografias-de-fueguinos-en-textos-escolares\/\" class=\"elementor-sub-item\" tabindex=\"-1\">FOTOGRAF\u00cdAS DE FUEGUINOS EN TEXTOS ESCOLARES<\/a><\/li>\n\t<li class=\"menu-item menu-item-type-post_type menu-item-object-pueblo-fueguino menu-item-6495\"><a href=\"https:\/\/dev.antudigital.cl\/sites\/fotografia\/pueblo-fueguino\/temas\/tierra-del-fuego-construida-con-los-ojos\/\" class=\"elementor-sub-item\" tabindex=\"-1\">TIERRA DEL FUEGO CONSTRUIDA CON LOS OJOS<\/a><\/li>\n<\/ul>\n<\/li>\n<li class=\"menu-item menu-item-type-custom menu-item-object-custom menu-item-has-children menu-item-5638\"><a href=\"#\" class=\"elementor-item elementor-item-anchor\" tabindex=\"-1\">Autores<\/a>\n<ul class=\"sub-menu elementor-nav-menu--dropdown\">\n\t<li class=\"menu-item menu-item-type-post_type menu-item-object-pueblo-fueguino menu-item-7031\"><a href=\"https:\/\/dev.antudigital.cl\/sites\/fotografia\/pueblo-fueguino\/autores\/carla-moller-zunino\/\" class=\"elementor-sub-item\" tabindex=\"-1\">Carla Moller Zunino<\/a><\/li>\n\t<li class=\"menu-item menu-item-type-post_type menu-item-object-pueblo-fueguino menu-item-7029\"><a href=\"https:\/\/dev.antudigital.cl\/sites\/fotografia\/pueblo-fueguino\/autores\/maria-paz-bajas-irizar\/\" class=\"elementor-sub-item\" tabindex=\"-1\">Mar\u00eda Paz Bajas Irizar<\/a><\/li>\n\t<li class=\"menu-item menu-item-type-post_type menu-item-object-pueblo-fueguino menu-item-7025\"><a href=\"https:\/\/dev.antudigital.cl\/sites\/fotografia\/pueblo-fueguino\/autores\/maria-carolina-odone-correa\/\" class=\"elementor-sub-item\" tabindex=\"-1\">Mar\u00eda Carolina Odone Correa<\/a><\/li>\n\t<li class=\"menu-item menu-item-type-post_type menu-item-object-pueblo-fueguino menu-item-7028\"><a href=\"https:\/\/dev.antudigital.cl\/sites\/fotografia\/pueblo-fueguino\/autores\/margarita-alvarado-perez\/\" class=\"elementor-sub-item\" tabindex=\"-1\">Margarita Alvarado P\u00e9rez<\/a><\/li>\n\t<li class=\"menu-item menu-item-type-post_type menu-item-object-pueblo-fueguino menu-item-7024\"><a href=\"https:\/\/dev.antudigital.cl\/sites\/fotografia\/pueblo-fueguino\/autores\/pedro-mege-rosso\/\" class=\"elementor-sub-item\" tabindex=\"-1\">Pedro Mege Rosso<\/a><\/li>\n\t<li class=\"menu-item menu-item-type-post_type menu-item-object-pueblo-fueguino menu-item-7027\"><a href=\"https:\/\/dev.antudigital.cl\/sites\/fotografia\/pueblo-fueguino\/autores\/felipe-a-maturana-diaz\/\" class=\"elementor-sub-item\" tabindex=\"-1\">Felipe A. Maturana D\u00edaz<\/a><\/li>\n\t<li class=\"menu-item menu-item-type-post_type menu-item-object-pueblo-fueguino menu-item-7026\"><a href=\"https:\/\/dev.antudigital.cl\/sites\/fotografia\/pueblo-fueguino\/autores\/christian-baez-allende\/\" class=\"elementor-sub-item\" tabindex=\"-1\">Christian B\u00e1ez Allende<\/a><\/li>\n\t<li class=\"menu-item menu-item-type-post_type menu-item-object-pueblo-fueguino menu-item-7030\"><a href=\"https:\/\/dev.antudigital.cl\/sites\/fotografia\/pueblo-fueguino\/autores\/alejandra-castro-rodriguez\/\" class=\"elementor-sub-item\" tabindex=\"-1\">Alejandra Castro Rodr\u00edguez<\/a><\/li>\n\t<li class=\"menu-item menu-item-type-post_type menu-item-object-pueblo-fueguino menu-item-7023\"><a href=\"https:\/\/dev.antudigital.cl\/sites\/fotografia\/pueblo-fueguino\/autores\/gerardo-mora-rivera\/\" class=\"elementor-sub-item\" tabindex=\"-1\">Gerardo Mora Rivera<\/a><\/li>\n<\/ul>\n<\/li>\n<li class=\"menu-item menu-item-type-post_type menu-item-object-pueblo-fueguino menu-item-5670\"><a href=\"https:\/\/dev.antudigital.cl\/sites\/fotografia\/pueblo-fueguino\/territorio\/\" class=\"elementor-item\" tabindex=\"-1\">Territorio<\/a><\/li>\n<li class=\"menu-item menu-item-type-post_type menu-item-object-pueblo-fueguino menu-item-5669\"><a href=\"https:\/\/dev.antudigital.cl\/sites\/fotografia\/pueblo-fueguino\/glosario\/\" class=\"elementor-item\" tabindex=\"-1\">Glosario<\/a><\/li>\n<li class=\"menu-item menu-item-type-post_type menu-item-object-pueblo-fueguino menu-item-5668\"><a href=\"https:\/\/dev.antudigital.cl\/sites\/fotografia\/pueblo-fueguino\/bibliografia\/\" class=\"elementor-item\" tabindex=\"-1\">Bibliograf\u00eda<\/a><\/li>\n<\/ul>\t\t\t<\/nav>\n\t\t\t\t\t\t<\/div>\n\t\t\t\t<\/div>\n\t\t\t\t<\/div>\n\t\t\t\t<\/div>\n\t\t<div class=\"elementor-element elementor-element-117dd74 e-con-full container-nav e-flex e-con e-child\" data-id=\"117dd74\" data-element_type=\"container\" data-settings=\"{&quot;background_background&quot;:&quot;classic&quot;}\">\n\t\t\t\t<div class=\"elementor-element elementor-element-2fd130d elementor-align-justify elementor-widget__width-inherit elementor-hidden-desktop elementor-widget elementor-widget-button\" data-id=\"2fd130d\" data-element_type=\"widget\" data-widget_type=\"button.default\">\n\t\t\t\t<div class=\"elementor-widget-container\">\n\t\t\t\t\t\t\t\t\t<div class=\"elementor-button-wrapper\">\n\t\t\t\t\t<a class=\"elementor-button elementor-button-link elementor-size-sm\" href=\"#elementor-action%3Aaction%3Dpopup%3Aopen%26settings%3DeyJpZCI6IjU2MzkiLCJ0b2dnbGUiOmZhbHNlfQ%3D%3D\">\n\t\t\t\t\t\t<span class=\"elementor-button-content-wrapper\">\n\t\t\t\t\t\t<span class=\"elementor-button-icon\">\n\t\t\t\t<i aria-hidden=\"true\" class=\"fas fa-bars\"><\/i>\t\t\t<\/span>\n\t\t\t\t\t\t\t\t\t<span class=\"elementor-button-text\">FUEGUINOS<\/span>\n\t\t\t\t\t<\/span>\n\t\t\t\t\t<\/a>\n\t\t\t\t<\/div>\n\t\t\t\t\t\t\t\t<\/div>\n\t\t\t\t<\/div>\n\t\t\t\t<div class=\"elementor-element elementor-element-be8df05 elementor-widget elementor-widget-heading\" data-id=\"be8df05\" data-element_type=\"widget\" data-widget_type=\"heading.default\">\n\t\t\t\t<div class=\"elementor-widget-container\">\n\t\t\t\t\t<h4 class=\"elementor-heading-title elementor-size-default\">EL DOCUMENTAL FUEGUINO<\/h4>\t\t\t\t<\/div>\n\t\t\t\t<\/div>\n\t\t\t\t<div class=\"elementor-element elementor-element-2094e80 elementor-icon-list--layout-traditional elementor-list-item-link-full_width elementor-widget elementor-widget-icon-list\" data-id=\"2094e80\" data-element_type=\"widget\" data-widget_type=\"icon-list.default\">\n\t\t\t\t<div class=\"elementor-widget-container\">\n\t\t\t\t\t\t\t<ul class=\"elementor-icon-list-items\">\n\t\t\t\t\t\t\t<li class=\"elementor-icon-list-item\">\n\t\t\t\t\t\t\t\t\t\t\t<a href=\"https:\/\/dev.antudigital.cl\/sites\/fotografia\/pueblo-fueguino\/temas\/el-documental-fueguino\/\">\n\n\t\t\t\t\t\t\t\t\t\t\t\t<span class=\"elementor-icon-list-icon\">\n\t\t\t\t\t\t\t<i aria-hidden=\"true\" class=\"fas fa-circle\"><\/i>\t\t\t\t\t\t<\/span>\n\t\t\t\t\t\t\t\t\t\t<span class=\"elementor-icon-list-text\">Presentaci\u00f3n<\/span>\n\t\t\t\t\t\t\t\t\t\t\t<\/a>\n\t\t\t\t\t\t\t\t\t<\/li>\n\t\t\t\t\t\t\t\t<li class=\"elementor-icon-list-item\">\n\t\t\t\t\t\t\t\t\t\t\t<a href=\"https:\/\/dev.antudigital.cl\/sites\/fotografia\/pueblo-fueguino\/temas\/el-documental-fueguino\/la-narrativa-documental\/\">\n\n\t\t\t\t\t\t\t\t\t\t\t\t<span class=\"elementor-icon-list-icon\">\n\t\t\t\t\t\t\t<i aria-hidden=\"true\" class=\"fas fa-circle\"><\/i>\t\t\t\t\t\t<\/span>\n\t\t\t\t\t\t\t\t\t\t<span class=\"elementor-icon-list-text\">La narrativa documental<\/span>\n\t\t\t\t\t\t\t\t\t\t\t<\/a>\n\t\t\t\t\t\t\t\t\t<\/li>\n\t\t\t\t\t\t\t\t<li class=\"elementor-icon-list-item\">\n\t\t\t\t\t\t\t\t\t\t\t<a href=\"https:\/\/dev.antudigital.cl\/sites\/fotografia\/pueblo-fueguino\/temas\/el-documental-fueguino\/plano-general\/\" class=\"item-active\">\n\n\t\t\t\t\t\t\t\t\t\t\t\t<span class=\"elementor-icon-list-icon\">\n\t\t\t\t\t\t\t<i aria-hidden=\"true\" class=\"fas fa-circle\"><\/i>\t\t\t\t\t\t<\/span>\n\t\t\t\t\t\t\t\t\t\t<span class=\"elementor-icon-list-text\">Plano General<\/span>\n\t\t\t\t\t\t\t\t\t\t\t<\/a>\n\t\t\t\t\t\t\t\t\t<\/li>\n\t\t\t\t\t\t\t\t<li class=\"elementor-icon-list-item\">\n\t\t\t\t\t\t\t\t\t\t\t<a href=\"https:\/\/dev.antudigital.cl\/sites\/fotografia\/pueblo-fueguino\/temas\/el-documental-fueguino\/plano-medio\/\">\n\n\t\t\t\t\t\t\t\t\t\t\t\t<span class=\"elementor-icon-list-icon\">\n\t\t\t\t\t\t\t<i aria-hidden=\"true\" class=\"fas fa-circle\"><\/i>\t\t\t\t\t\t<\/span>\n\t\t\t\t\t\t\t\t\t\t<span class=\"elementor-icon-list-text\">Plano Medio<\/span>\n\t\t\t\t\t\t\t\t\t\t\t<\/a>\n\t\t\t\t\t\t\t\t\t<\/li>\n\t\t\t\t\t\t\t\t<li class=\"elementor-icon-list-item\">\n\t\t\t\t\t\t\t\t\t\t\t<a href=\"https:\/\/dev.antudigital.cl\/sites\/fotografia\/pueblo-fueguino\/temas\/el-documental-fueguino\/primer-plano\/\">\n\n\t\t\t\t\t\t\t\t\t\t\t\t<span class=\"elementor-icon-list-icon\">\n\t\t\t\t\t\t\t<i aria-hidden=\"true\" class=\"fas fa-circle\"><\/i>\t\t\t\t\t\t<\/span>\n\t\t\t\t\t\t\t\t\t\t<span class=\"elementor-icon-list-text\">Primer Plano<\/span>\n\t\t\t\t\t\t\t\t\t\t\t<\/a>\n\t\t\t\t\t\t\t\t\t<\/li>\n\t\t\t\t\t\t<\/ul>\n\t\t\t\t\t\t<\/div>\n\t\t\t\t<\/div>\n\t\t\t\t<\/div>\n\t\t<div class=\"elementor-element elementor-element-b7d6b7f e-con-full container-info e-flex e-con e-child\" data-id=\"b7d6b7f\" data-element_type=\"container\">\n\t\t\t\t<div class=\"elementor-element elementor-element-274c05c elementor-widget elementor-widget-heading\" data-id=\"274c05c\" data-element_type=\"widget\" data-widget_type=\"heading.default\">\n\t\t\t\t<div class=\"elementor-widget-container\">\n\t\t\t\t\t<h1 class=\"elementor-heading-title elementor-size-default\">Plano General<\/h1>\t\t\t\t<\/div>\n\t\t\t\t<\/div>\n\t\t\t\t<div class=\"elementor-element elementor-element-5776657 elementor-widget elementor-widget-text-editor\" data-id=\"5776657\" data-element_type=\"widget\" data-widget_type=\"text-editor.default\">\n\t\t\t\t<div class=\"elementor-widget-container\">\n\t\t\t\t\t\t\t\t\t<p>A nivel general del film, en ambas pel\u00edculas se observa una experimentaci\u00f3n en el leguaje audiovisual que rompe con las convenciones del documental. Por un lado, Paola Castillo nos plantea una forma h\u00edbrida entre narraci\u00f3n convencionalizada y construcci\u00f3n audiovisual evocativa. Trabaja la emotividad desde lo tangible, las \u00faltimas descendientes Y\u00e1manas y busca llegar a lo intangible, la cultura que se desvanece. Y por el otro lado, Christian Aylwin nos plantea una alteridad radical que debe ser decodificada, a trav\u00e9s de claves audiovisuales inscritas en un lenguaje audiovisual muy similar a \u201clas l\u00edneas de narraci\u00f3n interrumpida\u201d propuestas por Juan Downey, quien busca \u201ccortocircuitar los significantes para que los espectadores chisporroteen significados nuevos\u201d (Downey, 1987).<\/p>\t\t\t\t\t\t\t\t<\/div>\n\t\t\t\t<\/div>\n\t\t\t\t<div class=\"elementor-element elementor-element-072f4bd elementor-widget elementor-widget-heading\" data-id=\"072f4bd\" data-element_type=\"widget\" data-widget_type=\"heading.default\">\n\t\t\t\t<div class=\"elementor-widget-container\">\n\t\t\t\t\t<h4 class=\"elementor-heading-title elementor-size-default\">Felipe A. Maturana D\u00edaz<\/h4>\t\t\t\t<\/div>\n\t\t\t\t<\/div>\n\t\t\t\t<\/div>\n\t\t<div class=\"elementor-element elementor-element-48d57d5 e-con-full container-media e-flex e-con e-child\" data-id=\"48d57d5\" data-element_type=\"container\">\n\t\t\t\t<div class=\"elementor-element elementor-element-df37657 elementor-align-left elementor-absolute elementor-hidden-tablet elementor-hidden-mobile elementor-widget elementor-widget-button\" data-id=\"df37657\" data-element_type=\"widget\" data-settings=\"{&quot;_position&quot;:&quot;absolute&quot;}\" data-widget_type=\"button.default\">\n\t\t\t\t<div class=\"elementor-widget-container\">\n\t\t\t\t\t\t\t\t\t<div class=\"elementor-button-wrapper\">\n\t\t\t\t\t<a class=\"elementor-button elementor-button-link elementor-size-sm\" href=\"#\" id=\"btn-expand\">\n\t\t\t\t\t\t<span class=\"elementor-button-content-wrapper\">\n\t\t\t\t\t\t<span class=\"elementor-button-icon\">\n\t\t\t\t<i aria-hidden=\"true\" class=\"fas fa-long-arrow-alt-left\"><\/i>\t\t\t<\/span>\n\t\t\t\t\t\t\t\t<\/span>\n\t\t\t\t\t<\/a>\n\t\t\t\t<\/div>\n\t\t\t\t\t\t\t\t<\/div>\n\t\t\t\t<\/div>\n\t\t\t\t<div class=\"elementor-element elementor-element-067ecfe elementor-widget elementor-widget-video\" data-id=\"067ecfe\" data-element_type=\"widget\" data-settings=\"{&quot;video_type&quot;:&quot;vimeo&quot;}\" data-widget_type=\"video.default\">\n\t\t\t\t<div class=\"elementor-widget-container\">\n\t\t\t\t\t\t\t<div class=\"elementor-wrapper elementor-open-inline\">\n\t\t\t<iframe class=\"elementor-video-iframe\" allowfullscreen allow=\"clipboard-write\" title=\"Reproductor de v\u00eddeo vimeo\" src=\"https:\/\/player.vimeo.com\/video\/55450909?color&amp;autopause=0&amp;loop=0&amp;muted=0&amp;title=0&amp;portrait=0&amp;byline=0#t=\"><\/iframe>\t\t<\/div>\n\t\t\t\t\t\t<\/div>\n\t\t\t\t<\/div>\n\t\t\t\t<div class=\"elementor-element elementor-element-9880dc7 content-to-hide elementor-widget elementor-widget-text-editor\" data-id=\"9880dc7\" data-element_type=\"widget\" data-widget_type=\"text-editor.default\">\n\t\t\t\t<div class=\"elementor-widget-container\">\n\t\t\t\t\t\t\t\t\t<strong>Realizaci\u00f3n e Investigaci\u00f3n Audiovisual:<\/strong> Felipe Maturana D\u00edaz.<\/pre>\nProyecto de Investigaci\u00f3n Fondecyt 1030029. <strong>A\u00f1o:<\/strong> 2005 \/ <strong>Duraci\u00f3n:<\/strong> 07.28 min.\t\t\t\t\t\t\t\t<\/div>\n\t\t\t\t<\/div>\n\t\t\t\t<\/div>\n\t\t\t\t<\/div>\n\t\t\t\t<\/div>\n\t\t","protected":false},"excerpt":{"rendered":"<p>Fueguinos FUEGUINOS EL DOCUMENTAL FUEGUINO Presentaci\u00f3n La narrativa documental Plano General Plano Medio Primer Plano A nivel general del film, en ambas pel\u00edculas se observa una experimentaci\u00f3n en el leguaje audiovisual que rompe con las convenciones del documental. Por un lado, Paola Castillo nos plantea una forma h\u00edbrida entre narraci\u00f3n convencionalizada y construcci\u00f3n audiovisual evocativa. [&hellip;]<\/p>\n","protected":false},"author":1,"featured_media":0,"parent":6458,"menu_order":1,"comment_status":"open","ping_status":"open","template":"elementor_header_footer","format":"standard","meta":{"footnotes":""},"class_list":["post-6569","pueblo-fueguino","type-pueblo-fueguino","status-publish","format-standard","hentry"],"_links":{"self":[{"href":"https:\/\/dev.antudigital.cl\/sites\/fotografia\/wp-json\/wp\/v2\/pueblo-fueguino\/6569","targetHints":{"allow":["GET"]}}],"collection":[{"href":"https:\/\/dev.antudigital.cl\/sites\/fotografia\/wp-json\/wp\/v2\/pueblo-fueguino"}],"about":[{"href":"https:\/\/dev.antudigital.cl\/sites\/fotografia\/wp-json\/wp\/v2\/types\/pueblo-fueguino"}],"author":[{"embeddable":true,"href":"https:\/\/dev.antudigital.cl\/sites\/fotografia\/wp-json\/wp\/v2\/users\/1"}],"replies":[{"embeddable":true,"href":"https:\/\/dev.antudigital.cl\/sites\/fotografia\/wp-json\/wp\/v2\/comments?post=6569"}],"version-history":[{"count":7,"href":"https:\/\/dev.antudigital.cl\/sites\/fotografia\/wp-json\/wp\/v2\/pueblo-fueguino\/6569\/revisions"}],"predecessor-version":[{"id":6934,"href":"https:\/\/dev.antudigital.cl\/sites\/fotografia\/wp-json\/wp\/v2\/pueblo-fueguino\/6569\/revisions\/6934"}],"up":[{"embeddable":true,"href":"https:\/\/dev.antudigital.cl\/sites\/fotografia\/wp-json\/wp\/v2\/pueblo-fueguino\/6458"}],"wp:attachment":[{"href":"https:\/\/dev.antudigital.cl\/sites\/fotografia\/wp-json\/wp\/v2\/media?parent=6569"}],"curies":[{"name":"wp","href":"https:\/\/api.w.org\/{rel}","templated":true}]}}