{"id":6582,"date":"2025-04-08T20:26:30","date_gmt":"2025-04-09T00:26:30","guid":{"rendered":"https:\/\/dev.antudigital.cl\/sites\/fotografia\/?post_type=pueblo-fueguino&#038;p=6582"},"modified":"2025-04-12T20:25:52","modified_gmt":"2025-04-13T00:25:52","slug":"lo-sobrenatural","status":"publish","type":"pueblo-fueguino","link":"https:\/\/dev.antudigital.cl\/sites\/fotografia\/pueblo-fueguino\/temas\/fotografias-de-fueguinos-en-textos-escolares\/lo-sobrenatural\/","title":{"rendered":"Lo sobrenatural\u00ad"},"content":{"rendered":"\t\t<div data-elementor-type=\"wp-post\" data-elementor-id=\"6582\" class=\"elementor elementor-6582\" data-elementor-post-type=\"pueblo-fueguino\">\n\t\t\t\t<div class=\"elementor-element elementor-element-91ce1c6 e-con-full container-start e-flex e-con e-parent\" data-id=\"91ce1c6\" data-element_type=\"container\" data-settings=\"{&quot;background_background&quot;:&quot;classic&quot;}\">\n\t\t<div class=\"elementor-element elementor-element-2564af8 e-con-full elementor-hidden-tablet elementor-hidden-mobile e-flex e-con e-child\" data-id=\"2564af8\" data-element_type=\"container\">\n\t\t\t\t<div class=\"elementor-element elementor-element-43cf72e elementor-widget elementor-widget-spacer\" data-id=\"43cf72e\" data-element_type=\"widget\" data-widget_type=\"spacer.default\">\n\t\t\t\t<div class=\"elementor-widget-container\">\n\t\t\t\t\t\t\t<div class=\"elementor-spacer\">\n\t\t\t<div class=\"elementor-spacer-inner\"><\/div>\n\t\t<\/div>\n\t\t\t\t\t\t<\/div>\n\t\t\t\t<\/div>\n\t\t<div class=\"elementor-element elementor-element-e5a97dd e-con-full e-flex e-con e-child\" data-id=\"e5a97dd\" data-element_type=\"container\">\n\t\t\t\t<div class=\"elementor-element elementor-element-bd82aae elementor-widget elementor-widget-heading\" data-id=\"bd82aae\" data-element_type=\"widget\" data-widget_type=\"heading.default\">\n\t\t\t\t<div class=\"elementor-widget-container\">\n\t\t\t\t\t<h1 class=\"elementor-heading-title elementor-size-default\">Fueguinos<\/h1>\t\t\t\t<\/div>\n\t\t\t\t<\/div>\n\t\t\t\t<div class=\"elementor-element elementor-element-49147c6 menu-offcanvas elementor-widget elementor-widget-nav-menu\" data-id=\"49147c6\" data-element_type=\"widget\" data-settings=\"{&quot;layout&quot;:&quot;dropdown&quot;,&quot;submenu_icon&quot;:{&quot;value&quot;:&quot;&lt;i class=\\&quot;\\&quot; aria-hidden=\\&quot;true\\&quot;&gt;&lt;\\\/i&gt;&quot;,&quot;library&quot;:&quot;&quot;}}\" data-widget_type=\"nav-menu.default\">\n\t\t\t\t<div class=\"elementor-widget-container\">\n\t\t\t\t\t\t\t\t<nav class=\"elementor-nav-menu--dropdown elementor-nav-menu__container\" aria-hidden=\"true\">\n\t\t\t\t<ul id=\"menu-2-49147c6\" class=\"elementor-nav-menu\"><li class=\"menu-item menu-item-type-custom menu-item-object-custom menu-item-has-children menu-item-5637\"><a href=\"#\" class=\"elementor-item elementor-item-anchor\" tabindex=\"-1\">Temas<\/a>\n<ul class=\"sub-menu elementor-nav-menu--dropdown\">\n\t<li class=\"menu-item menu-item-type-post_type menu-item-object-pueblo-fueguino menu-item-6499\"><a href=\"https:\/\/dev.antudigital.cl\/sites\/fotografia\/pueblo-fueguino\/temas\/representacion-visual-del-paisaje-fueguino-en-la-fotografia\/\" class=\"elementor-sub-item\" tabindex=\"-1\">REPRESENTACI\u00d3N VISUAL DEL PAISAJE FUEGUINO EN LA FOTOGRAF\u00cdA<\/a><\/li>\n\t<li class=\"menu-item menu-item-type-post_type menu-item-object-pueblo-fueguino menu-item-6498\"><a href=\"https:\/\/dev.antudigital.cl\/sites\/fotografia\/pueblo-fueguino\/temas\/isla-misional-inmensidad-total\/\" class=\"elementor-sub-item\" tabindex=\"-1\">ISLA MISIONAL. INMENSIDAD TOTAL<\/a><\/li>\n\t<li class=\"menu-item menu-item-type-post_type menu-item-object-pueblo-fueguino menu-item-6497\"><a href=\"https:\/\/dev.antudigital.cl\/sites\/fotografia\/pueblo-fueguino\/temas\/canoeros-del-fin-del-mundo\/\" class=\"elementor-sub-item\" tabindex=\"-1\">CANOEROS DEL FIN DEL MUNDO<\/a><\/li>\n\t<li class=\"menu-item menu-item-type-post_type menu-item-object-pueblo-fueguino menu-item-6494\"><a href=\"https:\/\/dev.antudigital.cl\/sites\/fotografia\/pueblo-fueguino\/temas\/cuerpos-y-gestos-en-imagenes-fueguinas\/\" class=\"elementor-sub-item\" tabindex=\"-1\">CUERPOS Y GESTOS EN IM\u00c1GENES FUEGUINAS<\/a><\/li>\n\t<li class=\"menu-item menu-item-type-post_type menu-item-object-pueblo-fueguino menu-item-6496\"><a href=\"https:\/\/dev.antudigital.cl\/sites\/fotografia\/pueblo-fueguino\/temas\/el-documental-fueguino\/\" class=\"elementor-sub-item\" tabindex=\"-1\">EL DOCUMENTAL FUEGUINO<\/a><\/li>\n\t<li class=\"menu-item menu-item-type-post_type menu-item-object-pueblo-fueguino menu-item-6493\"><a href=\"https:\/\/dev.antudigital.cl\/sites\/fotografia\/pueblo-fueguino\/temas\/fotografias-de-fueguinos-en-textos-escolares\/\" class=\"elementor-sub-item\" tabindex=\"-1\">FOTOGRAF\u00cdAS DE FUEGUINOS EN TEXTOS ESCOLARES<\/a><\/li>\n\t<li class=\"menu-item menu-item-type-post_type menu-item-object-pueblo-fueguino menu-item-6495\"><a href=\"https:\/\/dev.antudigital.cl\/sites\/fotografia\/pueblo-fueguino\/temas\/tierra-del-fuego-construida-con-los-ojos\/\" class=\"elementor-sub-item\" tabindex=\"-1\">TIERRA DEL FUEGO CONSTRUIDA CON LOS OJOS<\/a><\/li>\n<\/ul>\n<\/li>\n<li class=\"menu-item menu-item-type-custom menu-item-object-custom menu-item-has-children menu-item-5638\"><a href=\"#\" class=\"elementor-item elementor-item-anchor\" tabindex=\"-1\">Autores<\/a>\n<ul class=\"sub-menu elementor-nav-menu--dropdown\">\n\t<li class=\"menu-item menu-item-type-post_type menu-item-object-pueblo-fueguino menu-item-7031\"><a href=\"https:\/\/dev.antudigital.cl\/sites\/fotografia\/pueblo-fueguino\/autores\/carla-moller-zunino\/\" class=\"elementor-sub-item\" tabindex=\"-1\">Carla Moller Zunino<\/a><\/li>\n\t<li class=\"menu-item menu-item-type-post_type menu-item-object-pueblo-fueguino menu-item-7029\"><a href=\"https:\/\/dev.antudigital.cl\/sites\/fotografia\/pueblo-fueguino\/autores\/maria-paz-bajas-irizar\/\" class=\"elementor-sub-item\" tabindex=\"-1\">Mar\u00eda Paz Bajas Irizar<\/a><\/li>\n\t<li class=\"menu-item menu-item-type-post_type menu-item-object-pueblo-fueguino menu-item-7025\"><a href=\"https:\/\/dev.antudigital.cl\/sites\/fotografia\/pueblo-fueguino\/autores\/maria-carolina-odone-correa\/\" class=\"elementor-sub-item\" tabindex=\"-1\">Mar\u00eda Carolina Odone Correa<\/a><\/li>\n\t<li class=\"menu-item menu-item-type-post_type menu-item-object-pueblo-fueguino menu-item-7028\"><a href=\"https:\/\/dev.antudigital.cl\/sites\/fotografia\/pueblo-fueguino\/autores\/margarita-alvarado-perez\/\" class=\"elementor-sub-item\" tabindex=\"-1\">Margarita Alvarado P\u00e9rez<\/a><\/li>\n\t<li class=\"menu-item menu-item-type-post_type menu-item-object-pueblo-fueguino menu-item-7024\"><a href=\"https:\/\/dev.antudigital.cl\/sites\/fotografia\/pueblo-fueguino\/autores\/pedro-mege-rosso\/\" class=\"elementor-sub-item\" tabindex=\"-1\">Pedro Mege Rosso<\/a><\/li>\n\t<li class=\"menu-item menu-item-type-post_type menu-item-object-pueblo-fueguino menu-item-7027\"><a href=\"https:\/\/dev.antudigital.cl\/sites\/fotografia\/pueblo-fueguino\/autores\/felipe-a-maturana-diaz\/\" class=\"elementor-sub-item\" tabindex=\"-1\">Felipe A. Maturana D\u00edaz<\/a><\/li>\n\t<li class=\"menu-item menu-item-type-post_type menu-item-object-pueblo-fueguino menu-item-7026\"><a href=\"https:\/\/dev.antudigital.cl\/sites\/fotografia\/pueblo-fueguino\/autores\/christian-baez-allende\/\" class=\"elementor-sub-item\" tabindex=\"-1\">Christian B\u00e1ez Allende<\/a><\/li>\n\t<li class=\"menu-item menu-item-type-post_type menu-item-object-pueblo-fueguino menu-item-7030\"><a href=\"https:\/\/dev.antudigital.cl\/sites\/fotografia\/pueblo-fueguino\/autores\/alejandra-castro-rodriguez\/\" class=\"elementor-sub-item\" tabindex=\"-1\">Alejandra Castro Rodr\u00edguez<\/a><\/li>\n\t<li class=\"menu-item menu-item-type-post_type menu-item-object-pueblo-fueguino menu-item-7023\"><a href=\"https:\/\/dev.antudigital.cl\/sites\/fotografia\/pueblo-fueguino\/autores\/gerardo-mora-rivera\/\" class=\"elementor-sub-item\" tabindex=\"-1\">Gerardo Mora Rivera<\/a><\/li>\n<\/ul>\n<\/li>\n<li class=\"menu-item menu-item-type-post_type menu-item-object-pueblo-fueguino menu-item-5670\"><a href=\"https:\/\/dev.antudigital.cl\/sites\/fotografia\/pueblo-fueguino\/territorio\/\" class=\"elementor-item\" tabindex=\"-1\">Territorio<\/a><\/li>\n<li class=\"menu-item menu-item-type-post_type menu-item-object-pueblo-fueguino menu-item-5669\"><a href=\"https:\/\/dev.antudigital.cl\/sites\/fotografia\/pueblo-fueguino\/glosario\/\" class=\"elementor-item\" tabindex=\"-1\">Glosario<\/a><\/li>\n<li class=\"menu-item menu-item-type-post_type menu-item-object-pueblo-fueguino menu-item-5668\"><a href=\"https:\/\/dev.antudigital.cl\/sites\/fotografia\/pueblo-fueguino\/bibliografia\/\" class=\"elementor-item\" tabindex=\"-1\">Bibliograf\u00eda<\/a><\/li>\n<\/ul>\t\t\t<\/nav>\n\t\t\t\t\t\t<\/div>\n\t\t\t\t<\/div>\n\t\t\t\t<\/div>\n\t\t\t\t<\/div>\n\t\t<div class=\"elementor-element elementor-element-117dd74 e-con-full container-nav e-flex e-con e-child\" data-id=\"117dd74\" data-element_type=\"container\" data-settings=\"{&quot;background_background&quot;:&quot;classic&quot;}\">\n\t\t\t\t<div class=\"elementor-element elementor-element-2fd130d elementor-align-justify elementor-widget__width-inherit elementor-hidden-desktop elementor-widget elementor-widget-button\" data-id=\"2fd130d\" data-element_type=\"widget\" data-widget_type=\"button.default\">\n\t\t\t\t<div class=\"elementor-widget-container\">\n\t\t\t\t\t\t\t\t\t<div class=\"elementor-button-wrapper\">\n\t\t\t\t\t<a class=\"elementor-button elementor-button-link elementor-size-sm\" href=\"#elementor-action%3Aaction%3Dpopup%3Aopen%26settings%3DeyJpZCI6IjU2MzkiLCJ0b2dnbGUiOmZhbHNlfQ%3D%3D\">\n\t\t\t\t\t\t<span class=\"elementor-button-content-wrapper\">\n\t\t\t\t\t\t<span class=\"elementor-button-icon\">\n\t\t\t\t<i aria-hidden=\"true\" class=\"fas fa-bars\"><\/i>\t\t\t<\/span>\n\t\t\t\t\t\t\t\t\t<span class=\"elementor-button-text\">FUEGUINOS<\/span>\n\t\t\t\t\t<\/span>\n\t\t\t\t\t<\/a>\n\t\t\t\t<\/div>\n\t\t\t\t\t\t\t\t<\/div>\n\t\t\t\t<\/div>\n\t\t\t\t<div class=\"elementor-element elementor-element-be8df05 elementor-widget elementor-widget-heading\" data-id=\"be8df05\" data-element_type=\"widget\" data-widget_type=\"heading.default\">\n\t\t\t\t<div class=\"elementor-widget-container\">\n\t\t\t\t\t<h4 class=\"elementor-heading-title elementor-size-default\">FOTOGRAF\u00cdAS DE FUEGUINOS EN TEXTOS ESCOLARES<\/h4>\t\t\t\t<\/div>\n\t\t\t\t<\/div>\n\t\t\t\t<div class=\"elementor-element elementor-element-6609f1e elementor-icon-list--layout-traditional elementor-list-item-link-full_width elementor-widget elementor-widget-icon-list\" data-id=\"6609f1e\" data-element_type=\"widget\" data-widget_type=\"icon-list.default\">\n\t\t\t\t<div class=\"elementor-widget-container\">\n\t\t\t\t\t\t\t<ul class=\"elementor-icon-list-items\">\n\t\t\t\t\t\t\t<li class=\"elementor-icon-list-item\">\n\t\t\t\t\t\t\t\t\t\t\t<a href=\"https:\/\/dev.antudigital.cl\/sites\/fotografia\/pueblo-fueguino\/temas\/fotografias-de-fueguinos-en-textos-escolares\/\">\n\n\t\t\t\t\t\t\t\t\t\t\t\t<span class=\"elementor-icon-list-icon\">\n\t\t\t\t\t\t\t<i aria-hidden=\"true\" class=\"fas fa-circle\"><\/i>\t\t\t\t\t\t<\/span>\n\t\t\t\t\t\t\t\t\t\t<span class=\"elementor-icon-list-text\">Presentaci\u00f3n<\/span>\n\t\t\t\t\t\t\t\t\t\t\t<\/a>\n\t\t\t\t\t\t\t\t\t<\/li>\n\t\t\t\t\t\t\t\t<li class=\"elementor-icon-list-item\">\n\t\t\t\t\t\t\t\t\t\t\t<a href=\"https:\/\/dev.antudigital.cl\/sites\/fotografia\/pueblo-fueguino\/temas\/fotografias-de-fueguinos-en-textos-escolares\/perdida-de-identidad\/\">\n\n\t\t\t\t\t\t\t\t\t\t\t\t<span class=\"elementor-icon-list-icon\">\n\t\t\t\t\t\t\t<i aria-hidden=\"true\" class=\"fas fa-circle\"><\/i>\t\t\t\t\t\t<\/span>\n\t\t\t\t\t\t\t\t\t\t<span class=\"elementor-icon-list-text\">P\u00e9rdida de identidad<\/span>\n\t\t\t\t\t\t\t\t\t\t\t<\/a>\n\t\t\t\t\t\t\t\t\t<\/li>\n\t\t\t\t\t\t\t\t<li class=\"elementor-icon-list-item\">\n\t\t\t\t\t\t\t\t\t\t\t<a href=\"https:\/\/dev.antudigital.cl\/sites\/fotografia\/pueblo-fueguino\/temas\/fotografias-de-fueguinos-en-textos-escolares\/lo-precolombino\/\">\n\n\t\t\t\t\t\t\t\t\t\t\t\t<span class=\"elementor-icon-list-icon\">\n\t\t\t\t\t\t\t<i aria-hidden=\"true\" class=\"fas fa-circle\"><\/i>\t\t\t\t\t\t<\/span>\n\t\t\t\t\t\t\t\t\t\t<span class=\"elementor-icon-list-text\">Lo precolombino<\/span>\n\t\t\t\t\t\t\t\t\t\t\t<\/a>\n\t\t\t\t\t\t\t\t\t<\/li>\n\t\t\t\t\t\t\t\t<li class=\"elementor-icon-list-item\">\n\t\t\t\t\t\t\t\t\t\t\t<a href=\"https:\/\/dev.antudigital.cl\/sites\/fotografia\/pueblo-fueguino\/temas\/fotografias-de-fueguinos-en-textos-escolares\/lo-arcaico\/\">\n\n\t\t\t\t\t\t\t\t\t\t\t\t<span class=\"elementor-icon-list-icon\">\n\t\t\t\t\t\t\t<i aria-hidden=\"true\" class=\"fas fa-circle\"><\/i>\t\t\t\t\t\t<\/span>\n\t\t\t\t\t\t\t\t\t\t<span class=\"elementor-icon-list-text\">Lo arcaico<\/span>\n\t\t\t\t\t\t\t\t\t\t\t<\/a>\n\t\t\t\t\t\t\t\t\t<\/li>\n\t\t\t\t\t\t\t\t<li class=\"elementor-icon-list-item\">\n\t\t\t\t\t\t\t\t\t\t\t<a href=\"https:\/\/dev.antudigital.cl\/sites\/fotografia\/pueblo-fueguino\/temas\/fotografias-de-fueguinos-en-textos-escolares\/lo-sobrenatural\/\" class=\"item-active\">\n\n\t\t\t\t\t\t\t\t\t\t\t\t<span class=\"elementor-icon-list-icon\">\n\t\t\t\t\t\t\t<i aria-hidden=\"true\" class=\"fas fa-circle\"><\/i>\t\t\t\t\t\t<\/span>\n\t\t\t\t\t\t\t\t\t\t<span class=\"elementor-icon-list-text\">Lo sobrenatural\u00ad<\/span>\n\t\t\t\t\t\t\t\t\t\t\t<\/a>\n\t\t\t\t\t\t\t\t\t<\/li>\n\t\t\t\t\t\t\t\t<li class=\"elementor-icon-list-item\">\n\t\t\t\t\t\t\t\t\t\t\t<a href=\"https:\/\/dev.antudigital.cl\/sites\/fotografia\/pueblo-fueguino\/temas\/fotografias-de-fueguinos-en-textos-escolares\/la-construccion-visual\/\">\n\n\t\t\t\t\t\t\t\t\t\t\t\t<span class=\"elementor-icon-list-icon\">\n\t\t\t\t\t\t\t<i aria-hidden=\"true\" class=\"fas fa-circle\"><\/i>\t\t\t\t\t\t<\/span>\n\t\t\t\t\t\t\t\t\t\t<span class=\"elementor-icon-list-text\">La construcci\u00f3n visual<\/span>\n\t\t\t\t\t\t\t\t\t\t\t<\/a>\n\t\t\t\t\t\t\t\t\t<\/li>\n\t\t\t\t\t\t\t\t<li class=\"elementor-icon-list-item\">\n\t\t\t\t\t\t\t\t\t\t\t<a href=\"https:\/\/dev.antudigital.cl\/sites\/fotografia\/pueblo-fueguino\/temas\/fotografias-de-fueguinos-en-textos-escolares\/etiquetacion-erronea\/\">\n\n\t\t\t\t\t\t\t\t\t\t\t\t<span class=\"elementor-icon-list-icon\">\n\t\t\t\t\t\t\t<i aria-hidden=\"true\" class=\"fas fa-circle\"><\/i>\t\t\t\t\t\t<\/span>\n\t\t\t\t\t\t\t\t\t\t<span class=\"elementor-icon-list-text\">Etiquetaci\u00f3n err\u00f3nea<\/span>\n\t\t\t\t\t\t\t\t\t\t\t<\/a>\n\t\t\t\t\t\t\t\t\t<\/li>\n\t\t\t\t\t\t<\/ul>\n\t\t\t\t\t\t<\/div>\n\t\t\t\t<\/div>\n\t\t\t\t<\/div>\n\t\t<div class=\"elementor-element elementor-element-b7d6b7f e-con-full container-info e-flex e-con e-child\" data-id=\"b7d6b7f\" data-element_type=\"container\">\n\t\t\t\t<div class=\"elementor-element elementor-element-274c05c elementor-widget elementor-widget-heading\" data-id=\"274c05c\" data-element_type=\"widget\" data-widget_type=\"heading.default\">\n\t\t\t\t<div class=\"elementor-widget-container\">\n\t\t\t\t\t<h1 class=\"elementor-heading-title elementor-size-default\">Lo sobrenatural\u00ad<\/h1>\t\t\t\t<\/div>\n\t\t\t\t<\/div>\n\t\t\t\t<div class=\"elementor-element elementor-element-5776657 elementor-widget elementor-widget-text-editor\" data-id=\"5776657\" data-element_type=\"widget\" data-widget_type=\"text-editor.default\">\n\t\t\t\t<div class=\"elementor-widget-container\">\n\t\t\t\t\t\t\t\t\t<p>En la portada de este texto aparece Halahaches o Kataix, personaje que particip\u00f3 en la ceremonia de iniciaci\u00f3n del\u00a0<em>Hain<\/em>\u00a0(fotografiada por Martin Gusinde en 1923). Halahaches o Kataix corresponde a uno de los seres sobrenaturales en la cosmovisi\u00f3n Selk\u2019nam. Esta y otras im\u00e1genes de los hombres pintados y enmascarados durante esta ceremonia, provenientes de un mundo extra humano seg\u00fan las creencias de estos ind\u00edgenas, han pasado a convertirse en un verdadero icono de lo \u201cfueguino\u201d.<\/p><p>La imagen de la portada es una recreaci\u00f3n que podemos encontrar en una de las vitrinas del Museo Nacional de Historia Natural de Chile, ubicado en la Quinta Normal de Santiago. Como podemos apreciar, el museo tambi\u00e9n ha sido seducido por el mundo sobrenatural de los Selk\u2019nam, y han elegido precisamente un modelo proveniente del registro fotogr\u00e1fico del propio Gusinde.<\/p>\t\t\t\t\t\t\t\t<\/div>\n\t\t\t\t<\/div>\n\t\t\t\t<div class=\"elementor-element elementor-element-072f4bd elementor-widget elementor-widget-heading\" data-id=\"072f4bd\" data-element_type=\"widget\" data-widget_type=\"heading.default\">\n\t\t\t\t<div class=\"elementor-widget-container\">\n\t\t\t\t\t<h4 class=\"elementor-heading-title elementor-size-default\">Christian B\u00e1ez Allende y Alejandra Castro Rodr\u00edguez<\/h4>\t\t\t\t<\/div>\n\t\t\t\t<\/div>\n\t\t\t\t<\/div>\n\t\t<div class=\"elementor-element elementor-element-48d57d5 e-con-full container-media e-flex e-con e-child\" data-id=\"48d57d5\" data-element_type=\"container\">\n\t\t\t\t<div class=\"elementor-element elementor-element-df37657 elementor-align-left elementor-absolute elementor-hidden-tablet elementor-hidden-mobile elementor-widget elementor-widget-button\" data-id=\"df37657\" data-element_type=\"widget\" data-settings=\"{&quot;_position&quot;:&quot;absolute&quot;}\" data-widget_type=\"button.default\">\n\t\t\t\t<div class=\"elementor-widget-container\">\n\t\t\t\t\t\t\t\t\t<div class=\"elementor-button-wrapper\">\n\t\t\t\t\t<a class=\"elementor-button elementor-button-link elementor-size-sm\" href=\"#\" id=\"btn-expand\">\n\t\t\t\t\t\t<span class=\"elementor-button-content-wrapper\">\n\t\t\t\t\t\t<span class=\"elementor-button-icon\">\n\t\t\t\t<i aria-hidden=\"true\" class=\"fas fa-long-arrow-alt-left\"><\/i>\t\t\t<\/span>\n\t\t\t\t\t\t\t\t<\/span>\n\t\t\t\t\t<\/a>\n\t\t\t\t<\/div>\n\t\t\t\t\t\t\t\t<\/div>\n\t\t\t\t<\/div>\n\t\t\t\t<div class=\"elementor-element elementor-element-5e1890d media-carrusel elementor-arrows-position-inside elementor-pagination-position-outside elementor-widget elementor-widget-image-carousel\" data-id=\"5e1890d\" data-element_type=\"widget\" data-settings=\"{&quot;slides_to_show&quot;:&quot;1&quot;,&quot;navigation&quot;:&quot;both&quot;,&quot;autoplay&quot;:&quot;yes&quot;,&quot;pause_on_hover&quot;:&quot;yes&quot;,&quot;pause_on_interaction&quot;:&quot;yes&quot;,&quot;autoplay_speed&quot;:5000,&quot;infinite&quot;:&quot;yes&quot;,&quot;effect&quot;:&quot;slide&quot;,&quot;speed&quot;:500}\" data-widget_type=\"image-carousel.default\">\n\t\t\t\t<div class=\"elementor-widget-container\">\n\t\t\t\t\t\t\t<div class=\"elementor-image-carousel-wrapper swiper\" role=\"region\" aria-roledescription=\"carousel\" aria-label=\"Carrusel\" dir=\"ltr\">\n\t\t\t<div class=\"elementor-image-carousel swiper-wrapper\" aria-live=\"off\">\n\t\t\t\t\t\t\t\t<div class=\"swiper-slide\" role=\"group\" aria-roledescription=\"slide\" aria-label=\"1 de 3\"><figure class=\"swiper-slide-inner\"><img decoding=\"async\" class=\"swiper-slide-image\" src=\"https:\/\/dev.antudigital.cl\/sites\/fotografia\/wp-content\/uploads\/elementor\/thumbs\/acas5big1-r44s5qm1ilwili65cmvhsvcz6cegfcou8mnn7khwqo.jpg\" alt=\"acas5big[1]\" \/><\/figure><\/div><div class=\"swiper-slide\" role=\"group\" aria-roledescription=\"slide\" aria-label=\"2 de 3\"><figure class=\"swiper-slide-inner\"><img decoding=\"async\" class=\"swiper-slide-image\" src=\"https:\/\/dev.antudigital.cl\/sites\/fotografia\/wp-content\/uploads\/elementor\/thumbs\/acas6abig1-r44s5z2l8483hztuz8j4xb84it8rcmmf9sj0j25d6o.jpg\" alt=\"acas6abig[1]\" \/><\/figure><\/div><div class=\"swiper-slide\" role=\"group\" aria-roledescription=\"slide\" aria-label=\"3 de 3\"><figure class=\"swiper-slide-inner\"><img decoding=\"async\" class=\"swiper-slide-image\" src=\"https:\/\/dev.antudigital.cl\/sites\/fotografia\/wp-content\/uploads\/elementor\/thumbs\/acas6bbig1-r44s65ngjyh3r9kawtdiwrkcoicbuicjmp3evzvlz4.jpg\" alt=\"acas6bbig[1]\" \/><\/figure><\/div>\t\t\t<\/div>\n\t\t\t\t\t\t\t\t\t\t\t\t<div class=\"elementor-swiper-button elementor-swiper-button-prev\" role=\"button\" tabindex=\"0\">\n\t\t\t\t\t\t<i aria-hidden=\"true\" class=\"eicon-chevron-left\"><\/i>\t\t\t\t\t<\/div>\n\t\t\t\t\t<div class=\"elementor-swiper-button elementor-swiper-button-next\" role=\"button\" tabindex=\"0\">\n\t\t\t\t\t\t<i aria-hidden=\"true\" class=\"eicon-chevron-right\"><\/i>\t\t\t\t\t<\/div>\n\t\t\t\t\n\t\t\t\t\t\t\t\t\t<div class=\"swiper-pagination\"><\/div>\n\t\t\t\t\t\t\t\t\t<\/div>\n\t\t\t\t\t\t<\/div>\n\t\t\t\t<\/div>\n\t\t<div class=\"elementor-element elementor-element-4b95a0c e-con-full media-gallery e-flex e-con e-child\" data-id=\"4b95a0c\" data-element_type=\"container\">\n\t\t\t\t<div class=\"elementor-element elementor-element-3336a71 elementor-widget elementor-widget-gallery\" data-id=\"3336a71\" data-element_type=\"widget\" data-settings=\"{&quot;columns&quot;:1,&quot;columns_tablet&quot;:1,&quot;gap_tablet&quot;:{&quot;unit&quot;:&quot;px&quot;,&quot;size&quot;:20,&quot;sizes&quot;:[]},&quot;gap_mobile&quot;:{&quot;unit&quot;:&quot;px&quot;,&quot;size&quot;:20,&quot;sizes&quot;:[]},&quot;aspect_ratio&quot;:&quot;16:9&quot;,&quot;lazyload&quot;:&quot;yes&quot;,&quot;gallery_layout&quot;:&quot;grid&quot;,&quot;columns_mobile&quot;:1,&quot;gap&quot;:{&quot;unit&quot;:&quot;px&quot;,&quot;size&quot;:10,&quot;sizes&quot;:[]},&quot;link_to&quot;:&quot;file&quot;,&quot;overlay_background&quot;:&quot;yes&quot;,&quot;content_hover_animation&quot;:&quot;fade-in&quot;}\" data-widget_type=\"gallery.default\">\n\t\t\t\t<div class=\"elementor-widget-container\">\n\t\t\t\t\t\t\t<div class=\"elementor-gallery__container\">\n\t\t\t\t\t\t\t<a class=\"e-gallery-item elementor-gallery-item elementor-animated-content\" href=\"https:\/\/dev.antudigital.cl\/sites\/fotografia\/wp-content\/uploads\/2025\/04\/acas5big1.jpg\" data-elementor-open-lightbox=\"yes\" data-elementor-lightbox-slideshow=\"3336a71\" data-e-action-hash=\"#elementor-action%3Aaction%3Dlightbox%26settings%3DeyJpZCI6Njc3MiwidXJsIjoiaHR0cHM6XC9cL2Rldi5hbnR1ZGlnaXRhbC5jbFwvc2l0ZXNcL2ZvdG9ncmFmaWFcL3dwLWNvbnRlbnRcL3VwbG9hZHNcLzIwMjVcLzA0XC9hY2FzNWJpZzEuanBnIiwic2xpZGVzaG93IjoiMzMzNmE3MSJ9\">\n\t\t\t\t\t<div class=\"e-gallery-image elementor-gallery-item__image\" data-thumbnail=\"https:\/\/dev.antudigital.cl\/sites\/fotografia\/wp-content\/uploads\/2025\/04\/acas5big1.jpg\" data-width=\"674\" data-height=\"770\" aria-label=\"\" role=\"img\" ><\/div>\n\t\t\t\t\t\t\t\t\t\t\t<div class=\"elementor-gallery-item__overlay\"><\/div>\n\t\t\t\t\t\t\t\t\t\t\t\t\t\t<\/a>\n\t\t\t\t\t\t\t<a class=\"e-gallery-item elementor-gallery-item elementor-animated-content\" href=\"https:\/\/dev.antudigital.cl\/sites\/fotografia\/wp-content\/uploads\/2025\/04\/acas6abig1.jpg\" data-elementor-open-lightbox=\"yes\" data-elementor-lightbox-slideshow=\"3336a71\" data-e-action-hash=\"#elementor-action%3Aaction%3Dlightbox%26settings%3DeyJpZCI6Njc3MywidXJsIjoiaHR0cHM6XC9cL2Rldi5hbnR1ZGlnaXRhbC5jbFwvc2l0ZXNcL2ZvdG9ncmFmaWFcL3dwLWNvbnRlbnRcL3VwbG9hZHNcLzIwMjVcLzA0XC9hY2FzNmFiaWcxLmpwZyIsInNsaWRlc2hvdyI6IjMzMzZhNzEifQ%3D%3D\">\n\t\t\t\t\t<div class=\"e-gallery-image elementor-gallery-item__image\" data-thumbnail=\"https:\/\/dev.antudigital.cl\/sites\/fotografia\/wp-content\/uploads\/2025\/04\/acas6abig1.jpg\" data-width=\"674\" data-height=\"770\" aria-label=\"\" role=\"img\" ><\/div>\n\t\t\t\t\t\t\t\t\t\t\t<div class=\"elementor-gallery-item__overlay\"><\/div>\n\t\t\t\t\t\t\t\t\t\t\t\t\t\t<\/a>\n\t\t\t\t\t\t\t<a class=\"e-gallery-item elementor-gallery-item elementor-animated-content\" href=\"https:\/\/dev.antudigital.cl\/sites\/fotografia\/wp-content\/uploads\/2025\/04\/acas6bbig1.jpg\" data-elementor-open-lightbox=\"yes\" data-elementor-lightbox-slideshow=\"3336a71\" data-e-action-hash=\"#elementor-action%3Aaction%3Dlightbox%26settings%3DeyJpZCI6Njc3NCwidXJsIjoiaHR0cHM6XC9cL2Rldi5hbnR1ZGlnaXRhbC5jbFwvc2l0ZXNcL2ZvdG9ncmFmaWFcL3dwLWNvbnRlbnRcL3VwbG9hZHNcLzIwMjVcLzA0XC9hY2FzNmJiaWcxLmpwZyIsInNsaWRlc2hvdyI6IjMzMzZhNzEifQ%3D%3D\">\n\t\t\t\t\t<div class=\"e-gallery-image elementor-gallery-item__image\" data-thumbnail=\"https:\/\/dev.antudigital.cl\/sites\/fotografia\/wp-content\/uploads\/2025\/04\/acas6bbig1.jpg\" data-width=\"674\" data-height=\"770\" aria-label=\"\" role=\"img\" ><\/div>\n\t\t\t\t\t\t\t\t\t\t\t<div class=\"elementor-gallery-item__overlay\"><\/div>\n\t\t\t\t\t\t\t\t\t\t\t\t\t\t<\/a>\n\t\t\t\t\t<\/div>\n\t\t\t\t\t<\/div>\n\t\t\t\t<\/div>\n\t\t\t\t<\/div>\n\t\t\t\t<\/div>\n\t\t\t\t<\/div>\n\t\t\t\t<\/div>\n\t\t","protected":false},"excerpt":{"rendered":"<p>Fueguinos FUEGUINOS FOTOGRAF\u00cdAS DE FUEGUINOS EN TEXTOS ESCOLARES Presentaci\u00f3n P\u00e9rdida de identidad Lo precolombino Lo arcaico Lo sobrenatural\u00ad La construcci\u00f3n visual Etiquetaci\u00f3n err\u00f3nea En la portada de este texto aparece Halahaches o Kataix, personaje que particip\u00f3 en la ceremonia de iniciaci\u00f3n del\u00a0Hain\u00a0(fotografiada por Martin Gusinde en 1923). Halahaches o Kataix corresponde a uno de los [&hellip;]<\/p>\n","protected":false},"author":1,"featured_media":0,"parent":6459,"menu_order":3,"comment_status":"open","ping_status":"open","template":"elementor_header_footer","format":"standard","meta":{"footnotes":""},"class_list":["post-6582","pueblo-fueguino","type-pueblo-fueguino","status-publish","format-standard","hentry"],"_links":{"self":[{"href":"https:\/\/dev.antudigital.cl\/sites\/fotografia\/wp-json\/wp\/v2\/pueblo-fueguino\/6582","targetHints":{"allow":["GET"]}}],"collection":[{"href":"https:\/\/dev.antudigital.cl\/sites\/fotografia\/wp-json\/wp\/v2\/pueblo-fueguino"}],"about":[{"href":"https:\/\/dev.antudigital.cl\/sites\/fotografia\/wp-json\/wp\/v2\/types\/pueblo-fueguino"}],"author":[{"embeddable":true,"href":"https:\/\/dev.antudigital.cl\/sites\/fotografia\/wp-json\/wp\/v2\/users\/1"}],"replies":[{"embeddable":true,"href":"https:\/\/dev.antudigital.cl\/sites\/fotografia\/wp-json\/wp\/v2\/comments?post=6582"}],"version-history":[{"count":7,"href":"https:\/\/dev.antudigital.cl\/sites\/fotografia\/wp-json\/wp\/v2\/pueblo-fueguino\/6582\/revisions"}],"predecessor-version":[{"id":6957,"href":"https:\/\/dev.antudigital.cl\/sites\/fotografia\/wp-json\/wp\/v2\/pueblo-fueguino\/6582\/revisions\/6957"}],"up":[{"embeddable":true,"href":"https:\/\/dev.antudigital.cl\/sites\/fotografia\/wp-json\/wp\/v2\/pueblo-fueguino\/6459"}],"wp:attachment":[{"href":"https:\/\/dev.antudigital.cl\/sites\/fotografia\/wp-json\/wp\/v2\/media?parent=6582"}],"curies":[{"name":"wp","href":"https:\/\/api.w.org\/{rel}","templated":true}]}}