{"id":6982,"date":"2025-04-12T20:34:17","date_gmt":"2025-04-13T00:34:17","guid":{"rendered":"https:\/\/dev.antudigital.cl\/sites\/fotografia\/?post_type=pueblo-mapuche&#038;p=6982"},"modified":"2025-04-12T20:39:07","modified_gmt":"2025-04-13T00:39:07","slug":"margarita-alvarado-perez","status":"publish","type":"pueblo-fueguino","link":"https:\/\/dev.antudigital.cl\/sites\/fotografia\/pueblo-fueguino\/autores\/margarita-alvarado-perez\/","title":{"rendered":"Margarita Alvarado P\u00e9rez"},"content":{"rendered":"\t\t<div data-elementor-type=\"wp-post\" data-elementor-id=\"6982\" class=\"elementor elementor-6982\" data-elementor-post-type=\"pueblo-fueguino\">\n\t\t\t\t<div class=\"elementor-element elementor-element-db97ad4 e-con-full e-flex e-con e-parent\" data-id=\"db97ad4\" data-element_type=\"container\" data-settings=\"{&quot;background_background&quot;:&quot;classic&quot;}\">\n\t\t<div class=\"elementor-element elementor-element-e6ac315 e-con-full elementor-hidden-tablet elementor-hidden-mobile e-flex e-con e-child\" data-id=\"e6ac315\" data-element_type=\"container\" data-settings=\"{&quot;background_background&quot;:&quot;classic&quot;}\">\n\t\t<div class=\"elementor-element elementor-element-685fd4a e-con-full e-flex e-con e-child\" data-id=\"685fd4a\" data-element_type=\"container\">\n\t\t\t\t<div class=\"elementor-element elementor-element-1d59290 elementor-widget elementor-widget-heading\" data-id=\"1d59290\" data-element_type=\"widget\" data-widget_type=\"heading.default\">\n\t\t\t\t<div class=\"elementor-widget-container\">\n\t\t\t\t\t<h1 class=\"elementor-heading-title elementor-size-default\">Fueguinos<\/h1>\t\t\t\t<\/div>\n\t\t\t\t<\/div>\n\t\t\t\t<div class=\"elementor-element elementor-element-8f421fe menu-offcanvas elementor-widget elementor-widget-nav-menu\" data-id=\"8f421fe\" data-element_type=\"widget\" data-settings=\"{&quot;layout&quot;:&quot;dropdown&quot;,&quot;submenu_icon&quot;:{&quot;value&quot;:&quot;&lt;i class=\\&quot;\\&quot; aria-hidden=\\&quot;true\\&quot;&gt;&lt;\\\/i&gt;&quot;,&quot;library&quot;:&quot;&quot;}}\" data-widget_type=\"nav-menu.default\">\n\t\t\t\t<div class=\"elementor-widget-container\">\n\t\t\t\t\t\t\t\t<nav class=\"elementor-nav-menu--dropdown elementor-nav-menu__container\" aria-hidden=\"true\">\n\t\t\t\t<ul id=\"menu-2-8f421fe\" class=\"elementor-nav-menu\"><li class=\"menu-item menu-item-type-custom menu-item-object-custom menu-item-has-children menu-item-5637\"><a href=\"#\" class=\"elementor-item elementor-item-anchor\" tabindex=\"-1\">Temas<\/a>\n<ul class=\"sub-menu elementor-nav-menu--dropdown\">\n\t<li class=\"menu-item menu-item-type-post_type menu-item-object-pueblo-fueguino menu-item-6499\"><a href=\"https:\/\/dev.antudigital.cl\/sites\/fotografia\/pueblo-fueguino\/temas\/representacion-visual-del-paisaje-fueguino-en-la-fotografia\/\" class=\"elementor-sub-item\" tabindex=\"-1\">REPRESENTACI\u00d3N VISUAL DEL PAISAJE FUEGUINO EN LA FOTOGRAF\u00cdA<\/a><\/li>\n\t<li class=\"menu-item menu-item-type-post_type menu-item-object-pueblo-fueguino menu-item-6498\"><a href=\"https:\/\/dev.antudigital.cl\/sites\/fotografia\/pueblo-fueguino\/temas\/isla-misional-inmensidad-total\/\" class=\"elementor-sub-item\" tabindex=\"-1\">ISLA MISIONAL. INMENSIDAD TOTAL<\/a><\/li>\n\t<li class=\"menu-item menu-item-type-post_type menu-item-object-pueblo-fueguino menu-item-6497\"><a href=\"https:\/\/dev.antudigital.cl\/sites\/fotografia\/pueblo-fueguino\/temas\/canoeros-del-fin-del-mundo\/\" class=\"elementor-sub-item\" tabindex=\"-1\">CANOEROS DEL FIN DEL MUNDO<\/a><\/li>\n\t<li class=\"menu-item menu-item-type-post_type menu-item-object-pueblo-fueguino menu-item-6494\"><a href=\"https:\/\/dev.antudigital.cl\/sites\/fotografia\/pueblo-fueguino\/temas\/cuerpos-y-gestos-en-imagenes-fueguinas\/\" class=\"elementor-sub-item\" tabindex=\"-1\">CUERPOS Y GESTOS EN IM\u00c1GENES FUEGUINAS<\/a><\/li>\n\t<li class=\"menu-item menu-item-type-post_type menu-item-object-pueblo-fueguino menu-item-6496\"><a href=\"https:\/\/dev.antudigital.cl\/sites\/fotografia\/pueblo-fueguino\/temas\/el-documental-fueguino\/\" class=\"elementor-sub-item\" tabindex=\"-1\">EL DOCUMENTAL FUEGUINO<\/a><\/li>\n\t<li class=\"menu-item menu-item-type-post_type menu-item-object-pueblo-fueguino menu-item-6493\"><a href=\"https:\/\/dev.antudigital.cl\/sites\/fotografia\/pueblo-fueguino\/temas\/fotografias-de-fueguinos-en-textos-escolares\/\" class=\"elementor-sub-item\" tabindex=\"-1\">FOTOGRAF\u00cdAS DE FUEGUINOS EN TEXTOS ESCOLARES<\/a><\/li>\n\t<li class=\"menu-item menu-item-type-post_type menu-item-object-pueblo-fueguino menu-item-6495\"><a href=\"https:\/\/dev.antudigital.cl\/sites\/fotografia\/pueblo-fueguino\/temas\/tierra-del-fuego-construida-con-los-ojos\/\" class=\"elementor-sub-item\" tabindex=\"-1\">TIERRA DEL FUEGO CONSTRUIDA CON LOS OJOS<\/a><\/li>\n<\/ul>\n<\/li>\n<li class=\"menu-item menu-item-type-custom menu-item-object-custom menu-item-has-children menu-item-5638\"><a href=\"#\" class=\"elementor-item elementor-item-anchor\" tabindex=\"-1\">Autores<\/a>\n<ul class=\"sub-menu elementor-nav-menu--dropdown\">\n\t<li class=\"menu-item menu-item-type-post_type menu-item-object-pueblo-fueguino menu-item-7031\"><a href=\"https:\/\/dev.antudigital.cl\/sites\/fotografia\/pueblo-fueguino\/autores\/carla-moller-zunino\/\" class=\"elementor-sub-item\" tabindex=\"-1\">Carla Moller Zunino<\/a><\/li>\n\t<li class=\"menu-item menu-item-type-post_type menu-item-object-pueblo-fueguino menu-item-7029\"><a href=\"https:\/\/dev.antudigital.cl\/sites\/fotografia\/pueblo-fueguino\/autores\/maria-paz-bajas-irizar\/\" class=\"elementor-sub-item\" tabindex=\"-1\">Mar\u00eda Paz Bajas Irizar<\/a><\/li>\n\t<li class=\"menu-item menu-item-type-post_type menu-item-object-pueblo-fueguino menu-item-7025\"><a href=\"https:\/\/dev.antudigital.cl\/sites\/fotografia\/pueblo-fueguino\/autores\/maria-carolina-odone-correa\/\" class=\"elementor-sub-item\" tabindex=\"-1\">Mar\u00eda Carolina Odone Correa<\/a><\/li>\n\t<li class=\"menu-item menu-item-type-post_type menu-item-object-pueblo-fueguino menu-item-7028\"><a href=\"https:\/\/dev.antudigital.cl\/sites\/fotografia\/pueblo-fueguino\/autores\/margarita-alvarado-perez\/\" class=\"elementor-sub-item\" tabindex=\"-1\">Margarita Alvarado P\u00e9rez<\/a><\/li>\n\t<li class=\"menu-item menu-item-type-post_type menu-item-object-pueblo-fueguino menu-item-7024\"><a href=\"https:\/\/dev.antudigital.cl\/sites\/fotografia\/pueblo-fueguino\/autores\/pedro-mege-rosso\/\" class=\"elementor-sub-item\" tabindex=\"-1\">Pedro Mege Rosso<\/a><\/li>\n\t<li class=\"menu-item menu-item-type-post_type menu-item-object-pueblo-fueguino menu-item-7027\"><a href=\"https:\/\/dev.antudigital.cl\/sites\/fotografia\/pueblo-fueguino\/autores\/felipe-a-maturana-diaz\/\" class=\"elementor-sub-item\" tabindex=\"-1\">Felipe A. Maturana D\u00edaz<\/a><\/li>\n\t<li class=\"menu-item menu-item-type-post_type menu-item-object-pueblo-fueguino menu-item-7026\"><a href=\"https:\/\/dev.antudigital.cl\/sites\/fotografia\/pueblo-fueguino\/autores\/christian-baez-allende\/\" class=\"elementor-sub-item\" tabindex=\"-1\">Christian B\u00e1ez Allende<\/a><\/li>\n\t<li class=\"menu-item menu-item-type-post_type menu-item-object-pueblo-fueguino menu-item-7030\"><a href=\"https:\/\/dev.antudigital.cl\/sites\/fotografia\/pueblo-fueguino\/autores\/alejandra-castro-rodriguez\/\" class=\"elementor-sub-item\" tabindex=\"-1\">Alejandra Castro Rodr\u00edguez<\/a><\/li>\n\t<li class=\"menu-item menu-item-type-post_type menu-item-object-pueblo-fueguino menu-item-7023\"><a href=\"https:\/\/dev.antudigital.cl\/sites\/fotografia\/pueblo-fueguino\/autores\/gerardo-mora-rivera\/\" class=\"elementor-sub-item\" tabindex=\"-1\">Gerardo Mora Rivera<\/a><\/li>\n<\/ul>\n<\/li>\n<li class=\"menu-item menu-item-type-post_type menu-item-object-pueblo-fueguino menu-item-5670\"><a href=\"https:\/\/dev.antudigital.cl\/sites\/fotografia\/pueblo-fueguino\/territorio\/\" class=\"elementor-item\" tabindex=\"-1\">Territorio<\/a><\/li>\n<li class=\"menu-item menu-item-type-post_type menu-item-object-pueblo-fueguino menu-item-5669\"><a href=\"https:\/\/dev.antudigital.cl\/sites\/fotografia\/pueblo-fueguino\/glosario\/\" class=\"elementor-item\" tabindex=\"-1\">Glosario<\/a><\/li>\n<li class=\"menu-item menu-item-type-post_type menu-item-object-pueblo-fueguino menu-item-5668\"><a href=\"https:\/\/dev.antudigital.cl\/sites\/fotografia\/pueblo-fueguino\/bibliografia\/\" class=\"elementor-item\" tabindex=\"-1\">Bibliograf\u00eda<\/a><\/li>\n<\/ul>\t\t\t<\/nav>\n\t\t\t\t\t\t<\/div>\n\t\t\t\t<\/div>\n\t\t\t\t<\/div>\n\t\t\t\t<\/div>\n\t\t<div class=\"elementor-element elementor-element-2048820 e-con-full e-flex e-con e-child\" data-id=\"2048820\" data-element_type=\"container\" data-settings=\"{&quot;background_background&quot;:&quot;classic&quot;}\">\n\t\t<div class=\"elementor-element elementor-element-1c7c609 e-con-full e-flex e-con e-child\" data-id=\"1c7c609\" data-element_type=\"container\">\n\t\t\t\t<div class=\"elementor-element elementor-element-230e976 elementor-align-justify elementor-widget__width-inherit elementor-hidden-desktop elementor-widget elementor-widget-button\" data-id=\"230e976\" data-element_type=\"widget\" data-widget_type=\"button.default\">\n\t\t\t\t<div class=\"elementor-widget-container\">\n\t\t\t\t\t\t\t\t\t<div class=\"elementor-button-wrapper\">\n\t\t\t\t\t<a class=\"elementor-button elementor-button-link elementor-size-sm\" href=\"#elementor-action%3Aaction%3Dpopup%3Aopen%26settings%3DeyJpZCI6IjU2MzkiLCJ0b2dnbGUiOmZhbHNlfQ%3D%3D\">\n\t\t\t\t\t\t<span class=\"elementor-button-content-wrapper\">\n\t\t\t\t\t\t<span class=\"elementor-button-icon\">\n\t\t\t\t<i aria-hidden=\"true\" class=\"fas fa-bars\"><\/i>\t\t\t<\/span>\n\t\t\t\t\t\t\t\t\t<span class=\"elementor-button-text\">FUEGUINOS<\/span>\n\t\t\t\t\t<\/span>\n\t\t\t\t\t<\/a>\n\t\t\t\t<\/div>\n\t\t\t\t\t\t\t\t<\/div>\n\t\t\t\t<\/div>\n\t\t\t\t<div class=\"elementor-element elementor-element-d55ad50 elementor-hidden-desktop elementor-widget elementor-widget-spacer\" data-id=\"d55ad50\" data-element_type=\"widget\" data-widget_type=\"spacer.default\">\n\t\t\t\t<div class=\"elementor-widget-container\">\n\t\t\t\t\t\t\t<div class=\"elementor-spacer\">\n\t\t\t<div class=\"elementor-spacer-inner\"><\/div>\n\t\t<\/div>\n\t\t\t\t\t\t<\/div>\n\t\t\t\t<\/div>\n\t\t\t\t<div class=\"elementor-element elementor-element-bec1737 elementor-widget elementor-widget-heading\" data-id=\"bec1737\" data-element_type=\"widget\" data-widget_type=\"heading.default\">\n\t\t\t\t<div class=\"elementor-widget-container\">\n\t\t\t\t\t<h1 class=\"elementor-heading-title elementor-size-default\">Margarita Alvarado P\u00e9rez<\/h1>\t\t\t\t<\/div>\n\t\t\t\t<\/div>\n\t\t\t\t<div class=\"elementor-element elementor-element-442b7df elementor-widget elementor-widget-text-editor\" data-id=\"442b7df\" data-element_type=\"widget\" data-widget_type=\"text-editor.default\">\n\t\t\t\t<div class=\"elementor-widget-container\">\n\t\t\t\t\t\t\t\t\t<p>Dise\u00f1adora, Universidad de Chile, Licenciada en Est\u00e9tica, Pontificia Universidad Cat\u00f3lica de Chile y Doctora en Estudios Latinoamericanos, Universidad de Chile. Acad\u00e9mica del Instituto de Est\u00e9tica, Pontificia Universidad Cat\u00f3lica de Chile. Coordinadora de la Red de Investigaci\u00f3n de la Imagen Fotogr\u00e1fica, RIIF. Investigadora del Centro Interdisciplinario para los Estudios Interculturales e Ind\u00edgenas, ICIIS. Ha trabajado en el campo de la Etnoest\u00e9tica y las representaciones visuales de los pueblos originarios de Am\u00e9rica.<\/p>\t\t\t\t\t\t\t\t<\/div>\n\t\t\t\t<\/div>\n\t\t\t\t<\/div>\n\t\t<div class=\"elementor-element elementor-element-36630b1 e-con-full e-flex e-con e-child\" data-id=\"36630b1\" data-element_type=\"container\">\n\t\t\t\t<div class=\"elementor-element elementor-element-253c958 elementor-widget elementor-widget-image\" data-id=\"253c958\" data-element_type=\"widget\" data-widget_type=\"image.default\">\n\t\t\t\t<div class=\"elementor-widget-container\">\n\t\t\t\t\t\t\t\t\t\t\t\t\t\t\t<img decoding=\"async\" src=\"https:\/\/dev.antudigital.cl\/sites\/fotografia\/wp-content\/plugins\/elementor\/assets\/images\/placeholder.png\" title=\"\" alt=\"\" loading=\"lazy\" \/>\t\t\t\t\t\t\t\t\t\t\t\t\t\t\t<\/div>\n\t\t\t\t<\/div>\n\t\t\t\t<\/div>\n\t\t\t\t<\/div>\n\t\t<div class=\"elementor-element elementor-element-fc6ff1d e-con-full elementor-hidden-tablet elementor-hidden-mobile e-flex e-con e-child\" data-id=\"fc6ff1d\" data-element_type=\"container\" data-settings=\"{&quot;background_background&quot;:&quot;classic&quot;}\">\n\t\t\t\t<\/div>\n\t\t\t\t<\/div>\n\t\t\t\t<\/div>\n\t\t","protected":false},"excerpt":{"rendered":"<p>Fueguinos FUEGUINOS Dise\u00f1adora, Universidad de Chile, Licenciada en Est\u00e9tica, Pontificia Universidad Cat\u00f3lica de Chile y Doctora en Estudios Latinoamericanos, Universidad de Chile. Acad\u00e9mica del Instituto de Est\u00e9tica, Pontificia Universidad Cat\u00f3lica de Chile. Coordinadora de la Red de Investigaci\u00f3n de la Imagen Fotogr\u00e1fica, RIIF. Investigadora del Centro Interdisciplinario para los Estudios Interculturales e Ind\u00edgenas, ICIIS. Ha [&hellip;]<\/p>\n","protected":false},"author":1,"featured_media":0,"parent":6976,"menu_order":0,"comment_status":"open","ping_status":"open","template":"elementor_header_footer","format":"standard","meta":{"footnotes":""},"class_list":["post-6982","pueblo-fueguino","type-pueblo-fueguino","status-publish","format-standard","hentry"],"_links":{"self":[{"href":"https:\/\/dev.antudigital.cl\/sites\/fotografia\/wp-json\/wp\/v2\/pueblo-fueguino\/6982","targetHints":{"allow":["GET"]}}],"collection":[{"href":"https:\/\/dev.antudigital.cl\/sites\/fotografia\/wp-json\/wp\/v2\/pueblo-fueguino"}],"about":[{"href":"https:\/\/dev.antudigital.cl\/sites\/fotografia\/wp-json\/wp\/v2\/types\/pueblo-fueguino"}],"author":[{"embeddable":true,"href":"https:\/\/dev.antudigital.cl\/sites\/fotografia\/wp-json\/wp\/v2\/users\/1"}],"replies":[{"embeddable":true,"href":"https:\/\/dev.antudigital.cl\/sites\/fotografia\/wp-json\/wp\/v2\/comments?post=6982"}],"version-history":[{"count":4,"href":"https:\/\/dev.antudigital.cl\/sites\/fotografia\/wp-json\/wp\/v2\/pueblo-fueguino\/6982\/revisions"}],"predecessor-version":[{"id":7003,"href":"https:\/\/dev.antudigital.cl\/sites\/fotografia\/wp-json\/wp\/v2\/pueblo-fueguino\/6982\/revisions\/7003"}],"up":[{"embeddable":true,"href":"https:\/\/dev.antudigital.cl\/sites\/fotografia\/wp-json\/wp\/v2\/pueblo-fueguino\/6976"}],"wp:attachment":[{"href":"https:\/\/dev.antudigital.cl\/sites\/fotografia\/wp-json\/wp\/v2\/media?parent=6982"}],"curies":[{"name":"wp","href":"https:\/\/api.w.org\/{rel}","templated":true}]}}