{"id":5587,"date":"2025-03-16T20:28:15","date_gmt":"2025-03-16T23:28:15","guid":{"rendered":"https:\/\/dev.antudigital.cl\/sites\/fotografia\/?post_type=pueblo-andino&#038;p=5587"},"modified":"2025-07-22T19:47:39","modified_gmt":"2025-07-22T23:47:39","slug":"territorio","status":"publish","type":"pueblo-mapuche","link":"https:\/\/dev.antudigital.cl\/sites\/fotografia\/pueblo-mapuche\/territorio\/","title":{"rendered":"Territorio"},"content":{"rendered":"\t\t<div data-elementor-type=\"wp-post\" data-elementor-id=\"5587\" class=\"elementor elementor-5587\" data-elementor-post-type=\"pueblo-mapuche\">\n\t\t\t\t<div class=\"elementor-element elementor-element-948a1ee e-con-full container-start e-flex e-con e-parent\" data-id=\"948a1ee\" data-element_type=\"container\" data-settings=\"{&quot;background_background&quot;:&quot;classic&quot;}\">\n\t\t<div class=\"elementor-element elementor-element-36be707 e-con-full elementor-hidden-tablet elementor-hidden-mobile e-flex e-con e-child\" data-id=\"36be707\" data-element_type=\"container\">\n\t\t\t\t<div class=\"elementor-element elementor-element-ef0e4fb elementor-widget elementor-widget-spacer\" data-id=\"ef0e4fb\" data-element_type=\"widget\" data-widget_type=\"spacer.default\">\n\t\t\t\t<div class=\"elementor-widget-container\">\n\t\t\t\t\t\t\t<div class=\"elementor-spacer\">\n\t\t\t<div class=\"elementor-spacer-inner\"><\/div>\n\t\t<\/div>\n\t\t\t\t\t\t<\/div>\n\t\t\t\t<\/div>\n\t\t<div class=\"elementor-element elementor-element-b8ba7ec e-con-full e-flex e-con e-child\" data-id=\"b8ba7ec\" data-element_type=\"container\">\n\t\t\t\t<div class=\"elementor-element elementor-element-2aae4c2 elementor-widget elementor-widget-heading\" data-id=\"2aae4c2\" data-element_type=\"widget\" data-widget_type=\"heading.default\">\n\t\t\t\t<div class=\"elementor-widget-container\">\n\t\t\t\t\t<h1 class=\"elementor-heading-title elementor-size-default\">Mapuches<\/h1>\t\t\t\t<\/div>\n\t\t\t\t<\/div>\n\t\t\t\t<div class=\"elementor-element elementor-element-fc7980d menu-offcanvas elementor-widget elementor-widget-nav-menu\" data-id=\"fc7980d\" data-element_type=\"widget\" data-settings=\"{&quot;layout&quot;:&quot;dropdown&quot;,&quot;submenu_icon&quot;:{&quot;value&quot;:&quot;&lt;i class=\\&quot;\\&quot; aria-hidden=\\&quot;true\\&quot;&gt;&lt;\\\/i&gt;&quot;,&quot;library&quot;:&quot;&quot;}}\" data-widget_type=\"nav-menu.default\">\n\t\t\t\t<div class=\"elementor-widget-container\">\n\t\t\t\t\t\t\t\t<nav class=\"elementor-nav-menu--dropdown elementor-nav-menu__container\" aria-hidden=\"true\">\n\t\t\t\t<ul id=\"menu-2-fc7980d\" class=\"elementor-nav-menu\"><li class=\"menu-item menu-item-type-custom menu-item-object-custom menu-item-has-children menu-item-5593\"><a href=\"#\" class=\"elementor-item elementor-item-anchor\" tabindex=\"-1\">Temas<\/a>\n<ul class=\"sub-menu elementor-nav-menu--dropdown\">\n\t<li class=\"menu-item menu-item-type-post_type menu-item-object-pueblo-mapuche menu-item-6393\"><a href=\"https:\/\/dev.antudigital.cl\/sites\/fotografia\/pueblo-mapuche\/temas\/metales-y-alquimia-la-tecnica-fotografica-en-la-construccion-de-la-imagen-mapuche\/\" class=\"elementor-sub-item\" tabindex=\"-1\">METALES Y ALQUIMIA. LA T\u00c9CNICA FOTOGR\u00c1FICA EN LA CONSTRUCCI\u00d3N DE LA IMAGEN MAPUCHE<\/a><\/li>\n\t<li class=\"menu-item menu-item-type-post_type menu-item-object-pueblo-mapuche menu-item-6383\"><a href=\"https:\/\/dev.antudigital.cl\/sites\/fotografia\/pueblo-mapuche\/temas\/en-el-jardin-de-aclimatacion-de-paris-fotografias-de-los-mapuche-llevados-a-europa-en-1883\/\" class=\"elementor-sub-item\" tabindex=\"-1\">EN EL JARD\u00cdN DE ACLIMATACI\u00d3N DE PAR\u00cdS: FOTOGRAF\u00cdAS DE LOS MAPUCHE LLEVADOS A EUROPA EN 1883<\/a><\/li>\n\t<li class=\"menu-item menu-item-type-post_type menu-item-object-pueblo-mapuche menu-item-6397\"><a href=\"https:\/\/dev.antudigital.cl\/sites\/fotografia\/pueblo-mapuche\/temas\/representacion-mapuche-en-el-audiovisual-chileno\/\" class=\"elementor-sub-item\" tabindex=\"-1\">REPRESENTACI\u00d3N MAPUCHE EN EL AUDIOVISUAL CHILENO<\/a><\/li>\n\t<li class=\"menu-item menu-item-type-post_type menu-item-object-pueblo-mapuche menu-item-6401\"><a href=\"https:\/\/dev.antudigital.cl\/sites\/fotografia\/pueblo-mapuche\/temas\/salvajes-terroristas-combativos-sujetos-y-construcciones-visuales-en-los-usos-de-fotografias-de-mapuche-fines-siglo-xix-y-comienzos-siglo-xx\/\" class=\"elementor-sub-item\" tabindex=\"-1\">SALVAJES, TERRORISTAS, COMBATIVOS SUJETOS Y CONSTRUCCIONES VISUALES EN LOS USOS DE FOTOGRAF\u00cdAS DE MAPUCHE (FINES SIGLO XIX Y COMIENZOS SIGLO XX)<\/a><\/li>\n\t<li class=\"menu-item menu-item-type-post_type menu-item-object-pueblo-mapuche menu-item-6388\"><a href=\"https:\/\/dev.antudigital.cl\/sites\/fotografia\/pueblo-mapuche\/temas\/imagenes-de-modernidad-y-colonizacion-fotografias-en-el-siglo-xix-y-xx\/\" class=\"elementor-sub-item\" tabindex=\"-1\">IM\u00c1GENES DE MODERNIDAD Y COLONIZACI\u00d3N. FOTOGRAF\u00cdAS EN EL SIGLO XIX Y XX<\/a><\/li>\n<\/ul>\n<\/li>\n<li class=\"menu-item menu-item-type-custom menu-item-object-custom menu-item-has-children menu-item-5594\"><a href=\"#\" class=\"elementor-item elementor-item-anchor\" tabindex=\"-1\">Autores<\/a>\n<ul class=\"sub-menu elementor-nav-menu--dropdown\">\n\t<li class=\"menu-item menu-item-type-post_type menu-item-object-pueblo-mapuche menu-item-5620\"><a href=\"https:\/\/dev.antudigital.cl\/sites\/fotografia\/pueblo-mapuche\/autores\/gaston-carreno-gonzalez\/\" class=\"elementor-sub-item\" tabindex=\"-1\">Gast\u00f3n Carre\u00f1o Gonz\u00e1lez<\/a><\/li>\n\t<li class=\"menu-item menu-item-type-post_type menu-item-object-pueblo-mapuche menu-item-5619\"><a href=\"https:\/\/dev.antudigital.cl\/sites\/fotografia\/pueblo-mapuche\/autores\/christian-baez-allende\/\" class=\"elementor-sub-item\" tabindex=\"-1\">Christian B\u00e1ez Allende<\/a><\/li>\n\t<li class=\"menu-item menu-item-type-post_type menu-item-object-pueblo-mapuche menu-item-6381\"><a href=\"https:\/\/dev.antudigital.cl\/sites\/fotografia\/pueblo-mapuche\/autores\/maria-paz-bajas-irizar-2\/\" class=\"elementor-sub-item\" tabindex=\"-1\">Mar\u00eda Paz Bajas Irizar<\/a><\/li>\n\t<li class=\"menu-item menu-item-type-post_type menu-item-object-pueblo-mapuche menu-item-6378\"><a href=\"https:\/\/dev.antudigital.cl\/sites\/fotografia\/pueblo-mapuche\/autores\/felipe-a-maturana-diaz\/\" class=\"elementor-sub-item\" tabindex=\"-1\">Felipe A. Maturana D\u00edaz<\/a><\/li>\n\t<li class=\"menu-item menu-item-type-post_type menu-item-object-pueblo-mapuche menu-item-6380\"><a href=\"https:\/\/dev.antudigital.cl\/sites\/fotografia\/pueblo-mapuche\/autores\/margarita-alvarado-perez\/\" class=\"elementor-sub-item\" tabindex=\"-1\">Margarita Alvarado P\u00e9rez<\/a><\/li>\n\t<li class=\"menu-item menu-item-type-post_type menu-item-object-pueblo-mapuche menu-item-6379\"><a href=\"https:\/\/dev.antudigital.cl\/sites\/fotografia\/pueblo-mapuche\/autores\/juan-pablo-leal-ugalde\/\" class=\"elementor-sub-item\" tabindex=\"-1\">Juan Pablo Leal Ugalde<\/a><\/li>\n<\/ul>\n<\/li>\n<li class=\"menu-item menu-item-type-post_type menu-item-object-pueblo-mapuche menu-item-5611\"><a href=\"https:\/\/dev.antudigital.cl\/sites\/fotografia\/pueblo-mapuche\/territorio\/\" class=\"elementor-item\" tabindex=\"-1\">Territorio<\/a><\/li>\n<li class=\"menu-item menu-item-type-post_type menu-item-object-pueblo-mapuche menu-item-5635\"><a href=\"https:\/\/dev.antudigital.cl\/sites\/fotografia\/pueblo-mapuche\/glosario\/\" class=\"elementor-item\" tabindex=\"-1\">Glosario<\/a><\/li>\n<li class=\"menu-item menu-item-type-post_type menu-item-object-pueblo-mapuche menu-item-5612\"><a href=\"https:\/\/dev.antudigital.cl\/sites\/fotografia\/pueblo-mapuche\/bibliografia\/\" class=\"elementor-item\" tabindex=\"-1\">Bibliograf\u00eda<\/a><\/li>\n<\/ul>\t\t\t<\/nav>\n\t\t\t\t\t\t<\/div>\n\t\t\t\t<\/div>\n\t\t\t\t<\/div>\n\t\t\t\t<\/div>\n\t\t<div class=\"elementor-element elementor-element-93fd054 e-con-full container-info e-flex e-con e-child\" data-id=\"93fd054\" data-element_type=\"container\">\n\t\t\t\t<div class=\"elementor-element elementor-element-901b530 elementor-align-justify elementor-widget__width-inherit elementor-hidden-desktop elementor-widget elementor-widget-button\" data-id=\"901b530\" data-element_type=\"widget\" data-widget_type=\"button.default\">\n\t\t\t\t<div class=\"elementor-widget-container\">\n\t\t\t\t\t\t\t\t\t<div class=\"elementor-button-wrapper\">\n\t\t\t\t\t<a class=\"elementor-button elementor-button-link elementor-size-sm\" href=\"#elementor-action%3Aaction%3Dpopup%3Aopen%26settings%3DeyJpZCI6IjU1NzYiLCJ0b2dnbGUiOmZhbHNlfQ%3D%3D\">\n\t\t\t\t\t\t<span class=\"elementor-button-content-wrapper\">\n\t\t\t\t\t\t<span class=\"elementor-button-icon\">\n\t\t\t\t<i aria-hidden=\"true\" class=\"fas fa-bars\"><\/i>\t\t\t<\/span>\n\t\t\t\t\t\t\t\t\t<span class=\"elementor-button-text\">MAPUCHES<\/span>\n\t\t\t\t\t<\/span>\n\t\t\t\t\t<\/a>\n\t\t\t\t<\/div>\n\t\t\t\t\t\t\t\t<\/div>\n\t\t\t\t<\/div>\n\t\t\t\t<div class=\"elementor-element elementor-element-cbef92d elementor-widget elementor-widget-heading\" data-id=\"cbef92d\" data-element_type=\"widget\" data-widget_type=\"heading.default\">\n\t\t\t\t<div class=\"elementor-widget-container\">\n\t\t\t\t\t<h1 class=\"elementor-heading-title elementor-size-default\">Territorio<\/h1>\t\t\t\t<\/div>\n\t\t\t\t<\/div>\n\t\t\t\t<div class=\"elementor-element elementor-element-ea5a7ac elementor-widget elementor-widget-text-editor\" data-id=\"ea5a7ac\" data-element_type=\"widget\" data-widget_type=\"text-editor.default\">\n\t\t\t\t<div class=\"elementor-widget-container\">\n\t\t\t\t\t\t\t\t\t<p>Ullesti rescipsamus siti delenesti dolorporit pos alignim poreprestium quodictur? Ratecep elitius, con re omnis quia quos quatet lam nonecus aut re rem dis es eum fuga. Ut quos nus de parcilit ut quam, quatincit, sum rem.<br \/>Obit autatat ommosam ex eos etur, evellendi consequundae et mosanduci beria sim que lauta di qui corro vitatur itaquo idelest, ut aut eos sinihitia que volorro torerupid essequidunt et, assimus diorrovid mintibus.<\/p>\t\t\t\t\t\t\t\t<\/div>\n\t\t\t\t<\/div>\n\t\t\t\t<\/div>\n\t\t<div class=\"elementor-element elementor-element-7528c69 e-con-full container-media e-flex e-con e-child\" data-id=\"7528c69\" data-element_type=\"container\">\n\t\t\t\t<div class=\"elementor-element elementor-element-f5f986a elementor-align-left elementor-absolute elementor-hidden-tablet elementor-hidden-mobile elementor-invisible elementor-widget elementor-widget-button\" data-id=\"f5f986a\" data-element_type=\"widget\" id=\"btn-expand\" data-settings=\"{&quot;_position&quot;:&quot;absolute&quot;,&quot;_animation&quot;:&quot;fadeIn&quot;,&quot;_animation_delay&quot;:600}\" data-widget_type=\"button.default\">\n\t\t\t\t<div class=\"elementor-widget-container\">\n\t\t\t\t\t\t\t\t\t<div class=\"elementor-button-wrapper\">\n\t\t\t\t\t<a class=\"elementor-button elementor-button-link elementor-size-sm\" href=\"#\">\n\t\t\t\t\t\t<span class=\"elementor-button-content-wrapper\">\n\t\t\t\t\t\t<span class=\"elementor-button-icon\">\n\t\t\t\t<i aria-hidden=\"true\" class=\"fas fa-long-arrow-alt-left\"><\/i>\t\t\t<\/span>\n\t\t\t\t\t\t\t\t<\/span>\n\t\t\t\t\t<\/a>\n\t\t\t\t<\/div>\n\t\t\t\t\t\t\t\t<\/div>\n\t\t\t\t<\/div>\n\t\t\t\t<div class=\"elementor-element elementor-element-8993a16 elementor-widget elementor-widget-image\" data-id=\"8993a16\" data-element_type=\"widget\" data-widget_type=\"image.default\">\n\t\t\t\t<div class=\"elementor-widget-container\">\n\t\t\t\t\t\t\t\t\t\t\t\t\t\t\t<img fetchpriority=\"high\" decoding=\"async\" width=\"2560\" height=\"1387\" src=\"https:\/\/dev.antudigital.cl\/sites\/fotografia\/wp-content\/uploads\/2025\/03\/MAPA-MAPUCHE-horizontal-scaled.png\" class=\"attachment-full size-full wp-image-7034\" alt=\"\" srcset=\"https:\/\/dev.antudigital.cl\/sites\/fotografia\/wp-content\/uploads\/2025\/03\/MAPA-MAPUCHE-horizontal-scaled.png 2560w, https:\/\/dev.antudigital.cl\/sites\/fotografia\/wp-content\/uploads\/2025\/03\/MAPA-MAPUCHE-horizontal-300x163.png 300w, https:\/\/dev.antudigital.cl\/sites\/fotografia\/wp-content\/uploads\/2025\/03\/MAPA-MAPUCHE-horizontal-1024x555.png 1024w, https:\/\/dev.antudigital.cl\/sites\/fotografia\/wp-content\/uploads\/2025\/03\/MAPA-MAPUCHE-horizontal-768x416.png 768w, https:\/\/dev.antudigital.cl\/sites\/fotografia\/wp-content\/uploads\/2025\/03\/MAPA-MAPUCHE-horizontal-1536x832.png 1536w, https:\/\/dev.antudigital.cl\/sites\/fotografia\/wp-content\/uploads\/2025\/03\/MAPA-MAPUCHE-horizontal-2048x1109.png 2048w\" sizes=\"(max-width: 2560px) 100vw, 2560px\" \/>\t\t\t\t\t\t\t\t\t\t\t\t\t\t\t<\/div>\n\t\t\t\t<\/div>\n\t\t\t\t<\/div>\n\t\t\t\t<\/div>\n\t\t\t\t<\/div>\n\t\t","protected":false},"excerpt":{"rendered":"<p>Mapuches MAPUCHES Ullesti rescipsamus siti delenesti dolorporit pos alignim poreprestium quodictur? Ratecep elitius, con re omnis quia quos quatet lam nonecus aut re rem dis es eum fuga. Ut quos nus de parcilit ut quam, quatincit, sum rem.Obit autatat ommosam ex eos etur, evellendi consequundae et mosanduci beria sim que lauta di qui corro vitatur [&hellip;]<\/p>\n","protected":false},"author":1,"featured_media":0,"parent":0,"menu_order":0,"comment_status":"open","ping_status":"open","template":"elementor_header_footer","format":"standard","meta":{"footnotes":""},"class_list":["post-5587","pueblo-mapuche","type-pueblo-mapuche","status-publish","format-standard","hentry"],"_links":{"self":[{"href":"https:\/\/dev.antudigital.cl\/sites\/fotografia\/wp-json\/wp\/v2\/pueblo-mapuche\/5587","targetHints":{"allow":["GET"]}}],"collection":[{"href":"https:\/\/dev.antudigital.cl\/sites\/fotografia\/wp-json\/wp\/v2\/pueblo-mapuche"}],"about":[{"href":"https:\/\/dev.antudigital.cl\/sites\/fotografia\/wp-json\/wp\/v2\/types\/pueblo-mapuche"}],"author":[{"embeddable":true,"href":"https:\/\/dev.antudigital.cl\/sites\/fotografia\/wp-json\/wp\/v2\/users\/1"}],"replies":[{"embeddable":true,"href":"https:\/\/dev.antudigital.cl\/sites\/fotografia\/wp-json\/wp\/v2\/comments?post=5587"}],"version-history":[{"count":7,"href":"https:\/\/dev.antudigital.cl\/sites\/fotografia\/wp-json\/wp\/v2\/pueblo-mapuche\/5587\/revisions"}],"predecessor-version":[{"id":7037,"href":"https:\/\/dev.antudigital.cl\/sites\/fotografia\/wp-json\/wp\/v2\/pueblo-mapuche\/5587\/revisions\/7037"}],"wp:attachment":[{"href":"https:\/\/dev.antudigital.cl\/sites\/fotografia\/wp-json\/wp\/v2\/media?parent=5587"}],"curies":[{"name":"wp","href":"https:\/\/api.w.org\/{rel}","templated":true}]}}