{"id":5589,"date":"2025-03-16T20:28:10","date_gmt":"2025-03-16T23:28:10","guid":{"rendered":"https:\/\/dev.antudigital.cl\/sites\/fotografia\/?post_type=pueblo-andino&#038;p=5589"},"modified":"2025-03-16T21:14:29","modified_gmt":"2025-03-17T00:14:29","slug":"bibliografia","status":"publish","type":"pueblo-mapuche","link":"https:\/\/dev.antudigital.cl\/sites\/fotografia\/pueblo-mapuche\/bibliografia\/","title":{"rendered":"Bibliograf\u00eda"},"content":{"rendered":"\t\t<div data-elementor-type=\"wp-post\" data-elementor-id=\"5589\" class=\"elementor elementor-5589\" data-elementor-post-type=\"pueblo-mapuche\">\n\t\t\t\t<div class=\"elementor-element elementor-element-602ab25 e-con-full e-flex e-con e-parent\" data-id=\"602ab25\" data-element_type=\"container\" data-settings=\"{&quot;background_background&quot;:&quot;classic&quot;}\">\n\t\t<div class=\"elementor-element elementor-element-f2424db e-con-full elementor-hidden-tablet elementor-hidden-mobile e-flex e-con e-child\" data-id=\"f2424db\" data-element_type=\"container\" data-settings=\"{&quot;sticky&quot;:&quot;top&quot;,&quot;sticky_on&quot;:[&quot;desktop&quot;],&quot;sticky_offset&quot;:98,&quot;sticky_parent&quot;:&quot;yes&quot;,&quot;sticky_effects_offset&quot;:0,&quot;sticky_anchor_link_offset&quot;:0}\">\n\t\t\t\t<div class=\"elementor-element elementor-element-84f9702 elementor-widget elementor-widget-spacer\" data-id=\"84f9702\" data-element_type=\"widget\" data-widget_type=\"spacer.default\">\n\t\t\t\t<div class=\"elementor-widget-container\">\n\t\t\t\t\t\t\t<div class=\"elementor-spacer\">\n\t\t\t<div class=\"elementor-spacer-inner\"><\/div>\n\t\t<\/div>\n\t\t\t\t\t\t<\/div>\n\t\t\t\t<\/div>\n\t\t<div class=\"elementor-element elementor-element-7ccbd23 e-con-full e-flex e-con e-child\" data-id=\"7ccbd23\" data-element_type=\"container\">\n\t\t\t\t<div class=\"elementor-element elementor-element-d668636 elementor-widget elementor-widget-heading\" data-id=\"d668636\" data-element_type=\"widget\" data-widget_type=\"heading.default\">\n\t\t\t\t<div class=\"elementor-widget-container\">\n\t\t\t\t\t<h1 class=\"elementor-heading-title elementor-size-default\">Mapuches<\/h1>\t\t\t\t<\/div>\n\t\t\t\t<\/div>\n\t\t\t\t<div class=\"elementor-element elementor-element-68db4d8 menu-offcanvas elementor-widget elementor-widget-nav-menu\" data-id=\"68db4d8\" data-element_type=\"widget\" data-settings=\"{&quot;layout&quot;:&quot;dropdown&quot;,&quot;submenu_icon&quot;:{&quot;value&quot;:&quot;&lt;i class=\\&quot;\\&quot; aria-hidden=\\&quot;true\\&quot;&gt;&lt;\\\/i&gt;&quot;,&quot;library&quot;:&quot;&quot;}}\" data-widget_type=\"nav-menu.default\">\n\t\t\t\t<div class=\"elementor-widget-container\">\n\t\t\t\t\t\t\t\t<nav class=\"elementor-nav-menu--dropdown elementor-nav-menu__container\" aria-hidden=\"true\">\n\t\t\t\t<ul id=\"menu-2-68db4d8\" class=\"elementor-nav-menu\"><li class=\"menu-item menu-item-type-custom menu-item-object-custom menu-item-has-children menu-item-5593\"><a href=\"#\" class=\"elementor-item elementor-item-anchor\" tabindex=\"-1\">Temas<\/a>\n<ul class=\"sub-menu elementor-nav-menu--dropdown\">\n\t<li class=\"menu-item menu-item-type-post_type menu-item-object-pueblo-mapuche menu-item-6393\"><a href=\"https:\/\/dev.antudigital.cl\/sites\/fotografia\/pueblo-mapuche\/temas\/metales-y-alquimia-la-tecnica-fotografica-en-la-construccion-de-la-imagen-mapuche\/\" class=\"elementor-sub-item\" tabindex=\"-1\">METALES Y ALQUIMIA. LA T\u00c9CNICA FOTOGR\u00c1FICA EN LA CONSTRUCCI\u00d3N DE LA IMAGEN MAPUCHE<\/a><\/li>\n\t<li class=\"menu-item menu-item-type-post_type menu-item-object-pueblo-mapuche menu-item-6383\"><a href=\"https:\/\/dev.antudigital.cl\/sites\/fotografia\/pueblo-mapuche\/temas\/en-el-jardin-de-aclimatacion-de-paris-fotografias-de-los-mapuche-llevados-a-europa-en-1883\/\" class=\"elementor-sub-item\" tabindex=\"-1\">EN EL JARD\u00cdN DE ACLIMATACI\u00d3N DE PAR\u00cdS: FOTOGRAF\u00cdAS DE LOS MAPUCHE LLEVADOS A EUROPA EN 1883<\/a><\/li>\n\t<li class=\"menu-item menu-item-type-post_type menu-item-object-pueblo-mapuche menu-item-6397\"><a href=\"https:\/\/dev.antudigital.cl\/sites\/fotografia\/pueblo-mapuche\/temas\/representacion-mapuche-en-el-audiovisual-chileno\/\" class=\"elementor-sub-item\" tabindex=\"-1\">REPRESENTACI\u00d3N MAPUCHE EN EL AUDIOVISUAL CHILENO<\/a><\/li>\n\t<li class=\"menu-item menu-item-type-post_type menu-item-object-pueblo-mapuche menu-item-6401\"><a href=\"https:\/\/dev.antudigital.cl\/sites\/fotografia\/pueblo-mapuche\/temas\/salvajes-terroristas-combativos-sujetos-y-construcciones-visuales-en-los-usos-de-fotografias-de-mapuche-fines-siglo-xix-y-comienzos-siglo-xx\/\" class=\"elementor-sub-item\" tabindex=\"-1\">SALVAJES, TERRORISTAS, COMBATIVOS SUJETOS Y CONSTRUCCIONES VISUALES EN LOS USOS DE FOTOGRAF\u00cdAS DE MAPUCHE (FINES SIGLO XIX Y COMIENZOS SIGLO XX)<\/a><\/li>\n\t<li class=\"menu-item menu-item-type-post_type menu-item-object-pueblo-mapuche menu-item-6388\"><a href=\"https:\/\/dev.antudigital.cl\/sites\/fotografia\/pueblo-mapuche\/temas\/imagenes-de-modernidad-y-colonizacion-fotografias-en-el-siglo-xix-y-xx\/\" class=\"elementor-sub-item\" tabindex=\"-1\">IM\u00c1GENES DE MODERNIDAD Y COLONIZACI\u00d3N. FOTOGRAF\u00cdAS EN EL SIGLO XIX Y XX<\/a><\/li>\n<\/ul>\n<\/li>\n<li class=\"menu-item menu-item-type-custom menu-item-object-custom menu-item-has-children menu-item-5594\"><a href=\"#\" class=\"elementor-item elementor-item-anchor\" tabindex=\"-1\">Autores<\/a>\n<ul class=\"sub-menu elementor-nav-menu--dropdown\">\n\t<li class=\"menu-item menu-item-type-post_type menu-item-object-pueblo-mapuche menu-item-5620\"><a href=\"https:\/\/dev.antudigital.cl\/sites\/fotografia\/pueblo-mapuche\/autores\/gaston-carreno-gonzalez\/\" class=\"elementor-sub-item\" tabindex=\"-1\">Gast\u00f3n Carre\u00f1o Gonz\u00e1lez<\/a><\/li>\n\t<li class=\"menu-item menu-item-type-post_type menu-item-object-pueblo-mapuche menu-item-5619\"><a href=\"https:\/\/dev.antudigital.cl\/sites\/fotografia\/pueblo-mapuche\/autores\/christian-baez-allende\/\" class=\"elementor-sub-item\" tabindex=\"-1\">Christian B\u00e1ez Allende<\/a><\/li>\n\t<li class=\"menu-item menu-item-type-post_type menu-item-object-pueblo-mapuche menu-item-6381\"><a href=\"https:\/\/dev.antudigital.cl\/sites\/fotografia\/pueblo-mapuche\/autores\/maria-paz-bajas-irizar-2\/\" class=\"elementor-sub-item\" tabindex=\"-1\">Mar\u00eda Paz Bajas Irizar<\/a><\/li>\n\t<li class=\"menu-item menu-item-type-post_type menu-item-object-pueblo-mapuche menu-item-6378\"><a href=\"https:\/\/dev.antudigital.cl\/sites\/fotografia\/pueblo-mapuche\/autores\/felipe-a-maturana-diaz\/\" class=\"elementor-sub-item\" tabindex=\"-1\">Felipe A. Maturana D\u00edaz<\/a><\/li>\n\t<li class=\"menu-item menu-item-type-post_type menu-item-object-pueblo-mapuche menu-item-6380\"><a href=\"https:\/\/dev.antudigital.cl\/sites\/fotografia\/pueblo-mapuche\/autores\/margarita-alvarado-perez\/\" class=\"elementor-sub-item\" tabindex=\"-1\">Margarita Alvarado P\u00e9rez<\/a><\/li>\n\t<li class=\"menu-item menu-item-type-post_type menu-item-object-pueblo-mapuche menu-item-6379\"><a href=\"https:\/\/dev.antudigital.cl\/sites\/fotografia\/pueblo-mapuche\/autores\/juan-pablo-leal-ugalde\/\" class=\"elementor-sub-item\" tabindex=\"-1\">Juan Pablo Leal Ugalde<\/a><\/li>\n<\/ul>\n<\/li>\n<li class=\"menu-item menu-item-type-post_type menu-item-object-pueblo-mapuche menu-item-5611\"><a href=\"https:\/\/dev.antudigital.cl\/sites\/fotografia\/pueblo-mapuche\/territorio\/\" class=\"elementor-item\" tabindex=\"-1\">Territorio<\/a><\/li>\n<li class=\"menu-item menu-item-type-post_type menu-item-object-pueblo-mapuche menu-item-5635\"><a href=\"https:\/\/dev.antudigital.cl\/sites\/fotografia\/pueblo-mapuche\/glosario\/\" class=\"elementor-item\" tabindex=\"-1\">Glosario<\/a><\/li>\n<li class=\"menu-item menu-item-type-post_type menu-item-object-pueblo-mapuche menu-item-5612\"><a href=\"https:\/\/dev.antudigital.cl\/sites\/fotografia\/pueblo-mapuche\/bibliografia\/\" class=\"elementor-item\" tabindex=\"-1\">Bibliograf\u00eda<\/a><\/li>\n<\/ul>\t\t\t<\/nav>\n\t\t\t\t\t\t<\/div>\n\t\t\t\t<\/div>\n\t\t\t\t<\/div>\n\t\t\t\t<\/div>\n\t\t<div class=\"elementor-element elementor-element-7ba48a6 e-con-full e-flex e-con e-child\" data-id=\"7ba48a6\" data-element_type=\"container\" data-settings=\"{&quot;background_background&quot;:&quot;classic&quot;}\">\n\t\t\t\t<div class=\"elementor-element elementor-element-8955767 elementor-align-justify elementor-widget__width-inherit elementor-hidden-desktop elementor-widget elementor-widget-button\" data-id=\"8955767\" data-element_type=\"widget\" data-widget_type=\"button.default\">\n\t\t\t\t<div class=\"elementor-widget-container\">\n\t\t\t\t\t\t\t\t\t<div class=\"elementor-button-wrapper\">\n\t\t\t\t\t<a class=\"elementor-button elementor-button-link elementor-size-sm\" href=\"#elementor-action%3Aaction%3Dpopup%3Aopen%26settings%3DeyJpZCI6IjU1NzYiLCJ0b2dnbGUiOmZhbHNlfQ%3D%3D\">\n\t\t\t\t\t\t<span class=\"elementor-button-content-wrapper\">\n\t\t\t\t\t\t<span class=\"elementor-button-icon\">\n\t\t\t\t<i aria-hidden=\"true\" class=\"fas fa-bars\"><\/i>\t\t\t<\/span>\n\t\t\t\t\t\t\t\t\t<span class=\"elementor-button-text\">MAPUCHES<\/span>\n\t\t\t\t\t<\/span>\n\t\t\t\t\t<\/a>\n\t\t\t\t<\/div>\n\t\t\t\t\t\t\t\t<\/div>\n\t\t\t\t<\/div>\n\t\t\t\t<div class=\"elementor-element elementor-element-75020b2 elementor-widget elementor-widget-heading\" data-id=\"75020b2\" data-element_type=\"widget\" data-widget_type=\"heading.default\">\n\t\t\t\t<div class=\"elementor-widget-container\">\n\t\t\t\t\t<h4 class=\"elementor-heading-title elementor-size-default\">Salvajes, terroristas, combativos. Sujetos y construcciones visuales en los usos de fotograf\u00edas de mapuche (fines siglo XIX y comienzos siglo XX)<\/h4>\t\t\t\t<\/div>\n\t\t\t\t<\/div>\n\t\t\t\t<div class=\"elementor-element elementor-element-e6c18e1 elementor-widget elementor-widget-text-editor\" data-id=\"e6c18e1\" data-element_type=\"widget\" data-widget_type=\"text-editor.default\">\n\t\t\t\t<div class=\"elementor-widget-container\">\n\t\t\t\t\t\t\t\t\t<ul><li><a href=\"http:\/\/www.memoriachilena.cl\/archivos2\/pdfs\/MC0035029.pdf\">ALVARADO, Margarita, Pedro MEGE y Christian BAEZ (Editores).\u00a0<i>Mapuche. Fotograf\u00eda\u00a0 siglos XIX y XX. Construcci\u00f3n y montaje de un imaginario<\/i>. Pehu\u00e9n Editores, Santiago, 2001.<\/a><\/li><li><a href=\"http:\/\/www.dibam.cl\/Recursos\/Publicaciones%5CDIBAM%5Carchivos%5CRPC_36.pdf\">ALVARADO, Margarita. \u201cVestidura y despojo. El nativo en la fotograf\u00eda chilena\u201d. En\u00a0<i>Revelando el Rollo. Revista Patrimonio Cultural<\/i>. A\u00f1o X, N\u00b0 36, pp.18 \u2013 20. Editoras Adjuntas \u00a0Margarita Alvarado y Carla M\u00f6ller. Santiago, 2005.<\/a><\/li><li>ALVARADO Margarita. \u201cLa fantas\u00eda fotogr\u00e1fica de una alteridad visual: Claves y herramientas para su desmontaje est\u00e9tico\u201d. En\u00a0<i>Fotograf\u00eda o la cotidiana finta a la experiencia<\/i>. Jos\u00e9 Pablo Concha (Editor). Instituto de Est\u00e9tica, Facultad de Filosof\u00eda, Pontificia Universidad Cat\u00f3lica de Chile, Santiago, 2010.<\/li><li>BENGOA, Jos\u00e9.\u00a0<i>Historia de un conflicto. El estado y los mapuches en el siglo XX<\/i>. Editorial Planeta, Santiago, 2002.<\/li><li>CORREA, Mart\u00edn y MELLA, Eduardo.\u00a0\u00a0<i>Las razones del illkun\/enojo. Memoria despojo y criminalizaci\u00f3n en el territorio mapuche de Malleco<\/i>.\u00a0 Lom Ediciones, Santiago, 2010.<\/li><li>GUEVARA, Tom\u00e1s.\u00a0<i>Psicolog\u00eda del Pueblo Araucano<\/i>. Imprenta Cervantes, Santiago, 1908.<\/li><li>GUEVARA, Tom\u00e1s.\u00a0<i>Historia de Chile. Chile Prehispano<\/i>. Tom\u00e1s. Balcells &amp; Co, Santiago, 1925.<\/li><li>LATCHAM Ricardo.\u00a0<i>La Prehistoria Chilena<\/i>. Soc. Imo. Y Lit. Universo, Santiago, 1928.<\/li><li>LE\u00d3N, Leonardo.\u00a0\u00a0<i>Araucan\u00eda: La violencia mestiza y el mito de la Pacificaci\u00f3n, 1880 \u2013 1900<\/i>. \u00a0Editorial ARCIS, Santiago, 2005<\/li><li>MARIMAN, Pablo; Sergio CANIUQUEO, Jos\u00e9 MILLAL\u00c9N y Rodrigo LEVIL.\u00a0<i>\u00a1\u2026Escucha, winka\u2026! Cuatro ensayos de Historia Nacional Mapuche y un ep\u00edlogo sobre el futuro<\/i>. LOM Ediciones, Santiago, 2006.<\/li><li>REYERO, Carlos. 2004. \u201cPasivos, ex\u00f3ticos, vencidos, v\u00edctimas. El ind\u00edgena americano en la cultura oficial espa\u00f1ola del siglo XIX\u201d. En\u00a0<i>Revista de Indias<\/i>, vol. LXIV, n\u00fam. 232. pp. 721 \u2013 748.<\/li><li>ROJAS MIX, Miguel.\u00a0<i>Am\u00e9rica imaginaria<\/i>. Editorial Lumen, Barcelona, 1992.<\/li><\/ul>\t\t\t\t\t\t\t\t<\/div>\n\t\t\t\t<\/div>\n\t\t\t\t<div class=\"elementor-element elementor-element-d245dc5 elementor-widget elementor-widget-heading\" data-id=\"d245dc5\" data-element_type=\"widget\" data-widget_type=\"heading.default\">\n\t\t\t\t<div class=\"elementor-widget-container\">\n\t\t\t\t\t<h4 class=\"elementor-heading-title elementor-size-default\"> En el Jard\u00edn de Aclimataci\u00f3n de Par\u00eds: fotograf\u00edas de los mapuche llevados a Europa en 1883.<\/h4>\t\t\t\t<\/div>\n\t\t\t\t<\/div>\n\t\t\t\t<div class=\"elementor-element elementor-element-2294825 elementor-widget elementor-widget-text-editor\" data-id=\"2294825\" data-element_type=\"widget\" data-widget_type=\"text-editor.default\">\n\t\t\t\t<div class=\"elementor-widget-container\">\n\t\t\t\t\t\t\t\t\t<ul><li><a href=\"http:\/\/www.precolombino.cl\">ALVARADO, Margarita. \u201cLa transposici\u00f3n est\u00e9tica de Pascual Co\u00f1a: del texto literario a la imagen cinem\u00e1tica\u201d. En\u00a0<i>Bolet\u00edn del Museo Chileno de Arte Precolombino.\u00a0<\/i>Vol. 11 (1), pp. 13-22. Santiago, 2006. [www.precolombino.cl].<\/a><\/li><li><a href=\"http:\/\/bibliotecadigital.academia.cl\/bitstream\/123456789\/991\/1\/tant42.pdf\">BAJAS, Mar\u00eda Paz.\u00a0<i>Miradas que interpretan. La c\u00e1mara en manos del otro.<\/i>\u00a0Tesis de grado en Antropolog\u00eda, Universidad Academia de Humanismo Cristiano. Santiago, Chile, 2005.<\/a><\/li><li><a href=\"http:\/\/www.rchav.cl\/bajas_12.htm\">BAJAS, Mar\u00eda Paz. \u201cLa c\u00e1mara en manos del otro. El estereotipo en el video ind\u00edgena mapuche\u201d. En\u00a0<i>Revista Chilena de Antropolog\u00eda Visual.<\/i> N\u00b012, pp. 70-102. Universidad Academia de Humanismo Cristiano, Santiago, 2008. [antropologiavisual.cl]<\/a><\/li><li><a href=\"http:\/\/www.rchav.cl\/index_21.html\">BAJAS, Mar\u00eda Paz (Editora). \u201cCine, video y comunicaci\u00f3n ind\u00edgena. Los caminos recorridos junto a la c\u00e1mara\u201d. En<i>\u00a0Revista Chilena de Antropolog\u00eda Visual.<\/i>\u201d Numero 21. 2013. [antropologiavisual.cl].<\/a><\/li><li><a href=\"http:\/\/www.memoriachilena.cl\/archivos2\/pdfs\/MC0035040.pdf\">CARRE\u00d1O, Gast\u00f3n.\u00a0<i>Entre el ojo y el espejo. La imagen mapuche en cine y video.<\/i>\u00a0Tesis de Antropolog\u00eda Social. Universidad de Chile, 2002.<\/a><\/li><li><a href=\"http:\/\/www.precolombino.cl\">MATURANA, Felipe. \u201cVestigios del cuento maravilloso. An\u00e1lisis estructural de la pel\u00edcula \u201cWichan: el juicio\u201d\u201d.\u00a0<i>Bolet\u00edn del Museo Chileno de Arte Precolombino.\u00a0<\/i>Vol. 11 (1), pp. 23-32. Santiago, 2006. [www.precolombino.cl].<\/a><\/li><li>SHOHAT, Ella y STAM, Robert.\u00a0<i>Multiculturalismo, cine y medios de comunicaci\u00f3n<\/i>. Paidos, Barcelona, 2002.<\/li><\/ul>\t\t\t\t\t\t\t\t<\/div>\n\t\t\t\t<\/div>\n\t\t\t\t<div class=\"elementor-element elementor-element-8942b94 elementor-widget elementor-widget-heading\" data-id=\"8942b94\" data-element_type=\"widget\" data-widget_type=\"heading.default\">\n\t\t\t\t<div class=\"elementor-widget-container\">\n\t\t\t\t\t<h4 class=\"elementor-heading-title elementor-size-default\">Metales y Alquimia. La t\u00e9cnica fotogr\u00e1fica en la construcci\u00f3n de la imagen mapuche<\/h4>\t\t\t\t<\/div>\n\t\t\t\t<\/div>\n\t\t\t\t<div class=\"elementor-element elementor-element-c715eae elementor-widget elementor-widget-text-editor\" data-id=\"c715eae\" data-element_type=\"widget\" data-widget_type=\"text-editor.default\">\n\t\t\t\t<div class=\"elementor-widget-container\">\n\t\t\t\t\t\t\t\t\t<ul><li><a href=\"http:\/\/www.memoriachilena.cl\/archivos2\/pdfs\/MC0035029.pdf\">ALVARADO,<b>\u00a0<\/b>Margarita. \u201cPose y Montaje en la fotograf\u00eda mapuche. Retrato fotogr\u00e1fico, representaci\u00f3n e identidad\u201d. En\u00a0<i>Mapuche. Fotograf\u00edas Siglos XIX y XX. Construcci\u00f3n y Montaje de un Imaginario<\/i>.\u00a0 Ed. Pehu\u00e9n, Santiago, 2001.<\/a><\/li><li>BAJAC, Quentin.\u00a0<i>La invenci\u00f3n de la fotograf\u00eda<\/i>. La imagen revelada. Ed. Blume, Barcelona, 2011.<\/li><li><a href=\"http:\/\/www.memoriachilena.cl\/archivos2\/pdfs\/MC0035029.pdf\">CARRE\u00d1O, Gast\u00f3n. \u201cMetales y Alquimia: la t\u00e9cnica fotogr\u00e1fica en la construcci\u00f3n de la imagen mapuche\u201d. En, ALVARADO, Margarita, Pedro MEGE y Christian BAEZ, (Editores).\u00a0<i>Mapuche, Fotograf\u00edas Siglos XIX y XX. Construcci\u00f3n y Montaje de un Imaginario<\/i>. Ed. Pehu\u00e9n, Santiago, 2001.<\/a><\/li><li>SOUGEZ, Marie-Loup.\u00a0<i>Historia de la fotograf\u00eda.\u00a0<\/i>Ed. C\u00e1tedra, Barcelona, 1996.<\/li><li>SCHERER, Joanna. \u201cDocumentario fotografico: fotografias como dado primario na pesquisa antropol\u00f3gica\u201d<i>.\u00a0<\/i><i>Cadernos de Antropologia e Imagem<\/i>\u00a0N\u00ba 3, Universidade do Estado do Rio de Janeiro, pp. 69-84. Rio de Janeiro. 1996.<\/li><\/ul>\t\t\t\t\t\t\t\t<\/div>\n\t\t\t\t<\/div>\n\t\t\t\t<div class=\"elementor-element elementor-element-82c66ec elementor-widget elementor-widget-heading\" data-id=\"82c66ec\" data-element_type=\"widget\" data-widget_type=\"heading.default\">\n\t\t\t\t<div class=\"elementor-widget-container\">\n\t\t\t\t\t<h4 class=\"elementor-heading-title elementor-size-default\">Im\u00e1genes de modernidad y colonizaci\u00f3n. Fotograf\u00edas en el siglo XIX y XX<\/h4>\t\t\t\t<\/div>\n\t\t\t\t<\/div>\n\t\t\t\t<div class=\"elementor-element elementor-element-0b4a8ee elementor-widget elementor-widget-text-editor\" data-id=\"0b4a8ee\" data-element_type=\"widget\" data-widget_type=\"text-editor.default\">\n\t\t\t\t<div class=\"elementor-widget-container\">\n\t\t\t\t\t\t\t\t\t<ul><li>ALVARADO, Margarita, Pedro MEGE y Christian BAEZ (Editores).\u00a0<i>Mapuche. Fotograf\u00eda\u00a0 siglos XIX y XX. Construcci\u00f3n y montaje de un imaginario<\/i>. Pehu\u00e9n Editores, Santiago, 2001.<\/li><li>ALVARADO, Margarita. \u201cWeichafe, El guerrero mapuche\u201d. En\u00a0<i>Revista de Historia Ind\u00edgena, \u00a0<\/i>N\u00ba 1, pp. 35-54. Facultad de Filosof\u00eda y Humanidades, Universidad de Chile, Santiago, 1996.<\/li><li>ALVARADO, Margarita. \u201cIndian Fashion. La imagen dislocada del \u201cindio chileno\u201d\u201d. En\u00a0<i>Estudios Atacame\u00f1os<\/i>, N\u00ba 20, pp. 137-151. Universidad Cat\u00f3lica del Norte, San Pedro de Atacama, 2006.<\/li><li>BENGOA, Jos\u00e9. Historia del Pueblo Mapuche. Ediciones Sur, Santiago, 1996.<\/li><li>SAGREDO Rafael y Miguel Ang\u00e9l PUIG-SAMPER MULERO (editores).\u00a0<i>Im\u00e1genes de la Comisi\u00f3n Cient\u00edfica del Pac\u00edfico en Chile<\/i>. Santiago, Editorial Universitaria, 2007.<\/li><\/ul>\t\t\t\t\t\t\t\t<\/div>\n\t\t\t\t<\/div>\n\t\t\t\t<div class=\"elementor-element elementor-element-5e9a47d elementor-widget elementor-widget-heading\" data-id=\"5e9a47d\" data-element_type=\"widget\" data-widget_type=\"heading.default\">\n\t\t\t\t<div class=\"elementor-widget-container\">\n\t\t\t\t\t<h4 class=\"elementor-heading-title elementor-size-default\">Referencias audiovisuales<\/h4>\t\t\t\t<\/div>\n\t\t\t\t<\/div>\n\t\t\t\t<div class=\"elementor-element elementor-element-6a3ec0a elementor-widget elementor-widget-text-editor\" data-id=\"6a3ec0a\" data-element_type=\"widget\" data-widget_type=\"text-editor.default\">\n\t\t\t\t<div class=\"elementor-widget-container\">\n\t\t\t\t\t\t\t\t\t<ul><li>Alvarado, Margarita. 2004. La transposici\u00f3n de Pascual Co\u00f1a. Nota documental. Proyecto Fondecyt 1030029 \u201c<i>La ventana indiscreta. Los pueblos originarios en el cine ficci\u00f3n y documental bajo la mirada de una antropolog\u00eda visual\u201d<\/i>.<\/li><li>Flores, Carlos, Guillermo Cahn, Samuel Carvajal, Luis Araneda y Antonio Campi. 1971. \u201c<i>Nutuayin Mapu, recuperemos nuestra tierra\u201d.<\/i><\/li><li>Mallet, Mar\u00eda Luis, Carlos Paiggio, Gonzalo Salvo y Francisco Contreras. 1971.\u00a0<i>Amuhuelai \u2013 mi (ya no te ir\u00e1s)<\/i><\/li><li>Maturana, Felipe. 2004. Vestigios del cuento maravilloso. Wichan: el juicio. Nota documental. Proyecto Fondecyt 1030029\u00a0<i>\u201cLa ventana indiscreta. Los pueblos originarios en el cine ficci\u00f3n y documental bajo la mirada de una antropolog\u00eda visual\u201d.<\/i><\/li><li>Paillan, \u00a0Jeannette. 2001.\u00a0<i>Wallmapu<\/i><\/li><\/ul>\t\t\t\t\t\t\t\t<\/div>\n\t\t\t\t<\/div>\n\t\t\t\t<\/div>\n\t\t<div class=\"elementor-element elementor-element-1c15f95 e-con-full elementor-hidden-tablet elementor-hidden-mobile e-flex e-con e-child\" data-id=\"1c15f95\" data-element_type=\"container\">\n\t\t\t\t<\/div>\n\t\t\t\t<\/div>\n\t\t\t\t<\/div>\n\t\t","protected":false},"excerpt":{"rendered":"<p>Mapuches MAPUCHES Salvajes, terroristas, combativos. Sujetos y construcciones visuales en los usos de fotograf\u00edas de mapuche (fines siglo XIX y comienzos siglo XX) ALVARADO, Margarita, Pedro MEGE y Christian BAEZ (Editores).\u00a0Mapuche. Fotograf\u00eda\u00a0 siglos XIX y XX. Construcci\u00f3n y montaje de un imaginario. Pehu\u00e9n Editores, Santiago, 2001. ALVARADO, Margarita. \u201cVestidura y despojo. El nativo en la [&hellip;]<\/p>\n","protected":false},"author":1,"featured_media":0,"parent":0,"menu_order":0,"comment_status":"open","ping_status":"open","template":"elementor_header_footer","format":"standard","meta":{"footnotes":""},"class_list":["post-5589","pueblo-mapuche","type-pueblo-mapuche","status-publish","format-standard","hentry"],"_links":{"self":[{"href":"https:\/\/dev.antudigital.cl\/sites\/fotografia\/wp-json\/wp\/v2\/pueblo-mapuche\/5589","targetHints":{"allow":["GET"]}}],"collection":[{"href":"https:\/\/dev.antudigital.cl\/sites\/fotografia\/wp-json\/wp\/v2\/pueblo-mapuche"}],"about":[{"href":"https:\/\/dev.antudigital.cl\/sites\/fotografia\/wp-json\/wp\/v2\/types\/pueblo-mapuche"}],"author":[{"embeddable":true,"href":"https:\/\/dev.antudigital.cl\/sites\/fotografia\/wp-json\/wp\/v2\/users\/1"}],"replies":[{"embeddable":true,"href":"https:\/\/dev.antudigital.cl\/sites\/fotografia\/wp-json\/wp\/v2\/comments?post=5589"}],"version-history":[{"count":7,"href":"https:\/\/dev.antudigital.cl\/sites\/fotografia\/wp-json\/wp\/v2\/pueblo-mapuche\/5589\/revisions"}],"predecessor-version":[{"id":5632,"href":"https:\/\/dev.antudigital.cl\/sites\/fotografia\/wp-json\/wp\/v2\/pueblo-mapuche\/5589\/revisions\/5632"}],"wp:attachment":[{"href":"https:\/\/dev.antudigital.cl\/sites\/fotografia\/wp-json\/wp\/v2\/media?parent=5589"}],"curies":[{"name":"wp","href":"https:\/\/api.w.org\/{rel}","templated":true}]}}