{"id":5953,"date":"2025-04-02T16:30:41","date_gmt":"2025-04-02T19:30:41","guid":{"rendered":"https:\/\/dev.antudigital.cl\/sites\/fotografia\/?post_type=pueblo-mapuche&#038;p=5953"},"modified":"2025-04-07T15:26:17","modified_gmt":"2025-04-07T19:26:17","slug":"salvajes-terroristas-combativos-sujetos-y-construcciones-visuales-en-los-usos-de-fotografias-de-mapuche-fines-siglo-xix-y-comienzos-siglo-xx","status":"publish","type":"pueblo-mapuche","link":"https:\/\/dev.antudigital.cl\/sites\/fotografia\/pueblo-mapuche\/temas\/salvajes-terroristas-combativos-sujetos-y-construcciones-visuales-en-los-usos-de-fotografias-de-mapuche-fines-siglo-xix-y-comienzos-siglo-xx\/","title":{"rendered":"SALVAJES, TERRORISTAS, COMBATIVOS SUJETOS Y CONSTRUCCIONES VISUALES EN LOS USOS DE FOTOGRAF\u00cdAS DE MAPUCHE (FINES SIGLO XIX Y COMIENZOS SIGLO XX)"},"content":{"rendered":"\t\t<div data-elementor-type=\"wp-post\" data-elementor-id=\"5953\" class=\"elementor elementor-5953\" data-elementor-post-type=\"pueblo-mapuche\">\n\t\t\t\t<div class=\"elementor-element elementor-element-285b053 e-con-full container-start e-flex e-con e-parent\" data-id=\"285b053\" data-element_type=\"container\" data-settings=\"{&quot;background_background&quot;:&quot;classic&quot;}\">\n\t\t<div class=\"elementor-element elementor-element-3eb29df e-con-full elementor-hidden-tablet elementor-hidden-mobile e-flex e-con e-child\" data-id=\"3eb29df\" data-element_type=\"container\">\n\t\t\t\t<div class=\"elementor-element elementor-element-d2c31f6 elementor-widget elementor-widget-spacer\" data-id=\"d2c31f6\" data-element_type=\"widget\" data-widget_type=\"spacer.default\">\n\t\t\t\t<div class=\"elementor-widget-container\">\n\t\t\t\t\t\t\t<div class=\"elementor-spacer\">\n\t\t\t<div class=\"elementor-spacer-inner\"><\/div>\n\t\t<\/div>\n\t\t\t\t\t\t<\/div>\n\t\t\t\t<\/div>\n\t\t<div class=\"elementor-element elementor-element-524adf7 e-con-full e-flex e-con e-child\" data-id=\"524adf7\" data-element_type=\"container\">\n\t\t\t\t<div class=\"elementor-element elementor-element-14a0452 elementor-widget elementor-widget-heading\" data-id=\"14a0452\" data-element_type=\"widget\" data-widget_type=\"heading.default\">\n\t\t\t\t<div class=\"elementor-widget-container\">\n\t\t\t\t\t<h1 class=\"elementor-heading-title elementor-size-default\">Mapuches<\/h1>\t\t\t\t<\/div>\n\t\t\t\t<\/div>\n\t\t\t\t<div class=\"elementor-element elementor-element-4dfb961 menu-offcanvas elementor-widget elementor-widget-nav-menu\" data-id=\"4dfb961\" data-element_type=\"widget\" data-settings=\"{&quot;layout&quot;:&quot;dropdown&quot;,&quot;submenu_icon&quot;:{&quot;value&quot;:&quot;&lt;i class=\\&quot;\\&quot; aria-hidden=\\&quot;true\\&quot;&gt;&lt;\\\/i&gt;&quot;,&quot;library&quot;:&quot;&quot;}}\" data-widget_type=\"nav-menu.default\">\n\t\t\t\t<div class=\"elementor-widget-container\">\n\t\t\t\t\t\t\t\t<nav class=\"elementor-nav-menu--dropdown elementor-nav-menu__container\" aria-hidden=\"true\">\n\t\t\t\t<ul id=\"menu-2-4dfb961\" class=\"elementor-nav-menu\"><li class=\"menu-item menu-item-type-custom menu-item-object-custom menu-item-has-children menu-item-5593\"><a href=\"#\" class=\"elementor-item elementor-item-anchor\" tabindex=\"-1\">Temas<\/a>\n<ul class=\"sub-menu elementor-nav-menu--dropdown\">\n\t<li class=\"menu-item menu-item-type-post_type menu-item-object-pueblo-mapuche menu-item-6393\"><a href=\"https:\/\/dev.antudigital.cl\/sites\/fotografia\/pueblo-mapuche\/temas\/metales-y-alquimia-la-tecnica-fotografica-en-la-construccion-de-la-imagen-mapuche\/\" class=\"elementor-sub-item\" tabindex=\"-1\">METALES Y ALQUIMIA. LA T\u00c9CNICA FOTOGR\u00c1FICA EN LA CONSTRUCCI\u00d3N DE LA IMAGEN MAPUCHE<\/a><\/li>\n\t<li class=\"menu-item menu-item-type-post_type menu-item-object-pueblo-mapuche menu-item-6383\"><a href=\"https:\/\/dev.antudigital.cl\/sites\/fotografia\/pueblo-mapuche\/temas\/en-el-jardin-de-aclimatacion-de-paris-fotografias-de-los-mapuche-llevados-a-europa-en-1883\/\" class=\"elementor-sub-item\" tabindex=\"-1\">EN EL JARD\u00cdN DE ACLIMATACI\u00d3N DE PAR\u00cdS: FOTOGRAF\u00cdAS DE LOS MAPUCHE LLEVADOS A EUROPA EN 1883<\/a><\/li>\n\t<li class=\"menu-item menu-item-type-post_type menu-item-object-pueblo-mapuche menu-item-6397\"><a href=\"https:\/\/dev.antudigital.cl\/sites\/fotografia\/pueblo-mapuche\/temas\/representacion-mapuche-en-el-audiovisual-chileno\/\" class=\"elementor-sub-item\" tabindex=\"-1\">REPRESENTACI\u00d3N MAPUCHE EN EL AUDIOVISUAL CHILENO<\/a><\/li>\n\t<li class=\"menu-item menu-item-type-post_type menu-item-object-pueblo-mapuche menu-item-6401\"><a href=\"https:\/\/dev.antudigital.cl\/sites\/fotografia\/pueblo-mapuche\/temas\/salvajes-terroristas-combativos-sujetos-y-construcciones-visuales-en-los-usos-de-fotografias-de-mapuche-fines-siglo-xix-y-comienzos-siglo-xx\/\" class=\"elementor-sub-item\" tabindex=\"-1\">SALVAJES, TERRORISTAS, COMBATIVOS SUJETOS Y CONSTRUCCIONES VISUALES EN LOS USOS DE FOTOGRAF\u00cdAS DE MAPUCHE (FINES SIGLO XIX Y COMIENZOS SIGLO XX)<\/a><\/li>\n\t<li class=\"menu-item menu-item-type-post_type menu-item-object-pueblo-mapuche menu-item-6388\"><a href=\"https:\/\/dev.antudigital.cl\/sites\/fotografia\/pueblo-mapuche\/temas\/imagenes-de-modernidad-y-colonizacion-fotografias-en-el-siglo-xix-y-xx\/\" class=\"elementor-sub-item\" tabindex=\"-1\">IM\u00c1GENES DE MODERNIDAD Y COLONIZACI\u00d3N. FOTOGRAF\u00cdAS EN EL SIGLO XIX Y XX<\/a><\/li>\n<\/ul>\n<\/li>\n<li class=\"menu-item menu-item-type-custom menu-item-object-custom menu-item-has-children menu-item-5594\"><a href=\"#\" class=\"elementor-item elementor-item-anchor\" tabindex=\"-1\">Autores<\/a>\n<ul class=\"sub-menu elementor-nav-menu--dropdown\">\n\t<li class=\"menu-item menu-item-type-post_type menu-item-object-pueblo-mapuche menu-item-5620\"><a href=\"https:\/\/dev.antudigital.cl\/sites\/fotografia\/pueblo-mapuche\/autores\/gaston-carreno-gonzalez\/\" class=\"elementor-sub-item\" tabindex=\"-1\">Gast\u00f3n Carre\u00f1o Gonz\u00e1lez<\/a><\/li>\n\t<li class=\"menu-item menu-item-type-post_type menu-item-object-pueblo-mapuche menu-item-5619\"><a href=\"https:\/\/dev.antudigital.cl\/sites\/fotografia\/pueblo-mapuche\/autores\/christian-baez-allende\/\" class=\"elementor-sub-item\" tabindex=\"-1\">Christian B\u00e1ez Allende<\/a><\/li>\n\t<li class=\"menu-item menu-item-type-post_type menu-item-object-pueblo-mapuche menu-item-6381\"><a href=\"https:\/\/dev.antudigital.cl\/sites\/fotografia\/pueblo-mapuche\/autores\/maria-paz-bajas-irizar-2\/\" class=\"elementor-sub-item\" tabindex=\"-1\">Mar\u00eda Paz Bajas Irizar<\/a><\/li>\n\t<li class=\"menu-item menu-item-type-post_type menu-item-object-pueblo-mapuche menu-item-6378\"><a href=\"https:\/\/dev.antudigital.cl\/sites\/fotografia\/pueblo-mapuche\/autores\/felipe-a-maturana-diaz\/\" class=\"elementor-sub-item\" tabindex=\"-1\">Felipe A. Maturana D\u00edaz<\/a><\/li>\n\t<li class=\"menu-item menu-item-type-post_type menu-item-object-pueblo-mapuche menu-item-6380\"><a href=\"https:\/\/dev.antudigital.cl\/sites\/fotografia\/pueblo-mapuche\/autores\/margarita-alvarado-perez\/\" class=\"elementor-sub-item\" tabindex=\"-1\">Margarita Alvarado P\u00e9rez<\/a><\/li>\n\t<li class=\"menu-item menu-item-type-post_type menu-item-object-pueblo-mapuche menu-item-6379\"><a href=\"https:\/\/dev.antudigital.cl\/sites\/fotografia\/pueblo-mapuche\/autores\/juan-pablo-leal-ugalde\/\" class=\"elementor-sub-item\" tabindex=\"-1\">Juan Pablo Leal Ugalde<\/a><\/li>\n<\/ul>\n<\/li>\n<li class=\"menu-item menu-item-type-post_type menu-item-object-pueblo-mapuche menu-item-5611\"><a href=\"https:\/\/dev.antudigital.cl\/sites\/fotografia\/pueblo-mapuche\/territorio\/\" class=\"elementor-item\" tabindex=\"-1\">Territorio<\/a><\/li>\n<li class=\"menu-item menu-item-type-post_type menu-item-object-pueblo-mapuche menu-item-5635\"><a href=\"https:\/\/dev.antudigital.cl\/sites\/fotografia\/pueblo-mapuche\/glosario\/\" class=\"elementor-item\" tabindex=\"-1\">Glosario<\/a><\/li>\n<li class=\"menu-item menu-item-type-post_type menu-item-object-pueblo-mapuche menu-item-5612\"><a href=\"https:\/\/dev.antudigital.cl\/sites\/fotografia\/pueblo-mapuche\/bibliografia\/\" class=\"elementor-item\" tabindex=\"-1\">Bibliograf\u00eda<\/a><\/li>\n<\/ul>\t\t\t<\/nav>\n\t\t\t\t\t\t<\/div>\n\t\t\t\t<\/div>\n\t\t\t\t<\/div>\n\t\t\t\t<\/div>\n\t\t<div class=\"elementor-element elementor-element-1a878cf e-con-full container-nav e-flex e-con e-child\" data-id=\"1a878cf\" data-element_type=\"container\" data-settings=\"{&quot;background_background&quot;:&quot;classic&quot;}\">\n\t\t\t\t<div class=\"elementor-element elementor-element-bd1f9b2 elementor-align-justify elementor-widget__width-inherit elementor-hidden-desktop elementor-widget elementor-widget-button\" data-id=\"bd1f9b2\" data-element_type=\"widget\" data-widget_type=\"button.default\">\n\t\t\t\t<div class=\"elementor-widget-container\">\n\t\t\t\t\t\t\t\t\t<div class=\"elementor-button-wrapper\">\n\t\t\t\t\t<a class=\"elementor-button elementor-button-link elementor-size-sm\" href=\"#elementor-action%3Aaction%3Dpopup%3Aopen%26settings%3DeyJpZCI6IjU1NzYiLCJ0b2dnbGUiOmZhbHNlfQ%3D%3D\">\n\t\t\t\t\t\t<span class=\"elementor-button-content-wrapper\">\n\t\t\t\t\t\t<span class=\"elementor-button-icon\">\n\t\t\t\t<i aria-hidden=\"true\" class=\"fas fa-bars\"><\/i>\t\t\t<\/span>\n\t\t\t\t\t\t\t\t\t<span class=\"elementor-button-text\">MAPUCHES<\/span>\n\t\t\t\t\t<\/span>\n\t\t\t\t\t<\/a>\n\t\t\t\t<\/div>\n\t\t\t\t\t\t\t\t<\/div>\n\t\t\t\t<\/div>\n\t\t\t\t<div class=\"elementor-element elementor-element-27fed9d elementor-widget elementor-widget-heading\" data-id=\"27fed9d\" data-element_type=\"widget\" data-widget_type=\"heading.default\">\n\t\t\t\t<div class=\"elementor-widget-container\">\n\t\t\t\t\t<h4 class=\"elementor-heading-title elementor-size-default\">SALVAJES, TERRORISTAS, COMBATIVOS SUJETOS Y CONSTRUCCIONES VISUALES EN LOS USOS DE FOTOGRAF\u00cdAS DE MAPUCHE (FINES SIGLO XIX Y COMIENZOS SIGLO XX)<\/h4>\t\t\t\t<\/div>\n\t\t\t\t<\/div>\n\t\t\t\t<div class=\"elementor-element elementor-element-8347e15 elementor-icon-list--layout-traditional elementor-list-item-link-full_width elementor-widget elementor-widget-icon-list\" data-id=\"8347e15\" data-element_type=\"widget\" data-widget_type=\"icon-list.default\">\n\t\t\t\t<div class=\"elementor-widget-container\">\n\t\t\t\t\t\t\t<ul class=\"elementor-icon-list-items\">\n\t\t\t\t\t\t\t<li class=\"elementor-icon-list-item\">\n\t\t\t\t\t\t\t\t\t\t\t<a href=\"https:\/\/dev.antudigital.cl\/sites\/fotografia\/pueblo-mapuche\/temas\/salvajes-terroristas-combativos-sujetos-y-construcciones-visuales-en-los-usos-de-fotografias-de-mapuche-fines-siglo-xix-y-comienzos-siglo-xx\/\" class=\"item-active\">\n\n\t\t\t\t\t\t\t\t\t\t\t\t<span class=\"elementor-icon-list-icon\">\n\t\t\t\t\t\t\t<i aria-hidden=\"true\" class=\"fas fa-circle\"><\/i>\t\t\t\t\t\t<\/span>\n\t\t\t\t\t\t\t\t\t\t<span class=\"elementor-icon-list-text\">Presentaci\u00f3n<\/span>\n\t\t\t\t\t\t\t\t\t\t\t<\/a>\n\t\t\t\t\t\t\t\t\t<\/li>\n\t\t\t\t\t\t\t\t<li class=\"elementor-icon-list-item\">\n\t\t\t\t\t\t\t\t\t\t\t<a href=\"https:\/\/dev.antudigital.cl\/sites\/fotografia\/pueblo-mapuche\/temas\/salvajes-terroristas-combativos-sujetos-y-construcciones-visuales-en-los-usos-de-fotografias-de-mapuche-fines-siglo-xix-y-comienzos-siglo-xx\/sujetos-salvajes-en-los-primeros-estudios-antropologicos-primera-modalidad-visual-desde-lo-exogeno\/\">\n\n\t\t\t\t\t\t\t\t\t\t\t\t<span class=\"elementor-icon-list-icon\">\n\t\t\t\t\t\t\t<i aria-hidden=\"true\" class=\"fas fa-circle\"><\/i>\t\t\t\t\t\t<\/span>\n\t\t\t\t\t\t\t\t\t\t<span class=\"elementor-icon-list-text\">Sujetos salvajes en los primeros estudios antropol\u00f3gicos. Primera modalidad visual desde lo ex\u00f3geno<\/span>\n\t\t\t\t\t\t\t\t\t\t\t<\/a>\n\t\t\t\t\t\t\t\t\t<\/li>\n\t\t\t\t\t\t\t\t<li class=\"elementor-icon-list-item\">\n\t\t\t\t\t\t\t\t\t\t\t<a href=\"https:\/\/dev.antudigital.cl\/sites\/fotografia\/pueblo-mapuche\/temas\/salvajes-terroristas-combativos-sujetos-y-construcciones-visuales-en-los-usos-de-fotografias-de-mapuche-fines-siglo-xix-y-comienzos-siglo-xx\/sujetos-primitivos-y-exoticos-en-el-consumo-segunda-modalidad-desde-lo-exogeno\/\">\n\n\t\t\t\t\t\t\t\t\t\t\t\t<span class=\"elementor-icon-list-icon\">\n\t\t\t\t\t\t\t<i aria-hidden=\"true\" class=\"fas fa-circle\"><\/i>\t\t\t\t\t\t<\/span>\n\t\t\t\t\t\t\t\t\t\t<span class=\"elementor-icon-list-text\">Sujetos primitivos y ex\u00f3ticos en el consumo. Segunda modalidad desde lo ex\u00f3geno<\/span>\n\t\t\t\t\t\t\t\t\t\t\t<\/a>\n\t\t\t\t\t\t\t\t\t<\/li>\n\t\t\t\t\t\t\t\t<li class=\"elementor-icon-list-item\">\n\t\t\t\t\t\t\t\t\t\t\t<a href=\"https:\/\/dev.antudigital.cl\/sites\/fotografia\/pueblo-mapuche\/temas\/salvajes-terroristas-combativos-sujetos-y-construcciones-visuales-en-los-usos-de-fotografias-de-mapuche-fines-siglo-xix-y-comienzos-siglo-xx\/terroristas-en-el-ambito-de-lo-politico-tercera-modalidad-visual-desde-lo-exogeno\/\">\n\n\t\t\t\t\t\t\t\t\t\t\t\t<span class=\"elementor-icon-list-icon\">\n\t\t\t\t\t\t\t<i aria-hidden=\"true\" class=\"fas fa-circle\"><\/i>\t\t\t\t\t\t<\/span>\n\t\t\t\t\t\t\t\t\t\t<span class=\"elementor-icon-list-text\">Terroristas en el \u00e1mbito de lo pol\u00edtico. Tercera modalidad visual desde lo ex\u00f3geno<\/span>\n\t\t\t\t\t\t\t\t\t\t\t<\/a>\n\t\t\t\t\t\t\t\t\t<\/li>\n\t\t\t\t\t\t\t\t<li class=\"elementor-icon-list-item\">\n\t\t\t\t\t\t\t\t\t\t\t<a href=\"https:\/\/dev.antudigital.cl\/sites\/fotografia\/pueblo-mapuche\/temas\/salvajes-terroristas-combativos-sujetos-y-construcciones-visuales-en-los-usos-de-fotografias-de-mapuche-fines-siglo-xix-y-comienzos-siglo-xx\/sujetos-solemnes-en-la-historia-mapuche-primera-modalidad-visual-desde-lo-endogeno\/\">\n\n\t\t\t\t\t\t\t\t\t\t\t\t<span class=\"elementor-icon-list-icon\">\n\t\t\t\t\t\t\t<i aria-hidden=\"true\" class=\"fas fa-circle\"><\/i>\t\t\t\t\t\t<\/span>\n\t\t\t\t\t\t\t\t\t\t<span class=\"elementor-icon-list-text\">Sujetos solemnes en la historia mapuche. Primera modalidad visual desde lo end\u00f3geno<\/span>\n\t\t\t\t\t\t\t\t\t\t\t<\/a>\n\t\t\t\t\t\t\t\t\t<\/li>\n\t\t\t\t\t\t\t\t<li class=\"elementor-icon-list-item\">\n\t\t\t\t\t\t\t\t\t\t\t<a href=\"https:\/\/dev.antudigital.cl\/sites\/fotografia\/pueblo-mapuche\/temas\/salvajes-terroristas-combativos-sujetos-y-construcciones-visuales-en-los-usos-de-fotografias-de-mapuche-fines-siglo-xix-y-comienzos-siglo-xx\/combativos-en-la-reivindicacion-etnica-y-la-resistencia-segunda-modalidad-desde-lo-endogeno\/\">\n\n\t\t\t\t\t\t\t\t\t\t\t\t<span class=\"elementor-icon-list-icon\">\n\t\t\t\t\t\t\t<i aria-hidden=\"true\" class=\"fas fa-circle\"><\/i>\t\t\t\t\t\t<\/span>\n\t\t\t\t\t\t\t\t\t\t<span class=\"elementor-icon-list-text\">Combativos en la reivindicaci\u00f3n \u00e9tnica y la resistencia. Segunda modalidad desde lo end\u00f3geno<\/span>\n\t\t\t\t\t\t\t\t\t\t\t<\/a>\n\t\t\t\t\t\t\t\t\t<\/li>\n\t\t\t\t\t\t<\/ul>\n\t\t\t\t\t\t<\/div>\n\t\t\t\t<\/div>\n\t\t\t\t<\/div>\n\t\t<div class=\"elementor-element elementor-element-d0d3f4f e-con-full container-info e-flex e-con e-child\" data-id=\"d0d3f4f\" data-element_type=\"container\">\n\t\t\t\t<div class=\"elementor-element elementor-element-eb354b6 elementor-widget elementor-widget-heading\" data-id=\"eb354b6\" data-element_type=\"widget\" data-widget_type=\"heading.default\">\n\t\t\t\t<div class=\"elementor-widget-container\">\n\t\t\t\t\t<h1 class=\"elementor-heading-title elementor-size-default\">Presentaci\u00f3n<\/h1>\t\t\t\t<\/div>\n\t\t\t\t<\/div>\n\t\t\t\t<div class=\"elementor-element elementor-element-5849b83 elementor-widget elementor-widget-text-editor\" data-id=\"5849b83\" data-element_type=\"widget\" data-widget_type=\"text-editor.default\">\n\t\t\t\t<div class=\"elementor-widget-container\">\n\t\t\t\t\t\t\t\t\t<p>Diversas im\u00e1genes fotogr\u00e1ficas de los\u00a0<i>mapuche\u00a0<\/i>\u00a0han jugado un papel fundamental en la construcci\u00f3n de ciertas alteridades visuales. \u00bfQu\u00e9 tienen estas fotograf\u00edas para funcionar como referentes de una pertenencia \u00e9tnica tan eficientemente? M\u00e1s all\u00e1 de la capacidad mim\u00e9tica que se le atribuye a toda fotograf\u00eda, poseen un arca\u00edsmo como imagen que las habilita como testimonios de un pasado y presentan una est\u00e9tica solemne que se materializa en diversas modalidades visuales.<\/p><p>A trav\u00e9s de un recorrido sobre diversos contextos discursivos e iconogr\u00e1ficos se examina el uso de ciertas fotograf\u00edas que caracterizan ciertos tipos de sujetos como salvajes, terroristas y combativos. Se indaga en dos campos de an\u00e1lisis: ex\u00f3genos (en la sociedad en general) y end\u00f3genos (por los propios mapuche), que se expresan en diferentes modalidades visuales, diversas formaciones intelectuales y proyectos est\u00e9ticos.<\/p>\t\t\t\t\t\t\t\t<\/div>\n\t\t\t\t<\/div>\n\t\t\t\t<div class=\"elementor-element elementor-element-ef58cf9 elementor-widget elementor-widget-heading\" data-id=\"ef58cf9\" data-element_type=\"widget\" data-widget_type=\"heading.default\">\n\t\t\t\t<div class=\"elementor-widget-container\">\n\t\t\t\t\t<h4 class=\"elementor-heading-title elementor-size-default\">Margarita Alvarado P\u00e9rez<\/h4>\t\t\t\t<\/div>\n\t\t\t\t<\/div>\n\t\t\t\t<\/div>\n\t\t<div class=\"elementor-element elementor-element-fe82727 e-con-full elementor-hidden-tablet elementor-hidden-mobile e-flex e-con e-child\" data-id=\"fe82727\" data-element_type=\"container\">\n\t\t\t\t<\/div>\n\t\t\t\t<\/div>\n\t\t\t\t<\/div>\n\t\t","protected":false},"excerpt":{"rendered":"<p>Mapuches MAPUCHES SALVAJES, TERRORISTAS, COMBATIVOS SUJETOS Y CONSTRUCCIONES VISUALES EN LOS USOS DE FOTOGRAF\u00cdAS DE MAPUCHE (FINES SIGLO XIX Y COMIENZOS SIGLO XX) Presentaci\u00f3n Sujetos salvajes en los primeros estudios antropol\u00f3gicos. Primera modalidad visual desde lo ex\u00f3geno Sujetos primitivos y ex\u00f3ticos en el consumo. Segunda modalidad desde lo ex\u00f3geno Terroristas en el \u00e1mbito de lo [&hellip;]<\/p>\n","protected":false},"author":1,"featured_media":0,"parent":5929,"menu_order":0,"comment_status":"closed","ping_status":"open","template":"elementor_header_footer","format":"standard","meta":{"footnotes":""},"class_list":["post-5953","pueblo-mapuche","type-pueblo-mapuche","status-publish","format-standard","hentry"],"_links":{"self":[{"href":"https:\/\/dev.antudigital.cl\/sites\/fotografia\/wp-json\/wp\/v2\/pueblo-mapuche\/5953","targetHints":{"allow":["GET"]}}],"collection":[{"href":"https:\/\/dev.antudigital.cl\/sites\/fotografia\/wp-json\/wp\/v2\/pueblo-mapuche"}],"about":[{"href":"https:\/\/dev.antudigital.cl\/sites\/fotografia\/wp-json\/wp\/v2\/types\/pueblo-mapuche"}],"author":[{"embeddable":true,"href":"https:\/\/dev.antudigital.cl\/sites\/fotografia\/wp-json\/wp\/v2\/users\/1"}],"replies":[{"embeddable":true,"href":"https:\/\/dev.antudigital.cl\/sites\/fotografia\/wp-json\/wp\/v2\/comments?post=5953"}],"version-history":[{"count":16,"href":"https:\/\/dev.antudigital.cl\/sites\/fotografia\/wp-json\/wp\/v2\/pueblo-mapuche\/5953\/revisions"}],"predecessor-version":[{"id":6261,"href":"https:\/\/dev.antudigital.cl\/sites\/fotografia\/wp-json\/wp\/v2\/pueblo-mapuche\/5953\/revisions\/6261"}],"up":[{"embeddable":true,"href":"https:\/\/dev.antudigital.cl\/sites\/fotografia\/wp-json\/wp\/v2\/pueblo-mapuche\/5929"}],"wp:attachment":[{"href":"https:\/\/dev.antudigital.cl\/sites\/fotografia\/wp-json\/wp\/v2\/media?parent=5953"}],"curies":[{"name":"wp","href":"https:\/\/api.w.org\/{rel}","templated":true}]}}