{"id":6101,"date":"2025-04-07T12:58:53","date_gmt":"2025-04-07T16:58:53","guid":{"rendered":"https:\/\/dev.antudigital.cl\/sites\/fotografia\/?post_type=pueblo-mapuche&#038;p=6101"},"modified":"2025-04-08T11:32:01","modified_gmt":"2025-04-08T15:32:01","slug":"video-indigena-un-ejercicio-de-auto-representacion","status":"publish","type":"pueblo-mapuche","link":"https:\/\/dev.antudigital.cl\/sites\/fotografia\/pueblo-mapuche\/temas\/representacion-mapuche-en-el-audiovisual-chileno\/video-indigena-un-ejercicio-de-auto-representacion\/","title":{"rendered":"Video Ind\u00edgena, un ejercicio de auto-representaci\u00f3n"},"content":{"rendered":"\t\t<div data-elementor-type=\"wp-post\" data-elementor-id=\"6101\" class=\"elementor elementor-6101\" data-elementor-post-type=\"pueblo-mapuche\">\n\t\t\t\t<div class=\"elementor-element elementor-element-91ce1c6 e-con-full container-start e-flex e-con e-parent\" data-id=\"91ce1c6\" data-element_type=\"container\" data-settings=\"{&quot;background_background&quot;:&quot;classic&quot;}\">\n\t\t<div class=\"elementor-element elementor-element-2564af8 e-con-full elementor-hidden-tablet elementor-hidden-mobile e-flex e-con e-child\" data-id=\"2564af8\" data-element_type=\"container\">\n\t\t\t\t<div class=\"elementor-element elementor-element-43cf72e elementor-widget elementor-widget-spacer\" data-id=\"43cf72e\" data-element_type=\"widget\" data-widget_type=\"spacer.default\">\n\t\t\t\t<div class=\"elementor-widget-container\">\n\t\t\t\t\t\t\t<div class=\"elementor-spacer\">\n\t\t\t<div class=\"elementor-spacer-inner\"><\/div>\n\t\t<\/div>\n\t\t\t\t\t\t<\/div>\n\t\t\t\t<\/div>\n\t\t<div class=\"elementor-element elementor-element-e5a97dd e-con-full e-flex e-con e-child\" data-id=\"e5a97dd\" data-element_type=\"container\">\n\t\t\t\t<div class=\"elementor-element elementor-element-bd82aae elementor-widget elementor-widget-heading\" data-id=\"bd82aae\" data-element_type=\"widget\" data-widget_type=\"heading.default\">\n\t\t\t\t<div class=\"elementor-widget-container\">\n\t\t\t\t\t<h1 class=\"elementor-heading-title elementor-size-default\">Mapuches<\/h1>\t\t\t\t<\/div>\n\t\t\t\t<\/div>\n\t\t\t\t<div class=\"elementor-element elementor-element-49147c6 menu-offcanvas elementor-widget elementor-widget-nav-menu\" data-id=\"49147c6\" data-element_type=\"widget\" data-settings=\"{&quot;layout&quot;:&quot;dropdown&quot;,&quot;submenu_icon&quot;:{&quot;value&quot;:&quot;&lt;i class=\\&quot;\\&quot; aria-hidden=\\&quot;true\\&quot;&gt;&lt;\\\/i&gt;&quot;,&quot;library&quot;:&quot;&quot;}}\" data-widget_type=\"nav-menu.default\">\n\t\t\t\t<div class=\"elementor-widget-container\">\n\t\t\t\t\t\t\t\t<nav class=\"elementor-nav-menu--dropdown elementor-nav-menu__container\" aria-hidden=\"true\">\n\t\t\t\t<ul id=\"menu-2-49147c6\" class=\"elementor-nav-menu\"><li class=\"menu-item menu-item-type-custom menu-item-object-custom menu-item-has-children menu-item-5593\"><a href=\"#\" class=\"elementor-item elementor-item-anchor\" tabindex=\"-1\">Temas<\/a>\n<ul class=\"sub-menu elementor-nav-menu--dropdown\">\n\t<li class=\"menu-item menu-item-type-post_type menu-item-object-pueblo-mapuche menu-item-6393\"><a href=\"https:\/\/dev.antudigital.cl\/sites\/fotografia\/pueblo-mapuche\/temas\/metales-y-alquimia-la-tecnica-fotografica-en-la-construccion-de-la-imagen-mapuche\/\" class=\"elementor-sub-item\" tabindex=\"-1\">METALES Y ALQUIMIA. LA T\u00c9CNICA FOTOGR\u00c1FICA EN LA CONSTRUCCI\u00d3N DE LA IMAGEN MAPUCHE<\/a><\/li>\n\t<li class=\"menu-item menu-item-type-post_type menu-item-object-pueblo-mapuche menu-item-6383\"><a href=\"https:\/\/dev.antudigital.cl\/sites\/fotografia\/pueblo-mapuche\/temas\/en-el-jardin-de-aclimatacion-de-paris-fotografias-de-los-mapuche-llevados-a-europa-en-1883\/\" class=\"elementor-sub-item\" tabindex=\"-1\">EN EL JARD\u00cdN DE ACLIMATACI\u00d3N DE PAR\u00cdS: FOTOGRAF\u00cdAS DE LOS MAPUCHE LLEVADOS A EUROPA EN 1883<\/a><\/li>\n\t<li class=\"menu-item menu-item-type-post_type menu-item-object-pueblo-mapuche menu-item-6397\"><a href=\"https:\/\/dev.antudigital.cl\/sites\/fotografia\/pueblo-mapuche\/temas\/representacion-mapuche-en-el-audiovisual-chileno\/\" class=\"elementor-sub-item\" tabindex=\"-1\">REPRESENTACI\u00d3N MAPUCHE EN EL AUDIOVISUAL CHILENO<\/a><\/li>\n\t<li class=\"menu-item menu-item-type-post_type menu-item-object-pueblo-mapuche menu-item-6401\"><a href=\"https:\/\/dev.antudigital.cl\/sites\/fotografia\/pueblo-mapuche\/temas\/salvajes-terroristas-combativos-sujetos-y-construcciones-visuales-en-los-usos-de-fotografias-de-mapuche-fines-siglo-xix-y-comienzos-siglo-xx\/\" class=\"elementor-sub-item\" tabindex=\"-1\">SALVAJES, TERRORISTAS, COMBATIVOS SUJETOS Y CONSTRUCCIONES VISUALES EN LOS USOS DE FOTOGRAF\u00cdAS DE MAPUCHE (FINES SIGLO XIX Y COMIENZOS SIGLO XX)<\/a><\/li>\n\t<li class=\"menu-item menu-item-type-post_type menu-item-object-pueblo-mapuche menu-item-6388\"><a href=\"https:\/\/dev.antudigital.cl\/sites\/fotografia\/pueblo-mapuche\/temas\/imagenes-de-modernidad-y-colonizacion-fotografias-en-el-siglo-xix-y-xx\/\" class=\"elementor-sub-item\" tabindex=\"-1\">IM\u00c1GENES DE MODERNIDAD Y COLONIZACI\u00d3N. FOTOGRAF\u00cdAS EN EL SIGLO XIX Y XX<\/a><\/li>\n<\/ul>\n<\/li>\n<li class=\"menu-item menu-item-type-custom menu-item-object-custom menu-item-has-children menu-item-5594\"><a href=\"#\" class=\"elementor-item elementor-item-anchor\" tabindex=\"-1\">Autores<\/a>\n<ul class=\"sub-menu elementor-nav-menu--dropdown\">\n\t<li class=\"menu-item menu-item-type-post_type menu-item-object-pueblo-mapuche menu-item-5620\"><a href=\"https:\/\/dev.antudigital.cl\/sites\/fotografia\/pueblo-mapuche\/autores\/gaston-carreno-gonzalez\/\" class=\"elementor-sub-item\" tabindex=\"-1\">Gast\u00f3n Carre\u00f1o Gonz\u00e1lez<\/a><\/li>\n\t<li class=\"menu-item menu-item-type-post_type menu-item-object-pueblo-mapuche menu-item-5619\"><a href=\"https:\/\/dev.antudigital.cl\/sites\/fotografia\/pueblo-mapuche\/autores\/christian-baez-allende\/\" class=\"elementor-sub-item\" tabindex=\"-1\">Christian B\u00e1ez Allende<\/a><\/li>\n\t<li class=\"menu-item menu-item-type-post_type menu-item-object-pueblo-mapuche menu-item-6381\"><a href=\"https:\/\/dev.antudigital.cl\/sites\/fotografia\/pueblo-mapuche\/autores\/maria-paz-bajas-irizar-2\/\" class=\"elementor-sub-item\" tabindex=\"-1\">Mar\u00eda Paz Bajas Irizar<\/a><\/li>\n\t<li class=\"menu-item menu-item-type-post_type menu-item-object-pueblo-mapuche menu-item-6378\"><a href=\"https:\/\/dev.antudigital.cl\/sites\/fotografia\/pueblo-mapuche\/autores\/felipe-a-maturana-diaz\/\" class=\"elementor-sub-item\" tabindex=\"-1\">Felipe A. Maturana D\u00edaz<\/a><\/li>\n\t<li class=\"menu-item menu-item-type-post_type menu-item-object-pueblo-mapuche menu-item-6380\"><a href=\"https:\/\/dev.antudigital.cl\/sites\/fotografia\/pueblo-mapuche\/autores\/margarita-alvarado-perez\/\" class=\"elementor-sub-item\" tabindex=\"-1\">Margarita Alvarado P\u00e9rez<\/a><\/li>\n\t<li class=\"menu-item menu-item-type-post_type menu-item-object-pueblo-mapuche menu-item-6379\"><a href=\"https:\/\/dev.antudigital.cl\/sites\/fotografia\/pueblo-mapuche\/autores\/juan-pablo-leal-ugalde\/\" class=\"elementor-sub-item\" tabindex=\"-1\">Juan Pablo Leal Ugalde<\/a><\/li>\n<\/ul>\n<\/li>\n<li class=\"menu-item menu-item-type-post_type menu-item-object-pueblo-mapuche menu-item-5611\"><a href=\"https:\/\/dev.antudigital.cl\/sites\/fotografia\/pueblo-mapuche\/territorio\/\" class=\"elementor-item\" tabindex=\"-1\">Territorio<\/a><\/li>\n<li class=\"menu-item menu-item-type-post_type menu-item-object-pueblo-mapuche menu-item-5635\"><a href=\"https:\/\/dev.antudigital.cl\/sites\/fotografia\/pueblo-mapuche\/glosario\/\" class=\"elementor-item\" tabindex=\"-1\">Glosario<\/a><\/li>\n<li class=\"menu-item menu-item-type-post_type menu-item-object-pueblo-mapuche menu-item-5612\"><a href=\"https:\/\/dev.antudigital.cl\/sites\/fotografia\/pueblo-mapuche\/bibliografia\/\" class=\"elementor-item\" tabindex=\"-1\">Bibliograf\u00eda<\/a><\/li>\n<\/ul>\t\t\t<\/nav>\n\t\t\t\t\t\t<\/div>\n\t\t\t\t<\/div>\n\t\t\t\t<\/div>\n\t\t\t\t<\/div>\n\t\t<div class=\"elementor-element elementor-element-117dd74 e-con-full container-nav e-flex e-con e-child\" data-id=\"117dd74\" data-element_type=\"container\" data-settings=\"{&quot;background_background&quot;:&quot;classic&quot;}\">\n\t\t\t\t<div class=\"elementor-element elementor-element-46093c3 elementor-align-justify elementor-widget__width-inherit elementor-hidden-desktop elementor-widget elementor-widget-button\" data-id=\"46093c3\" data-element_type=\"widget\" data-widget_type=\"button.default\">\n\t\t\t\t<div class=\"elementor-widget-container\">\n\t\t\t\t\t\t\t\t\t<div class=\"elementor-button-wrapper\">\n\t\t\t\t\t<a class=\"elementor-button elementor-button-link elementor-size-sm\" href=\"#elementor-action%3Aaction%3Dpopup%3Aopen%26settings%3DeyJpZCI6IjU1NzYiLCJ0b2dnbGUiOmZhbHNlfQ%3D%3D\">\n\t\t\t\t\t\t<span class=\"elementor-button-content-wrapper\">\n\t\t\t\t\t\t<span class=\"elementor-button-icon\">\n\t\t\t\t<i aria-hidden=\"true\" class=\"fas fa-bars\"><\/i>\t\t\t<\/span>\n\t\t\t\t\t\t\t\t\t<span class=\"elementor-button-text\">MAPUCHES<\/span>\n\t\t\t\t\t<\/span>\n\t\t\t\t\t<\/a>\n\t\t\t\t<\/div>\n\t\t\t\t\t\t\t\t<\/div>\n\t\t\t\t<\/div>\n\t\t\t\t<div class=\"elementor-element elementor-element-be8df05 elementor-widget elementor-widget-heading\" data-id=\"be8df05\" data-element_type=\"widget\" data-widget_type=\"heading.default\">\n\t\t\t\t<div class=\"elementor-widget-container\">\n\t\t\t\t\t<h4 class=\"elementor-heading-title elementor-size-default\">REPRESENTACI\u00d3N MAPUCHE EN EL AUDIOVISUAL CHILENO<\/h4>\t\t\t\t<\/div>\n\t\t\t\t<\/div>\n\t\t\t\t<div class=\"elementor-element elementor-element-b3cefe3 elementor-icon-list--layout-traditional elementor-list-item-link-full_width elementor-widget elementor-widget-icon-list\" data-id=\"b3cefe3\" data-element_type=\"widget\" data-widget_type=\"icon-list.default\">\n\t\t\t\t<div class=\"elementor-widget-container\">\n\t\t\t\t\t\t\t<ul class=\"elementor-icon-list-items\">\n\t\t\t\t\t\t\t<li class=\"elementor-icon-list-item\">\n\t\t\t\t\t\t\t\t\t\t\t<a href=\"https:\/\/dev.antudigital.cl\/sites\/fotografia\/pueblo-mapuche\/temas\/representacion-mapuche-en-el-audiovisual-chileno\/\">\n\n\t\t\t\t\t\t\t\t\t\t\t\t<span class=\"elementor-icon-list-icon\">\n\t\t\t\t\t\t\t<i aria-hidden=\"true\" class=\"fas fa-circle\"><\/i>\t\t\t\t\t\t<\/span>\n\t\t\t\t\t\t\t\t\t\t<span class=\"elementor-icon-list-text\">Presentaci\u00f3n<\/span>\n\t\t\t\t\t\t\t\t\t\t\t<\/a>\n\t\t\t\t\t\t\t\t\t<\/li>\n\t\t\t\t\t\t\t\t<li class=\"elementor-icon-list-item\">\n\t\t\t\t\t\t\t\t\t\t\t<a href=\"https:\/\/dev.antudigital.cl\/sites\/fotografia\/pueblo-mapuche\/temas\/representacion-mapuche-en-el-audiovisual-chileno\/hegemonia-mapuche-en-el-cine-y-documental-chileno\/\">\n\n\t\t\t\t\t\t\t\t\t\t\t\t<span class=\"elementor-icon-list-icon\">\n\t\t\t\t\t\t\t<i aria-hidden=\"true\" class=\"fas fa-circle\"><\/i>\t\t\t\t\t\t<\/span>\n\t\t\t\t\t\t\t\t\t\t<span class=\"elementor-icon-list-text\">Hegemon\u00eda mapuche en el cine y documental chileno<\/span>\n\t\t\t\t\t\t\t\t\t\t\t<\/a>\n\t\t\t\t\t\t\t\t\t<\/li>\n\t\t\t\t\t\t\t\t<li class=\"elementor-icon-list-item\">\n\t\t\t\t\t\t\t\t\t\t\t<a href=\"https:\/\/dev.antudigital.cl\/sites\/fotografia\/pueblo-mapuche\/temas\/representacion-mapuche-en-el-audiovisual-chileno\/video-indigena-un-ejercicio-de-auto-representacion\/\" class=\"item-active\">\n\n\t\t\t\t\t\t\t\t\t\t\t\t<span class=\"elementor-icon-list-icon\">\n\t\t\t\t\t\t\t<i aria-hidden=\"true\" class=\"fas fa-circle\"><\/i>\t\t\t\t\t\t<\/span>\n\t\t\t\t\t\t\t\t\t\t<span class=\"elementor-icon-list-text\">Video Ind\u00edgena, un ejercicio de auto-representaci\u00f3n<\/span>\n\t\t\t\t\t\t\t\t\t\t\t<\/a>\n\t\t\t\t\t\t\t\t\t<\/li>\n\t\t\t\t\t\t\t\t<li class=\"elementor-icon-list-item\">\n\t\t\t\t\t\t\t\t\t\t\t<a href=\"https:\/\/dev.antudigital.cl\/sites\/fotografia\/pueblo-mapuche\/temas\/representacion-mapuche-en-el-audiovisual-chileno\/investigacion-de-la-representacion-audiovisual-mapuche\/\">\n\n\t\t\t\t\t\t\t\t\t\t\t\t<span class=\"elementor-icon-list-icon\">\n\t\t\t\t\t\t\t<i aria-hidden=\"true\" class=\"fas fa-circle\"><\/i>\t\t\t\t\t\t<\/span>\n\t\t\t\t\t\t\t\t\t\t<span class=\"elementor-icon-list-text\">Investigaci\u00f3n de la representaci\u00f3n audiovisual mapuche<\/span>\n\t\t\t\t\t\t\t\t\t\t\t<\/a>\n\t\t\t\t\t\t\t\t\t<\/li>\n\t\t\t\t\t\t<\/ul>\n\t\t\t\t\t\t<\/div>\n\t\t\t\t<\/div>\n\t\t\t\t<\/div>\n\t\t<div class=\"elementor-element elementor-element-b7d6b7f e-con-full container-info e-flex e-con e-child\" data-id=\"b7d6b7f\" data-element_type=\"container\">\n\t\t\t\t<div class=\"elementor-element elementor-element-274c05c elementor-widget elementor-widget-heading\" data-id=\"274c05c\" data-element_type=\"widget\" data-widget_type=\"heading.default\">\n\t\t\t\t<div class=\"elementor-widget-container\">\n\t\t\t\t\t<h1 class=\"elementor-heading-title elementor-size-default\">Video Ind\u00edgena, un ejercicio de auto-representaci\u00f3n<\/h1>\t\t\t\t<\/div>\n\t\t\t\t<\/div>\n\t\t\t\t<div class=\"elementor-element elementor-element-5776657 elementor-widget elementor-widget-text-editor\" data-id=\"5776657\" data-element_type=\"widget\" data-widget_type=\"text-editor.default\">\n\t\t\t\t<div class=\"elementor-widget-container\">\n\t\t\t\t\t\t\t\t\t<p>A partir de los a\u00f1os \u201990 del siglo XX el video fue apropiado por las comunidades, colectivos e individuos de los pueblos originarios de Latinoam\u00e9rica, consolid\u00e1ndose en lo que hoy se denomina Video Ind\u00edgena. Si bien esta categor\u00eda est\u00e1 en constante redefinici\u00f3n, no s\u00f3lo por sus protagonistas y realizadores sino que tambi\u00e9n por quienes teorizan al respecto, se ha caracterizado por ser una herramienta en la lucha de los derechos ind\u00edgenas, en sus demandas reivindicativas, en sus denuncias y resistencia frente a los actos discriminatorios de ciertos poderes pol\u00edticos y econ\u00f3micos, y como un medio de comunicaci\u00f3n que contrarresta los discursos de los medios masivos, entre otros aspectos.<\/p>\t\t\t\t\t\t\t\t<\/div>\n\t\t\t\t<\/div>\n\t\t\t\t<div class=\"elementor-element elementor-element-072f4bd elementor-widget elementor-widget-heading\" data-id=\"072f4bd\" data-element_type=\"widget\" data-widget_type=\"heading.default\">\n\t\t\t\t<div class=\"elementor-widget-container\">\n\t\t\t\t\t<h4 class=\"elementor-heading-title elementor-size-default\">Mar\u00eda Paz Bajas Irizar y Felipe Maturana D\u00edaz<\/h4>\t\t\t\t<\/div>\n\t\t\t\t<\/div>\n\t\t\t\t<\/div>\n\t\t<div class=\"elementor-element elementor-element-48d57d5 e-con-full container-media e-flex e-con e-child\" data-id=\"48d57d5\" data-element_type=\"container\">\n\t\t\t\t<div class=\"elementor-element elementor-element-df37657 elementor-align-left elementor-absolute elementor-hidden-tablet elementor-hidden-mobile elementor-widget elementor-widget-button\" data-id=\"df37657\" data-element_type=\"widget\" data-settings=\"{&quot;_position&quot;:&quot;absolute&quot;}\" data-widget_type=\"button.default\">\n\t\t\t\t<div class=\"elementor-widget-container\">\n\t\t\t\t\t\t\t\t\t<div class=\"elementor-button-wrapper\">\n\t\t\t\t\t<a class=\"elementor-button elementor-button-link elementor-size-sm\" href=\"#\" id=\"btn-expand\">\n\t\t\t\t\t\t<span class=\"elementor-button-content-wrapper\">\n\t\t\t\t\t\t<span class=\"elementor-button-icon\">\n\t\t\t\t<i aria-hidden=\"true\" class=\"fas fa-long-arrow-alt-left\"><\/i>\t\t\t<\/span>\n\t\t\t\t\t\t\t\t<\/span>\n\t\t\t\t\t<\/a>\n\t\t\t\t<\/div>\n\t\t\t\t\t\t\t\t<\/div>\n\t\t\t\t<\/div>\n\t\t\t\t<div class=\"elementor-element elementor-element-0b93bad elementor-widget elementor-widget-video\" data-id=\"0b93bad\" data-element_type=\"widget\" data-settings=\"{&quot;video_type&quot;:&quot;vimeo&quot;}\" data-widget_type=\"video.default\">\n\t\t\t\t<div class=\"elementor-widget-container\">\n\t\t\t\t\t\t\t<div class=\"elementor-wrapper elementor-open-inline\">\n\t\t\t<iframe class=\"elementor-video-iframe\" allowfullscreen allow=\"clipboard-write\" title=\"Reproductor de v\u00eddeo vimeo\" src=\"https:\/\/player.vimeo.com\/video\/82753390?color&amp;autopause=0&amp;loop=0&amp;muted=0&amp;title=0&amp;portrait=0&amp;byline=0#t=\"><\/iframe>\t\t<\/div>\n\t\t\t\t\t\t<\/div>\n\t\t\t\t<\/div>\n\t\t\t\t<div class=\"elementor-element elementor-element-ec5ae55 content-to-hide elementor-widget elementor-widget-text-editor\" data-id=\"ec5ae55\" data-element_type=\"widget\" data-widget_type=\"text-editor.default\">\n\t\t\t\t<div class=\"elementor-widget-container\">\n\t\t\t\t\t\t\t\t\t<p><strong>T\u00edtulo:<\/strong> Wallmapu<br \/><strong>Grupo \u00e9tnico:<\/strong> Mapuche<br \/><strong>Autor:<\/strong> Jeannette Paillan<br \/><strong>Archivo:<\/strong> Jeannette Paillan, Lulul Mawidha<br \/><strong>A\u00f1o:<\/strong> 2001<br \/><strong>Duraci\u00f3n:<\/strong> 58 min<\/p>\t\t\t\t\t\t\t\t<\/div>\n\t\t\t\t<\/div>\n\t\t\t\t<\/div>\n\t\t\t\t<\/div>\n\t\t\t\t<\/div>\n\t\t","protected":false},"excerpt":{"rendered":"<p>Mapuches MAPUCHES REPRESENTACI\u00d3N MAPUCHE EN EL AUDIOVISUAL CHILENO Presentaci\u00f3n Hegemon\u00eda mapuche en el cine y documental chileno Video Ind\u00edgena, un ejercicio de auto-representaci\u00f3n Investigaci\u00f3n de la representaci\u00f3n audiovisual mapuche A partir de los a\u00f1os \u201990 del siglo XX el video fue apropiado por las comunidades, colectivos e individuos de los pueblos originarios de Latinoam\u00e9rica, consolid\u00e1ndose [&hellip;]<\/p>\n","protected":false},"author":1,"featured_media":0,"parent":5945,"menu_order":0,"comment_status":"open","ping_status":"open","template":"elementor_header_footer","format":"standard","meta":{"footnotes":""},"class_list":["post-6101","pueblo-mapuche","type-pueblo-mapuche","status-publish","format-standard","hentry"],"_links":{"self":[{"href":"https:\/\/dev.antudigital.cl\/sites\/fotografia\/wp-json\/wp\/v2\/pueblo-mapuche\/6101","targetHints":{"allow":["GET"]}}],"collection":[{"href":"https:\/\/dev.antudigital.cl\/sites\/fotografia\/wp-json\/wp\/v2\/pueblo-mapuche"}],"about":[{"href":"https:\/\/dev.antudigital.cl\/sites\/fotografia\/wp-json\/wp\/v2\/types\/pueblo-mapuche"}],"author":[{"embeddable":true,"href":"https:\/\/dev.antudigital.cl\/sites\/fotografia\/wp-json\/wp\/v2\/users\/1"}],"replies":[{"embeddable":true,"href":"https:\/\/dev.antudigital.cl\/sites\/fotografia\/wp-json\/wp\/v2\/comments?post=6101"}],"version-history":[{"count":10,"href":"https:\/\/dev.antudigital.cl\/sites\/fotografia\/wp-json\/wp\/v2\/pueblo-mapuche\/6101\/revisions"}],"predecessor-version":[{"id":6423,"href":"https:\/\/dev.antudigital.cl\/sites\/fotografia\/wp-json\/wp\/v2\/pueblo-mapuche\/6101\/revisions\/6423"}],"up":[{"embeddable":true,"href":"https:\/\/dev.antudigital.cl\/sites\/fotografia\/wp-json\/wp\/v2\/pueblo-mapuche\/5945"}],"wp:attachment":[{"href":"https:\/\/dev.antudigital.cl\/sites\/fotografia\/wp-json\/wp\/v2\/media?parent=6101"}],"curies":[{"name":"wp","href":"https:\/\/api.w.org\/{rel}","templated":true}]}}