{"id":6185,"date":"2025-04-07T15:19:10","date_gmt":"2025-04-07T19:19:10","guid":{"rendered":"https:\/\/dev.antudigital.cl\/sites\/fotografia\/?post_type=pueblo-mapuche&#038;p=6185"},"modified":"2025-04-07T15:28:56","modified_gmt":"2025-04-07T19:28:56","slug":"combativos-en-la-reivindicacion-etnica-y-la-resistencia-segunda-modalidad-desde-lo-endogeno","status":"publish","type":"pueblo-mapuche","link":"https:\/\/dev.antudigital.cl\/sites\/fotografia\/pueblo-mapuche\/temas\/salvajes-terroristas-combativos-sujetos-y-construcciones-visuales-en-los-usos-de-fotografias-de-mapuche-fines-siglo-xix-y-comienzos-siglo-xx\/combativos-en-la-reivindicacion-etnica-y-la-resistencia-segunda-modalidad-desde-lo-endogeno\/","title":{"rendered":"Combativos en la reivindicaci\u00f3n \u00e9tnica y la resistencia. Segunda modalidad desde lo end\u00f3geno"},"content":{"rendered":"\t\t<div data-elementor-type=\"wp-post\" data-elementor-id=\"6185\" class=\"elementor elementor-6185\" data-elementor-post-type=\"pueblo-mapuche\">\n\t\t\t\t<div class=\"elementor-element elementor-element-91ce1c6 e-con-full container-start e-flex e-con e-parent\" data-id=\"91ce1c6\" data-element_type=\"container\" data-settings=\"{&quot;background_background&quot;:&quot;classic&quot;}\">\n\t\t<div class=\"elementor-element elementor-element-2564af8 e-con-full elementor-hidden-tablet elementor-hidden-mobile e-flex e-con e-child\" data-id=\"2564af8\" data-element_type=\"container\">\n\t\t\t\t<div class=\"elementor-element elementor-element-43cf72e elementor-widget elementor-widget-spacer\" data-id=\"43cf72e\" data-element_type=\"widget\" data-widget_type=\"spacer.default\">\n\t\t\t\t<div class=\"elementor-widget-container\">\n\t\t\t\t\t\t\t<div class=\"elementor-spacer\">\n\t\t\t<div class=\"elementor-spacer-inner\"><\/div>\n\t\t<\/div>\n\t\t\t\t\t\t<\/div>\n\t\t\t\t<\/div>\n\t\t<div class=\"elementor-element elementor-element-e5a97dd e-con-full e-flex e-con e-child\" data-id=\"e5a97dd\" data-element_type=\"container\">\n\t\t\t\t<div class=\"elementor-element elementor-element-bd82aae elementor-widget elementor-widget-heading\" data-id=\"bd82aae\" data-element_type=\"widget\" data-widget_type=\"heading.default\">\n\t\t\t\t<div class=\"elementor-widget-container\">\n\t\t\t\t\t<h1 class=\"elementor-heading-title elementor-size-default\">Mapuches<\/h1>\t\t\t\t<\/div>\n\t\t\t\t<\/div>\n\t\t\t\t<div class=\"elementor-element elementor-element-49147c6 menu-offcanvas elementor-widget elementor-widget-nav-menu\" data-id=\"49147c6\" data-element_type=\"widget\" data-settings=\"{&quot;layout&quot;:&quot;dropdown&quot;,&quot;submenu_icon&quot;:{&quot;value&quot;:&quot;&lt;i class=\\&quot;\\&quot; aria-hidden=\\&quot;true\\&quot;&gt;&lt;\\\/i&gt;&quot;,&quot;library&quot;:&quot;&quot;}}\" data-widget_type=\"nav-menu.default\">\n\t\t\t\t<div class=\"elementor-widget-container\">\n\t\t\t\t\t\t\t\t<nav class=\"elementor-nav-menu--dropdown elementor-nav-menu__container\" aria-hidden=\"true\">\n\t\t\t\t<ul id=\"menu-2-49147c6\" class=\"elementor-nav-menu\"><li class=\"menu-item menu-item-type-custom menu-item-object-custom menu-item-has-children menu-item-5593\"><a href=\"#\" class=\"elementor-item elementor-item-anchor\" tabindex=\"-1\">Temas<\/a>\n<ul class=\"sub-menu elementor-nav-menu--dropdown\">\n\t<li class=\"menu-item menu-item-type-post_type menu-item-object-pueblo-mapuche menu-item-6393\"><a href=\"https:\/\/dev.antudigital.cl\/sites\/fotografia\/pueblo-mapuche\/temas\/metales-y-alquimia-la-tecnica-fotografica-en-la-construccion-de-la-imagen-mapuche\/\" class=\"elementor-sub-item\" tabindex=\"-1\">METALES Y ALQUIMIA. LA T\u00c9CNICA FOTOGR\u00c1FICA EN LA CONSTRUCCI\u00d3N DE LA IMAGEN MAPUCHE<\/a><\/li>\n\t<li class=\"menu-item menu-item-type-post_type menu-item-object-pueblo-mapuche menu-item-6383\"><a href=\"https:\/\/dev.antudigital.cl\/sites\/fotografia\/pueblo-mapuche\/temas\/en-el-jardin-de-aclimatacion-de-paris-fotografias-de-los-mapuche-llevados-a-europa-en-1883\/\" class=\"elementor-sub-item\" tabindex=\"-1\">EN EL JARD\u00cdN DE ACLIMATACI\u00d3N DE PAR\u00cdS: FOTOGRAF\u00cdAS DE LOS MAPUCHE LLEVADOS A EUROPA EN 1883<\/a><\/li>\n\t<li class=\"menu-item menu-item-type-post_type menu-item-object-pueblo-mapuche menu-item-6397\"><a href=\"https:\/\/dev.antudigital.cl\/sites\/fotografia\/pueblo-mapuche\/temas\/representacion-mapuche-en-el-audiovisual-chileno\/\" class=\"elementor-sub-item\" tabindex=\"-1\">REPRESENTACI\u00d3N MAPUCHE EN EL AUDIOVISUAL CHILENO<\/a><\/li>\n\t<li class=\"menu-item menu-item-type-post_type menu-item-object-pueblo-mapuche menu-item-6401\"><a href=\"https:\/\/dev.antudigital.cl\/sites\/fotografia\/pueblo-mapuche\/temas\/salvajes-terroristas-combativos-sujetos-y-construcciones-visuales-en-los-usos-de-fotografias-de-mapuche-fines-siglo-xix-y-comienzos-siglo-xx\/\" class=\"elementor-sub-item\" tabindex=\"-1\">SALVAJES, TERRORISTAS, COMBATIVOS SUJETOS Y CONSTRUCCIONES VISUALES EN LOS USOS DE FOTOGRAF\u00cdAS DE MAPUCHE (FINES SIGLO XIX Y COMIENZOS SIGLO XX)<\/a><\/li>\n\t<li class=\"menu-item menu-item-type-post_type menu-item-object-pueblo-mapuche menu-item-6388\"><a href=\"https:\/\/dev.antudigital.cl\/sites\/fotografia\/pueblo-mapuche\/temas\/imagenes-de-modernidad-y-colonizacion-fotografias-en-el-siglo-xix-y-xx\/\" class=\"elementor-sub-item\" tabindex=\"-1\">IM\u00c1GENES DE MODERNIDAD Y COLONIZACI\u00d3N. FOTOGRAF\u00cdAS EN EL SIGLO XIX Y XX<\/a><\/li>\n<\/ul>\n<\/li>\n<li class=\"menu-item menu-item-type-custom menu-item-object-custom menu-item-has-children menu-item-5594\"><a href=\"#\" class=\"elementor-item elementor-item-anchor\" tabindex=\"-1\">Autores<\/a>\n<ul class=\"sub-menu elementor-nav-menu--dropdown\">\n\t<li class=\"menu-item menu-item-type-post_type menu-item-object-pueblo-mapuche menu-item-5620\"><a href=\"https:\/\/dev.antudigital.cl\/sites\/fotografia\/pueblo-mapuche\/autores\/gaston-carreno-gonzalez\/\" class=\"elementor-sub-item\" tabindex=\"-1\">Gast\u00f3n Carre\u00f1o Gonz\u00e1lez<\/a><\/li>\n\t<li class=\"menu-item menu-item-type-post_type menu-item-object-pueblo-mapuche menu-item-5619\"><a href=\"https:\/\/dev.antudigital.cl\/sites\/fotografia\/pueblo-mapuche\/autores\/christian-baez-allende\/\" class=\"elementor-sub-item\" tabindex=\"-1\">Christian B\u00e1ez Allende<\/a><\/li>\n\t<li class=\"menu-item menu-item-type-post_type menu-item-object-pueblo-mapuche menu-item-6381\"><a href=\"https:\/\/dev.antudigital.cl\/sites\/fotografia\/pueblo-mapuche\/autores\/maria-paz-bajas-irizar-2\/\" class=\"elementor-sub-item\" tabindex=\"-1\">Mar\u00eda Paz Bajas Irizar<\/a><\/li>\n\t<li class=\"menu-item menu-item-type-post_type menu-item-object-pueblo-mapuche menu-item-6378\"><a href=\"https:\/\/dev.antudigital.cl\/sites\/fotografia\/pueblo-mapuche\/autores\/felipe-a-maturana-diaz\/\" class=\"elementor-sub-item\" tabindex=\"-1\">Felipe A. Maturana D\u00edaz<\/a><\/li>\n\t<li class=\"menu-item menu-item-type-post_type menu-item-object-pueblo-mapuche menu-item-6380\"><a href=\"https:\/\/dev.antudigital.cl\/sites\/fotografia\/pueblo-mapuche\/autores\/margarita-alvarado-perez\/\" class=\"elementor-sub-item\" tabindex=\"-1\">Margarita Alvarado P\u00e9rez<\/a><\/li>\n\t<li class=\"menu-item menu-item-type-post_type menu-item-object-pueblo-mapuche menu-item-6379\"><a href=\"https:\/\/dev.antudigital.cl\/sites\/fotografia\/pueblo-mapuche\/autores\/juan-pablo-leal-ugalde\/\" class=\"elementor-sub-item\" tabindex=\"-1\">Juan Pablo Leal Ugalde<\/a><\/li>\n<\/ul>\n<\/li>\n<li class=\"menu-item menu-item-type-post_type menu-item-object-pueblo-mapuche menu-item-5611\"><a href=\"https:\/\/dev.antudigital.cl\/sites\/fotografia\/pueblo-mapuche\/territorio\/\" class=\"elementor-item\" tabindex=\"-1\">Territorio<\/a><\/li>\n<li class=\"menu-item menu-item-type-post_type menu-item-object-pueblo-mapuche menu-item-5635\"><a href=\"https:\/\/dev.antudigital.cl\/sites\/fotografia\/pueblo-mapuche\/glosario\/\" class=\"elementor-item\" tabindex=\"-1\">Glosario<\/a><\/li>\n<li class=\"menu-item menu-item-type-post_type menu-item-object-pueblo-mapuche menu-item-5612\"><a href=\"https:\/\/dev.antudigital.cl\/sites\/fotografia\/pueblo-mapuche\/bibliografia\/\" class=\"elementor-item\" tabindex=\"-1\">Bibliograf\u00eda<\/a><\/li>\n<\/ul>\t\t\t<\/nav>\n\t\t\t\t\t\t<\/div>\n\t\t\t\t<\/div>\n\t\t\t\t<\/div>\n\t\t\t\t<\/div>\n\t\t<div class=\"elementor-element elementor-element-117dd74 e-con-full container-nav e-flex e-con e-child\" data-id=\"117dd74\" data-element_type=\"container\" data-settings=\"{&quot;background_background&quot;:&quot;classic&quot;}\">\n\t\t\t\t<div class=\"elementor-element elementor-element-46093c3 elementor-align-justify elementor-widget__width-inherit elementor-hidden-desktop elementor-widget elementor-widget-button\" data-id=\"46093c3\" data-element_type=\"widget\" data-widget_type=\"button.default\">\n\t\t\t\t<div class=\"elementor-widget-container\">\n\t\t\t\t\t\t\t\t\t<div class=\"elementor-button-wrapper\">\n\t\t\t\t\t<a class=\"elementor-button elementor-button-link elementor-size-sm\" href=\"#elementor-action%3Aaction%3Dpopup%3Aopen%26settings%3DeyJpZCI6IjU1NzYiLCJ0b2dnbGUiOmZhbHNlfQ%3D%3D\">\n\t\t\t\t\t\t<span class=\"elementor-button-content-wrapper\">\n\t\t\t\t\t\t<span class=\"elementor-button-icon\">\n\t\t\t\t<i aria-hidden=\"true\" class=\"fas fa-bars\"><\/i>\t\t\t<\/span>\n\t\t\t\t\t\t\t\t\t<span class=\"elementor-button-text\">MAPUCHES<\/span>\n\t\t\t\t\t<\/span>\n\t\t\t\t\t<\/a>\n\t\t\t\t<\/div>\n\t\t\t\t\t\t\t\t<\/div>\n\t\t\t\t<\/div>\n\t\t\t\t<div class=\"elementor-element elementor-element-be8df05 elementor-widget elementor-widget-heading\" data-id=\"be8df05\" data-element_type=\"widget\" data-widget_type=\"heading.default\">\n\t\t\t\t<div class=\"elementor-widget-container\">\n\t\t\t\t\t<h4 class=\"elementor-heading-title elementor-size-default\">SALVAJES, TERRORISTAS, COMBATIVOS SUJETOS Y CONSTRUCCIONES VISUALES EN LOS USOS DE FOTOGRAF\u00cdAS DE MAPUCHE (FINES SIGLO XIX Y COMIENZOS SIGLO XX)<\/h4>\t\t\t\t<\/div>\n\t\t\t\t<\/div>\n\t\t\t\t<div class=\"elementor-element elementor-element-0b97edb elementor-icon-list--layout-traditional elementor-list-item-link-full_width elementor-widget elementor-widget-icon-list\" data-id=\"0b97edb\" data-element_type=\"widget\" data-widget_type=\"icon-list.default\">\n\t\t\t\t<div class=\"elementor-widget-container\">\n\t\t\t\t\t\t\t<ul class=\"elementor-icon-list-items\">\n\t\t\t\t\t\t\t<li class=\"elementor-icon-list-item\">\n\t\t\t\t\t\t\t\t\t\t\t<a href=\"https:\/\/dev.antudigital.cl\/sites\/fotografia\/pueblo-mapuche\/temas\/salvajes-terroristas-combativos-sujetos-y-construcciones-visuales-en-los-usos-de-fotografias-de-mapuche-fines-siglo-xix-y-comienzos-siglo-xx\/\" class=\"item-active\">\n\n\t\t\t\t\t\t\t\t\t\t\t\t<span class=\"elementor-icon-list-icon\">\n\t\t\t\t\t\t\t<i aria-hidden=\"true\" class=\"fas fa-circle\"><\/i>\t\t\t\t\t\t<\/span>\n\t\t\t\t\t\t\t\t\t\t<span class=\"elementor-icon-list-text\">Presentaci\u00f3n<\/span>\n\t\t\t\t\t\t\t\t\t\t\t<\/a>\n\t\t\t\t\t\t\t\t\t<\/li>\n\t\t\t\t\t\t\t\t<li class=\"elementor-icon-list-item\">\n\t\t\t\t\t\t\t\t\t\t\t<a href=\"https:\/\/dev.antudigital.cl\/sites\/fotografia\/pueblo-mapuche\/temas\/salvajes-terroristas-combativos-sujetos-y-construcciones-visuales-en-los-usos-de-fotografias-de-mapuche-fines-siglo-xix-y-comienzos-siglo-xx\/sujetos-salvajes-en-los-primeros-estudios-antropologicos-primera-modalidad-visual-desde-lo-exogeno\/\">\n\n\t\t\t\t\t\t\t\t\t\t\t\t<span class=\"elementor-icon-list-icon\">\n\t\t\t\t\t\t\t<i aria-hidden=\"true\" class=\"fas fa-circle\"><\/i>\t\t\t\t\t\t<\/span>\n\t\t\t\t\t\t\t\t\t\t<span class=\"elementor-icon-list-text\">Sujetos salvajes en los primeros estudios antropol\u00f3gicos. Primera modalidad visual desde lo ex\u00f3geno<\/span>\n\t\t\t\t\t\t\t\t\t\t\t<\/a>\n\t\t\t\t\t\t\t\t\t<\/li>\n\t\t\t\t\t\t\t\t<li class=\"elementor-icon-list-item\">\n\t\t\t\t\t\t\t\t\t\t\t<a href=\"https:\/\/dev.antudigital.cl\/sites\/fotografia\/pueblo-mapuche\/temas\/salvajes-terroristas-combativos-sujetos-y-construcciones-visuales-en-los-usos-de-fotografias-de-mapuche-fines-siglo-xix-y-comienzos-siglo-xx\/sujetos-primitivos-y-exoticos-en-el-consumo-segunda-modalidad-desde-lo-exogeno\/\">\n\n\t\t\t\t\t\t\t\t\t\t\t\t<span class=\"elementor-icon-list-icon\">\n\t\t\t\t\t\t\t<i aria-hidden=\"true\" class=\"fas fa-circle\"><\/i>\t\t\t\t\t\t<\/span>\n\t\t\t\t\t\t\t\t\t\t<span class=\"elementor-icon-list-text\">Sujetos primitivos y ex\u00f3ticos en el consumo. Segunda modalidad desde lo ex\u00f3geno<\/span>\n\t\t\t\t\t\t\t\t\t\t\t<\/a>\n\t\t\t\t\t\t\t\t\t<\/li>\n\t\t\t\t\t\t\t\t<li class=\"elementor-icon-list-item\">\n\t\t\t\t\t\t\t\t\t\t\t<a href=\"https:\/\/dev.antudigital.cl\/sites\/fotografia\/pueblo-mapuche\/temas\/salvajes-terroristas-combativos-sujetos-y-construcciones-visuales-en-los-usos-de-fotografias-de-mapuche-fines-siglo-xix-y-comienzos-siglo-xx\/terroristas-en-el-ambito-de-lo-politico-tercera-modalidad-visual-desde-lo-exogeno\/\">\n\n\t\t\t\t\t\t\t\t\t\t\t\t<span class=\"elementor-icon-list-icon\">\n\t\t\t\t\t\t\t<i aria-hidden=\"true\" class=\"fas fa-circle\"><\/i>\t\t\t\t\t\t<\/span>\n\t\t\t\t\t\t\t\t\t\t<span class=\"elementor-icon-list-text\">Terroristas en el \u00e1mbito de lo pol\u00edtico. Tercera modalidad visual desde lo ex\u00f3geno<\/span>\n\t\t\t\t\t\t\t\t\t\t\t<\/a>\n\t\t\t\t\t\t\t\t\t<\/li>\n\t\t\t\t\t\t\t\t<li class=\"elementor-icon-list-item\">\n\t\t\t\t\t\t\t\t\t\t\t<a href=\"https:\/\/dev.antudigital.cl\/sites\/fotografia\/pueblo-mapuche\/temas\/salvajes-terroristas-combativos-sujetos-y-construcciones-visuales-en-los-usos-de-fotografias-de-mapuche-fines-siglo-xix-y-comienzos-siglo-xx\/sujetos-solemnes-en-la-historia-mapuche-primera-modalidad-visual-desde-lo-endogeno\/\">\n\n\t\t\t\t\t\t\t\t\t\t\t\t<span class=\"elementor-icon-list-icon\">\n\t\t\t\t\t\t\t<i aria-hidden=\"true\" class=\"fas fa-circle\"><\/i>\t\t\t\t\t\t<\/span>\n\t\t\t\t\t\t\t\t\t\t<span class=\"elementor-icon-list-text\">Sujetos solemnes en la historia mapuche. Primera modalidad visual desde lo end\u00f3geno<\/span>\n\t\t\t\t\t\t\t\t\t\t\t<\/a>\n\t\t\t\t\t\t\t\t\t<\/li>\n\t\t\t\t\t\t\t\t<li class=\"elementor-icon-list-item\">\n\t\t\t\t\t\t\t\t\t\t\t<a href=\"https:\/\/dev.antudigital.cl\/sites\/fotografia\/pueblo-mapuche\/temas\/salvajes-terroristas-combativos-sujetos-y-construcciones-visuales-en-los-usos-de-fotografias-de-mapuche-fines-siglo-xix-y-comienzos-siglo-xx\/combativos-en-la-reivindicacion-etnica-y-la-resistencia-segunda-modalidad-desde-lo-endogeno\/\" class=\"item-active\">\n\n\t\t\t\t\t\t\t\t\t\t\t\t<span class=\"elementor-icon-list-icon\">\n\t\t\t\t\t\t\t<i aria-hidden=\"true\" class=\"fas fa-circle\"><\/i>\t\t\t\t\t\t<\/span>\n\t\t\t\t\t\t\t\t\t\t<span class=\"elementor-icon-list-text\">Combativos en la reivindicaci\u00f3n \u00e9tnica y la resistencia. Segunda modalidad desde lo end\u00f3geno<\/span>\n\t\t\t\t\t\t\t\t\t\t\t<\/a>\n\t\t\t\t\t\t\t\t\t<\/li>\n\t\t\t\t\t\t<\/ul>\n\t\t\t\t\t\t<\/div>\n\t\t\t\t<\/div>\n\t\t\t\t<\/div>\n\t\t<div class=\"elementor-element elementor-element-b7d6b7f e-con-full container-info e-flex e-con e-child\" data-id=\"b7d6b7f\" data-element_type=\"container\">\n\t\t\t\t<div class=\"elementor-element elementor-element-274c05c elementor-widget elementor-widget-heading\" data-id=\"274c05c\" data-element_type=\"widget\" data-widget_type=\"heading.default\">\n\t\t\t\t<div class=\"elementor-widget-container\">\n\t\t\t\t\t<h1 class=\"elementor-heading-title elementor-size-default\">Combativos en la reivindicaci\u00f3n \u00e9tnica y la resistencia. Segunda modalidad desde lo end\u00f3geno<\/h1>\t\t\t\t<\/div>\n\t\t\t\t<\/div>\n\t\t\t\t<div class=\"elementor-element elementor-element-5776657 elementor-widget elementor-widget-text-editor\" data-id=\"5776657\" data-element_type=\"widget\" data-widget_type=\"text-editor.default\">\n\t\t\t\t<div class=\"elementor-widget-container\">\n\t\t\t\t\t\t\t\t\t<p>Ciertas fotograf\u00edas, al circular en contextos visuales asociados a conflictos y reivindicaciones \u00e9tnicas y culturales, van adquiriendo significaciones ideol\u00f3gicas que potencian construcciones visuales que devienen en un tipo de sujeto mapuche, \u00a0guerrero y combativo.<b><\/b><\/p><p>\u00a0Estas fotograf\u00edas utilizadas por los mapuche, desde lo end\u00f3geno, adquieren un peso existencial tal, \u00a0que permiten la construcci\u00f3n de una est\u00e9tica visual que pone al centro un individuo como representante de todo un pueblo. Este es el uso de im\u00e1genes en el contexto \u00e9tnico y pol\u00edtico, donde el conflicto, la lucha actual y sobre todo la resistencia del pueblo mapuche, es lo fundamental. Este sentido existencial testimonia y reafirma\u00a0 planteamientos reivindicativos que se sustentan en una visualidad ideologizada, que forma parte fundamental del discurso contempor\u00e1neo de esta etnia.<\/p>\t\t\t\t\t\t\t\t<\/div>\n\t\t\t\t<\/div>\n\t\t\t\t<div class=\"elementor-element elementor-element-072f4bd elementor-widget elementor-widget-heading\" data-id=\"072f4bd\" data-element_type=\"widget\" data-widget_type=\"heading.default\">\n\t\t\t\t<div class=\"elementor-widget-container\">\n\t\t\t\t\t<h4 class=\"elementor-heading-title elementor-size-default\">Margarita Alvarado P\u00e9rez<\/h4>\t\t\t\t<\/div>\n\t\t\t\t<\/div>\n\t\t\t\t<\/div>\n\t\t<div class=\"elementor-element elementor-element-48d57d5 e-con-full container-media e-flex e-con e-child\" data-id=\"48d57d5\" data-element_type=\"container\">\n\t\t\t\t<div class=\"elementor-element elementor-element-df37657 elementor-align-left elementor-absolute elementor-hidden-tablet elementor-hidden-mobile elementor-widget elementor-widget-button\" data-id=\"df37657\" data-element_type=\"widget\" data-settings=\"{&quot;_position&quot;:&quot;absolute&quot;}\" data-widget_type=\"button.default\">\n\t\t\t\t<div class=\"elementor-widget-container\">\n\t\t\t\t\t\t\t\t\t<div class=\"elementor-button-wrapper\">\n\t\t\t\t\t<a class=\"elementor-button elementor-button-link elementor-size-sm\" href=\"#\" id=\"btn-expand\">\n\t\t\t\t\t\t<span class=\"elementor-button-content-wrapper\">\n\t\t\t\t\t\t<span class=\"elementor-button-icon\">\n\t\t\t\t<i aria-hidden=\"true\" class=\"fas fa-long-arrow-alt-left\"><\/i>\t\t\t<\/span>\n\t\t\t\t\t\t\t\t<\/span>\n\t\t\t\t\t<\/a>\n\t\t\t\t<\/div>\n\t\t\t\t\t\t\t\t<\/div>\n\t\t\t\t<\/div>\n\t\t\t\t<div class=\"elementor-element elementor-element-5e1890d media-carrusel elementor-arrows-position-inside elementor-pagination-position-outside elementor-widget elementor-widget-image-carousel\" data-id=\"5e1890d\" data-element_type=\"widget\" data-settings=\"{&quot;slides_to_show&quot;:&quot;1&quot;,&quot;navigation&quot;:&quot;both&quot;,&quot;autoplay&quot;:&quot;yes&quot;,&quot;pause_on_hover&quot;:&quot;yes&quot;,&quot;pause_on_interaction&quot;:&quot;yes&quot;,&quot;autoplay_speed&quot;:5000,&quot;infinite&quot;:&quot;yes&quot;,&quot;effect&quot;:&quot;slide&quot;,&quot;speed&quot;:500}\" data-widget_type=\"image-carousel.default\">\n\t\t\t\t<div class=\"elementor-widget-container\">\n\t\t\t\t\t\t\t<div class=\"elementor-image-carousel-wrapper swiper\" role=\"region\" aria-roledescription=\"carousel\" aria-label=\"Carrusel\" dir=\"ltr\">\n\t\t\t<div class=\"elementor-image-carousel swiper-wrapper\" aria-live=\"off\">\n\t\t\t\t\t\t\t\t<div class=\"swiper-slide\" role=\"group\" aria-roledescription=\"slide\" aria-label=\"1 de 4\"><figure class=\"swiper-slide-inner\"><img decoding=\"async\" class=\"swiper-slide-image\" src=\"https:\/\/dev.antudigital.cl\/sites\/fotografia\/wp-content\/uploads\/elementor\/thumbs\/ALV-141-r40t6en3zjlcmqyi5o7pls66tiy50y4x7p5q2ghybk.jpg\" alt=\"ALV-14[1]\" \/><\/figure><\/div><div class=\"swiper-slide\" role=\"group\" aria-roledescription=\"slide\" aria-label=\"2 de 4\"><figure class=\"swiper-slide-inner\"><img decoding=\"async\" class=\"swiper-slide-image\" src=\"https:\/\/dev.antudigital.cl\/sites\/fotografia\/wp-content\/uploads\/elementor\/thumbs\/Alv-151-r40t6m5ti7vn7mnkxrgq5q9vklx2qiyrwqdlwo6sxs.jpg\" alt=\"Alv-15[1]\" \/><\/figure><\/div><div class=\"swiper-slide\" role=\"group\" aria-roledescription=\"slide\" aria-label=\"3 de 4\"><figure class=\"swiper-slide-inner\"><img decoding=\"async\" class=\"swiper-slide-image\" src=\"https:\/\/dev.antudigital.cl\/sites\/fotografia\/wp-content\/uploads\/elementor\/thumbs\/alv-16-11-r40t6vk7ek8ifq9xevizunwhigmqvi03a0wgpfsv7k.jpg\" alt=\"alv-16-1[1]\" \/><\/figure><\/div><div class=\"swiper-slide\" role=\"group\" aria-roledescription=\"slide\" aria-label=\"4 de 4\"><figure class=\"swiper-slide-inner\"><img decoding=\"async\" class=\"swiper-slide-image\" src=\"https:\/\/dev.antudigital.cl\/sites\/fotografia\/wp-content\/uploads\/elementor\/thumbs\/Alv-16-21-r40t740r42k3c7xn1h6mz3rmuxh1srxob6ru0xgbnk.jpg\" alt=\"Alv-16-2[1]\" \/><\/figure><\/div>\t\t\t<\/div>\n\t\t\t\t\t\t\t\t\t\t\t\t<div class=\"elementor-swiper-button elementor-swiper-button-prev\" role=\"button\" tabindex=\"0\">\n\t\t\t\t\t\t<i aria-hidden=\"true\" class=\"eicon-chevron-left\"><\/i>\t\t\t\t\t<\/div>\n\t\t\t\t\t<div class=\"elementor-swiper-button elementor-swiper-button-next\" role=\"button\" tabindex=\"0\">\n\t\t\t\t\t\t<i aria-hidden=\"true\" class=\"eicon-chevron-right\"><\/i>\t\t\t\t\t<\/div>\n\t\t\t\t\n\t\t\t\t\t\t\t\t\t<div class=\"swiper-pagination\"><\/div>\n\t\t\t\t\t\t\t\t\t<\/div>\n\t\t\t\t\t\t<\/div>\n\t\t\t\t<\/div>\n\t\t<div class=\"elementor-element elementor-element-4b95a0c e-con-full media-gallery e-flex e-con e-child\" data-id=\"4b95a0c\" data-element_type=\"container\">\n\t\t\t\t<div class=\"elementor-element elementor-element-3336a71 elementor-widget elementor-widget-gallery\" data-id=\"3336a71\" data-element_type=\"widget\" data-settings=\"{&quot;columns&quot;:1,&quot;columns_tablet&quot;:1,&quot;gap_tablet&quot;:{&quot;unit&quot;:&quot;px&quot;,&quot;size&quot;:20,&quot;sizes&quot;:[]},&quot;gap_mobile&quot;:{&quot;unit&quot;:&quot;px&quot;,&quot;size&quot;:20,&quot;sizes&quot;:[]},&quot;aspect_ratio&quot;:&quot;16:9&quot;,&quot;lazyload&quot;:&quot;yes&quot;,&quot;gallery_layout&quot;:&quot;grid&quot;,&quot;columns_mobile&quot;:1,&quot;gap&quot;:{&quot;unit&quot;:&quot;px&quot;,&quot;size&quot;:10,&quot;sizes&quot;:[]},&quot;link_to&quot;:&quot;file&quot;,&quot;overlay_background&quot;:&quot;yes&quot;,&quot;content_hover_animation&quot;:&quot;fade-in&quot;}\" data-widget_type=\"gallery.default\">\n\t\t\t\t<div class=\"elementor-widget-container\">\n\t\t\t\t\t\t\t<div class=\"elementor-gallery__container\">\n\t\t\t\t\t\t\t<a class=\"e-gallery-item elementor-gallery-item elementor-animated-content\" href=\"https:\/\/dev.antudigital.cl\/sites\/fotografia\/wp-content\/uploads\/2025\/04\/ALV-141.jpg\" data-elementor-open-lightbox=\"yes\" data-elementor-lightbox-slideshow=\"3336a71\" data-e-action-hash=\"#elementor-action%3Aaction%3Dlightbox%26settings%3DeyJpZCI6NjI0NiwidXJsIjoiaHR0cHM6XC9cL2Rldi5hbnR1ZGlnaXRhbC5jbFwvc2l0ZXNcL2ZvdG9ncmFmaWFcL3dwLWNvbnRlbnRcL3VwbG9hZHNcLzIwMjVcLzA0XC9BTFYtMTQxLmpwZyIsInNsaWRlc2hvdyI6IjMzMzZhNzEifQ%3D%3D\">\n\t\t\t\t\t<div class=\"e-gallery-image elementor-gallery-item__image\" data-thumbnail=\"https:\/\/dev.antudigital.cl\/sites\/fotografia\/wp-content\/uploads\/2025\/04\/ALV-141.jpg\" data-width=\"560\" data-height=\"816\" aria-label=\"\" role=\"img\" ><\/div>\n\t\t\t\t\t\t\t\t\t\t\t<div class=\"elementor-gallery-item__overlay\"><\/div>\n\t\t\t\t\t\t\t\t\t\t\t\t\t\t<\/a>\n\t\t\t\t\t\t\t<a class=\"e-gallery-item elementor-gallery-item elementor-animated-content\" href=\"https:\/\/dev.antudigital.cl\/sites\/fotografia\/wp-content\/uploads\/2025\/04\/Alv-151.jpg\" data-elementor-open-lightbox=\"yes\" data-elementor-lightbox-slideshow=\"3336a71\" data-e-action-hash=\"#elementor-action%3Aaction%3Dlightbox%26settings%3DeyJpZCI6NjI0NywidXJsIjoiaHR0cHM6XC9cL2Rldi5hbnR1ZGlnaXRhbC5jbFwvc2l0ZXNcL2ZvdG9ncmFmaWFcL3dwLWNvbnRlbnRcL3VwbG9hZHNcLzIwMjVcLzA0XC9BbHYtMTUxLmpwZyIsInNsaWRlc2hvdyI6IjMzMzZhNzEifQ%3D%3D\">\n\t\t\t\t\t<div class=\"e-gallery-image elementor-gallery-item__image\" data-thumbnail=\"https:\/\/dev.antudigital.cl\/sites\/fotografia\/wp-content\/uploads\/2025\/04\/Alv-151.jpg\" data-width=\"674\" data-height=\"496\" aria-label=\"\" role=\"img\" ><\/div>\n\t\t\t\t\t\t\t\t\t\t\t<div class=\"elementor-gallery-item__overlay\"><\/div>\n\t\t\t\t\t\t\t\t\t\t\t\t\t\t<\/a>\n\t\t\t\t\t\t\t<a class=\"e-gallery-item elementor-gallery-item elementor-animated-content\" href=\"https:\/\/dev.antudigital.cl\/sites\/fotografia\/wp-content\/uploads\/2025\/04\/alv-16-11.jpg\" data-elementor-open-lightbox=\"yes\" data-elementor-lightbox-slideshow=\"3336a71\" data-e-action-hash=\"#elementor-action%3Aaction%3Dlightbox%26settings%3DeyJpZCI6NjI0OCwidXJsIjoiaHR0cHM6XC9cL2Rldi5hbnR1ZGlnaXRhbC5jbFwvc2l0ZXNcL2ZvdG9ncmFmaWFcL3dwLWNvbnRlbnRcL3VwbG9hZHNcLzIwMjVcLzA0XC9hbHYtMTYtMTEuanBnIiwic2xpZGVzaG93IjoiMzMzNmE3MSJ9\">\n\t\t\t\t\t<div class=\"e-gallery-image elementor-gallery-item__image\" data-thumbnail=\"https:\/\/dev.antudigital.cl\/sites\/fotografia\/wp-content\/uploads\/2025\/04\/alv-16-11.jpg\" data-width=\"560\" data-height=\"816\" aria-label=\"\" role=\"img\" ><\/div>\n\t\t\t\t\t\t\t\t\t\t\t<div class=\"elementor-gallery-item__overlay\"><\/div>\n\t\t\t\t\t\t\t\t\t\t\t\t\t\t<\/a>\n\t\t\t\t\t\t\t<a class=\"e-gallery-item elementor-gallery-item elementor-animated-content\" href=\"https:\/\/dev.antudigital.cl\/sites\/fotografia\/wp-content\/uploads\/2025\/04\/Alv-16-21.jpg\" data-elementor-open-lightbox=\"yes\" data-elementor-lightbox-slideshow=\"3336a71\" data-e-action-hash=\"#elementor-action%3Aaction%3Dlightbox%26settings%3DeyJpZCI6NjI0OSwidXJsIjoiaHR0cHM6XC9cL2Rldi5hbnR1ZGlnaXRhbC5jbFwvc2l0ZXNcL2ZvdG9ncmFmaWFcL3dwLWNvbnRlbnRcL3VwbG9hZHNcLzIwMjVcLzA0XC9BbHYtMTYtMjEuanBnIiwic2xpZGVzaG93IjoiMzMzNmE3MSJ9\">\n\t\t\t\t\t<div class=\"e-gallery-image elementor-gallery-item__image\" data-thumbnail=\"https:\/\/dev.antudigital.cl\/sites\/fotografia\/wp-content\/uploads\/2025\/04\/Alv-16-21.jpg\" data-width=\"560\" data-height=\"816\" aria-label=\"\" role=\"img\" ><\/div>\n\t\t\t\t\t\t\t\t\t\t\t<div class=\"elementor-gallery-item__overlay\"><\/div>\n\t\t\t\t\t\t\t\t\t\t\t\t\t\t<\/a>\n\t\t\t\t\t<\/div>\n\t\t\t\t\t<\/div>\n\t\t\t\t<\/div>\n\t\t\t\t<\/div>\n\t\t\t\t<\/div>\n\t\t\t\t<\/div>\n\t\t\t\t<\/div>\n\t\t","protected":false},"excerpt":{"rendered":"<p>Mapuches MAPUCHES SALVAJES, TERRORISTAS, COMBATIVOS SUJETOS Y CONSTRUCCIONES VISUALES EN LOS USOS DE FOTOGRAF\u00cdAS DE MAPUCHE (FINES SIGLO XIX Y COMIENZOS SIGLO XX) Presentaci\u00f3n Sujetos salvajes en los primeros estudios antropol\u00f3gicos. Primera modalidad visual desde lo ex\u00f3geno Sujetos primitivos y ex\u00f3ticos en el consumo. Segunda modalidad desde lo ex\u00f3geno Terroristas en el \u00e1mbito de lo [&hellip;]<\/p>\n","protected":false},"author":1,"featured_media":0,"parent":5953,"menu_order":0,"comment_status":"open","ping_status":"open","template":"elementor_header_footer","format":"standard","meta":{"footnotes":""},"class_list":["post-6185","pueblo-mapuche","type-pueblo-mapuche","status-publish","format-standard","hentry"],"_links":{"self":[{"href":"https:\/\/dev.antudigital.cl\/sites\/fotografia\/wp-json\/wp\/v2\/pueblo-mapuche\/6185","targetHints":{"allow":["GET"]}}],"collection":[{"href":"https:\/\/dev.antudigital.cl\/sites\/fotografia\/wp-json\/wp\/v2\/pueblo-mapuche"}],"about":[{"href":"https:\/\/dev.antudigital.cl\/sites\/fotografia\/wp-json\/wp\/v2\/types\/pueblo-mapuche"}],"author":[{"embeddable":true,"href":"https:\/\/dev.antudigital.cl\/sites\/fotografia\/wp-json\/wp\/v2\/users\/1"}],"replies":[{"embeddable":true,"href":"https:\/\/dev.antudigital.cl\/sites\/fotografia\/wp-json\/wp\/v2\/comments?post=6185"}],"version-history":[{"count":7,"href":"https:\/\/dev.antudigital.cl\/sites\/fotografia\/wp-json\/wp\/v2\/pueblo-mapuche\/6185\/revisions"}],"predecessor-version":[{"id":6267,"href":"https:\/\/dev.antudigital.cl\/sites\/fotografia\/wp-json\/wp\/v2\/pueblo-mapuche\/6185\/revisions\/6267"}],"up":[{"embeddable":true,"href":"https:\/\/dev.antudigital.cl\/sites\/fotografia\/wp-json\/wp\/v2\/pueblo-mapuche\/5953"}],"wp:attachment":[{"href":"https:\/\/dev.antudigital.cl\/sites\/fotografia\/wp-json\/wp\/v2\/media?parent=6185"}],"curies":[{"name":"wp","href":"https:\/\/api.w.org\/{rel}","templated":true}]}}