{"id":6339,"date":"2025-04-07T16:58:19","date_gmt":"2025-04-07T20:58:19","guid":{"rendered":"https:\/\/dev.antudigital.cl\/sites\/fotografia\/?post_type=pueblo-andino&#038;p=6339"},"modified":"2025-04-07T17:03:25","modified_gmt":"2025-04-07T21:03:25","slug":"felipe-a-maturana-diaz","status":"publish","type":"pueblo-mapuche","link":"https:\/\/dev.antudigital.cl\/sites\/fotografia\/pueblo-mapuche\/autores\/felipe-a-maturana-diaz\/","title":{"rendered":"Felipe A. Maturana D\u00edaz"},"content":{"rendered":"\t\t<div data-elementor-type=\"wp-post\" data-elementor-id=\"6339\" class=\"elementor elementor-6339\" data-elementor-post-type=\"pueblo-mapuche\">\n\t\t\t\t<div class=\"elementor-element elementor-element-d9f4412 e-con-full e-flex e-con e-parent\" data-id=\"d9f4412\" data-element_type=\"container\" data-settings=\"{&quot;background_background&quot;:&quot;classic&quot;}\">\n\t\t<div class=\"elementor-element elementor-element-d09f572 e-con-full elementor-hidden-tablet elementor-hidden-mobile e-flex e-con e-child\" data-id=\"d09f572\" data-element_type=\"container\" data-settings=\"{&quot;background_background&quot;:&quot;classic&quot;}\">\n\t\t<div class=\"elementor-element elementor-element-c665819 e-con-full e-flex e-con e-child\" data-id=\"c665819\" data-element_type=\"container\">\n\t\t\t\t<div class=\"elementor-element elementor-element-b760da8 elementor-widget elementor-widget-heading\" data-id=\"b760da8\" data-element_type=\"widget\" data-widget_type=\"heading.default\">\n\t\t\t\t<div class=\"elementor-widget-container\">\n\t\t\t\t\t<h1 class=\"elementor-heading-title elementor-size-default\">Mapuches<\/h1>\t\t\t\t<\/div>\n\t\t\t\t<\/div>\n\t\t\t\t<div class=\"elementor-element elementor-element-a070935 menu-offcanvas elementor-widget elementor-widget-nav-menu\" data-id=\"a070935\" data-element_type=\"widget\" data-settings=\"{&quot;layout&quot;:&quot;dropdown&quot;,&quot;submenu_icon&quot;:{&quot;value&quot;:&quot;&lt;i class=\\&quot;\\&quot; aria-hidden=\\&quot;true\\&quot;&gt;&lt;\\\/i&gt;&quot;,&quot;library&quot;:&quot;&quot;}}\" data-widget_type=\"nav-menu.default\">\n\t\t\t\t<div class=\"elementor-widget-container\">\n\t\t\t\t\t\t\t\t<nav class=\"elementor-nav-menu--dropdown elementor-nav-menu__container\" aria-hidden=\"true\">\n\t\t\t\t<ul id=\"menu-2-a070935\" class=\"elementor-nav-menu\"><li class=\"menu-item menu-item-type-custom menu-item-object-custom menu-item-has-children menu-item-5593\"><a href=\"#\" class=\"elementor-item elementor-item-anchor\" tabindex=\"-1\">Temas<\/a>\n<ul class=\"sub-menu elementor-nav-menu--dropdown\">\n\t<li class=\"menu-item menu-item-type-post_type menu-item-object-pueblo-mapuche menu-item-6393\"><a href=\"https:\/\/dev.antudigital.cl\/sites\/fotografia\/pueblo-mapuche\/temas\/metales-y-alquimia-la-tecnica-fotografica-en-la-construccion-de-la-imagen-mapuche\/\" class=\"elementor-sub-item\" tabindex=\"-1\">METALES Y ALQUIMIA. LA T\u00c9CNICA FOTOGR\u00c1FICA EN LA CONSTRUCCI\u00d3N DE LA IMAGEN MAPUCHE<\/a><\/li>\n\t<li class=\"menu-item menu-item-type-post_type menu-item-object-pueblo-mapuche menu-item-6383\"><a href=\"https:\/\/dev.antudigital.cl\/sites\/fotografia\/pueblo-mapuche\/temas\/en-el-jardin-de-aclimatacion-de-paris-fotografias-de-los-mapuche-llevados-a-europa-en-1883\/\" class=\"elementor-sub-item\" tabindex=\"-1\">EN EL JARD\u00cdN DE ACLIMATACI\u00d3N DE PAR\u00cdS: FOTOGRAF\u00cdAS DE LOS MAPUCHE LLEVADOS A EUROPA EN 1883<\/a><\/li>\n\t<li class=\"menu-item menu-item-type-post_type menu-item-object-pueblo-mapuche menu-item-6397\"><a href=\"https:\/\/dev.antudigital.cl\/sites\/fotografia\/pueblo-mapuche\/temas\/representacion-mapuche-en-el-audiovisual-chileno\/\" class=\"elementor-sub-item\" tabindex=\"-1\">REPRESENTACI\u00d3N MAPUCHE EN EL AUDIOVISUAL CHILENO<\/a><\/li>\n\t<li class=\"menu-item menu-item-type-post_type menu-item-object-pueblo-mapuche menu-item-6401\"><a href=\"https:\/\/dev.antudigital.cl\/sites\/fotografia\/pueblo-mapuche\/temas\/salvajes-terroristas-combativos-sujetos-y-construcciones-visuales-en-los-usos-de-fotografias-de-mapuche-fines-siglo-xix-y-comienzos-siglo-xx\/\" class=\"elementor-sub-item\" tabindex=\"-1\">SALVAJES, TERRORISTAS, COMBATIVOS SUJETOS Y CONSTRUCCIONES VISUALES EN LOS USOS DE FOTOGRAF\u00cdAS DE MAPUCHE (FINES SIGLO XIX Y COMIENZOS SIGLO XX)<\/a><\/li>\n\t<li class=\"menu-item menu-item-type-post_type menu-item-object-pueblo-mapuche menu-item-6388\"><a href=\"https:\/\/dev.antudigital.cl\/sites\/fotografia\/pueblo-mapuche\/temas\/imagenes-de-modernidad-y-colonizacion-fotografias-en-el-siglo-xix-y-xx\/\" class=\"elementor-sub-item\" tabindex=\"-1\">IM\u00c1GENES DE MODERNIDAD Y COLONIZACI\u00d3N. FOTOGRAF\u00cdAS EN EL SIGLO XIX Y XX<\/a><\/li>\n<\/ul>\n<\/li>\n<li class=\"menu-item menu-item-type-custom menu-item-object-custom menu-item-has-children menu-item-5594\"><a href=\"#\" class=\"elementor-item elementor-item-anchor\" tabindex=\"-1\">Autores<\/a>\n<ul class=\"sub-menu elementor-nav-menu--dropdown\">\n\t<li class=\"menu-item menu-item-type-post_type menu-item-object-pueblo-mapuche menu-item-5620\"><a href=\"https:\/\/dev.antudigital.cl\/sites\/fotografia\/pueblo-mapuche\/autores\/gaston-carreno-gonzalez\/\" class=\"elementor-sub-item\" tabindex=\"-1\">Gast\u00f3n Carre\u00f1o Gonz\u00e1lez<\/a><\/li>\n\t<li class=\"menu-item menu-item-type-post_type menu-item-object-pueblo-mapuche menu-item-5619\"><a href=\"https:\/\/dev.antudigital.cl\/sites\/fotografia\/pueblo-mapuche\/autores\/christian-baez-allende\/\" class=\"elementor-sub-item\" tabindex=\"-1\">Christian B\u00e1ez Allende<\/a><\/li>\n\t<li class=\"menu-item menu-item-type-post_type menu-item-object-pueblo-mapuche menu-item-6381\"><a href=\"https:\/\/dev.antudigital.cl\/sites\/fotografia\/pueblo-mapuche\/autores\/maria-paz-bajas-irizar-2\/\" class=\"elementor-sub-item\" tabindex=\"-1\">Mar\u00eda Paz Bajas Irizar<\/a><\/li>\n\t<li class=\"menu-item menu-item-type-post_type menu-item-object-pueblo-mapuche menu-item-6378\"><a href=\"https:\/\/dev.antudigital.cl\/sites\/fotografia\/pueblo-mapuche\/autores\/felipe-a-maturana-diaz\/\" class=\"elementor-sub-item\" tabindex=\"-1\">Felipe A. Maturana D\u00edaz<\/a><\/li>\n\t<li class=\"menu-item menu-item-type-post_type menu-item-object-pueblo-mapuche menu-item-6380\"><a href=\"https:\/\/dev.antudigital.cl\/sites\/fotografia\/pueblo-mapuche\/autores\/margarita-alvarado-perez\/\" class=\"elementor-sub-item\" tabindex=\"-1\">Margarita Alvarado P\u00e9rez<\/a><\/li>\n\t<li class=\"menu-item menu-item-type-post_type menu-item-object-pueblo-mapuche menu-item-6379\"><a href=\"https:\/\/dev.antudigital.cl\/sites\/fotografia\/pueblo-mapuche\/autores\/juan-pablo-leal-ugalde\/\" class=\"elementor-sub-item\" tabindex=\"-1\">Juan Pablo Leal Ugalde<\/a><\/li>\n<\/ul>\n<\/li>\n<li class=\"menu-item menu-item-type-post_type menu-item-object-pueblo-mapuche menu-item-5611\"><a href=\"https:\/\/dev.antudigital.cl\/sites\/fotografia\/pueblo-mapuche\/territorio\/\" class=\"elementor-item\" tabindex=\"-1\">Territorio<\/a><\/li>\n<li class=\"menu-item menu-item-type-post_type menu-item-object-pueblo-mapuche menu-item-5635\"><a href=\"https:\/\/dev.antudigital.cl\/sites\/fotografia\/pueblo-mapuche\/glosario\/\" class=\"elementor-item\" tabindex=\"-1\">Glosario<\/a><\/li>\n<li class=\"menu-item menu-item-type-post_type menu-item-object-pueblo-mapuche menu-item-5612\"><a href=\"https:\/\/dev.antudigital.cl\/sites\/fotografia\/pueblo-mapuche\/bibliografia\/\" class=\"elementor-item\" tabindex=\"-1\">Bibliograf\u00eda<\/a><\/li>\n<\/ul>\t\t\t<\/nav>\n\t\t\t\t\t\t<\/div>\n\t\t\t\t<\/div>\n\t\t\t\t<\/div>\n\t\t\t\t<\/div>\n\t\t<div class=\"elementor-element elementor-element-a6c6559 e-con-full e-flex e-con e-child\" data-id=\"a6c6559\" data-element_type=\"container\" data-settings=\"{&quot;background_background&quot;:&quot;classic&quot;}\">\n\t\t<div class=\"elementor-element elementor-element-7dce84f e-con-full e-flex e-con e-child\" data-id=\"7dce84f\" data-element_type=\"container\">\n\t\t\t\t<div class=\"elementor-element elementor-element-4514102 elementor-align-justify elementor-widget__width-inherit elementor-hidden-desktop elementor-widget elementor-widget-button\" data-id=\"4514102\" data-element_type=\"widget\" data-widget_type=\"button.default\">\n\t\t\t\t<div class=\"elementor-widget-container\">\n\t\t\t\t\t\t\t\t\t<div class=\"elementor-button-wrapper\">\n\t\t\t\t\t<a class=\"elementor-button elementor-button-link elementor-size-sm\" href=\"#elementor-action%3Aaction%3Dpopup%3Aopen%26settings%3DeyJpZCI6IjU1NzYiLCJ0b2dnbGUiOmZhbHNlfQ%3D%3D\">\n\t\t\t\t\t\t<span class=\"elementor-button-content-wrapper\">\n\t\t\t\t\t\t<span class=\"elementor-button-icon\">\n\t\t\t\t<i aria-hidden=\"true\" class=\"fas fa-bars\"><\/i>\t\t\t<\/span>\n\t\t\t\t\t\t\t\t\t<span class=\"elementor-button-text\">MAPUCHES<\/span>\n\t\t\t\t\t<\/span>\n\t\t\t\t\t<\/a>\n\t\t\t\t<\/div>\n\t\t\t\t\t\t\t\t<\/div>\n\t\t\t\t<\/div>\n\t\t\t\t<div class=\"elementor-element elementor-element-f2cb22c elementor-hidden-desktop elementor-widget elementor-widget-spacer\" data-id=\"f2cb22c\" data-element_type=\"widget\" data-widget_type=\"spacer.default\">\n\t\t\t\t<div class=\"elementor-widget-container\">\n\t\t\t\t\t\t\t<div class=\"elementor-spacer\">\n\t\t\t<div class=\"elementor-spacer-inner\"><\/div>\n\t\t<\/div>\n\t\t\t\t\t\t<\/div>\n\t\t\t\t<\/div>\n\t\t\t\t<div class=\"elementor-element elementor-element-bec1737 elementor-widget elementor-widget-heading\" data-id=\"bec1737\" data-element_type=\"widget\" data-widget_type=\"heading.default\">\n\t\t\t\t<div class=\"elementor-widget-container\">\n\t\t\t\t\t<h1 class=\"elementor-heading-title elementor-size-default\">Felipe A. Maturana D\u00edaz<\/h1>\t\t\t\t<\/div>\n\t\t\t\t<\/div>\n\t\t\t\t<div class=\"elementor-element elementor-element-442b7df elementor-widget elementor-widget-text-editor\" data-id=\"442b7df\" data-element_type=\"widget\" data-widget_type=\"text-editor.default\">\n\t\t\t\t<div class=\"elementor-widget-container\">\n\t\t\t\t\t\t\t\t\t<p>Antrop\u00f3logo Social de la Universidad de Chile y Realizador Audiovisual. Diplomado en documental creativo\/indagatorio, Universidad Alberto Hurtado. Investigador del Centro de Estudios en Antropolog\u00eda Visual (<a href=\"http:\/\/www.ceavi.cl\/\">www.ceavi.cl<\/a>). Sus temas de investigaci\u00f3n se relacionan con la Antropolog\u00eda Visual, la Etnograf\u00eda Audiovisual, vinculado con los archivos fotogr\u00e1ficos y la representaci\u00f3n de los Pueblos Originarios de Am\u00e9rica en sus diferentes soportes, como grabados, pintura, fotograf\u00eda, cine, video.<\/p>\t\t\t\t\t\t\t\t<\/div>\n\t\t\t\t<\/div>\n\t\t\t\t<\/div>\n\t\t<div class=\"elementor-element elementor-element-dd9c75e e-con-full e-flex e-con e-child\" data-id=\"dd9c75e\" data-element_type=\"container\">\n\t\t\t\t<div class=\"elementor-element elementor-element-cb9c492 elementor-widget elementor-widget-image\" data-id=\"cb9c492\" data-element_type=\"widget\" data-widget_type=\"image.default\">\n\t\t\t\t<div class=\"elementor-widget-container\">\n\t\t\t\t\t\t\t\t\t\t\t\t\t\t\t<img decoding=\"async\" src=\"https:\/\/dev.antudigital.cl\/sites\/fotografia\/wp-content\/plugins\/elementor\/assets\/images\/placeholder.png\" title=\"\" alt=\"\" loading=\"lazy\" \/>\t\t\t\t\t\t\t\t\t\t\t\t\t\t\t<\/div>\n\t\t\t\t<\/div>\n\t\t\t\t<\/div>\n\t\t\t\t<\/div>\n\t\t<div class=\"elementor-element elementor-element-8c98fd3 e-con-full elementor-hidden-tablet elementor-hidden-mobile e-flex e-con e-child\" data-id=\"8c98fd3\" data-element_type=\"container\" data-settings=\"{&quot;background_background&quot;:&quot;classic&quot;}\">\n\t\t\t\t<\/div>\n\t\t\t\t<\/div>\n\t\t\t\t<\/div>\n\t\t","protected":false},"excerpt":{"rendered":"<p>Mapuches MAPUCHES Antrop\u00f3logo Social de la Universidad de Chile y Realizador Audiovisual. Diplomado en documental creativo\/indagatorio, Universidad Alberto Hurtado. Investigador del Centro de Estudios en Antropolog\u00eda Visual (www.ceavi.cl). Sus temas de investigaci\u00f3n se relacionan con la Antropolog\u00eda Visual, la Etnograf\u00eda Audiovisual, vinculado con los archivos fotogr\u00e1ficos y la representaci\u00f3n de los Pueblos Originarios de Am\u00e9rica [&hellip;]<\/p>\n","protected":false},"author":1,"featured_media":0,"parent":5613,"menu_order":0,"comment_status":"open","ping_status":"open","template":"elementor_header_footer","format":"standard","meta":{"footnotes":""},"class_list":["post-6339","pueblo-mapuche","type-pueblo-mapuche","status-publish","format-standard","hentry"],"_links":{"self":[{"href":"https:\/\/dev.antudigital.cl\/sites\/fotografia\/wp-json\/wp\/v2\/pueblo-mapuche\/6339","targetHints":{"allow":["GET"]}}],"collection":[{"href":"https:\/\/dev.antudigital.cl\/sites\/fotografia\/wp-json\/wp\/v2\/pueblo-mapuche"}],"about":[{"href":"https:\/\/dev.antudigital.cl\/sites\/fotografia\/wp-json\/wp\/v2\/types\/pueblo-mapuche"}],"author":[{"embeddable":true,"href":"https:\/\/dev.antudigital.cl\/sites\/fotografia\/wp-json\/wp\/v2\/users\/1"}],"replies":[{"embeddable":true,"href":"https:\/\/dev.antudigital.cl\/sites\/fotografia\/wp-json\/wp\/v2\/comments?post=6339"}],"version-history":[{"count":7,"href":"https:\/\/dev.antudigital.cl\/sites\/fotografia\/wp-json\/wp\/v2\/pueblo-mapuche\/6339\/revisions"}],"predecessor-version":[{"id":6365,"href":"https:\/\/dev.antudigital.cl\/sites\/fotografia\/wp-json\/wp\/v2\/pueblo-mapuche\/6339\/revisions\/6365"}],"up":[{"embeddable":true,"href":"https:\/\/dev.antudigital.cl\/sites\/fotografia\/wp-json\/wp\/v2\/pueblo-mapuche\/5613"}],"wp:attachment":[{"href":"https:\/\/dev.antudigital.cl\/sites\/fotografia\/wp-json\/wp\/v2\/media?parent=6339"}],"curies":[{"name":"wp","href":"https:\/\/api.w.org\/{rel}","templated":true}]}}