{"version":"1.0","provider_name":"Valpara\u00ed\u00adso Creativo","provider_url":"https:\/\/dev.antudigital.cl\/sites\/vc","title":"Artesan\u00eda con sentido desde El Tabo - Valpara\u00ed\u00adso Creativo","type":"rich","width":600,"height":338,"html":"<blockquote class=\"wp-embedded-content\" data-secret=\"31IhnqgoQC\"><a href=\"https:\/\/dev.antudigital.cl\/sites\/vc\/artesania-con-sentido-desde-el-tabo\/\">Artesan\u00eda con sentido desde El Tabo<\/a><\/blockquote><iframe sandbox=\"allow-scripts\" security=\"restricted\" src=\"https:\/\/dev.antudigital.cl\/sites\/vc\/artesania-con-sentido-desde-el-tabo\/embed\/#?secret=31IhnqgoQC\" width=\"600\" height=\"338\" title=\"\u00abArtesan\u00eda con sentido desde El Tabo\u00bb \u2014 Valpara\u00ed\u00adso Creativo\" data-secret=\"31IhnqgoQC\" frameborder=\"0\" marginwidth=\"0\" marginheight=\"0\" scrolling=\"no\" class=\"wp-embedded-content\"><\/iframe><script>\n\/*! This file is auto-generated *\/\n!function(d,l){\"use strict\";l.querySelector&&d.addEventListener&&\"undefined\"!=typeof URL&&(d.wp=d.wp||{},d.wp.receiveEmbedMessage||(d.wp.receiveEmbedMessage=function(e){var t=e.data;if((t||t.secret||t.message||t.value)&&!\/[^a-zA-Z0-9]\/.test(t.secret)){for(var s,r,n,a=l.querySelectorAll('iframe[data-secret=\"'+t.secret+'\"]'),o=l.querySelectorAll('blockquote[data-secret=\"'+t.secret+'\"]'),c=new RegExp(\"^https?:$\",\"i\"),i=0;i<o.length;i++)o[i].style.display=\"none\";for(i=0;i<a.length;i++)s=a[i],e.source===s.contentWindow&&(s.removeAttribute(\"style\"),\"height\"===t.message?(1e3<(r=parseInt(t.value,10))?r=1e3:~~r<200&&(r=200),s.height=r):\"link\"===t.message&&(r=new URL(s.getAttribute(\"src\")),n=new URL(t.value),c.test(n.protocol))&&n.host===r.host&&l.activeElement===s&&(d.top.location.href=t.value))}},d.addEventListener(\"message\",d.wp.receiveEmbedMessage,!1),l.addEventListener(\"DOMContentLoaded\",function(){for(var e,t,s=l.querySelectorAll(\"iframe.wp-embedded-content\"),r=0;r<s.length;r++)(t=(e=s[r]).getAttribute(\"data-secret\"))||(t=Math.random().toString(36).substring(2,12),e.src+=\"#?secret=\"+t,e.setAttribute(\"data-secret\",t)),e.contentWindow.postMessage({message:\"ready\",secret:t},\"*\")},!1)))}(window,document);\n\/\/# sourceURL=https:\/\/dev.antudigital.cl\/sites\/vc\/wp-includes\/js\/wp-embed.min.js\n<\/script>\n","thumbnail_url":"https:\/\/dev.antudigital.cl\/sites\/vc\/wp-content\/uploads\/2024\/02\/Captura-de-Pantalla-2024-02-19-a-las-20.50.56.png","thumbnail_width":617,"thumbnail_height":418,"description":"Ximena Beltr\u00e1n es creadora de Bellart, cueros del sur del mundo, quien estuvo presente recientemente en el Festival Vinos de Proa que se realiz\u00f3 el fin de semana pasado en Santo Domingo, e itinera en diversas ferias de vino del litoral central. A prop\u00f3sito de su participaci\u00f3n, quisimos conocer su trabajo de marroquiner\u00eda y cuero [&hellip;]"}