{"version":"1.0","provider_name":"Valpara\u00ed\u00adso Creativo","provider_url":"https:\/\/dev.antudigital.cl\/sites\/vc","title":"Convocatorias abiertas: Brigadas Fotogr\u00e1ficas FIFV 2023 - Valpara\u00ed\u00adso Creativo","type":"rich","width":600,"height":338,"html":"<blockquote class=\"wp-embedded-content\" data-secret=\"Dl8yCyTSwg\"><a href=\"https:\/\/dev.antudigital.cl\/sites\/vc\/convocatorias-abiertas-brigadas-fotograficas-fifv-2023\/\">Convocatorias abiertas: Brigadas Fotogr\u00e1ficas FIFV 2023<\/a><\/blockquote><iframe sandbox=\"allow-scripts\" security=\"restricted\" src=\"https:\/\/dev.antudigital.cl\/sites\/vc\/convocatorias-abiertas-brigadas-fotograficas-fifv-2023\/embed\/#?secret=Dl8yCyTSwg\" width=\"600\" height=\"338\" title=\"\u00abConvocatorias abiertas: Brigadas Fotogr\u00e1ficas FIFV 2023\u00bb \u2014 Valpara\u00ed\u00adso Creativo\" data-secret=\"Dl8yCyTSwg\" frameborder=\"0\" marginwidth=\"0\" marginheight=\"0\" scrolling=\"no\" class=\"wp-embedded-content\"><\/iframe><script>\n\/*! This file is auto-generated *\/\n!function(d,l){\"use strict\";l.querySelector&&d.addEventListener&&\"undefined\"!=typeof URL&&(d.wp=d.wp||{},d.wp.receiveEmbedMessage||(d.wp.receiveEmbedMessage=function(e){var t=e.data;if((t||t.secret||t.message||t.value)&&!\/[^a-zA-Z0-9]\/.test(t.secret)){for(var s,r,n,a=l.querySelectorAll('iframe[data-secret=\"'+t.secret+'\"]'),o=l.querySelectorAll('blockquote[data-secret=\"'+t.secret+'\"]'),c=new RegExp(\"^https?:$\",\"i\"),i=0;i<o.length;i++)o[i].style.display=\"none\";for(i=0;i<a.length;i++)s=a[i],e.source===s.contentWindow&&(s.removeAttribute(\"style\"),\"height\"===t.message?(1e3<(r=parseInt(t.value,10))?r=1e3:~~r<200&&(r=200),s.height=r):\"link\"===t.message&&(r=new URL(s.getAttribute(\"src\")),n=new URL(t.value),c.test(n.protocol))&&n.host===r.host&&l.activeElement===s&&(d.top.location.href=t.value))}},d.addEventListener(\"message\",d.wp.receiveEmbedMessage,!1),l.addEventListener(\"DOMContentLoaded\",function(){for(var e,t,s=l.querySelectorAll(\"iframe.wp-embedded-content\"),r=0;r<s.length;r++)(t=(e=s[r]).getAttribute(\"data-secret\"))||(t=Math.random().toString(36).substring(2,12),e.src+=\"#?secret=\"+t,e.setAttribute(\"data-secret\",t)),e.contentWindow.postMessage({message:\"ready\",secret:t},\"*\")},!1)))}(window,document);\n\/\/# sourceURL=https:\/\/dev.antudigital.cl\/sites\/vc\/wp-includes\/js\/wp-embed.min.js\n<\/script>\n","thumbnail_url":"https:\/\/dev.antudigital.cl\/sites\/vc\/wp-content\/uploads\/2023\/08\/Brigadas.jpeg","thumbnail_width":1536,"thumbnail_height":1026,"description":"Comenz\u00f3 la cuenta regresiva para el\u00a0Festival Internacional de Fotograf\u00eda de Valpara\u00edso 2023, con la convocatoria para postular a las Brigadas Fotogr\u00e1ficas, colectivos de fot\u00f3graf@s que recorren la ciudad produciendo im\u00e1genes, este a\u00f1o, bajo la interrogante\u00a0\u00bfCu\u00e1l es el borde de tu mirada?Las Brigadas realizan un trabajo en conjunto con otros colectivos durante todos los d\u00edas del [&hellip;]"}