{"version":"1.0","provider_name":"Valpara\u00ed\u00adso Creativo","provider_url":"https:\/\/dev.antudigital.cl\/sites\/vc","title":"Doble inauguraci\u00f3n en Centex - Valpara\u00ed\u00adso Creativo","type":"rich","width":600,"height":338,"html":"<blockquote class=\"wp-embedded-content\" data-secret=\"lrDyBV8U4T\"><a href=\"https:\/\/dev.antudigital.cl\/sites\/vc\/doble-inauguracion-en-centex\/\">Doble inauguraci\u00f3n en Centex<\/a><\/blockquote><iframe sandbox=\"allow-scripts\" security=\"restricted\" src=\"https:\/\/dev.antudigital.cl\/sites\/vc\/doble-inauguracion-en-centex\/embed\/#?secret=lrDyBV8U4T\" width=\"600\" height=\"338\" title=\"\u00abDoble inauguraci\u00f3n en Centex\u00bb \u2014 Valpara\u00ed\u00adso Creativo\" data-secret=\"lrDyBV8U4T\" frameborder=\"0\" marginwidth=\"0\" marginheight=\"0\" scrolling=\"no\" class=\"wp-embedded-content\"><\/iframe><script>\n\/*! This file is auto-generated *\/\n!function(d,l){\"use strict\";l.querySelector&&d.addEventListener&&\"undefined\"!=typeof URL&&(d.wp=d.wp||{},d.wp.receiveEmbedMessage||(d.wp.receiveEmbedMessage=function(e){var t=e.data;if((t||t.secret||t.message||t.value)&&!\/[^a-zA-Z0-9]\/.test(t.secret)){for(var s,r,n,a=l.querySelectorAll('iframe[data-secret=\"'+t.secret+'\"]'),o=l.querySelectorAll('blockquote[data-secret=\"'+t.secret+'\"]'),c=new RegExp(\"^https?:$\",\"i\"),i=0;i<o.length;i++)o[i].style.display=\"none\";for(i=0;i<a.length;i++)s=a[i],e.source===s.contentWindow&&(s.removeAttribute(\"style\"),\"height\"===t.message?(1e3<(r=parseInt(t.value,10))?r=1e3:~~r<200&&(r=200),s.height=r):\"link\"===t.message&&(r=new URL(s.getAttribute(\"src\")),n=new URL(t.value),c.test(n.protocol))&&n.host===r.host&&l.activeElement===s&&(d.top.location.href=t.value))}},d.addEventListener(\"message\",d.wp.receiveEmbedMessage,!1),l.addEventListener(\"DOMContentLoaded\",function(){for(var e,t,s=l.querySelectorAll(\"iframe.wp-embedded-content\"),r=0;r<s.length;r++)(t=(e=s[r]).getAttribute(\"data-secret\"))||(t=Math.random().toString(36).substring(2,12),e.src+=\"#?secret=\"+t,e.setAttribute(\"data-secret\",t)),e.contentWindow.postMessage({message:\"ready\",secret:t},\"*\")},!1)))}(window,document);\n\/\/# sourceURL=https:\/\/dev.antudigital.cl\/sites\/vc\/wp-includes\/js\/wp-embed.min.js\n<\/script>\n","thumbnail_url":"https:\/\/dev.antudigital.cl\/sites\/vc\/wp-content\/uploads\/2023\/07\/Captura-de-Pantalla-2023-07-17-a-las-20.05.04.png","thumbnail_width":577,"thumbnail_height":312,"description":"La Tribu del Viento presenta una exposici\u00f3n que destaca los grabados de Loro Coir\u00f3n. La muestra se llevar\u00e1 a cabo desde el 29 de julio hasta el 31 de octubre en el Hall Central. Adem\u00e1s, se agregar\u00e1 la inauguraci\u00f3n de la exhibici\u00f3n de fotograf\u00edas de la memoria de Luis Navarro en una doble inauguraci\u00f3n de [&hellip;]"}