{"version":"1.0","provider_name":"Valpara\u00ed\u00adso Creativo","provider_url":"https:\/\/dev.antudigital.cl\/sites\/vc","title":"Evento: Summit Empresarial #Conectados de ASIVA - Valpara\u00ed\u00adso Creativo","type":"rich","width":600,"height":338,"html":"<blockquote class=\"wp-embedded-content\" data-secret=\"v51u9IVrKx\"><a href=\"https:\/\/dev.antudigital.cl\/sites\/vc\/evento-summit-empresarial-conectados-de-asiva\/\">Evento: Summit Empresarial #Conectados de ASIVA<\/a><\/blockquote><iframe sandbox=\"allow-scripts\" security=\"restricted\" src=\"https:\/\/dev.antudigital.cl\/sites\/vc\/evento-summit-empresarial-conectados-de-asiva\/embed\/#?secret=v51u9IVrKx\" width=\"600\" height=\"338\" title=\"\u00abEvento: Summit Empresarial #Conectados de ASIVA\u00bb \u2014 Valpara\u00ed\u00adso Creativo\" data-secret=\"v51u9IVrKx\" frameborder=\"0\" marginwidth=\"0\" marginheight=\"0\" scrolling=\"no\" class=\"wp-embedded-content\"><\/iframe><script>\n\/*! This file is auto-generated *\/\n!function(d,l){\"use strict\";l.querySelector&&d.addEventListener&&\"undefined\"!=typeof URL&&(d.wp=d.wp||{},d.wp.receiveEmbedMessage||(d.wp.receiveEmbedMessage=function(e){var t=e.data;if((t||t.secret||t.message||t.value)&&!\/[^a-zA-Z0-9]\/.test(t.secret)){for(var s,r,n,a=l.querySelectorAll('iframe[data-secret=\"'+t.secret+'\"]'),o=l.querySelectorAll('blockquote[data-secret=\"'+t.secret+'\"]'),c=new RegExp(\"^https?:$\",\"i\"),i=0;i<o.length;i++)o[i].style.display=\"none\";for(i=0;i<a.length;i++)s=a[i],e.source===s.contentWindow&&(s.removeAttribute(\"style\"),\"height\"===t.message?(1e3<(r=parseInt(t.value,10))?r=1e3:~~r<200&&(r=200),s.height=r):\"link\"===t.message&&(r=new URL(s.getAttribute(\"src\")),n=new URL(t.value),c.test(n.protocol))&&n.host===r.host&&l.activeElement===s&&(d.top.location.href=t.value))}},d.addEventListener(\"message\",d.wp.receiveEmbedMessage,!1),l.addEventListener(\"DOMContentLoaded\",function(){for(var e,t,s=l.querySelectorAll(\"iframe.wp-embedded-content\"),r=0;r<s.length;r++)(t=(e=s[r]).getAttribute(\"data-secret\"))||(t=Math.random().toString(36).substring(2,12),e.src+=\"#?secret=\"+t,e.setAttribute(\"data-secret\",t)),e.contentWindow.postMessage({message:\"ready\",secret:t},\"*\")},!1)))}(window,document);\n\/\/# sourceURL=https:\/\/dev.antudigital.cl\/sites\/vc\/wp-includes\/js\/wp-embed.min.js\n<\/script>\n","thumbnail_url":"https:\/\/dev.antudigital.cl\/sites\/vc\/wp-content\/uploads\/2021\/09\/160207424_786937585363856_768974268588717025_n.png","thumbnail_width":820,"thumbnail_height":312,"description":"ASIVA invita a un evento enfocado en la innovaci\u00f3n, que apuesta por la descentralizaci\u00f3n, pone en valor una potente sinergia entre distintos gremios productivos del pa\u00eds y, una apuesta por colaborar en la reactivaci\u00f3n social y econ\u00f3mica del pa\u00eds. Se trata de la versi\u00f3n 2021 del Summit Empresarial Conectados, que se llevar\u00e1 a cabo el [&hellip;]"}