{"version":"1.0","provider_name":"Valpara\u00ed\u00adso Creativo","provider_url":"https:\/\/dev.antudigital.cl\/sites\/vc","title":"M\u00fasica para volar: entrevista a P\u00e1jaro Provinciano - Valpara\u00ed\u00adso Creativo","type":"rich","width":600,"height":338,"html":"<blockquote class=\"wp-embedded-content\" data-secret=\"ZGLM4FHQIm\"><a href=\"https:\/\/dev.antudigital.cl\/sites\/vc\/musica-para-volar-entrevista-a-pajaro-provinciano\/\">M\u00fasica para volar: entrevista a P\u00e1jaro Provinciano<\/a><\/blockquote><iframe sandbox=\"allow-scripts\" security=\"restricted\" src=\"https:\/\/dev.antudigital.cl\/sites\/vc\/musica-para-volar-entrevista-a-pajaro-provinciano\/embed\/#?secret=ZGLM4FHQIm\" width=\"600\" height=\"338\" title=\"\u00abM\u00fasica para volar: entrevista a P\u00e1jaro Provinciano\u00bb \u2014 Valpara\u00ed\u00adso Creativo\" data-secret=\"ZGLM4FHQIm\" frameborder=\"0\" marginwidth=\"0\" marginheight=\"0\" scrolling=\"no\" class=\"wp-embedded-content\"><\/iframe><script>\n\/*! This file is auto-generated *\/\n!function(d,l){\"use strict\";l.querySelector&&d.addEventListener&&\"undefined\"!=typeof URL&&(d.wp=d.wp||{},d.wp.receiveEmbedMessage||(d.wp.receiveEmbedMessage=function(e){var t=e.data;if((t||t.secret||t.message||t.value)&&!\/[^a-zA-Z0-9]\/.test(t.secret)){for(var s,r,n,a=l.querySelectorAll('iframe[data-secret=\"'+t.secret+'\"]'),o=l.querySelectorAll('blockquote[data-secret=\"'+t.secret+'\"]'),c=new RegExp(\"^https?:$\",\"i\"),i=0;i<o.length;i++)o[i].style.display=\"none\";for(i=0;i<a.length;i++)s=a[i],e.source===s.contentWindow&&(s.removeAttribute(\"style\"),\"height\"===t.message?(1e3<(r=parseInt(t.value,10))?r=1e3:~~r<200&&(r=200),s.height=r):\"link\"===t.message&&(r=new URL(s.getAttribute(\"src\")),n=new URL(t.value),c.test(n.protocol))&&n.host===r.host&&l.activeElement===s&&(d.top.location.href=t.value))}},d.addEventListener(\"message\",d.wp.receiveEmbedMessage,!1),l.addEventListener(\"DOMContentLoaded\",function(){for(var e,t,s=l.querySelectorAll(\"iframe.wp-embedded-content\"),r=0;r<s.length;r++)(t=(e=s[r]).getAttribute(\"data-secret\"))||(t=Math.random().toString(36).substring(2,12),e.src+=\"#?secret=\"+t,e.setAttribute(\"data-secret\",t)),e.contentWindow.postMessage({message:\"ready\",secret:t},\"*\")},!1)))}(window,document);\n\/\/# sourceURL=https:\/\/dev.antudigital.cl\/sites\/vc\/wp-includes\/js\/wp-embed.min.js\n<\/script>\n","thumbnail_url":"https:\/\/dev.antudigital.cl\/sites\/vc\/wp-content\/uploads\/2022\/11\/pajaro-provinciano2.jpg","thumbnail_width":1170,"thumbnail_height":512,"description":"Ricardo N\u00fa\u00f1ez es P\u00e1jaro Provinciano,y tambi\u00e9n es Director del Sello M\u00fasica del Sur. Entre estos dos oficios se divide el cantautor que vino del Maule, pero que actualmente est\u00e1 radicado en Cerro Florida, Valpara\u00edso. Ad portas de un nuevo proyecto para la m\u00fasica local que estamos gestionando en conjunto con M\u00fasica del Sur, Ricardo nos [&hellip;]"}