{"id":26757,"date":"2025-12-05T08:14:21","date_gmt":"2025-12-05T11:14:21","guid":{"rendered":"https:\/\/www.valparaisocreativo.cl\/?post_type=event&#038;p=26757"},"modified":"2025-12-05T08:14:42","modified_gmt":"2025-12-05T11:14:42","slug":"aural-muga-serrano-en-el-museo-palacio-rioja","status":"publish","type":"event","link":"https:\/\/dev.antudigital.cl\/sites\/vc\/event\/aural-muga-serrano-en-el-museo-palacio-rioja\/","title":{"rendered":"Aural MUGA\/SERRANO en el Museo Palacio Rioja"},"content":{"rendered":"\n<p><br>M\u00fasica en estado puro, en un espacio pensado para la escucha profunda.<\/p>\n\n\n\n<p>&#x1f4cd; Sal\u00f3n Principal, Museo Palacio Rioja \u2013 Vi\u00f1a del Mar<br>&#x1f4c5; Viernes 12 de diciembre 2025<br>&#x23f0; 20:00 hrs<br>&#x1f39f; Entrada liberada<\/p>\n\n\n\n<p>Aural es un colectivo chileno formado por Gonzalo Serrano e Ignacio Muga, que explora el sonido como experiencia sensorial m\u00e1s que como espect\u00e1culo, desde una mirada interdisciplinaria abierta a la luz, la danza, la poes\u00eda y las artes visuales. En esta oportunidad, en su formato esencial, m\u00fasica en estado puro, sin adornos, sin artificios.<\/p>\n\n\n\n<p>Te esperamos !<\/p>\n","protected":false},"excerpt":{"rendered":"<p>M\u00fasica en estado puro, en un espacio pensado para la escucha profunda. &#x1f4cd; Sal\u00f3n Principal, Museo Palacio Rioja \u2013 Vi\u00f1a del Mar&#x1f4c5; Viernes 12 de diciembre 2025&#x23f0; 20:00 hrs&#x1f39f; Entrada liberada Aural es un colectivo chileno formado por Gonzalo Serrano e Ignacio Muga, que explora el sonido como experiencia sensorial m\u00e1s que como espect\u00e1culo, desde [&hellip;]<\/p>\n","protected":false},"author":1,"featured_media":26758,"comment_status":"closed","ping_status":"closed","template":"","event_category":[],"event_tag":[736],"class_list":["post-26757","event","type-event","status-publish","has-post-thumbnail","hentry","event_tag-musica"],"acf":[],"yoast_head":"<!-- This site is optimized with the Yoast SEO plugin v27.1.1 - https:\/\/yoast.com\/product\/yoast-seo-wordpress\/ -->\n<title>Aural MUGA\/SERRANO en el Museo Palacio Rioja - Valpara\u00ed\u00adso Creativo<\/title>\n<meta name=\"robots\" content=\"index, follow, max-snippet:-1, max-image-preview:large, max-video-preview:-1\" \/>\n<link rel=\"canonical\" href=\"https:\/\/dev.antudigital.cl\/sites\/vc\/event\/aural-muga-serrano-en-el-museo-palacio-rioja\/\" \/>\n<meta property=\"og:locale\" content=\"es_ES\" \/>\n<meta property=\"og:type\" content=\"article\" \/>\n<meta property=\"og:title\" content=\"Aural MUGA\/SERRANO en el Museo Palacio Rioja - Valpara\u00ed\u00adso Creativo\" \/>\n<meta property=\"og:description\" content=\"M\u00fasica en estado puro, en un espacio pensado para la escucha profunda. &#x1f4cd; Sal\u00f3n Principal, Museo Palacio Rioja \u2013 Vi\u00f1a del Mar&#x1f4c5; Viernes 12 de diciembre 2025&#x23f0; 20:00 hrs&#x1f39f; Entrada liberada Aural es un colectivo chileno formado por Gonzalo Serrano e Ignacio Muga, que explora el sonido como experiencia sensorial m\u00e1s que como espect\u00e1culo, desde [&hellip;]\" \/>\n<meta property=\"og:url\" content=\"https:\/\/dev.antudigital.cl\/sites\/vc\/event\/aural-muga-serrano-en-el-museo-palacio-rioja\/\" \/>\n<meta property=\"og:site_name\" content=\"Valpara\u00ed\u00adso Creativo\" \/>\n<meta property=\"article:modified_time\" content=\"2025-12-05T11:14:42+00:00\" \/>\n<meta property=\"og:image\" content=\"https:\/\/dev.antudigital.cl\/sites\/vc\/wp-content\/uploads\/2025\/12\/Aural-PRioja-.jpg\" \/>\n\t<meta property=\"og:image:width\" content=\"562\" \/>\n\t<meta property=\"og:image:height\" content=\"745\" \/>\n\t<meta property=\"og:image:type\" content=\"image\/jpeg\" \/>\n<meta name=\"twitter:card\" content=\"summary_large_image\" \/>\n<meta name=\"twitter:label1\" content=\"Tiempo de lectura\" \/>\n\t<meta name=\"twitter:data1\" content=\"1 minuto\" \/>\n<script type=\"application\/ld+json\" class=\"yoast-schema-graph\">{\"@context\":\"https:\/\/schema.org\",\"@graph\":[{\"@type\":\"WebPage\",\"@id\":\"https:\/\/dev.antudigital.cl\/sites\/vc\/event\/aural-muga-serrano-en-el-museo-palacio-rioja\/\",\"url\":\"https:\/\/dev.antudigital.cl\/sites\/vc\/event\/aural-muga-serrano-en-el-museo-palacio-rioja\/\",\"name\":\"Aural MUGA\/SERRANO en el Museo Palacio Rioja - Valpara\u00ed\u00adso Creativo\",\"isPartOf\":{\"@id\":\"https:\/\/dev.antudigital.cl\/sites\/vc\/#website\"},\"primaryImageOfPage\":{\"@id\":\"https:\/\/dev.antudigital.cl\/sites\/vc\/event\/aural-muga-serrano-en-el-museo-palacio-rioja\/#primaryimage\"},\"image\":{\"@id\":\"https:\/\/dev.antudigital.cl\/sites\/vc\/event\/aural-muga-serrano-en-el-museo-palacio-rioja\/#primaryimage\"},\"thumbnailUrl\":\"https:\/\/dev.antudigital.cl\/sites\/vc\/wp-content\/uploads\/2025\/12\/Aural-PRioja-.jpg\",\"datePublished\":\"2025-12-05T11:14:21+00:00\",\"dateModified\":\"2025-12-05T11:14:42+00:00\",\"breadcrumb\":{\"@id\":\"https:\/\/dev.antudigital.cl\/sites\/vc\/event\/aural-muga-serrano-en-el-museo-palacio-rioja\/#breadcrumb\"},\"inLanguage\":\"es\",\"potentialAction\":[{\"@type\":\"ReadAction\",\"target\":[\"https:\/\/dev.antudigital.cl\/sites\/vc\/event\/aural-muga-serrano-en-el-museo-palacio-rioja\/\"]}]},{\"@type\":\"ImageObject\",\"inLanguage\":\"es\",\"@id\":\"https:\/\/dev.antudigital.cl\/sites\/vc\/event\/aural-muga-serrano-en-el-museo-palacio-rioja\/#primaryimage\",\"url\":\"https:\/\/dev.antudigital.cl\/sites\/vc\/wp-content\/uploads\/2025\/12\/Aural-PRioja-.jpg\",\"contentUrl\":\"https:\/\/dev.antudigital.cl\/sites\/vc\/wp-content\/uploads\/2025\/12\/Aural-PRioja-.jpg\",\"width\":562,\"height\":745},{\"@type\":\"BreadcrumbList\",\"@id\":\"https:\/\/dev.antudigital.cl\/sites\/vc\/event\/aural-muga-serrano-en-el-museo-palacio-rioja\/#breadcrumb\",\"itemListElement\":[{\"@type\":\"ListItem\",\"position\":1,\"name\":\"Home\",\"item\":\"https:\/\/dev.antudigital.cl\/sites\/vc\/\"},{\"@type\":\"ListItem\",\"position\":2,\"name\":\"Events\",\"item\":\"https:\/\/dev.antudigital.cl\/sites\/vc\/event\/\"},{\"@type\":\"ListItem\",\"position\":3,\"name\":\"Aural MUGA\/SERRANO en el Museo Palacio Rioja\"}]},{\"@type\":\"WebSite\",\"@id\":\"https:\/\/dev.antudigital.cl\/sites\/vc\/#website\",\"url\":\"https:\/\/dev.antudigital.cl\/sites\/vc\/\",\"name\":\"Valpara\u00ed\u00adso Creativo\",\"description\":\"\",\"potentialAction\":[{\"@type\":\"SearchAction\",\"target\":{\"@type\":\"EntryPoint\",\"urlTemplate\":\"https:\/\/dev.antudigital.cl\/sites\/vc\/?s={search_term_string}\"},\"query-input\":{\"@type\":\"PropertyValueSpecification\",\"valueRequired\":true,\"valueName\":\"search_term_string\"}}],\"inLanguage\":\"es\"}]}<\/script>\n<!-- \/ Yoast SEO plugin. -->","yoast_head_json":{"title":"Aural MUGA\/SERRANO en el Museo Palacio Rioja - Valpara\u00ed\u00adso Creativo","robots":{"index":"index","follow":"follow","max-snippet":"max-snippet:-1","max-image-preview":"max-image-preview:large","max-video-preview":"max-video-preview:-1"},"canonical":"https:\/\/dev.antudigital.cl\/sites\/vc\/event\/aural-muga-serrano-en-el-museo-palacio-rioja\/","og_locale":"es_ES","og_type":"article","og_title":"Aural MUGA\/SERRANO en el Museo Palacio Rioja - Valpara\u00ed\u00adso Creativo","og_description":"M\u00fasica en estado puro, en un espacio pensado para la escucha profunda. &#x1f4cd; Sal\u00f3n Principal, Museo Palacio Rioja \u2013 Vi\u00f1a del Mar&#x1f4c5; Viernes 12 de diciembre 2025&#x23f0; 20:00 hrs&#x1f39f; Entrada liberada Aural es un colectivo chileno formado por Gonzalo Serrano e Ignacio Muga, que explora el sonido como experiencia sensorial m\u00e1s que como espect\u00e1culo, desde [&hellip;]","og_url":"https:\/\/dev.antudigital.cl\/sites\/vc\/event\/aural-muga-serrano-en-el-museo-palacio-rioja\/","og_site_name":"Valpara\u00ed\u00adso Creativo","article_modified_time":"2025-12-05T11:14:42+00:00","og_image":[{"width":562,"height":745,"url":"https:\/\/dev.antudigital.cl\/sites\/vc\/wp-content\/uploads\/2025\/12\/Aural-PRioja-.jpg","type":"image\/jpeg"}],"twitter_card":"summary_large_image","twitter_misc":{"Tiempo de lectura":"1 minuto"},"schema":{"@context":"https:\/\/schema.org","@graph":[{"@type":"WebPage","@id":"https:\/\/dev.antudigital.cl\/sites\/vc\/event\/aural-muga-serrano-en-el-museo-palacio-rioja\/","url":"https:\/\/dev.antudigital.cl\/sites\/vc\/event\/aural-muga-serrano-en-el-museo-palacio-rioja\/","name":"Aural MUGA\/SERRANO en el Museo Palacio Rioja - Valpara\u00ed\u00adso Creativo","isPartOf":{"@id":"https:\/\/dev.antudigital.cl\/sites\/vc\/#website"},"primaryImageOfPage":{"@id":"https:\/\/dev.antudigital.cl\/sites\/vc\/event\/aural-muga-serrano-en-el-museo-palacio-rioja\/#primaryimage"},"image":{"@id":"https:\/\/dev.antudigital.cl\/sites\/vc\/event\/aural-muga-serrano-en-el-museo-palacio-rioja\/#primaryimage"},"thumbnailUrl":"https:\/\/dev.antudigital.cl\/sites\/vc\/wp-content\/uploads\/2025\/12\/Aural-PRioja-.jpg","datePublished":"2025-12-05T11:14:21+00:00","dateModified":"2025-12-05T11:14:42+00:00","breadcrumb":{"@id":"https:\/\/dev.antudigital.cl\/sites\/vc\/event\/aural-muga-serrano-en-el-museo-palacio-rioja\/#breadcrumb"},"inLanguage":"es","potentialAction":[{"@type":"ReadAction","target":["https:\/\/dev.antudigital.cl\/sites\/vc\/event\/aural-muga-serrano-en-el-museo-palacio-rioja\/"]}]},{"@type":"ImageObject","inLanguage":"es","@id":"https:\/\/dev.antudigital.cl\/sites\/vc\/event\/aural-muga-serrano-en-el-museo-palacio-rioja\/#primaryimage","url":"https:\/\/dev.antudigital.cl\/sites\/vc\/wp-content\/uploads\/2025\/12\/Aural-PRioja-.jpg","contentUrl":"https:\/\/dev.antudigital.cl\/sites\/vc\/wp-content\/uploads\/2025\/12\/Aural-PRioja-.jpg","width":562,"height":745},{"@type":"BreadcrumbList","@id":"https:\/\/dev.antudigital.cl\/sites\/vc\/event\/aural-muga-serrano-en-el-museo-palacio-rioja\/#breadcrumb","itemListElement":[{"@type":"ListItem","position":1,"name":"Home","item":"https:\/\/dev.antudigital.cl\/sites\/vc\/"},{"@type":"ListItem","position":2,"name":"Events","item":"https:\/\/dev.antudigital.cl\/sites\/vc\/event\/"},{"@type":"ListItem","position":3,"name":"Aural MUGA\/SERRANO en el Museo Palacio Rioja"}]},{"@type":"WebSite","@id":"https:\/\/dev.antudigital.cl\/sites\/vc\/#website","url":"https:\/\/dev.antudigital.cl\/sites\/vc\/","name":"Valpara\u00ed\u00adso Creativo","description":"","potentialAction":[{"@type":"SearchAction","target":{"@type":"EntryPoint","urlTemplate":"https:\/\/dev.antudigital.cl\/sites\/vc\/?s={search_term_string}"},"query-input":{"@type":"PropertyValueSpecification","valueRequired":true,"valueName":"search_term_string"}}],"inLanguage":"es"}]}},"_links":{"self":[{"href":"https:\/\/dev.antudigital.cl\/sites\/vc\/wp-json\/wp\/v2\/event\/26757","targetHints":{"allow":["GET"]}}],"collection":[{"href":"https:\/\/dev.antudigital.cl\/sites\/vc\/wp-json\/wp\/v2\/event"}],"about":[{"href":"https:\/\/dev.antudigital.cl\/sites\/vc\/wp-json\/wp\/v2\/types\/event"}],"author":[{"embeddable":true,"href":"https:\/\/dev.antudigital.cl\/sites\/vc\/wp-json\/wp\/v2\/users\/1"}],"replies":[{"embeddable":true,"href":"https:\/\/dev.antudigital.cl\/sites\/vc\/wp-json\/wp\/v2\/comments?post=26757"}],"wp:featuredmedia":[{"embeddable":true,"href":"https:\/\/dev.antudigital.cl\/sites\/vc\/wp-json\/wp\/v2\/media\/26758"}],"wp:attachment":[{"href":"https:\/\/dev.antudigital.cl\/sites\/vc\/wp-json\/wp\/v2\/media?parent=26757"}],"wp:term":[{"taxonomy":"event_category","embeddable":true,"href":"https:\/\/dev.antudigital.cl\/sites\/vc\/wp-json\/wp\/v2\/event_category?post=26757"},{"taxonomy":"event_tag","embeddable":true,"href":"https:\/\/dev.antudigital.cl\/sites\/vc\/wp-json\/wp\/v2\/event_tag?post=26757"}],"curies":[{"name":"wp","href":"https:\/\/api.w.org\/{rel}","templated":true}]}}