{"id":26794,"date":"2025-12-11T14:51:35","date_gmt":"2025-12-11T17:51:35","guid":{"rendered":"https:\/\/www.valparaisocreativo.cl\/?post_type=event&#038;p=26794"},"modified":"2025-12-11T14:53:35","modified_gmt":"2025-12-11T17:53:35","slug":"cerros-de-agua-lectura-poetica-en-el-bar-pajarito","status":"publish","type":"event","link":"https:\/\/dev.antudigital.cl\/sites\/vc\/event\/cerros-de-agua-lectura-poetica-en-el-bar-pajarito\/","title":{"rendered":"Cerros de Agua: lectura po\u00e9tica en el Bar Pajarito"},"content":{"rendered":"\n<p>Este s\u00e1bado <strong>13 de diciembre<\/strong>, a las <strong>19:00 horas<\/strong>, se realizar\u00e1 la lectura po\u00e9tica <strong>\u201cCerros de Agua\u201d<\/strong> en <strong>Bar Pajarito<\/strong> (Salvador Donoso 1433).<\/p>\n\n\n\n<p>En el encuentro participar\u00e1n los poetas <strong>Michelle Parra Ibacache, Gonzalo Robles, Mauro R. N\u00fa\u00f1ez, Marco Godoy, Amapola Fuentes, Zurco Salc\u00edn y Javier Lux<\/strong>.<\/p>\n\n\n\n<p>Tras las lecturas programadas, habr\u00e1 <strong>micr\u00f3fono abierto<\/strong>, invitando a las y los asistentes a compartir sus propias creaciones.<\/p>\n\n\n\n<p>La actividad es <strong>con entrada gratuita<\/strong> y abierta a todo p\u00fablico.<\/p>\n","protected":false},"excerpt":{"rendered":"<p>Este s\u00e1bado 13 de diciembre, a las 19:00 horas, se realizar\u00e1 la lectura po\u00e9tica \u201cCerros de Agua\u201d en Bar Pajarito (Salvador Donoso 1433). En el encuentro participar\u00e1n los poetas Michelle Parra Ibacache, Gonzalo Robles, Mauro R. N\u00fa\u00f1ez, Marco Godoy, Amapola Fuentes, Zurco Salc\u00edn y Javier Lux. Tras las lecturas programadas, habr\u00e1 micr\u00f3fono abierto, invitando a [&hellip;]<\/p>\n","protected":false},"author":1,"featured_media":26795,"comment_status":"closed","ping_status":"closed","template":"","event_category":[],"event_tag":[736],"class_list":["post-26794","event","type-event","status-publish","has-post-thumbnail","hentry","event_tag-musica"],"acf":[],"yoast_head":"<!-- This site is optimized with the Yoast SEO plugin v27.1.1 - https:\/\/yoast.com\/product\/yoast-seo-wordpress\/ -->\n<title>Cerros de Agua: lectura po\u00e9tica en el Bar Pajarito - Valpara\u00ed\u00adso Creativo<\/title>\n<meta name=\"robots\" content=\"index, follow, max-snippet:-1, max-image-preview:large, max-video-preview:-1\" \/>\n<link rel=\"canonical\" href=\"https:\/\/dev.antudigital.cl\/sites\/vc\/event\/cerros-de-agua-lectura-poetica-en-el-bar-pajarito\/\" \/>\n<meta property=\"og:locale\" content=\"es_ES\" \/>\n<meta property=\"og:type\" content=\"article\" \/>\n<meta property=\"og:title\" content=\"Cerros de Agua: lectura po\u00e9tica en el Bar Pajarito - Valpara\u00ed\u00adso Creativo\" \/>\n<meta property=\"og:description\" content=\"Este s\u00e1bado 13 de diciembre, a las 19:00 horas, se realizar\u00e1 la lectura po\u00e9tica \u201cCerros de Agua\u201d en Bar Pajarito (Salvador Donoso 1433). En el encuentro participar\u00e1n los poetas Michelle Parra Ibacache, Gonzalo Robles, Mauro R. N\u00fa\u00f1ez, Marco Godoy, Amapola Fuentes, Zurco Salc\u00edn y Javier Lux. Tras las lecturas programadas, habr\u00e1 micr\u00f3fono abierto, invitando a [&hellip;]\" \/>\n<meta property=\"og:url\" content=\"https:\/\/dev.antudigital.cl\/sites\/vc\/event\/cerros-de-agua-lectura-poetica-en-el-bar-pajarito\/\" \/>\n<meta property=\"og:site_name\" content=\"Valpara\u00ed\u00adso Creativo\" \/>\n<meta property=\"article:modified_time\" content=\"2025-12-11T17:53:35+00:00\" \/>\n<meta property=\"og:image\" content=\"https:\/\/dev.antudigital.cl\/sites\/vc\/wp-content\/uploads\/2025\/12\/pajarito.jpg\" \/>\n\t<meta property=\"og:image:width\" content=\"828\" \/>\n\t<meta property=\"og:image:height\" content=\"1242\" \/>\n\t<meta property=\"og:image:type\" content=\"image\/jpeg\" \/>\n<meta name=\"twitter:card\" content=\"summary_large_image\" \/>\n<meta name=\"twitter:label1\" content=\"Tiempo de lectura\" \/>\n\t<meta name=\"twitter:data1\" content=\"1 minuto\" \/>\n<script type=\"application\/ld+json\" class=\"yoast-schema-graph\">{\"@context\":\"https:\/\/schema.org\",\"@graph\":[{\"@type\":\"WebPage\",\"@id\":\"https:\/\/dev.antudigital.cl\/sites\/vc\/event\/cerros-de-agua-lectura-poetica-en-el-bar-pajarito\/\",\"url\":\"https:\/\/dev.antudigital.cl\/sites\/vc\/event\/cerros-de-agua-lectura-poetica-en-el-bar-pajarito\/\",\"name\":\"Cerros de Agua: lectura po\u00e9tica en el Bar Pajarito - Valpara\u00ed\u00adso Creativo\",\"isPartOf\":{\"@id\":\"https:\/\/dev.antudigital.cl\/sites\/vc\/#website\"},\"primaryImageOfPage\":{\"@id\":\"https:\/\/dev.antudigital.cl\/sites\/vc\/event\/cerros-de-agua-lectura-poetica-en-el-bar-pajarito\/#primaryimage\"},\"image\":{\"@id\":\"https:\/\/dev.antudigital.cl\/sites\/vc\/event\/cerros-de-agua-lectura-poetica-en-el-bar-pajarito\/#primaryimage\"},\"thumbnailUrl\":\"https:\/\/dev.antudigital.cl\/sites\/vc\/wp-content\/uploads\/2025\/12\/pajarito.jpg\",\"datePublished\":\"2025-12-11T17:51:35+00:00\",\"dateModified\":\"2025-12-11T17:53:35+00:00\",\"breadcrumb\":{\"@id\":\"https:\/\/dev.antudigital.cl\/sites\/vc\/event\/cerros-de-agua-lectura-poetica-en-el-bar-pajarito\/#breadcrumb\"},\"inLanguage\":\"es\",\"potentialAction\":[{\"@type\":\"ReadAction\",\"target\":[\"https:\/\/dev.antudigital.cl\/sites\/vc\/event\/cerros-de-agua-lectura-poetica-en-el-bar-pajarito\/\"]}]},{\"@type\":\"ImageObject\",\"inLanguage\":\"es\",\"@id\":\"https:\/\/dev.antudigital.cl\/sites\/vc\/event\/cerros-de-agua-lectura-poetica-en-el-bar-pajarito\/#primaryimage\",\"url\":\"https:\/\/dev.antudigital.cl\/sites\/vc\/wp-content\/uploads\/2025\/12\/pajarito.jpg\",\"contentUrl\":\"https:\/\/dev.antudigital.cl\/sites\/vc\/wp-content\/uploads\/2025\/12\/pajarito.jpg\",\"width\":828,\"height\":1242},{\"@type\":\"BreadcrumbList\",\"@id\":\"https:\/\/dev.antudigital.cl\/sites\/vc\/event\/cerros-de-agua-lectura-poetica-en-el-bar-pajarito\/#breadcrumb\",\"itemListElement\":[{\"@type\":\"ListItem\",\"position\":1,\"name\":\"Home\",\"item\":\"https:\/\/dev.antudigital.cl\/sites\/vc\/\"},{\"@type\":\"ListItem\",\"position\":2,\"name\":\"Events\",\"item\":\"https:\/\/dev.antudigital.cl\/sites\/vc\/event\/\"},{\"@type\":\"ListItem\",\"position\":3,\"name\":\"Cerros de Agua: lectura po\u00e9tica en el Bar Pajarito\"}]},{\"@type\":\"WebSite\",\"@id\":\"https:\/\/dev.antudigital.cl\/sites\/vc\/#website\",\"url\":\"https:\/\/dev.antudigital.cl\/sites\/vc\/\",\"name\":\"Valpara\u00ed\u00adso Creativo\",\"description\":\"\",\"potentialAction\":[{\"@type\":\"SearchAction\",\"target\":{\"@type\":\"EntryPoint\",\"urlTemplate\":\"https:\/\/dev.antudigital.cl\/sites\/vc\/?s={search_term_string}\"},\"query-input\":{\"@type\":\"PropertyValueSpecification\",\"valueRequired\":true,\"valueName\":\"search_term_string\"}}],\"inLanguage\":\"es\"}]}<\/script>\n<!-- \/ Yoast SEO plugin. -->","yoast_head_json":{"title":"Cerros de Agua: lectura po\u00e9tica en el Bar Pajarito - Valpara\u00ed\u00adso Creativo","robots":{"index":"index","follow":"follow","max-snippet":"max-snippet:-1","max-image-preview":"max-image-preview:large","max-video-preview":"max-video-preview:-1"},"canonical":"https:\/\/dev.antudigital.cl\/sites\/vc\/event\/cerros-de-agua-lectura-poetica-en-el-bar-pajarito\/","og_locale":"es_ES","og_type":"article","og_title":"Cerros de Agua: lectura po\u00e9tica en el Bar Pajarito - Valpara\u00ed\u00adso Creativo","og_description":"Este s\u00e1bado 13 de diciembre, a las 19:00 horas, se realizar\u00e1 la lectura po\u00e9tica \u201cCerros de Agua\u201d en Bar Pajarito (Salvador Donoso 1433). En el encuentro participar\u00e1n los poetas Michelle Parra Ibacache, Gonzalo Robles, Mauro R. N\u00fa\u00f1ez, Marco Godoy, Amapola Fuentes, Zurco Salc\u00edn y Javier Lux. Tras las lecturas programadas, habr\u00e1 micr\u00f3fono abierto, invitando a [&hellip;]","og_url":"https:\/\/dev.antudigital.cl\/sites\/vc\/event\/cerros-de-agua-lectura-poetica-en-el-bar-pajarito\/","og_site_name":"Valpara\u00ed\u00adso Creativo","article_modified_time":"2025-12-11T17:53:35+00:00","og_image":[{"width":828,"height":1242,"url":"https:\/\/dev.antudigital.cl\/sites\/vc\/wp-content\/uploads\/2025\/12\/pajarito.jpg","type":"image\/jpeg"}],"twitter_card":"summary_large_image","twitter_misc":{"Tiempo de lectura":"1 minuto"},"schema":{"@context":"https:\/\/schema.org","@graph":[{"@type":"WebPage","@id":"https:\/\/dev.antudigital.cl\/sites\/vc\/event\/cerros-de-agua-lectura-poetica-en-el-bar-pajarito\/","url":"https:\/\/dev.antudigital.cl\/sites\/vc\/event\/cerros-de-agua-lectura-poetica-en-el-bar-pajarito\/","name":"Cerros de Agua: lectura po\u00e9tica en el Bar Pajarito - Valpara\u00ed\u00adso Creativo","isPartOf":{"@id":"https:\/\/dev.antudigital.cl\/sites\/vc\/#website"},"primaryImageOfPage":{"@id":"https:\/\/dev.antudigital.cl\/sites\/vc\/event\/cerros-de-agua-lectura-poetica-en-el-bar-pajarito\/#primaryimage"},"image":{"@id":"https:\/\/dev.antudigital.cl\/sites\/vc\/event\/cerros-de-agua-lectura-poetica-en-el-bar-pajarito\/#primaryimage"},"thumbnailUrl":"https:\/\/dev.antudigital.cl\/sites\/vc\/wp-content\/uploads\/2025\/12\/pajarito.jpg","datePublished":"2025-12-11T17:51:35+00:00","dateModified":"2025-12-11T17:53:35+00:00","breadcrumb":{"@id":"https:\/\/dev.antudigital.cl\/sites\/vc\/event\/cerros-de-agua-lectura-poetica-en-el-bar-pajarito\/#breadcrumb"},"inLanguage":"es","potentialAction":[{"@type":"ReadAction","target":["https:\/\/dev.antudigital.cl\/sites\/vc\/event\/cerros-de-agua-lectura-poetica-en-el-bar-pajarito\/"]}]},{"@type":"ImageObject","inLanguage":"es","@id":"https:\/\/dev.antudigital.cl\/sites\/vc\/event\/cerros-de-agua-lectura-poetica-en-el-bar-pajarito\/#primaryimage","url":"https:\/\/dev.antudigital.cl\/sites\/vc\/wp-content\/uploads\/2025\/12\/pajarito.jpg","contentUrl":"https:\/\/dev.antudigital.cl\/sites\/vc\/wp-content\/uploads\/2025\/12\/pajarito.jpg","width":828,"height":1242},{"@type":"BreadcrumbList","@id":"https:\/\/dev.antudigital.cl\/sites\/vc\/event\/cerros-de-agua-lectura-poetica-en-el-bar-pajarito\/#breadcrumb","itemListElement":[{"@type":"ListItem","position":1,"name":"Home","item":"https:\/\/dev.antudigital.cl\/sites\/vc\/"},{"@type":"ListItem","position":2,"name":"Events","item":"https:\/\/dev.antudigital.cl\/sites\/vc\/event\/"},{"@type":"ListItem","position":3,"name":"Cerros de Agua: lectura po\u00e9tica en el Bar Pajarito"}]},{"@type":"WebSite","@id":"https:\/\/dev.antudigital.cl\/sites\/vc\/#website","url":"https:\/\/dev.antudigital.cl\/sites\/vc\/","name":"Valpara\u00ed\u00adso Creativo","description":"","potentialAction":[{"@type":"SearchAction","target":{"@type":"EntryPoint","urlTemplate":"https:\/\/dev.antudigital.cl\/sites\/vc\/?s={search_term_string}"},"query-input":{"@type":"PropertyValueSpecification","valueRequired":true,"valueName":"search_term_string"}}],"inLanguage":"es"}]}},"_links":{"self":[{"href":"https:\/\/dev.antudigital.cl\/sites\/vc\/wp-json\/wp\/v2\/event\/26794","targetHints":{"allow":["GET"]}}],"collection":[{"href":"https:\/\/dev.antudigital.cl\/sites\/vc\/wp-json\/wp\/v2\/event"}],"about":[{"href":"https:\/\/dev.antudigital.cl\/sites\/vc\/wp-json\/wp\/v2\/types\/event"}],"author":[{"embeddable":true,"href":"https:\/\/dev.antudigital.cl\/sites\/vc\/wp-json\/wp\/v2\/users\/1"}],"replies":[{"embeddable":true,"href":"https:\/\/dev.antudigital.cl\/sites\/vc\/wp-json\/wp\/v2\/comments?post=26794"}],"wp:featuredmedia":[{"embeddable":true,"href":"https:\/\/dev.antudigital.cl\/sites\/vc\/wp-json\/wp\/v2\/media\/26795"}],"wp:attachment":[{"href":"https:\/\/dev.antudigital.cl\/sites\/vc\/wp-json\/wp\/v2\/media?parent=26794"}],"wp:term":[{"taxonomy":"event_category","embeddable":true,"href":"https:\/\/dev.antudigital.cl\/sites\/vc\/wp-json\/wp\/v2\/event_category?post=26794"},{"taxonomy":"event_tag","embeddable":true,"href":"https:\/\/dev.antudigital.cl\/sites\/vc\/wp-json\/wp\/v2\/event_tag?post=26794"}],"curies":[{"name":"wp","href":"https:\/\/api.w.org\/{rel}","templated":true}]}}