{"id":27070,"date":"2026-01-12T15:43:51","date_gmt":"2026-01-12T18:43:51","guid":{"rendered":"https:\/\/www.valparaisocreativo.cl\/?post_type=event&#038;p=27070"},"modified":"2026-01-12T15:44:16","modified_gmt":"2026-01-12T18:44:16","slug":"lanzamiento-de-el-libro-de-las-voces-de-marcelo-mellado-en-vina-del-mar","status":"publish","type":"event","link":"https:\/\/dev.antudigital.cl\/sites\/vc\/event\/lanzamiento-de-el-libro-de-las-voces-de-marcelo-mellado-en-vina-del-mar\/","title":{"rendered":"Lanzamiento de \u201cEl libro de las voces\u201d de Marcelo Mellado en Vi\u00f1a del Mar"},"content":{"rendered":"\n<p>La editorial Rocamar Ediciones lanzar\u00e1 su segundo t\u00edtulo, <strong>\u201cEl libro de las voces\u201d<\/strong>, del reconocido escritor <strong>Marcelo Mellado<\/strong>, obra que se mueve entre la novela y el testimonio, combinando humor, observaci\u00f3n social y poes\u00eda para proponer nuevas formas de habitar un mundo complejo y muchas veces desconcertante.<\/p>\n\n\n\n<p>La presentaci\u00f3n estar\u00e1 a cargo del cr\u00edtico, poeta y editor <strong>Vicente Undurraga<\/strong> y se realizar\u00e1 el <strong>jueves 15 de enero, a las 18:30 horas<\/strong>, en el <strong>Caf\u00e9 Literario El Pasaje<\/strong> (9 Norte 907, Vi\u00f1a del Mar).<\/p>\n\n\n\n<p>Quienes deseen asistir deben <strong>confirmar su participaci\u00f3n<\/strong> al tel\u00e9fono <strong>+56 9 6102 2641<\/strong>.<\/p>\n","protected":false},"excerpt":{"rendered":"<p>La editorial Rocamar Ediciones lanzar\u00e1 su segundo t\u00edtulo, \u201cEl libro de las voces\u201d, del reconocido escritor Marcelo Mellado, obra que se mueve entre la novela y el testimonio, combinando humor, observaci\u00f3n social y poes\u00eda para proponer nuevas formas de habitar un mundo complejo y muchas veces desconcertante. La presentaci\u00f3n estar\u00e1 a cargo del cr\u00edtico, poeta [&hellip;]<\/p>\n","protected":false},"author":1,"featured_media":27071,"comment_status":"closed","ping_status":"closed","template":"","event_category":[],"event_tag":[736],"class_list":["post-27070","event","type-event","status-publish","has-post-thumbnail","hentry","event_tag-musica"],"acf":[],"yoast_head":"<!-- This site is optimized with the Yoast SEO plugin v27.1.1 - https:\/\/yoast.com\/product\/yoast-seo-wordpress\/ -->\n<title>Lanzamiento de \u201cEl libro de las voces\u201d de Marcelo Mellado en Vi\u00f1a del Mar - Valpara\u00ed\u00adso Creativo<\/title>\n<meta name=\"robots\" content=\"index, follow, max-snippet:-1, max-image-preview:large, max-video-preview:-1\" \/>\n<link rel=\"canonical\" href=\"https:\/\/dev.antudigital.cl\/sites\/vc\/event\/lanzamiento-de-el-libro-de-las-voces-de-marcelo-mellado-en-vina-del-mar\/\" \/>\n<meta property=\"og:locale\" content=\"es_ES\" \/>\n<meta property=\"og:type\" content=\"article\" \/>\n<meta property=\"og:title\" content=\"Lanzamiento de \u201cEl libro de las voces\u201d de Marcelo Mellado en Vi\u00f1a del Mar - Valpara\u00ed\u00adso Creativo\" \/>\n<meta property=\"og:description\" content=\"La editorial Rocamar Ediciones lanzar\u00e1 su segundo t\u00edtulo, \u201cEl libro de las voces\u201d, del reconocido escritor Marcelo Mellado, obra que se mueve entre la novela y el testimonio, combinando humor, observaci\u00f3n social y poes\u00eda para proponer nuevas formas de habitar un mundo complejo y muchas veces desconcertante. La presentaci\u00f3n estar\u00e1 a cargo del cr\u00edtico, poeta [&hellip;]\" \/>\n<meta property=\"og:url\" content=\"https:\/\/dev.antudigital.cl\/sites\/vc\/event\/lanzamiento-de-el-libro-de-las-voces-de-marcelo-mellado-en-vina-del-mar\/\" \/>\n<meta property=\"og:site_name\" content=\"Valpara\u00ed\u00adso Creativo\" \/>\n<meta property=\"article:modified_time\" content=\"2026-01-12T18:44:16+00:00\" \/>\n<meta property=\"og:image\" content=\"https:\/\/dev.antudigital.cl\/sites\/vc\/wp-content\/uploads\/2026\/01\/498ebac4-4e49-46cd-a922-cd2ae1d620df.jpg\" \/>\n\t<meta property=\"og:image:width\" content=\"1080\" \/>\n\t<meta property=\"og:image:height\" content=\"1080\" \/>\n\t<meta property=\"og:image:type\" content=\"image\/jpeg\" \/>\n<meta name=\"twitter:card\" content=\"summary_large_image\" \/>\n<meta name=\"twitter:label1\" content=\"Tiempo de lectura\" \/>\n\t<meta name=\"twitter:data1\" content=\"1 minuto\" \/>\n<script type=\"application\/ld+json\" class=\"yoast-schema-graph\">{\"@context\":\"https:\/\/schema.org\",\"@graph\":[{\"@type\":\"WebPage\",\"@id\":\"https:\/\/dev.antudigital.cl\/sites\/vc\/event\/lanzamiento-de-el-libro-de-las-voces-de-marcelo-mellado-en-vina-del-mar\/\",\"url\":\"https:\/\/dev.antudigital.cl\/sites\/vc\/event\/lanzamiento-de-el-libro-de-las-voces-de-marcelo-mellado-en-vina-del-mar\/\",\"name\":\"Lanzamiento de \u201cEl libro de las voces\u201d de Marcelo Mellado en Vi\u00f1a del Mar - Valpara\u00ed\u00adso Creativo\",\"isPartOf\":{\"@id\":\"https:\/\/dev.antudigital.cl\/sites\/vc\/#website\"},\"primaryImageOfPage\":{\"@id\":\"https:\/\/dev.antudigital.cl\/sites\/vc\/event\/lanzamiento-de-el-libro-de-las-voces-de-marcelo-mellado-en-vina-del-mar\/#primaryimage\"},\"image\":{\"@id\":\"https:\/\/dev.antudigital.cl\/sites\/vc\/event\/lanzamiento-de-el-libro-de-las-voces-de-marcelo-mellado-en-vina-del-mar\/#primaryimage\"},\"thumbnailUrl\":\"https:\/\/dev.antudigital.cl\/sites\/vc\/wp-content\/uploads\/2026\/01\/498ebac4-4e49-46cd-a922-cd2ae1d620df.jpg\",\"datePublished\":\"2026-01-12T18:43:51+00:00\",\"dateModified\":\"2026-01-12T18:44:16+00:00\",\"breadcrumb\":{\"@id\":\"https:\/\/dev.antudigital.cl\/sites\/vc\/event\/lanzamiento-de-el-libro-de-las-voces-de-marcelo-mellado-en-vina-del-mar\/#breadcrumb\"},\"inLanguage\":\"es\",\"potentialAction\":[{\"@type\":\"ReadAction\",\"target\":[\"https:\/\/dev.antudigital.cl\/sites\/vc\/event\/lanzamiento-de-el-libro-de-las-voces-de-marcelo-mellado-en-vina-del-mar\/\"]}]},{\"@type\":\"ImageObject\",\"inLanguage\":\"es\",\"@id\":\"https:\/\/dev.antudigital.cl\/sites\/vc\/event\/lanzamiento-de-el-libro-de-las-voces-de-marcelo-mellado-en-vina-del-mar\/#primaryimage\",\"url\":\"https:\/\/dev.antudigital.cl\/sites\/vc\/wp-content\/uploads\/2026\/01\/498ebac4-4e49-46cd-a922-cd2ae1d620df.jpg\",\"contentUrl\":\"https:\/\/dev.antudigital.cl\/sites\/vc\/wp-content\/uploads\/2026\/01\/498ebac4-4e49-46cd-a922-cd2ae1d620df.jpg\",\"width\":1080,\"height\":1080},{\"@type\":\"BreadcrumbList\",\"@id\":\"https:\/\/dev.antudigital.cl\/sites\/vc\/event\/lanzamiento-de-el-libro-de-las-voces-de-marcelo-mellado-en-vina-del-mar\/#breadcrumb\",\"itemListElement\":[{\"@type\":\"ListItem\",\"position\":1,\"name\":\"Home\",\"item\":\"https:\/\/dev.antudigital.cl\/sites\/vc\/\"},{\"@type\":\"ListItem\",\"position\":2,\"name\":\"Events\",\"item\":\"https:\/\/dev.antudigital.cl\/sites\/vc\/event\/\"},{\"@type\":\"ListItem\",\"position\":3,\"name\":\"Lanzamiento de \u201cEl libro de las voces\u201d de Marcelo Mellado en Vi\u00f1a del Mar\"}]},{\"@type\":\"WebSite\",\"@id\":\"https:\/\/dev.antudigital.cl\/sites\/vc\/#website\",\"url\":\"https:\/\/dev.antudigital.cl\/sites\/vc\/\",\"name\":\"Valpara\u00ed\u00adso Creativo\",\"description\":\"\",\"potentialAction\":[{\"@type\":\"SearchAction\",\"target\":{\"@type\":\"EntryPoint\",\"urlTemplate\":\"https:\/\/dev.antudigital.cl\/sites\/vc\/?s={search_term_string}\"},\"query-input\":{\"@type\":\"PropertyValueSpecification\",\"valueRequired\":true,\"valueName\":\"search_term_string\"}}],\"inLanguage\":\"es\"}]}<\/script>\n<!-- \/ Yoast SEO plugin. -->","yoast_head_json":{"title":"Lanzamiento de \u201cEl libro de las voces\u201d de Marcelo Mellado en Vi\u00f1a del Mar - Valpara\u00ed\u00adso Creativo","robots":{"index":"index","follow":"follow","max-snippet":"max-snippet:-1","max-image-preview":"max-image-preview:large","max-video-preview":"max-video-preview:-1"},"canonical":"https:\/\/dev.antudigital.cl\/sites\/vc\/event\/lanzamiento-de-el-libro-de-las-voces-de-marcelo-mellado-en-vina-del-mar\/","og_locale":"es_ES","og_type":"article","og_title":"Lanzamiento de \u201cEl libro de las voces\u201d de Marcelo Mellado en Vi\u00f1a del Mar - Valpara\u00ed\u00adso Creativo","og_description":"La editorial Rocamar Ediciones lanzar\u00e1 su segundo t\u00edtulo, \u201cEl libro de las voces\u201d, del reconocido escritor Marcelo Mellado, obra que se mueve entre la novela y el testimonio, combinando humor, observaci\u00f3n social y poes\u00eda para proponer nuevas formas de habitar un mundo complejo y muchas veces desconcertante. La presentaci\u00f3n estar\u00e1 a cargo del cr\u00edtico, poeta [&hellip;]","og_url":"https:\/\/dev.antudigital.cl\/sites\/vc\/event\/lanzamiento-de-el-libro-de-las-voces-de-marcelo-mellado-en-vina-del-mar\/","og_site_name":"Valpara\u00ed\u00adso Creativo","article_modified_time":"2026-01-12T18:44:16+00:00","og_image":[{"width":1080,"height":1080,"url":"https:\/\/dev.antudigital.cl\/sites\/vc\/wp-content\/uploads\/2026\/01\/498ebac4-4e49-46cd-a922-cd2ae1d620df.jpg","type":"image\/jpeg"}],"twitter_card":"summary_large_image","twitter_misc":{"Tiempo de lectura":"1 minuto"},"schema":{"@context":"https:\/\/schema.org","@graph":[{"@type":"WebPage","@id":"https:\/\/dev.antudigital.cl\/sites\/vc\/event\/lanzamiento-de-el-libro-de-las-voces-de-marcelo-mellado-en-vina-del-mar\/","url":"https:\/\/dev.antudigital.cl\/sites\/vc\/event\/lanzamiento-de-el-libro-de-las-voces-de-marcelo-mellado-en-vina-del-mar\/","name":"Lanzamiento de \u201cEl libro de las voces\u201d de Marcelo Mellado en Vi\u00f1a del Mar - Valpara\u00ed\u00adso Creativo","isPartOf":{"@id":"https:\/\/dev.antudigital.cl\/sites\/vc\/#website"},"primaryImageOfPage":{"@id":"https:\/\/dev.antudigital.cl\/sites\/vc\/event\/lanzamiento-de-el-libro-de-las-voces-de-marcelo-mellado-en-vina-del-mar\/#primaryimage"},"image":{"@id":"https:\/\/dev.antudigital.cl\/sites\/vc\/event\/lanzamiento-de-el-libro-de-las-voces-de-marcelo-mellado-en-vina-del-mar\/#primaryimage"},"thumbnailUrl":"https:\/\/dev.antudigital.cl\/sites\/vc\/wp-content\/uploads\/2026\/01\/498ebac4-4e49-46cd-a922-cd2ae1d620df.jpg","datePublished":"2026-01-12T18:43:51+00:00","dateModified":"2026-01-12T18:44:16+00:00","breadcrumb":{"@id":"https:\/\/dev.antudigital.cl\/sites\/vc\/event\/lanzamiento-de-el-libro-de-las-voces-de-marcelo-mellado-en-vina-del-mar\/#breadcrumb"},"inLanguage":"es","potentialAction":[{"@type":"ReadAction","target":["https:\/\/dev.antudigital.cl\/sites\/vc\/event\/lanzamiento-de-el-libro-de-las-voces-de-marcelo-mellado-en-vina-del-mar\/"]}]},{"@type":"ImageObject","inLanguage":"es","@id":"https:\/\/dev.antudigital.cl\/sites\/vc\/event\/lanzamiento-de-el-libro-de-las-voces-de-marcelo-mellado-en-vina-del-mar\/#primaryimage","url":"https:\/\/dev.antudigital.cl\/sites\/vc\/wp-content\/uploads\/2026\/01\/498ebac4-4e49-46cd-a922-cd2ae1d620df.jpg","contentUrl":"https:\/\/dev.antudigital.cl\/sites\/vc\/wp-content\/uploads\/2026\/01\/498ebac4-4e49-46cd-a922-cd2ae1d620df.jpg","width":1080,"height":1080},{"@type":"BreadcrumbList","@id":"https:\/\/dev.antudigital.cl\/sites\/vc\/event\/lanzamiento-de-el-libro-de-las-voces-de-marcelo-mellado-en-vina-del-mar\/#breadcrumb","itemListElement":[{"@type":"ListItem","position":1,"name":"Home","item":"https:\/\/dev.antudigital.cl\/sites\/vc\/"},{"@type":"ListItem","position":2,"name":"Events","item":"https:\/\/dev.antudigital.cl\/sites\/vc\/event\/"},{"@type":"ListItem","position":3,"name":"Lanzamiento de \u201cEl libro de las voces\u201d de Marcelo Mellado en Vi\u00f1a del Mar"}]},{"@type":"WebSite","@id":"https:\/\/dev.antudigital.cl\/sites\/vc\/#website","url":"https:\/\/dev.antudigital.cl\/sites\/vc\/","name":"Valpara\u00ed\u00adso Creativo","description":"","potentialAction":[{"@type":"SearchAction","target":{"@type":"EntryPoint","urlTemplate":"https:\/\/dev.antudigital.cl\/sites\/vc\/?s={search_term_string}"},"query-input":{"@type":"PropertyValueSpecification","valueRequired":true,"valueName":"search_term_string"}}],"inLanguage":"es"}]}},"_links":{"self":[{"href":"https:\/\/dev.antudigital.cl\/sites\/vc\/wp-json\/wp\/v2\/event\/27070","targetHints":{"allow":["GET"]}}],"collection":[{"href":"https:\/\/dev.antudigital.cl\/sites\/vc\/wp-json\/wp\/v2\/event"}],"about":[{"href":"https:\/\/dev.antudigital.cl\/sites\/vc\/wp-json\/wp\/v2\/types\/event"}],"author":[{"embeddable":true,"href":"https:\/\/dev.antudigital.cl\/sites\/vc\/wp-json\/wp\/v2\/users\/1"}],"replies":[{"embeddable":true,"href":"https:\/\/dev.antudigital.cl\/sites\/vc\/wp-json\/wp\/v2\/comments?post=27070"}],"wp:featuredmedia":[{"embeddable":true,"href":"https:\/\/dev.antudigital.cl\/sites\/vc\/wp-json\/wp\/v2\/media\/27071"}],"wp:attachment":[{"href":"https:\/\/dev.antudigital.cl\/sites\/vc\/wp-json\/wp\/v2\/media?parent=27070"}],"wp:term":[{"taxonomy":"event_category","embeddable":true,"href":"https:\/\/dev.antudigital.cl\/sites\/vc\/wp-json\/wp\/v2\/event_category?post=27070"},{"taxonomy":"event_tag","embeddable":true,"href":"https:\/\/dev.antudigital.cl\/sites\/vc\/wp-json\/wp\/v2\/event_tag?post=27070"}],"curies":[{"name":"wp","href":"https:\/\/api.w.org\/{rel}","templated":true}]}}