{"id":23801,"date":"2025-06-05T15:48:07","date_gmt":"2025-06-05T15:48:07","guid":{"rendered":"https:\/\/www.valparaisocreativo.cl\/?page_id=23801"},"modified":"2026-03-10T12:48:56","modified_gmt":"2026-03-10T15:48:56","slug":"eventos","status":"publish","type":"page","link":"https:\/\/dev.antudigital.cl\/sites\/vc\/eventos\/","title":{"rendered":"Eventos"},"content":{"rendered":"\t\t<div data-elementor-type=\"wp-page\" data-elementor-id=\"23801\" class=\"elementor elementor-23801\" data-elementor-post-type=\"page\">\n\t\t\t\t<div class=\"elementor-element elementor-element-d075cef e-flex e-con-boxed e-con e-parent\" data-id=\"d075cef\" data-element_type=\"container\" data-e-type=\"container\" data-settings=\"{&quot;background_background&quot;:&quot;classic&quot;}\">\n\t\t\t\t\t<div class=\"e-con-inner\">\n\t\t\t\t<div class=\"elementor-element elementor-element-e961afa elementor-invisible elementor-widget elementor-widget-heading\" data-id=\"e961afa\" data-element_type=\"widget\" data-e-type=\"widget\" data-settings=\"{&quot;_animation&quot;:&quot;slideInUp&quot;}\" data-widget_type=\"heading.default\">\n\t\t\t\t<div class=\"elementor-widget-container\">\n\t\t\t\t\t<h1 class=\"elementor-heading-title elementor-size-default\">Eventos de la Comunidad Creativa<\/h1>\t\t\t\t<\/div>\n\t\t\t\t<\/div>\n\t\t\t\t<div class=\"elementor-element elementor-element-d028f9d elementor-widget__width-initial elementor-widget elementor-widget-heading\" data-id=\"d028f9d\" data-element_type=\"widget\" data-e-type=\"widget\" data-settings=\"{&quot;_animation_tablet&quot;:&quot;slideInUp&quot;,&quot;_animation_mobile&quot;:&quot;none&quot;}\" data-widget_type=\"heading.default\">\n\t\t\t\t<div class=\"elementor-widget-container\">\n\t\t\t\t\t<span class=\"elementor-heading-title elementor-size-default\">Sigue de cerca las actividades, encuentros y celebraciones que movilizan a la comunidad creativa de Valpara\u00edso. Esta agenda re\u00fane iniciativas que fortalecen la colaboraci\u00f3n, visibilizan el talento local y activan el territorio desde la cultura y la creaci\u00f3n.<\/span>\t\t\t\t<\/div>\n\t\t\t\t<\/div>\n\t\t\t\t<div class=\"elementor-element elementor-element-a950de6 elementor-widget elementor-widget-ova_events_search_ajax\" data-id=\"a950de6\" data-element_type=\"widget\" data-e-type=\"widget\" data-widget_type=\"ova_events_search_ajax.default\">\n\t\t\t\t<div class=\"elementor-widget-container\">\n\t\t\t\t\t\r\n<div class=\"ovaev-wrapper-search-ajax\">\r\n\t<!-- Search Form -->\r\n\t<div class=\"ovaev-search-ajax-form search_archive_event\">\r\n\t\t<form action=\"https:\/\/dev.antudigital.cl\/sites\/vc\/event\/\" method=\"POST\" name=\"search_ajax_event\" autocomplete=\"off\">\r\n\t\t\t<div class=\"start_date\">\r\n\t\t\t\t<label class=\"second_font ova-label-search\">\r\n\t\t\t\t\tStart Date\t\t\t\t<\/label>\r\n\r\n\t\t\t\t<input type=\"text\" \r\n\t\t\t\t\tid=\"ovaev_start_date_search\" \r\n\t\t\t\t\tclass=\"ovaev_start_date_search\" \r\n\t\t\t\t\tdata-lang=\"es\" \r\n\t\t\t\t\tdata-date=\"d-m-Y\" \r\n\t\t\t\t\tdata-time=\"H:i\" \r\n\t\t\t\t\tdata-first-day=\"1\" \r\n\t\t\t\t\tplaceholder=\"Choose Date\" \r\n\t\t\t\t\tname=\"ovaev_start_date_search\" \r\n\t\t\t\t\tvalue=\"\" \r\n\t\t\t\t\/>\r\n\t\t\t\t<i class=\"far fa-calendar-alt\"><\/i>\r\n\t\t\t<\/div>\r\n\r\n\t\t\t<div class=\"end_date\">\r\n\t\t\t\t<label class=\"second_font ova-label-search\">\r\n\t\t\t\t\tEnd Date\t\t\t\t<\/label>\r\n\t\t\t\t<input \r\n\t\t\t\t\ttype=\"text\" \r\n\t\t\t\t\tid=\"ovaev_end_date_search\" \r\n\t\t\t\t\tclass=\"ovaev_end_date_search\" \r\n\t\t\t\t\tdata-lang=\"es\" \r\n\t\t\t\t\tdata-date=\"d-m-Y\" \r\n\t\t\t\t\tdata-first-day=\"1\" \r\n\t\t\t\t\tplaceholder=\"Choose Date\" \r\n\t\t\t\t\tname=\"ovaev_end_date_search\" \r\n\t\t\t\t\tvalue=\"\" \r\n\t\t\t\t\/>\r\n\t\t\t\t<i class=\"far fa-calendar-alt\"><\/i>\r\n\t\t\t<\/div>\r\n\r\n\t\t\t<div class=\"ovaev_cat_search\">\r\n\t\t\t\t<label class=\"second_font ova-label-search\" for=\"ovaev_type\">\r\n\t\t\t\t\tCategory\t\t\t\t<\/label>\r\n\t\t\t\t<select  name='ovaev_type' id='ovaev_type' class='ovaev_type'>\n\t<option value='' selected='selected'>All Categories<\/option>\n<\/select>\n\t\t\t\t<i class=\"arrow_carrot-down \"><\/i>\r\n\t\t\t<\/div>\r\n\t\t<\/form>\r\n\t<\/div>\r\n\t<!-- End Search Form -->\r\n\r\n\t<!-- Events -->\r\n\t<div class=\"ovaev-search-ajax-container\">\r\n\t\t<div class=\"search-ajax-content\">\r\n\t\t\t<div class=\"archive_event ovaev-search-ajax-events col3\">\r\n\t\t\t\t\r\n<div class=\"ovaev-content\">\r\n\t<div class=\"type1\">\r\n\t\t<!-- Display Highlight Date 2 -->\r\n\t\t\r\n<div class=\"date-event\">\r\n\r\n\t<span class=\"date second_font\">\r\n\t\t15\t<\/span>\r\n\r\n\t<span class=\"month-year second_font\">\r\n\r\n\t\t<span class=\"month\">\r\n\t\t\tEne\t\t<\/span>\r\n\t\t\r\n\t\t<span class=\"year\">\r\n\t\t\t2026\t\t<\/span>\r\n\r\n\t<\/span>\r\n\r\n<\/div>\r\n\r\n\r\n\t\t<div class=\"desc\">\r\n\r\n\t\t\t<!-- Thumbnail -->\r\n\t\t\t\r\n<div class=\"event-thumbnail\">\t\r\n\r\n\t<a href=\"https:\/\/dev.antudigital.cl\/sites\/vc\/event\/lanzamiento-de-el-libro-de-las-voces-de-marcelo-mellado-en-vina-del-mar\/\">\r\n\t\t<img fetchpriority=\"high\" decoding=\"async\" width=\"500\" height=\"700\" src=\"https:\/\/dev.antudigital.cl\/sites\/vc\/wp-content\/uploads\/2026\/01\/498ebac4-4e49-46cd-a922-cd2ae1d620df-500x700.jpg\" class=\"attachment-ovaev_event_thumbnail size-ovaev_event_thumbnail wp-post-image\" alt=\"\" \/>\t<\/a>\r\n\r\n<\/div>\r\n\t\t\t<div class=\"event_post\">\r\n\r\n\t\t\t\t\t\t\t\t\r\n<h2 class=\"second_font event_title\">\r\n\t<a href=\"https:\/\/dev.antudigital.cl\/sites\/vc\/event\/lanzamiento-de-el-libro-de-las-voces-de-marcelo-mellado-en-vina-del-mar\/\">\r\n\t\tLanzamiento de \u201cEl libro de las voces\u201d de Marcelo Mellado en Vi\u00f1a del Mar\t<\/a>\r\n<\/h2>\r\n\t\t\t\t<div class=\"time-event\">\r\n\t\t\t\t\t\t<div class=\"time equal-date\">\r\n\t\t<span class=\"icon-time\">\r\n\t\t\t<i class=\"far fa-clock icon_event\"><\/i>\r\n\t\t<\/span>\r\n\t\t\t\t\t<span class=\"time-date-child\">\r\n\t\t\t\t<span class=\"date-child\">\r\n\t\t\t\t\tenero 15, 2026 @\t\t\t\t\t\t\t\t\t\t\t<span>18:00<\/span>\r\n\t\t\t\t\t\t\t\t\t\t\t\t\t<span class=\"separation\"> - <\/span>\r\n\t\t\t\t\t\t\t<span>20:00<\/span>\r\n\t\t\t\t\t\t\t\t\t\t\t\t\t\t\t<\/span>\r\n\t\t\t<\/span>\r\n\t\t\t<\/div>\r\n\t\t\t\t\t\r\n\t<div class=\"venue\">\r\n\t\t\r\n\t\t<i class=\"fas fa-map-marker-alt icon_event\"><\/i>\r\n\t\t\r\n\t\t<span class=\"number\">\r\n\t\t\tCaf\u00e9 Literario El Pasaje (9 Norte 907, Vi\u00f1a del Mar)\t\t<\/span>\r\n\t\t\r\n\t<\/div>\r\n\t\t\t\t<\/div>\r\n\t\t\t\t\r\n\t\t\t\t<!-- Read More Button -->\r\n\t\t\t\t\r\n<div class=\"button_event\">\r\n\t<a class=\"view_detail second_font\" href=\"https:\/\/dev.antudigital.cl\/sites\/vc\/event\/lanzamiento-de-el-libro-de-las-voces-de-marcelo-mellado-en-vina-del-mar\/\">\r\n\t\tMore details\t<\/a>\r\n<\/div>\t\t\t<\/div>\r\n\t\t<\/div>\r\n\t<\/div>\r\n<\/div>\r\n\r\n\t\t\t\t\r\n<div class=\"ovaev-content\">\r\n\t<div class=\"type1\">\r\n\t\t<!-- Display Highlight Date 2 -->\r\n\t\t\r\n<div class=\"date-event\">\r\n\r\n\t<span class=\"date second_font\">\r\n\t\t13\t<\/span>\r\n\r\n\t<span class=\"month-year second_font\">\r\n\r\n\t\t<span class=\"month\">\r\n\t\t\tDic\t\t<\/span>\r\n\t\t\r\n\t\t<span class=\"year\">\r\n\t\t\t2025\t\t<\/span>\r\n\r\n\t<\/span>\r\n\r\n<\/div>\r\n\r\n\r\n\t\t<div class=\"desc\">\r\n\r\n\t\t\t<!-- Thumbnail -->\r\n\t\t\t\r\n<div class=\"event-thumbnail\">\t\r\n\r\n\t<a href=\"https:\/\/dev.antudigital.cl\/sites\/vc\/event\/cerros-de-agua-lectura-poetica-en-el-bar-pajarito\/\">\r\n\t\t<img decoding=\"async\" width=\"500\" height=\"700\" src=\"https:\/\/dev.antudigital.cl\/sites\/vc\/wp-content\/uploads\/2025\/12\/pajarito-500x700.jpg\" class=\"attachment-ovaev_event_thumbnail size-ovaev_event_thumbnail wp-post-image\" alt=\"\" \/>\t<\/a>\r\n\r\n<\/div>\r\n\t\t\t<div class=\"event_post\">\r\n\r\n\t\t\t\t\t\t\t\t\r\n<h2 class=\"second_font event_title\">\r\n\t<a href=\"https:\/\/dev.antudigital.cl\/sites\/vc\/event\/cerros-de-agua-lectura-poetica-en-el-bar-pajarito\/\">\r\n\t\tCerros de Agua: lectura po\u00e9tica en el Bar Pajarito\t<\/a>\r\n<\/h2>\r\n\t\t\t\t<div class=\"time-event\">\r\n\t\t\t\t\t\t<div class=\"time equal-date\">\r\n\t\t<span class=\"icon-time\">\r\n\t\t\t<i class=\"far fa-clock icon_event\"><\/i>\r\n\t\t<\/span>\r\n\t\t\t\t\t<span class=\"time-date-child\">\r\n\t\t\t\t<span class=\"date-child\">\r\n\t\t\t\t\tdiciembre 13, 2025 @\t\t\t\t\t\t\t\t\t\t\t<span>19:00<\/span>\r\n\t\t\t\t\t\t\t\t\t\t\t\t\t<span class=\"separation\"> - <\/span>\r\n\t\t\t\t\t\t\t<span>21:00<\/span>\r\n\t\t\t\t\t\t\t\t\t\t\t\t\t\t\t<\/span>\r\n\t\t\t<\/span>\r\n\t\t\t<\/div>\r\n\t\t\t\t\t\r\n\t<div class=\"venue\">\r\n\t\t\r\n\t\t<i class=\"fas fa-map-marker-alt icon_event\"><\/i>\r\n\t\t\r\n\t\t<span class=\"number\">\r\n\t\t\tBar Pajarito (Salvador Donoso 1433) Valpara\u00edso\t\t<\/span>\r\n\t\t\r\n\t<\/div>\r\n\t\t\t\t<\/div>\r\n\t\t\t\t\r\n\t\t\t\t<!-- Read More Button -->\r\n\t\t\t\t\r\n<div class=\"button_event\">\r\n\t<a class=\"view_detail second_font\" href=\"https:\/\/dev.antudigital.cl\/sites\/vc\/event\/cerros-de-agua-lectura-poetica-en-el-bar-pajarito\/\">\r\n\t\tMore details\t<\/a>\r\n<\/div>\t\t\t<\/div>\r\n\t\t<\/div>\r\n\t<\/div>\r\n<\/div>\r\n\r\n\t\t\t\t\r\n<div class=\"ovaev-content\">\r\n\t<div class=\"type1\">\r\n\t\t<!-- Display Highlight Date 2 -->\r\n\t\t\r\n<div class=\"date-event\">\r\n\r\n\t<span class=\"date second_font\">\r\n\t\t12\t<\/span>\r\n\r\n\t<span class=\"month-year second_font\">\r\n\r\n\t\t<span class=\"month\">\r\n\t\t\tDic\t\t<\/span>\r\n\t\t\r\n\t\t<span class=\"year\">\r\n\t\t\t2025\t\t<\/span>\r\n\r\n\t<\/span>\r\n\r\n<\/div>\r\n\r\n\r\n\t\t<div class=\"desc\">\r\n\r\n\t\t\t<!-- Thumbnail -->\r\n\t\t\t\r\n<div class=\"event-thumbnail\">\t\r\n\r\n\t<a href=\"https:\/\/dev.antudigital.cl\/sites\/vc\/event\/aural-muga-serrano-en-el-museo-palacio-rioja\/\">\r\n\t\t<img decoding=\"async\" width=\"500\" height=\"700\" src=\"https:\/\/dev.antudigital.cl\/sites\/vc\/wp-content\/uploads\/2025\/12\/Aural-PRioja--500x700.jpg\" class=\"attachment-ovaev_event_thumbnail size-ovaev_event_thumbnail wp-post-image\" alt=\"\" \/>\t<\/a>\r\n\r\n<\/div>\r\n\t\t\t<div class=\"event_post\">\r\n\r\n\t\t\t\t\t\t\t\t\r\n<h2 class=\"second_font event_title\">\r\n\t<a href=\"https:\/\/dev.antudigital.cl\/sites\/vc\/event\/aural-muga-serrano-en-el-museo-palacio-rioja\/\">\r\n\t\tAural MUGA\/SERRANO en el Museo Palacio Rioja\t<\/a>\r\n<\/h2>\r\n\t\t\t\t<div class=\"time-event\">\r\n\t\t\t\t\t\t<div class=\"time equal-date\">\r\n\t\t<span class=\"icon-time\">\r\n\t\t\t<i class=\"far fa-clock icon_event\"><\/i>\r\n\t\t<\/span>\r\n\t\t\t\t\t<span class=\"time-date-child\">\r\n\t\t\t\t<span class=\"date-child\">\r\n\t\t\t\t\tdiciembre 12, 2025 @\t\t\t\t\t\t\t\t\t\t\t<span>20:00<\/span>\r\n\t\t\t\t\t\t\t\t\t\t\t\t\t<span class=\"separation\"> - <\/span>\r\n\t\t\t\t\t\t\t<span>21:00<\/span>\r\n\t\t\t\t\t\t\t\t\t\t\t\t\t\t\t<\/span>\r\n\t\t\t<\/span>\r\n\t\t\t<\/div>\r\n\t\t\t\t\t\r\n\t<div class=\"venue\">\r\n\t\t\r\n\t\t<i class=\"fas fa-map-marker-alt icon_event\"><\/i>\r\n\t\t\r\n\t\t<span class=\"number\">\r\n\t\t\tSal\u00f3n Principal, Museo Palacio Rioja \u2013 Vi\u00f1a del Mar\t\t<\/span>\r\n\t\t\r\n\t<\/div>\r\n\t\t\t\t<\/div>\r\n\t\t\t\t\r\n\t\t\t\t<!-- Read More Button -->\r\n\t\t\t\t\r\n<div class=\"button_event\">\r\n\t<a class=\"view_detail second_font\" href=\"https:\/\/dev.antudigital.cl\/sites\/vc\/event\/aural-muga-serrano-en-el-museo-palacio-rioja\/\">\r\n\t\tMore details\t<\/a>\r\n<\/div>\t\t\t<\/div>\r\n\t\t<\/div>\r\n\t<\/div>\r\n<\/div>\r\n\r\n\t\t\t\t\r\n<div class=\"ovaev-content\">\r\n\t<div class=\"type1\">\r\n\t\t<!-- Display Highlight Date 2 -->\r\n\t\t\r\n<div class=\"date-event\">\r\n\r\n\t<span class=\"date second_font\">\r\n\t\t15\t<\/span>\r\n\r\n\t<span class=\"month-year second_font\">\r\n\r\n\t\t<span class=\"month\">\r\n\t\t\tNov\t\t<\/span>\r\n\t\t\r\n\t\t<span class=\"year\">\r\n\t\t\t2025\t\t<\/span>\r\n\r\n\t<\/span>\r\n\r\n<\/div>\r\n\r\n\r\n\t\t<div class=\"desc\">\r\n\r\n\t\t\t<!-- Thumbnail -->\r\n\t\t\t\r\n<div class=\"event-thumbnail\">\t\r\n\r\n\t<a href=\"https:\/\/dev.antudigital.cl\/sites\/vc\/event\/primera-asamblea-latinoamericana-de-colectivos-de-cine-experimental-compartir-sin-perder\/\">\r\n\t\t<img loading=\"lazy\" decoding=\"async\" width=\"500\" height=\"700\" src=\"https:\/\/dev.antudigital.cl\/sites\/vc\/wp-content\/uploads\/2025\/11\/proceso-error-500x700.jpg\" class=\"attachment-ovaev_event_thumbnail size-ovaev_event_thumbnail wp-post-image\" alt=\"\" \/>\t<\/a>\r\n\r\n<\/div>\r\n\t\t\t<div class=\"event_post\">\r\n\r\n\t\t\t\t\t\t\t\t\r\n<h2 class=\"second_font event_title\">\r\n\t<a href=\"https:\/\/dev.antudigital.cl\/sites\/vc\/event\/primera-asamblea-latinoamericana-de-colectivos-de-cine-experimental-compartir-sin-perder\/\">\r\n\t\tPrimera Asamblea Latinoamericana de Colectivos de Cine Experimental\u00a0Compartir sin perder\t<\/a>\r\n<\/h2>\r\n\t\t\t\t<div class=\"time-event\">\r\n\t\t\t\t\t\t<div class=\"time equal-date\">\r\n\t\t<span class=\"icon-time\">\r\n\t\t\t<i class=\"far fa-clock icon_event\"><\/i>\r\n\t\t<\/span>\r\n\t\t\t\t\t<span class=\"time-date-child\">\r\n\t\t\t\t<span class=\"date-child\">\r\n\t\t\t\t\tnoviembre 15, 2025 @\t\t\t\t\t\t\t\t\t\t\t<span>11:00<\/span>\r\n\t\t\t\t\t\t\t\t\t\t\t\t\t<span class=\"separation\"> - <\/span>\r\n\t\t\t\t\t\t\t<span>13:00<\/span>\r\n\t\t\t\t\t\t\t\t\t\t\t\t\t\t\t<\/span>\r\n\t\t\t<\/span>\r\n\t\t\t<\/div>\r\n\t\t\t\t\t\r\n\t<div class=\"venue\">\r\n\t\t\r\n\t\t<i class=\"fas fa-map-marker-alt icon_event\"><\/i>\r\n\t\t\r\n\t\t<span class=\"number\">\r\n\t\t\tCENTRO CULTURAL PATIO S\u00d3CRATES, Villagr\u00e1n #145 Cerro Cordillera.\t\t<\/span>\r\n\t\t\r\n\t<\/div>\r\n\t\t\t\t<\/div>\r\n\t\t\t\t\r\n\t\t\t\t<!-- Read More Button -->\r\n\t\t\t\t\r\n<div class=\"button_event\">\r\n\t<a class=\"view_detail second_font\" href=\"https:\/\/dev.antudigital.cl\/sites\/vc\/event\/primera-asamblea-latinoamericana-de-colectivos-de-cine-experimental-compartir-sin-perder\/\">\r\n\t\tMore details\t<\/a>\r\n<\/div>\t\t\t<\/div>\r\n\t\t<\/div>\r\n\t<\/div>\r\n<\/div>\r\n\r\n\t\t\t\t\r\n<div class=\"ovaev-content\">\r\n\t<div class=\"type1\">\r\n\t\t<!-- Display Highlight Date 2 -->\r\n\t\t\r\n<div class=\"date-event\">\r\n\r\n\t<span class=\"date second_font\">\r\n\t\t15\t<\/span>\r\n\r\n\t<span class=\"month-year second_font\">\r\n\r\n\t\t<span class=\"month\">\r\n\t\t\tNov\t\t<\/span>\r\n\t\t\r\n\t\t<span class=\"year\">\r\n\t\t\t2025\t\t<\/span>\r\n\r\n\t<\/span>\r\n\r\n<\/div>\r\n\r\n\r\n\t\t<div class=\"desc\">\r\n\r\n\t\t\t<!-- Thumbnail -->\r\n\t\t\t\r\n<div class=\"event-thumbnail\">\t\r\n\r\n\t<a href=\"https:\/\/dev.antudigital.cl\/sites\/vc\/event\/inauguracion-centro-cultural-patio-socrates-en-valparaiso\/\">\r\n\t\t<img loading=\"lazy\" decoding=\"async\" width=\"500\" height=\"625\" src=\"https:\/\/dev.antudigital.cl\/sites\/vc\/wp-content\/uploads\/2025\/11\/Inivitacion-inauguracion-Sala-Multiuso-500x625.jpg\" class=\"attachment-ovaev_event_thumbnail size-ovaev_event_thumbnail wp-post-image\" alt=\"\" \/>\t<\/a>\r\n\r\n<\/div>\r\n\t\t\t<div class=\"event_post\">\r\n\r\n\t\t\t\t\t\t\t\t\r\n<h2 class=\"second_font event_title\">\r\n\t<a href=\"https:\/\/dev.antudigital.cl\/sites\/vc\/event\/inauguracion-centro-cultural-patio-socrates-en-valparaiso\/\">\r\n\t\tInauguraci\u00f3n Centro Cultural Patio S\u00f3crates en Valpara\u00edso\t<\/a>\r\n<\/h2>\r\n\t\t\t\t<div class=\"time-event\">\r\n\t\t\t\t\t\t<div class=\"time equal-date\">\r\n\t\t<span class=\"icon-time\">\r\n\t\t\t<i class=\"far fa-clock icon_event\"><\/i>\r\n\t\t<\/span>\r\n\t\t\t\t\t<span class=\"time-date-child\">\r\n\t\t\t\t<span class=\"date-child\">\r\n\t\t\t\t\tnoviembre 15, 2025 @\t\t\t\t\t\t\t\t\t\t\t<span>11:00<\/span>\r\n\t\t\t\t\t\t\t\t\t\t\t\t\t<span class=\"separation\"> - <\/span>\r\n\t\t\t\t\t\t\t<span>13:00<\/span>\r\n\t\t\t\t\t\t\t\t\t\t\t\t\t\t\t<\/span>\r\n\t\t\t<\/span>\r\n\t\t\t<\/div>\r\n\t\t\t\t\t\r\n\t<div class=\"venue\">\r\n\t\t\r\n\t\t<i class=\"fas fa-map-marker-alt icon_event\"><\/i>\r\n\t\t\r\n\t\t<span class=\"number\">\r\n\t\t\tCENTRO CULTURAL PATIO S\u00d3CRATES, Villagr\u00e1n #145 Cerro Cordillera.\t\t<\/span>\r\n\t\t\r\n\t<\/div>\r\n\t\t\t\t<\/div>\r\n\t\t\t\t\r\n\t\t\t\t<!-- Read More Button -->\r\n\t\t\t\t\r\n<div class=\"button_event\">\r\n\t<a class=\"view_detail second_font\" href=\"https:\/\/dev.antudigital.cl\/sites\/vc\/event\/inauguracion-centro-cultural-patio-socrates-en-valparaiso\/\">\r\n\t\tMore details\t<\/a>\r\n<\/div>\t\t\t<\/div>\r\n\t\t<\/div>\r\n\t<\/div>\r\n<\/div>\r\n\r\n\t\t\t\t\r\n<div class=\"ovaev-content\">\r\n\t<div class=\"type1\">\r\n\t\t<!-- Display Highlight Date 2 -->\r\n\t\t\r\n<div class=\"date-event\">\r\n\r\n\t<span class=\"date second_font\">\r\n\t\t13\t<\/span>\r\n\r\n\t<span class=\"month-year second_font\">\r\n\r\n\t\t<span class=\"month\">\r\n\t\t\tNov\t\t<\/span>\r\n\t\t\r\n\t\t<span class=\"year\">\r\n\t\t\t2025\t\t<\/span>\r\n\r\n\t<\/span>\r\n\r\n<\/div>\r\n\r\n\r\n\t\t<div class=\"desc\">\r\n\r\n\t\t\t<!-- Thumbnail -->\r\n\t\t\t\r\n<div class=\"event-thumbnail\">\t\r\n\r\n\t<a href=\"https:\/\/dev.antudigital.cl\/sites\/vc\/event\/masterclass-de-la-practica-artistica-a-la-investigacion-cientifica\/\">\r\n\t\t<img loading=\"lazy\" decoding=\"async\" width=\"500\" height=\"700\" src=\"https:\/\/dev.antudigital.cl\/sites\/vc\/wp-content\/uploads\/2025\/11\/Masterclass--500x700.jpg\" class=\"attachment-ovaev_event_thumbnail size-ovaev_event_thumbnail wp-post-image\" alt=\"\" \/>\t<\/a>\r\n\r\n<\/div>\r\n\t\t\t<div class=\"event_post\">\r\n\r\n\t\t\t\t\t\t\t\t\r\n<h2 class=\"second_font event_title\">\r\n\t<a href=\"https:\/\/dev.antudigital.cl\/sites\/vc\/event\/masterclass-de-la-practica-artistica-a-la-investigacion-cientifica\/\">\r\n\t\tMasterclass \u00abDe la pr\u00e1ctica art\u00edstica a la investigaci\u00f3n cient\u00edfica\u00bb\t<\/a>\r\n<\/h2>\r\n\t\t\t\t<div class=\"time-event\">\r\n\t\t\t\t\t\t<div class=\"time equal-date\">\r\n\t\t<span class=\"icon-time\">\r\n\t\t\t<i class=\"far fa-clock icon_event\"><\/i>\r\n\t\t<\/span>\r\n\t\t\t\t\t<span class=\"time-date-child\">\r\n\t\t\t\t<span class=\"date-child\">\r\n\t\t\t\t\tnoviembre 13, 2025 @\t\t\t\t\t\t\t\t\t\t\t<span>15:00<\/span>\r\n\t\t\t\t\t\t\t\t\t\t\t\t\t<span class=\"separation\"> - <\/span>\r\n\t\t\t\t\t\t\t<span>17:00<\/span>\r\n\t\t\t\t\t\t\t\t\t\t\t\t\t\t\t<\/span>\r\n\t\t\t<\/span>\r\n\t\t\t<\/div>\r\n\t\t\t\t\t\r\n\t<div class=\"venue\">\r\n\t\t\r\n\t\t<i class=\"fas fa-map-marker-alt icon_event\"><\/i>\r\n\t\t\r\n\t\t<span class=\"number\">\r\n\t\t\tAuditorio Facultad de Ciencias Sociales de la Universidad de Valpara\u00edso\t\t<\/span>\r\n\t\t\r\n\t<\/div>\r\n\t\t\t\t<\/div>\r\n\t\t\t\t\r\n\t\t\t\t<!-- Read More Button -->\r\n\t\t\t\t\r\n<div class=\"button_event\">\r\n\t<a class=\"view_detail second_font\" href=\"https:\/\/dev.antudigital.cl\/sites\/vc\/event\/masterclass-de-la-practica-artistica-a-la-investigacion-cientifica\/\">\r\n\t\tMore details\t<\/a>\r\n<\/div>\t\t\t<\/div>\r\n\t\t<\/div>\r\n\t<\/div>\r\n<\/div>\r\n\r\n\t\t\t\t\r\n<div class=\"ovaev-content\">\r\n\t<div class=\"type1\">\r\n\t\t<!-- Display Highlight Date 2 -->\r\n\t\t\r\n<div class=\"date-event\">\r\n\r\n\t<span class=\"date second_font\">\r\n\t\t29\t<\/span>\r\n\r\n\t<span class=\"month-year second_font\">\r\n\r\n\t\t<span class=\"month\">\r\n\t\t\tOct\t\t<\/span>\r\n\t\t\r\n\t\t<span class=\"year\">\r\n\t\t\t2025\t\t<\/span>\r\n\r\n\t<\/span>\r\n\r\n<\/div>\r\n\r\n\r\n\t\t<div class=\"desc\">\r\n\r\n\t\t\t<!-- Thumbnail -->\r\n\t\t\t\r\n<div class=\"event-thumbnail\">\t\r\n\r\n\t<a href=\"https:\/\/dev.antudigital.cl\/sites\/vc\/event\/masterclass-tech-for-nature-de-soliman-lopez-centro-de-innovacion-uc\/\">\r\n\t\t<img loading=\"lazy\" decoding=\"async\" width=\"500\" height=\"619\" src=\"https:\/\/dev.antudigital.cl\/sites\/vc\/wp-content\/uploads\/2025\/10\/master-class-500x619.jpg\" class=\"attachment-ovaev_event_thumbnail size-ovaev_event_thumbnail wp-post-image\" alt=\"\" \/>\t<\/a>\r\n\r\n<\/div>\r\n\t\t\t<div class=\"event_post\">\r\n\r\n\t\t\t\t\t\t\t\t\r\n<h2 class=\"second_font event_title\">\r\n\t<a href=\"https:\/\/dev.antudigital.cl\/sites\/vc\/event\/masterclass-tech-for-nature-de-soliman-lopez-centro-de-innovacion-uc\/\">\r\n\t\tMasterclass \u00abTech for Nature\u00bb de Solim\u00e1n L\u00f3pez \u2013 Centro de Innovaci\u00f3n UC\t<\/a>\r\n<\/h2>\r\n\t\t\t\t<div class=\"time-event\">\r\n\t\t\t\t\t\t<div class=\"time equal-date\">\r\n\t\t<span class=\"icon-time\">\r\n\t\t\t<i class=\"far fa-clock icon_event\"><\/i>\r\n\t\t<\/span>\r\n\t\t\t\t\t<span class=\"time-date-child\">\r\n\t\t\t\t<span class=\"date-child\">\r\n\t\t\t\t\toctubre 29, 2025 @\t\t\t\t\t\t\t\t\t\t\t<span>15:00<\/span>\r\n\t\t\t\t\t\t\t\t\t\t\t\t\t<span class=\"separation\"> - <\/span>\r\n\t\t\t\t\t\t\t<span>17:00<\/span>\r\n\t\t\t\t\t\t\t\t\t\t\t\t\t\t\t<\/span>\r\n\t\t\t<\/span>\r\n\t\t\t<\/div>\r\n\t\t\t\t\t\r\n\t<div class=\"venue\">\r\n\t\t\r\n\t\t<i class=\"fas fa-map-marker-alt icon_event\"><\/i>\r\n\t\t\r\n\t\t<span class=\"number\">\r\n\t\t\tAuditorio principal del Centro de Innovaci\u00f3n UC, Campus San Joaqu\u00edn, Santiago\t\t<\/span>\r\n\t\t\r\n\t<\/div>\r\n\t\t\t\t<\/div>\r\n\t\t\t\t\r\n\t\t\t\t<!-- Read More Button -->\r\n\t\t\t\t\r\n<div class=\"button_event\">\r\n\t<a class=\"view_detail second_font\" href=\"https:\/\/dev.antudigital.cl\/sites\/vc\/event\/masterclass-tech-for-nature-de-soliman-lopez-centro-de-innovacion-uc\/\">\r\n\t\tMore details\t<\/a>\r\n<\/div>\t\t\t<\/div>\r\n\t\t<\/div>\r\n\t<\/div>\r\n<\/div>\r\n\r\n\t\t\t\t\r\n<div class=\"ovaev-content\">\r\n\t<div class=\"type1\">\r\n\t\t<!-- Display Highlight Date 2 -->\r\n\t\t\r\n<div class=\"date-event\">\r\n\r\n\t<span class=\"date second_font\">\r\n\t\t18\t<\/span>\r\n\r\n\t<span class=\"month-year second_font\">\r\n\r\n\t\t<span class=\"month\">\r\n\t\t\tOct\t\t<\/span>\r\n\t\t\r\n\t\t<span class=\"year\">\r\n\t\t\t2025\t\t<\/span>\r\n\r\n\t<\/span>\r\n\r\n<\/div>\r\n\r\n\r\n\t\t<div class=\"desc\">\r\n\r\n\t\t\t<!-- Thumbnail -->\r\n\t\t\t\r\n<div class=\"event-thumbnail\">\t\r\n\r\n\t<a href=\"https:\/\/dev.antudigital.cl\/sites\/vc\/event\/aural-optiko-en-casaplan\/\">\r\n\t\t<img loading=\"lazy\" decoding=\"async\" width=\"500\" height=\"700\" src=\"https:\/\/dev.antudigital.cl\/sites\/vc\/wp-content\/uploads\/2025\/10\/IMG_3289-500x700.jpeg\" class=\"attachment-ovaev_event_thumbnail size-ovaev_event_thumbnail wp-post-image\" alt=\"\" \/>\t<\/a>\r\n\r\n<\/div>\r\n\t\t\t<div class=\"event_post\">\r\n\r\n\t\t\t\t\t\t\t\t\r\n<h2 class=\"second_font event_title\">\r\n\t<a href=\"https:\/\/dev.antudigital.cl\/sites\/vc\/event\/aural-optiko-en-casaplan\/\">\r\n\t\tAural OPTIKO en CasaPlan\t<\/a>\r\n<\/h2>\r\n\t\t\t\t<div class=\"time-event\">\r\n\t\t\t\t\t\t<div class=\"time equal-date\">\r\n\t\t<span class=\"icon-time\">\r\n\t\t\t<i class=\"far fa-clock icon_event\"><\/i>\r\n\t\t<\/span>\r\n\t\t\t\t\t<span class=\"time-date-child\">\r\n\t\t\t\t<span class=\"date-child\">\r\n\t\t\t\t\toctubre 18, 2025 @\t\t\t\t\t\t\t\t\t\t\t<span>20:00<\/span>\r\n\t\t\t\t\t\t\t\t\t\t\t\t\t<span class=\"separation\"> - <\/span>\r\n\t\t\t\t\t\t\t<span>21:00<\/span>\r\n\t\t\t\t\t\t\t\t\t\t\t\t\t\t\t<\/span>\r\n\t\t\t<\/span>\r\n\t\t\t<\/div>\r\n\t\t\t\t\t\r\n\t<div class=\"venue\">\r\n\t\t\r\n\t\t<i class=\"fas fa-map-marker-alt icon_event\"><\/i>\r\n\t\t\r\n\t\t<span class=\"number\">\r\n\t\t\tCasaPlan, Valpara\u00edso \t\t<\/span>\r\n\t\t\r\n\t<\/div>\r\n\t\t\t\t<\/div>\r\n\t\t\t\t\r\n\t\t\t\t<!-- Read More Button -->\r\n\t\t\t\t\r\n<div class=\"button_event\">\r\n\t<a class=\"view_detail second_font\" href=\"https:\/\/dev.antudigital.cl\/sites\/vc\/event\/aural-optiko-en-casaplan\/\">\r\n\t\tMore details\t<\/a>\r\n<\/div>\t\t\t<\/div>\r\n\t\t<\/div>\r\n\t<\/div>\r\n<\/div>\r\n\r\n\t\t\t\t\r\n<div class=\"ovaev-content\">\r\n\t<div class=\"type1\">\r\n\t\t<!-- Display Highlight Date 2 -->\r\n\t\t\r\n<div class=\"date-event\">\r\n\r\n\t<span class=\"date second_font\">\r\n\t\t15\t<\/span>\r\n\r\n\t<span class=\"month-year second_font\">\r\n\r\n\t\t<span class=\"month\">\r\n\t\t\tOct\t\t<\/span>\r\n\t\t\r\n\t\t<span class=\"year\">\r\n\t\t\t2025\t\t<\/span>\r\n\r\n\t<\/span>\r\n\r\n<\/div>\r\n\r\n\r\n\t\t<div class=\"desc\">\r\n\r\n\t\t\t<!-- Thumbnail -->\r\n\t\t\t\r\n<div class=\"event-thumbnail\">\t\r\n\r\n\t<a href=\"https:\/\/dev.antudigital.cl\/sites\/vc\/event\/lanzamiento-novela-hija-natural-de-natalia-berbelagua\/\">\r\n\t\t<img loading=\"lazy\" decoding=\"async\" width=\"500\" height=\"700\" src=\"https:\/\/dev.antudigital.cl\/sites\/vc\/wp-content\/uploads\/2025\/10\/Hija-natural-la-compania1-500x700.jpg\" class=\"attachment-ovaev_event_thumbnail size-ovaev_event_thumbnail wp-post-image\" alt=\"\" \/>\t<\/a>\r\n\r\n<\/div>\r\n\t\t\t<div class=\"event_post\">\r\n\r\n\t\t\t\t\t\t\t\t\r\n<h2 class=\"second_font event_title\">\r\n\t<a href=\"https:\/\/dev.antudigital.cl\/sites\/vc\/event\/lanzamiento-novela-hija-natural-de-natalia-berbelagua\/\">\r\n\t\tLanzamiento novela \u00abHija Natural\u00bb de Natalia Berbelagua\t<\/a>\r\n<\/h2>\r\n\t\t\t\t<div class=\"time-event\">\r\n\t\t\t\t\t\t<div class=\"time equal-date\">\r\n\t\t<span class=\"icon-time\">\r\n\t\t\t<i class=\"far fa-clock icon_event\"><\/i>\r\n\t\t<\/span>\r\n\t\t\t\t\t<span class=\"time-date-child\">\r\n\t\t\t\t<span class=\"date-child\">\r\n\t\t\t\t\toctubre 15, 2025 @\t\t\t\t\t\t\t\t\t\t\t<span>18:30<\/span>\r\n\t\t\t\t\t\t\t\t\t\t\t\t\t<span class=\"separation\"> - <\/span>\r\n\t\t\t\t\t\t\t<span>20:00<\/span>\r\n\t\t\t\t\t\t\t\t\t\t\t\t\t\t\t<\/span>\r\n\t\t\t<\/span>\r\n\t\t\t<\/div>\r\n\t\t\t\t\t\r\n\t<div class=\"venue\">\r\n\t\t\r\n\t\t<i class=\"fas fa-map-marker-alt icon_event\"><\/i>\r\n\t\t\r\n\t\t<span class=\"number\">\r\n\t\t\tEspacio La Compa\u00f1\u00eda, Valpara\u00edso.\t\t<\/span>\r\n\t\t\r\n\t<\/div>\r\n\t\t\t\t<\/div>\r\n\t\t\t\t\r\n\t\t\t\t<!-- Read More Button -->\r\n\t\t\t\t\r\n<div class=\"button_event\">\r\n\t<a class=\"view_detail second_font\" href=\"https:\/\/dev.antudigital.cl\/sites\/vc\/event\/lanzamiento-novela-hija-natural-de-natalia-berbelagua\/\">\r\n\t\tMore details\t<\/a>\r\n<\/div>\t\t\t<\/div>\r\n\t\t<\/div>\r\n\t<\/div>\r\n<\/div>\r\n\r\n\t\t\t\t\t\t\t<\/div>\r\n\r\n\t\t\t<div class=\"data-events\" \r\n\t\t\t\tdata-layout=\"1\" \r\n\t\t\t\tdata-column=\"col3\" \r\n\t\t\t\tdata-per-page=\"9\" \r\n\t\t\t\tdata-order=\"DESC\" \r\n\t\t\t\tdata-orderby=\"ovaev_start_date_time\" \r\n\t\t\t\tdata-category-slug=\"all\" \r\n\t\t\t\tdata-time-event=\"all\">\r\n\t\t\t<\/div>\r\n\t\t<\/div>\r\n\r\n\t\t<!-- Loader -->\r\n\t\t<div class=\"wrap_loader\">\r\n\t\t\t<svg class=\"loader\" width=\"50\" height=\"50\">\r\n\t\t\t\t<circle cx=\"25\" cy=\"25\" r=\"10\" stroke=\"#a1a1a1\"\/>\r\n\t\t\t\t<circle cx=\"25\" cy=\"25\" r=\"20\" stroke=\"#a1a1a1\"\/>\r\n\t\t\t<\/svg>\r\n\t\t<\/div>\r\n\t<!-- End Loader -->\r\n\t<\/div>\r\n\t<!-- End Events -->\r\n\r\n\t<!-- Pagination -->\r\n\t<div class=\"search-ajax-pagination-wrapper\">\r\n\t\t\t<div class=\"search-ajax-pagination\" data-total-page=\"3\">\r\n\t\t\t<ul>\r\n\t\t\t\t\t\t\t\t\t\t\t\t\t\t\t<li>\r\n\t\t\t\t\t\t\t<span class=\"prev page-numbers\" data-paged=\"0\">\r\n\t\t\t\t\t\t\t\tPrevious\t\t\t\t\t\t\t<\/span>\r\n\t\t\t\t\t\t<\/li>\r\n\t\t\t\t\t\t<li>\r\n\t\t\t\t\t\t\t<span class=\"page-numbers current\" data-paged=\"1\">\r\n\t\t\t\t\t\t\t\t1\t\t\t\t\t\t\t<\/span>\r\n\t\t\t\t\t\t<\/li>\r\n\t\t\t\t\t\t\t\t\t\t\t\t\t\t\t\t\t\t\t\t<li>\r\n\t\t\t\t\t\t\t<span class=\"page-numbers\" data-paged=\"2\">\r\n\t\t\t\t\t\t\t\t2\t\t\t\t\t\t\t<\/span>\r\n\t\t\t\t\t\t<\/li>\r\n\t\t\t\t\t\t\t\t\t\t\t\t\t\t\t\t\t\t\t\t<li>\r\n\t\t\t\t\t\t\t<span class=\"page-numbers\" data-paged=\"3\">\r\n\t\t\t\t\t\t\t\t3\t\t\t\t\t\t\t<\/span>\r\n\t\t\t\t\t\t<\/li>\r\n\t\t\t\t\t\t<li>\r\n\t\t\t\t\t\t\t<span class=\"next page-numbers\" data-paged=\"2\">\r\n\t\t\t\t\t\t\t\tNext\t\t\t\t\t\t\t<\/span>\r\n\t\t\t\t\t\t<\/li>\r\n\t\t\t\t\t\t\t\t\t\t\t\t<\/ul>\r\n\t\t<\/div>\r\n\t\t<!-- End Pagination -->\r\n\t<\/div>\r\n\r\n<\/div>\r\n\r\n\t\t\t\t<\/div>\n\t\t\t\t<\/div>\n\t\t\t\t\t<\/div>\n\t\t\t\t<\/div>\n\t\t<div class=\"elementor-element elementor-element-a7e2674 e-flex e-con-boxed e-con e-parent\" data-id=\"a7e2674\" data-element_type=\"container\" data-e-type=\"container\" data-settings=\"{&quot;background_background&quot;:&quot;classic&quot;}\">\n\t\t\t\t\t<div class=\"e-con-inner\">\n\t\t<div class=\"elementor-element elementor-element-490f103 e-grid e-con-full e-con e-child\" data-id=\"490f103\" data-element_type=\"container\" data-e-type=\"container\">\n\t\t<div class=\"elementor-element elementor-element-61fa298 e-con-full e-flex e-con e-child\" data-id=\"61fa298\" data-element_type=\"container\" data-e-type=\"container\">\n\t\t\t\t<div class=\"elementor-element elementor-element-36d7cc3 elementor-invisible elementor-widget elementor-widget-heading\" data-id=\"36d7cc3\" data-element_type=\"widget\" data-e-type=\"widget\" data-settings=\"{&quot;_animation&quot;:&quot;slideInUp&quot;,&quot;_animation_tablet&quot;:&quot;none&quot;}\" data-widget_type=\"heading.default\">\n\t\t\t\t<div class=\"elementor-widget-container\">\n\t\t\t\t\t<h3 class=\"elementor-heading-title elementor-size-default\">Suscr\u00edbete a nuestro Newsletter<\/h3>\t\t\t\t<\/div>\n\t\t\t\t<\/div>\n\t\t\t\t<div class=\"elementor-element elementor-element-6432471 elementor-widget elementor-widget-text-editor\" data-id=\"6432471\" data-element_type=\"widget\" data-e-type=\"widget\" data-widget_type=\"text-editor.default\">\n\t\t\t\t<div class=\"elementor-widget-container\">\n\t\t\t\t\t\t\t\t\t<p><b>\u00a1No te pierdas nuestras novedades!<\/b><br \/>Rec\u00edbelas en tu bandeja de entrada.<\/p>\t\t\t\t\t\t\t\t<\/div>\n\t\t\t\t<\/div>\n\t\t\t\t<\/div>\n\t\t<div class=\"elementor-element elementor-element-575c121 e-con-full e-flex e-con e-child\" data-id=\"575c121\" data-element_type=\"container\" data-e-type=\"container\">\n\t\t\t\t<div class=\"elementor-element elementor-element-0b9bbdf elementor-mobile-button-align-center elementor-button-align-stretch elementor-widget elementor-widget-form\" data-id=\"0b9bbdf\" data-element_type=\"widget\" data-e-type=\"widget\" data-settings=\"{&quot;button_width&quot;:&quot;30&quot;,&quot;step_next_label&quot;:&quot;Next&quot;,&quot;step_previous_label&quot;:&quot;Previous&quot;,&quot;button_width_mobile&quot;:&quot;30&quot;,&quot;step_type&quot;:&quot;number_text&quot;,&quot;step_icon_shape&quot;:&quot;circle&quot;}\" data-widget_type=\"form.default\">\n\t\t\t\t<div class=\"elementor-widget-container\">\n\t\t\t\t\t\t\t<form class=\"elementor-form\" method=\"post\" id=\"formulario_suscripcion_novedades_celu\" name=\"Suscripci\u00f3n\" aria-label=\"Suscripci\u00f3n\">\n\t\t\t<input type=\"hidden\" name=\"post_id\" value=\"23801\"\/>\n\t\t\t<input type=\"hidden\" name=\"form_id\" value=\"0b9bbdf\"\/>\n\t\t\t<input type=\"hidden\" name=\"referer_title\" value=\"Eventos - Valpara\u00ed\u00adso Creativo\" \/>\n\n\t\t\t\t\t\t\t<input type=\"hidden\" name=\"queried_id\" value=\"23801\"\/>\n\t\t\t\n\t\t\t<div class=\"elementor-form-fields-wrapper elementor-labels-above\">\n\t\t\t\t\t\t\t\t<div class=\"elementor-field-type-email elementor-field-group elementor-column elementor-field-group-field_1a9a98e elementor-col-70 elementor-md-70 elementor-sm-70 elementor-field-required\">\n\t\t\t\t\t\t\t\t\t\t\t\t\t<input size=\"1\" type=\"email\" name=\"form_fields[field_1a9a98e]\" id=\"form-field-field_1a9a98e\" class=\"elementor-field elementor-size-md  elementor-field-textual\" placeholder=\"Email\" required=\"required\">\n\t\t\t\t\t\t\t\t\t\t\t<\/div>\n\t\t\t\t\t\t\t\t<div class=\"elementor-field-group elementor-column elementor-field-type-submit elementor-col-30 e-form__buttons elementor-sm-30\">\n\t\t\t\t\t<button class=\"elementor-button elementor-size-md\" type=\"submit\">\n\t\t\t\t\t\t<span class=\"elementor-button-content-wrapper\">\n\t\t\t\t\t\t\t\t\t\t\t\t\t\t\t\t\t\t\t\t\t\t<span class=\"elementor-button-text\">Suscr\u00edbete<\/span>\n\t\t\t\t\t\t\t\t\t\t\t\t\t<\/span>\n\t\t\t\t\t<\/button>\n\t\t\t\t<\/div>\n\t\t\t<\/div>\n\t\t<\/form>\n\t\t\t\t\t\t<\/div>\n\t\t\t\t<\/div>\n\t\t\t\t<\/div>\n\t\t\t\t<\/div>\n\t\t\t\t\t<\/div>\n\t\t\t\t<\/div>\n\t\t<div class=\"elementor-element elementor-element-ba43080 e-con-full e-flex e-con e-parent\" data-id=\"ba43080\" data-element_type=\"container\" data-e-type=\"container\" data-settings=\"{&quot;background_background&quot;:&quot;classic&quot;}\">\n\t\t<div class=\"elementor-element elementor-element-7257416 e-con-full e-flex e-con e-child\" data-id=\"7257416\" data-element_type=\"container\" data-e-type=\"container\">\n\t\t\t\t<div class=\"elementor-element elementor-element-57d0944 elementor-invisible elementor-widget elementor-widget-heading\" data-id=\"57d0944\" data-element_type=\"widget\" data-e-type=\"widget\" data-settings=\"{&quot;_animation&quot;:&quot;slideInUp&quot;}\" data-widget_type=\"heading.default\">\n\t\t\t\t<div class=\"elementor-widget-container\">\n\t\t\t\t\t<h2 class=\"elementor-heading-title elementor-size-default\">Publica tu evento en nuestra web<\/h2>\t\t\t\t<\/div>\n\t\t\t\t<\/div>\n\t\t\t\t<div class=\"elementor-element elementor-element-f14c2d1 elementor-widget elementor-widget-heading\" data-id=\"f14c2d1\" data-element_type=\"widget\" data-e-type=\"widget\" data-settings=\"{&quot;_animation&quot;:&quot;none&quot;}\" data-widget_type=\"heading.default\">\n\t\t\t\t<div class=\"elementor-widget-container\">\n\t\t\t\t\t<span class=\"elementor-heading-title elementor-size-default\">Si formas parte del ecosistema creativo de Valpara\u00edso, puedes compartir tus actividades con la comunidad. Completa el formulario y, tras una revisi\u00f3n editorial, tu evento ser\u00e1 publicado en nuestra <b>agenda digital.<\/b><\/span>\t\t\t\t<\/div>\n\t\t\t\t<\/div>\n\t\t\t\t<div class=\"elementor-element elementor-element-16f147e0 elementor-button-align-start elementor-widget elementor-widget-form\" data-id=\"16f147e0\" data-element_type=\"widget\" data-e-type=\"widget\" data-settings=\"{&quot;step_next_label&quot;:&quot;Next&quot;,&quot;step_previous_label&quot;:&quot;Previous&quot;,&quot;button_width&quot;:&quot;100&quot;,&quot;step_type&quot;:&quot;number_text&quot;,&quot;step_icon_shape&quot;:&quot;circle&quot;}\" data-widget_type=\"form.default\">\n\t\t\t\t<div class=\"elementor-widget-container\">\n\t\t\t\t\t\t\t<form class=\"elementor-form\" method=\"post\" id=\"formulario_eventos\" name=\"Formulario Crear Evento\" aria-label=\"Formulario Crear Evento\">\n\t\t\t<input type=\"hidden\" name=\"post_id\" value=\"23801\"\/>\n\t\t\t<input type=\"hidden\" name=\"form_id\" value=\"16f147e0\"\/>\n\t\t\t<input type=\"hidden\" name=\"referer_title\" value=\"Eventos - Valpara\u00ed\u00adso Creativo\" \/>\n\n\t\t\t\t\t\t\t<input type=\"hidden\" name=\"queried_id\" value=\"23801\"\/>\n\t\t\t\n\t\t\t<div class=\"elementor-form-fields-wrapper elementor-labels-\">\n\t\t\t\t\t\t\t\t<div class=\"elementor-field-type-text elementor-field-group elementor-column elementor-field-group-field_eb69e12 elementor-col-50\">\n\t\t\t\t\t\t\t\t\t\t\t\t<label for=\"form-field-field_eb69e12\" class=\"elementor-field-label elementor-screen-only\">\n\t\t\t\t\t\t\t\tNombre Encargado\t\t\t\t\t\t\t<\/label>\n\t\t\t\t\t\t\t\t\t\t\t\t\t\t<input size=\"1\" type=\"text\" name=\"form_fields[field_eb69e12]\" id=\"form-field-field_eb69e12\" class=\"elementor-field elementor-size-sm  elementor-field-textual\" placeholder=\"Nombre encargado\">\n\t\t\t\t\t\t\t\t\t\t\t<\/div>\n\t\t\t\t\t\t\t\t<div class=\"elementor-field-type-email elementor-field-group elementor-column elementor-field-group-field_52b425a elementor-col-50 elementor-field-required\">\n\t\t\t\t\t\t\t\t\t\t\t\t<label for=\"form-field-field_52b425a\" class=\"elementor-field-label elementor-screen-only\">\n\t\t\t\t\t\t\t\tMail\t\t\t\t\t\t\t<\/label>\n\t\t\t\t\t\t\t\t\t\t\t\t\t\t<input size=\"1\" type=\"email\" name=\"form_fields[field_52b425a]\" id=\"form-field-field_52b425a\" class=\"elementor-field elementor-size-sm  elementor-field-textual\" placeholder=\"Mail de contacto\" required=\"required\">\n\t\t\t\t\t\t\t\t\t\t\t<\/div>\n\t\t\t\t\t\t\t\t<div class=\"elementor-field-type-text elementor-field-group elementor-column elementor-field-group-event_title elementor-col-50 elementor-field-required\">\n\t\t\t\t\t\t\t\t\t\t\t\t<label for=\"form-field-event_title\" class=\"elementor-field-label elementor-screen-only\">\n\t\t\t\t\t\t\t\tNombre del evento\t\t\t\t\t\t\t<\/label>\n\t\t\t\t\t\t\t\t\t\t\t\t\t\t<input size=\"1\" type=\"text\" name=\"form_fields[event_title]\" id=\"form-field-event_title\" class=\"elementor-field elementor-size-sm  elementor-field-textual\" placeholder=\"Nombre del evento\" required=\"required\">\n\t\t\t\t\t\t\t\t\t\t\t<\/div>\n\t\t\t\t\t\t\t\t<div class=\"elementor-field-type-text elementor-field-group elementor-column elementor-field-group-ovaev_organizer elementor-col-50 elementor-field-required\">\n\t\t\t\t\t\t\t\t\t\t\t\t<label for=\"form-field-ovaev_organizer\" class=\"elementor-field-label elementor-screen-only\">\n\t\t\t\t\t\t\t\tOrganizador\t\t\t\t\t\t\t<\/label>\n\t\t\t\t\t\t\t\t\t\t\t\t\t\t<input size=\"1\" type=\"text\" name=\"form_fields[ovaev_organizer]\" id=\"form-field-ovaev_organizer\" class=\"elementor-field elementor-size-sm  elementor-field-textual\" placeholder=\"Organizador\" required=\"required\">\n\t\t\t\t\t\t\t\t\t\t\t<\/div>\n\t\t\t\t\t\t\t\t<div class=\"elementor-field-type-date elementor-field-group elementor-column elementor-field-group-ovaev_start_date elementor-col-50 elementor-field-required\">\n\t\t\t\t\t\t\t\t\t\t\t\t<label for=\"form-field-ovaev_start_date\" class=\"elementor-field-label elementor-screen-only\">\n\t\t\t\t\t\t\t\tFecha Inicio\t\t\t\t\t\t\t<\/label>\n\t\t\t\t\t\t\n\t\t<input type=\"date\" name=\"form_fields[ovaev_start_date]\" id=\"form-field-ovaev_start_date\" class=\"elementor-field elementor-size-sm  elementor-field-textual elementor-date-field\" placeholder=\"Fecha Inicio\" required=\"required\" pattern=\"[0-9]{4}-[0-9]{2}-[0-9]{2}\">\n\t\t\t\t\t\t<\/div>\n\t\t\t\t\t\t\t\t<div class=\"elementor-field-type-time elementor-field-group elementor-column elementor-field-group-ovaev_start_time elementor-col-50 elementor-field-required\">\n\t\t\t\t\t\t\t\t\t\t\t\t<label for=\"form-field-ovaev_start_time\" class=\"elementor-field-label elementor-screen-only\">\n\t\t\t\t\t\t\t\tHora Inicio\t\t\t\t\t\t\t<\/label>\n\t\t\t\t\t\t\t\t<input type=\"time\" name=\"form_fields[ovaev_start_time]\" id=\"form-field-ovaev_start_time\" class=\"elementor-field elementor-size-sm  elementor-field-textual elementor-time-field\" placeholder=\"Hora Inicio\" required=\"required\">\n\t\t\t\t\t\t<\/div>\n\t\t\t\t\t\t\t\t<div class=\"elementor-field-type-date elementor-field-group elementor-column elementor-field-group-ovaev_end_date elementor-col-50 elementor-field-required\">\n\t\t\t\t\t\t\t\t\t\t\t\t<label for=\"form-field-ovaev_end_date\" class=\"elementor-field-label elementor-screen-only\">\n\t\t\t\t\t\t\t\tFecha T\u00e9rmino\t\t\t\t\t\t\t<\/label>\n\t\t\t\t\t\t\n\t\t<input type=\"date\" name=\"form_fields[ovaev_end_date]\" id=\"form-field-ovaev_end_date\" class=\"elementor-field elementor-size-sm  elementor-field-textual elementor-date-field\" placeholder=\"Fecha T\u00e9rmino\" required=\"required\" pattern=\"[0-9]{4}-[0-9]{2}-[0-9]{2}\">\n\t\t\t\t\t\t<\/div>\n\t\t\t\t\t\t\t\t<div class=\"elementor-field-type-time elementor-field-group elementor-column elementor-field-group-ovaev_end_time elementor-col-50 elementor-field-required\">\n\t\t\t\t\t\t\t\t\t\t\t\t<label for=\"form-field-ovaev_end_time\" class=\"elementor-field-label elementor-screen-only\">\n\t\t\t\t\t\t\t\tHora T\u00e9rmino\t\t\t\t\t\t\t<\/label>\n\t\t\t\t\t\t\t\t<input type=\"time\" name=\"form_fields[ovaev_end_time]\" id=\"form-field-ovaev_end_time\" class=\"elementor-field elementor-size-sm  elementor-field-textual elementor-time-field\" placeholder=\"Hora T\u00e9rmino\" required=\"required\">\n\t\t\t\t\t\t<\/div>\n\t\t\t\t\t\t\t\t<div class=\"elementor-field-type-text elementor-field-group elementor-column elementor-field-group-ovaev_map_address elementor-col-50 elementor-field-required\">\n\t\t\t\t\t\t\t\t\t\t\t\t<label for=\"form-field-ovaev_map_address\" class=\"elementor-field-label elementor-screen-only\">\n\t\t\t\t\t\t\t\tDirecci\u00f3n\t\t\t\t\t\t\t<\/label>\n\t\t\t\t\t\t\t\t\t\t\t\t\t\t<input size=\"1\" type=\"text\" name=\"form_fields[ovaev_map_address]\" id=\"form-field-ovaev_map_address\" class=\"elementor-field elementor-size-sm  elementor-field-textual\" placeholder=\"Direcci\u00f3n\" required=\"required\">\n\t\t\t\t\t\t\t\t\t\t\t<\/div>\n\t\t\t\t\t\t\t\t<div class=\"elementor-field-type-text elementor-field-group elementor-column elementor-field-group-ovaev_map_lat elementor-col-25\">\n\t\t\t\t\t\t\t\t\t\t\t\t<label for=\"form-field-ovaev_map_lat\" class=\"elementor-field-label elementor-screen-only\">\n\t\t\t\t\t\t\t\tLatitud\t\t\t\t\t\t\t<\/label>\n\t\t\t\t\t\t\t\t\t\t\t\t\t\t<input size=\"1\" type=\"text\" name=\"form_fields[ovaev_map_lat]\" id=\"form-field-ovaev_map_lat\" class=\"elementor-field elementor-size-sm  elementor-field-textual\" placeholder=\"Latitud\">\n\t\t\t\t\t\t\t\t\t\t\t<\/div>\n\t\t\t\t\t\t\t\t<div class=\"elementor-field-type-text elementor-field-group elementor-column elementor-field-group-ovaev_map_lng elementor-col-25\">\n\t\t\t\t\t\t\t\t\t\t\t\t<label for=\"form-field-ovaev_map_lng\" class=\"elementor-field-label elementor-screen-only\">\n\t\t\t\t\t\t\t\tLongitud\t\t\t\t\t\t\t<\/label>\n\t\t\t\t\t\t\t\t\t\t\t\t\t\t<input size=\"1\" type=\"text\" name=\"form_fields[ovaev_map_lng]\" id=\"form-field-ovaev_map_lng\" class=\"elementor-field elementor-size-sm  elementor-field-textual\" placeholder=\"Longitud\">\n\t\t\t\t\t\t\t\t\t\t\t<\/div>\n\t\t\t\t\t\t\t\t<div class=\"elementor-field-type-upload elementor-field-group elementor-column elementor-field-group-event_image elementor-col-50 elementor-md-100 elementor-field-required\">\n\t\t\t\t\t\t\t\t\t\t\t\t<label for=\"form-field-event_image\" class=\"elementor-field-label elementor-screen-only\">\n\t\t\t\t\t\t\t\tAdjunta la imagen de tu evento\t\t\t\t\t\t\t<\/label>\n\t\t\t\t\t\t\t\t<input type=\"file\" name=\"form_fields[event_image]\" id=\"form-field-event_image\" class=\"elementor-field elementor-size-sm  elementor-upload-field\" required=\"required\">\n\n\t\t\t\t\t\t<\/div>\n\t\t\t\t\t\t\t\t<div class=\"elementor-field-type-url elementor-field-group elementor-column elementor-field-group-ovaev_booking_links elementor-col-50 elementor-md-100 elementor-field-required\">\n\t\t\t\t\t\t\t\t\t\t\t\t<label for=\"form-field-ovaev_booking_links\" class=\"elementor-field-label elementor-screen-only\">\n\t\t\t\t\t\t\t\tLink de reserva\t\t\t\t\t\t\t<\/label>\n\t\t\t\t\t\t\t\t\t\t\t\t\t\t<input size=\"1\" type=\"url\" name=\"form_fields[ovaev_booking_links]\" id=\"form-field-ovaev_booking_links\" class=\"elementor-field elementor-size-sm  elementor-field-textual\" placeholder=\"Link de reserva\" required=\"required\">\n\t\t\t\t\t\t\t\t\t\t\t<\/div>\n\t\t\t\t\t\t\t\t<div class=\"elementor-field-type-textarea elementor-field-group elementor-column elementor-field-group-event_description elementor-col-100 elementor-field-required\">\n\t\t\t\t\t\t\t\t\t\t\t\t<label for=\"form-field-event_description\" class=\"elementor-field-label elementor-screen-only\">\n\t\t\t\t\t\t\t\tDescripcion\t\t\t\t\t\t\t<\/label>\n\t\t\t\t\t\t<textarea class=\"elementor-field-textual elementor-field  elementor-size-sm\" name=\"form_fields[event_description]\" id=\"form-field-event_description\" rows=\"4\" placeholder=\"Descripcion\" required=\"required\"><\/textarea>\t\t\t\t<\/div>\n\t\t\t\t\t\t\t\t<div class=\"elementor-field-type-recaptcha elementor-field-group elementor-column elementor-field-group-field_56afdc6 elementor-col-100\">\n\t\t\t\t\t<div class=\"elementor-field\" id=\"form-field-field_56afdc6\"><div class=\"elementor-g-recaptcha\" data-sitekey=\"6LcPupQrAAAAAF_juqeYw7v5LDdGG4D1L9rFHIsQ\" data-type=\"v2_checkbox\" data-theme=\"light\" data-size=\"normal\"><\/div><\/div>\t\t\t\t<\/div>\n\t\t\t\t\t\t\t\t<div class=\"elementor-field-group elementor-column elementor-field-type-submit elementor-col-100 e-form__buttons\">\n\t\t\t\t\t<button class=\"elementor-button elementor-size-sm\" type=\"submit\">\n\t\t\t\t\t\t<span class=\"elementor-button-content-wrapper\">\n\t\t\t\t\t\t\t\t\t\t\t\t\t\t\t\t\t\t\t\t\t\t<span class=\"elementor-button-text\">Enviar<\/span>\n\t\t\t\t\t\t\t\t\t\t\t\t\t<\/span>\n\t\t\t\t\t<\/button>\n\t\t\t\t<\/div>\n\t\t\t<\/div>\n\t\t<\/form>\n\t\t\t\t\t\t<\/div>\n\t\t\t\t<\/div>\n\t\t\t\t<\/div>\n\t\t\t\t<\/div>\n\t\t\t\t<\/div>\n\t\t","protected":false},"excerpt":{"rendered":"<p>Eventos de la Comunidad Creativa Sigue de cerca las actividades, encuentros y celebraciones que movilizan a la comunidad creativa de Valpara\u00edso. Esta agenda re\u00fane iniciativas que fortalecen la colaboraci\u00f3n, visibilizan el talento local y activan el territorio desde la cultura y la creaci\u00f3n. Start Date End Date Category All Categories 15 Ene 2026 Lanzamiento de [&hellip;]<\/p>\n","protected":false},"author":7,"featured_media":0,"parent":0,"menu_order":0,"comment_status":"closed","ping_status":"closed","template":"","meta":{"_acf_changed":false,"footnotes":""},"class_list":["post-23801","page","type-page","status-publish","hentry"],"acf":[],"yoast_head":"<!-- This site is optimized with the Yoast SEO plugin v27.1.1 - https:\/\/yoast.com\/product\/yoast-seo-wordpress\/ -->\n<title>Eventos - Valpara\u00ed\u00adso Creativo<\/title>\n<meta name=\"robots\" content=\"index, follow, max-snippet:-1, max-image-preview:large, max-video-preview:-1\" \/>\n<link rel=\"canonical\" href=\"https:\/\/dev.antudigital.cl\/sites\/vc\/eventos\/\" \/>\n<meta property=\"og:locale\" content=\"es_ES\" \/>\n<meta property=\"og:type\" content=\"article\" \/>\n<meta property=\"og:title\" content=\"Eventos - Valpara\u00ed\u00adso Creativo\" \/>\n<meta property=\"og:description\" content=\"Eventos de la Comunidad Creativa Sigue de cerca las actividades, encuentros y celebraciones que movilizan a la comunidad creativa de Valpara\u00edso. Esta agenda re\u00fane iniciativas que fortalecen la colaboraci\u00f3n, visibilizan el talento local y activan el territorio desde la cultura y la creaci\u00f3n. Start Date End Date Category All Categories 15 Ene 2026 Lanzamiento de [&hellip;]\" \/>\n<meta property=\"og:url\" content=\"https:\/\/dev.antudigital.cl\/sites\/vc\/eventos\/\" \/>\n<meta property=\"og:site_name\" content=\"Valpara\u00ed\u00adso Creativo\" \/>\n<meta property=\"article:modified_time\" content=\"2026-03-10T15:48:56+00:00\" \/>\n<meta property=\"og:image\" content=\"https:\/\/dev.antudigital.cl\/sites\/vc\/wp-content\/uploads\/2026\/01\/498ebac4-4e49-46cd-a922-cd2ae1d620df-500x700.jpg\" \/>\n<meta name=\"twitter:card\" content=\"summary_large_image\" \/>\n<meta name=\"twitter:label1\" content=\"Tiempo de lectura\" \/>\n\t<meta name=\"twitter:data1\" content=\"4 minutos\" \/>\n<script type=\"application\/ld+json\" class=\"yoast-schema-graph\">{\"@context\":\"https:\/\/schema.org\",\"@graph\":[{\"@type\":\"WebPage\",\"@id\":\"https:\/\/dev.antudigital.cl\/sites\/vc\/eventos\/\",\"url\":\"https:\/\/dev.antudigital.cl\/sites\/vc\/eventos\/\",\"name\":\"Eventos - Valpara\u00ed\u00adso Creativo\",\"isPartOf\":{\"@id\":\"https:\/\/dev.antudigital.cl\/sites\/vc\/#website\"},\"primaryImageOfPage\":{\"@id\":\"https:\/\/dev.antudigital.cl\/sites\/vc\/eventos\/#primaryimage\"},\"image\":{\"@id\":\"https:\/\/dev.antudigital.cl\/sites\/vc\/eventos\/#primaryimage\"},\"thumbnailUrl\":\"https:\/\/dev.antudigital.cl\/sites\/vc\/wp-content\/uploads\/2026\/01\/498ebac4-4e49-46cd-a922-cd2ae1d620df-500x700.jpg\",\"datePublished\":\"2025-06-05T15:48:07+00:00\",\"dateModified\":\"2026-03-10T15:48:56+00:00\",\"breadcrumb\":{\"@id\":\"https:\/\/dev.antudigital.cl\/sites\/vc\/eventos\/#breadcrumb\"},\"inLanguage\":\"es\",\"potentialAction\":[{\"@type\":\"ReadAction\",\"target\":[\"https:\/\/dev.antudigital.cl\/sites\/vc\/eventos\/\"]}]},{\"@type\":\"ImageObject\",\"inLanguage\":\"es\",\"@id\":\"https:\/\/dev.antudigital.cl\/sites\/vc\/eventos\/#primaryimage\",\"url\":\"https:\/\/dev.antudigital.cl\/sites\/vc\/wp-content\/uploads\/2026\/01\/498ebac4-4e49-46cd-a922-cd2ae1d620df.jpg\",\"contentUrl\":\"https:\/\/dev.antudigital.cl\/sites\/vc\/wp-content\/uploads\/2026\/01\/498ebac4-4e49-46cd-a922-cd2ae1d620df.jpg\",\"width\":1080,\"height\":1080},{\"@type\":\"BreadcrumbList\",\"@id\":\"https:\/\/dev.antudigital.cl\/sites\/vc\/eventos\/#breadcrumb\",\"itemListElement\":[{\"@type\":\"ListItem\",\"position\":1,\"name\":\"Home\",\"item\":\"https:\/\/dev.antudigital.cl\/sites\/vc\/\"},{\"@type\":\"ListItem\",\"position\":2,\"name\":\"Eventos\"}]},{\"@type\":\"WebSite\",\"@id\":\"https:\/\/dev.antudigital.cl\/sites\/vc\/#website\",\"url\":\"https:\/\/dev.antudigital.cl\/sites\/vc\/\",\"name\":\"Valpara\u00ed\u00adso Creativo\",\"description\":\"\",\"potentialAction\":[{\"@type\":\"SearchAction\",\"target\":{\"@type\":\"EntryPoint\",\"urlTemplate\":\"https:\/\/dev.antudigital.cl\/sites\/vc\/?s={search_term_string}\"},\"query-input\":{\"@type\":\"PropertyValueSpecification\",\"valueRequired\":true,\"valueName\":\"search_term_string\"}}],\"inLanguage\":\"es\"}]}<\/script>\n<!-- \/ Yoast SEO plugin. -->","yoast_head_json":{"title":"Eventos - Valpara\u00ed\u00adso Creativo","robots":{"index":"index","follow":"follow","max-snippet":"max-snippet:-1","max-image-preview":"max-image-preview:large","max-video-preview":"max-video-preview:-1"},"canonical":"https:\/\/dev.antudigital.cl\/sites\/vc\/eventos\/","og_locale":"es_ES","og_type":"article","og_title":"Eventos - Valpara\u00ed\u00adso Creativo","og_description":"Eventos de la Comunidad Creativa Sigue de cerca las actividades, encuentros y celebraciones que movilizan a la comunidad creativa de Valpara\u00edso. Esta agenda re\u00fane iniciativas que fortalecen la colaboraci\u00f3n, visibilizan el talento local y activan el territorio desde la cultura y la creaci\u00f3n. Start Date End Date Category All Categories 15 Ene 2026 Lanzamiento de [&hellip;]","og_url":"https:\/\/dev.antudigital.cl\/sites\/vc\/eventos\/","og_site_name":"Valpara\u00ed\u00adso Creativo","article_modified_time":"2026-03-10T15:48:56+00:00","og_image":[{"url":"https:\/\/dev.antudigital.cl\/sites\/vc\/wp-content\/uploads\/2026\/01\/498ebac4-4e49-46cd-a922-cd2ae1d620df-500x700.jpg","type":"","width":"","height":""}],"twitter_card":"summary_large_image","twitter_misc":{"Tiempo de lectura":"4 minutos"},"schema":{"@context":"https:\/\/schema.org","@graph":[{"@type":"WebPage","@id":"https:\/\/dev.antudigital.cl\/sites\/vc\/eventos\/","url":"https:\/\/dev.antudigital.cl\/sites\/vc\/eventos\/","name":"Eventos - Valpara\u00ed\u00adso Creativo","isPartOf":{"@id":"https:\/\/dev.antudigital.cl\/sites\/vc\/#website"},"primaryImageOfPage":{"@id":"https:\/\/dev.antudigital.cl\/sites\/vc\/eventos\/#primaryimage"},"image":{"@id":"https:\/\/dev.antudigital.cl\/sites\/vc\/eventos\/#primaryimage"},"thumbnailUrl":"https:\/\/dev.antudigital.cl\/sites\/vc\/wp-content\/uploads\/2026\/01\/498ebac4-4e49-46cd-a922-cd2ae1d620df-500x700.jpg","datePublished":"2025-06-05T15:48:07+00:00","dateModified":"2026-03-10T15:48:56+00:00","breadcrumb":{"@id":"https:\/\/dev.antudigital.cl\/sites\/vc\/eventos\/#breadcrumb"},"inLanguage":"es","potentialAction":[{"@type":"ReadAction","target":["https:\/\/dev.antudigital.cl\/sites\/vc\/eventos\/"]}]},{"@type":"ImageObject","inLanguage":"es","@id":"https:\/\/dev.antudigital.cl\/sites\/vc\/eventos\/#primaryimage","url":"https:\/\/dev.antudigital.cl\/sites\/vc\/wp-content\/uploads\/2026\/01\/498ebac4-4e49-46cd-a922-cd2ae1d620df.jpg","contentUrl":"https:\/\/dev.antudigital.cl\/sites\/vc\/wp-content\/uploads\/2026\/01\/498ebac4-4e49-46cd-a922-cd2ae1d620df.jpg","width":1080,"height":1080},{"@type":"BreadcrumbList","@id":"https:\/\/dev.antudigital.cl\/sites\/vc\/eventos\/#breadcrumb","itemListElement":[{"@type":"ListItem","position":1,"name":"Home","item":"https:\/\/dev.antudigital.cl\/sites\/vc\/"},{"@type":"ListItem","position":2,"name":"Eventos"}]},{"@type":"WebSite","@id":"https:\/\/dev.antudigital.cl\/sites\/vc\/#website","url":"https:\/\/dev.antudigital.cl\/sites\/vc\/","name":"Valpara\u00ed\u00adso Creativo","description":"","potentialAction":[{"@type":"SearchAction","target":{"@type":"EntryPoint","urlTemplate":"https:\/\/dev.antudigital.cl\/sites\/vc\/?s={search_term_string}"},"query-input":{"@type":"PropertyValueSpecification","valueRequired":true,"valueName":"search_term_string"}}],"inLanguage":"es"}]}},"_links":{"self":[{"href":"https:\/\/dev.antudigital.cl\/sites\/vc\/wp-json\/wp\/v2\/pages\/23801","targetHints":{"allow":["GET"]}}],"collection":[{"href":"https:\/\/dev.antudigital.cl\/sites\/vc\/wp-json\/wp\/v2\/pages"}],"about":[{"href":"https:\/\/dev.antudigital.cl\/sites\/vc\/wp-json\/wp\/v2\/types\/page"}],"author":[{"embeddable":true,"href":"https:\/\/dev.antudigital.cl\/sites\/vc\/wp-json\/wp\/v2\/users\/7"}],"replies":[{"embeddable":true,"href":"https:\/\/dev.antudigital.cl\/sites\/vc\/wp-json\/wp\/v2\/comments?post=23801"}],"version-history":[{"count":26,"href":"https:\/\/dev.antudigital.cl\/sites\/vc\/wp-json\/wp\/v2\/pages\/23801\/revisions"}],"predecessor-version":[{"id":27442,"href":"https:\/\/dev.antudigital.cl\/sites\/vc\/wp-json\/wp\/v2\/pages\/23801\/revisions\/27442"}],"wp:attachment":[{"href":"https:\/\/dev.antudigital.cl\/sites\/vc\/wp-json\/wp\/v2\/media?parent=23801"}],"curies":[{"name":"wp","href":"https:\/\/api.w.org\/{rel}","templated":true}]}}