{"id":23972,"date":"2025-06-10T13:04:10","date_gmt":"2025-06-10T13:04:10","guid":{"rendered":"https:\/\/www.valparaisocreativo.cl\/?page_id=23972"},"modified":"2026-03-10T13:55:04","modified_gmt":"2026-03-10T16:55:04","slug":"novedades","status":"publish","type":"page","link":"https:\/\/dev.antudigital.cl\/sites\/vc\/novedades\/","title":{"rendered":"Novedades"},"content":{"rendered":"\t\t<div data-elementor-type=\"wp-page\" data-elementor-id=\"23972\" class=\"elementor elementor-23972\" data-elementor-post-type=\"page\">\n\t\t\t\t<div class=\"elementor-element elementor-element-e638caf e-flex e-con-boxed e-con e-parent\" data-id=\"e638caf\" data-element_type=\"container\" data-e-type=\"container\" data-settings=\"{&quot;background_background&quot;:&quot;classic&quot;}\">\n\t\t\t\t\t<div class=\"e-con-inner\">\n\t\t\t\t<div class=\"elementor-element elementor-element-caa26ce premium-blog__carousel-yes premium-blog-align-left elementor-widget elementor-widget-premium-addon-blog\" data-id=\"caa26ce\" data-element_type=\"widget\" data-e-type=\"widget\" data-settings=\"{&quot;premium_blog_carousel&quot;:&quot;yes&quot;,&quot;slides_to_scroll&quot;:1,&quot;premium_blog_carousel_fade&quot;:&quot;yes&quot;,&quot;premium_blog_carousel_play&quot;:&quot;yes&quot;,&quot;premium_blog_carousel_autoplay_speed&quot;:5000,&quot;carousel_speed&quot;:300,&quot;premium_blog_carousel_spacing&quot;:&quot;15&quot;,&quot;premium_blog_carousel_arrows&quot;:&quot;yes&quot;,&quot;arrows_position&quot;:&quot;default&quot;}\" data-widget_type=\"premium-addon-blog.default\">\n\t\t\t\t<div class=\"elementor-widget-container\">\n\t\t\t\t\t\r\n\t\t\r\n\r\n\t\t\t\t<div class=\"premium-blog-wrap  premium-blog-list premium-carousel-hidden\" data-page=\"23972\">\r\n\t\t\t\t\t\t\t\t\t<article class=\"premium-blog-post-outer-container\" data-total=\"116\">\r\n\t\t\t<div class=\"premium-blog-post-container premium-blog-skin-banner\">\r\n\t\t\t\t\t\t\t\t\t<div class=\"premium-blog-thumb-effect-wrapper\">\r\n\t\t\t\t\t\t<div class=\"premium-blog-thumbnail-container premium-blog-none-effect\">\r\n\t\t\t\t\t\t\t<img fetchpriority=\"high\" decoding=\"async\" width=\"1170\" height=\"1367\" src=\"https:\/\/dev.antudigital.cl\/sites\/vc\/wp-content\/uploads\/2026\/02\/IMG_4823.jpg\" class=\"attachment-full size-full wp-image-27324\" alt=\"\" srcset=\"https:\/\/dev.antudigital.cl\/sites\/vc\/wp-content\/uploads\/2026\/02\/IMG_4823.jpg 1170w, https:\/\/dev.antudigital.cl\/sites\/vc\/wp-content\/uploads\/2026\/02\/IMG_4823-257x300.jpg 257w, https:\/\/dev.antudigital.cl\/sites\/vc\/wp-content\/uploads\/2026\/02\/IMG_4823-876x1024.jpg 876w, https:\/\/dev.antudigital.cl\/sites\/vc\/wp-content\/uploads\/2026\/02\/IMG_4823-768x897.jpg 768w\" sizes=\"(max-width: 1170px) 100vw, 1170px\" \/>\t\t\t\t\t\t<\/div>\r\n\t\t\t\t\t\t\t\t\t\t\t\t\t<div class=\"premium-blog-thumbnail-overlay\">\r\n\t\t\t\t\t\t\t\t<a class=\"elementor-icon\" href=\"https:\/\/dev.antudigital.cl\/sites\/vc\/vestuario-escenico-como-patrimonio-vivo-la-puesta-en-valor-de-un-oficio-creativo-en-valparaiso\/\" target=\"_blank\"><\/a>\r\n\t\t\t\t\t\t\t<\/div>\r\n\r\n\t\t\t\t\t\t\t\t\t\t\t\t\t\t\t\t\t\t<\/div>\r\n\t\t\t\t\t\t\t\t\t\t\t\t<div class=\"premium-blog-content-wrapper \">\r\n\r\n\t\t\t\t\t<div class=\"premium-blog-inner-container\">\r\n\r\n\t\t\t\t\t\t\t\t\t\t\t\t\t<div class=\"premium-blog-cats-container\">\r\n\t\t\t\t\t\t\t\t<ul class=\"post-categories\">\r\n\t\t\t\t\t\t\t\t\t<li><a href=\"https:\/\/dev.antudigital.cl\/sites\/vc\/category\/blog\/\" class=\"elementor-repeater-item-3a2720b\">Blog<\/a><\/li><li><a href=\"https:\/\/dev.antudigital.cl\/sites\/vc\/category\/entrevista\/\" class=\"elementor-repeater-item-eae0962\">Entrevista<\/a><\/li><li><a href=\"https:\/\/dev.antudigital.cl\/sites\/vc\/category\/noticia\/\" class=\"elementor-repeater-item-cb02452\">Noticia<\/a><\/li><li><a href=\"https:\/\/dev.antudigital.cl\/sites\/vc\/category\/oficios\/\" class=\"\">Oficios<\/a><\/li><li><a href=\"https:\/\/dev.antudigital.cl\/sites\/vc\/category\/patrimonio\/\" class=\"\">Patrimonio<\/a><\/li>\t\t\t\t\t\t\t\t<\/ul>\r\n\t\t\t\t\t\t\t<\/div>\r\n\t\t\t\t\t\t\t\t\t\t\t\t\t\t<h3 class=\"premium-blog-entry-title\">\r\n\t\t\t<a href=\"https:\/\/dev.antudigital.cl\/sites\/vc\/vestuario-escenico-como-patrimonio-vivo-la-puesta-en-valor-de-un-oficio-creativo-en-valparaiso\/\" target=\"_blank\">\r\n\t\t\t\tVestuario esc\u00e9nico como patrimonio vivo: la puesta en valor de un oficio creativo en Valpara\u00edso\t\t\t<\/a>\r\n\t\t<\/h3>\r\n\t\t\t\t<div class=\"premium-blog-entry-meta\">\r\n\t\t\t\r\n\t\t\t\t\t\t\t<span class=\"premium-blog-meta-separator\">\u2022<\/span>\r\n\t\t\t\t<div class=\"premium-blog-post-time premium-blog-meta-data\">\r\n\t\t\t\t\t<i class=\"fa fa-calendar-alt\" aria-hidden=\"true\"><\/i>\r\n\t\t\t\t\t<span>febrero 23, 2026<\/span>\r\n\t\t\t\t<\/div>\r\n\t\t\t\r\n\t\t\t\r\n\t\t\t\t\t<\/div>\r\n\t\t\r\n\t\t\t\t\t<\/div>\r\n\r\n\t\t\t\t\t\t\t<div class=\"premium-blog-content-inner-wrapper\">\r\n\t\t<p class=\"premium-blog-post-content\">La Corporaci\u00f3n Experiencia Humana impulsa un prototipo expositivo que pone al vestuario esc\u00e9nico en el centro: como archivo vivo, experiencia p\u00fablica y campo de formaci\u00f3n. La propuesta \u2014dise\u00f1ada junto a Habitaciones Comunes\u2014 proyecta impacto cultural y econ\u00f3mico para Valpara\u00edso.<\/p><div class=\"premium-blog-excerpt-link-wrap\"><a href=\"https:\/\/dev.antudigital.cl\/sites\/vc\/vestuario-escenico-como-patrimonio-vivo-la-puesta-en-valor-de-un-oficio-creativo-en-valparaiso\/\" target=\"_blank\" class=\"premium-blog-excerpt-link elementor-button\">Leer m\u00e1s \u00bb<\/a><\/div>\t\t<\/div>\r\n\t\t\t\t\t\t\t\r\n\t\t\t\t<\/div>\r\n\t\t\t<\/div>\r\n\t\t<\/article>\r\n\r\n\t\t\t\t<article class=\"premium-blog-post-outer-container\" data-total=\"116\">\r\n\t\t\t<div class=\"premium-blog-post-container premium-blog-skin-banner\">\r\n\t\t\t\t\t\t\t\t\t<div class=\"premium-blog-thumb-effect-wrapper\">\r\n\t\t\t\t\t\t<div class=\"premium-blog-thumbnail-container premium-blog-none-effect\">\r\n\t\t\t\t\t\t\t<img decoding=\"async\" width=\"2560\" height=\"1707\" src=\"https:\/\/dev.antudigital.cl\/sites\/vc\/wp-content\/uploads\/2026\/02\/IMG_6700-scaled.jpg\" class=\"attachment-full size-full wp-image-27313\" alt=\"\" srcset=\"https:\/\/dev.antudigital.cl\/sites\/vc\/wp-content\/uploads\/2026\/02\/IMG_6700-scaled.jpg 2560w, https:\/\/dev.antudigital.cl\/sites\/vc\/wp-content\/uploads\/2026\/02\/IMG_6700-300x200.jpg 300w, https:\/\/dev.antudigital.cl\/sites\/vc\/wp-content\/uploads\/2026\/02\/IMG_6700-1024x683.jpg 1024w, https:\/\/dev.antudigital.cl\/sites\/vc\/wp-content\/uploads\/2026\/02\/IMG_6700-768x512.jpg 768w, https:\/\/dev.antudigital.cl\/sites\/vc\/wp-content\/uploads\/2026\/02\/IMG_6700-1536x1024.jpg 1536w, https:\/\/dev.antudigital.cl\/sites\/vc\/wp-content\/uploads\/2026\/02\/IMG_6700-2048x1365.jpg 2048w\" sizes=\"(max-width: 2560px) 100vw, 2560px\" \/>\t\t\t\t\t\t<\/div>\r\n\t\t\t\t\t\t\t\t\t\t\t\t\t<div class=\"premium-blog-thumbnail-overlay\">\r\n\t\t\t\t\t\t\t\t<a class=\"elementor-icon\" href=\"https:\/\/dev.antudigital.cl\/sites\/vc\/espacio-cultural-vina-del-mar-presenta-nueva-etapa-con-inauguracion-de-coleccion-en-sala-y-apertura-de-deposito-de-obras\/\" target=\"_blank\"><\/a>\r\n\t\t\t\t\t\t\t<\/div>\r\n\r\n\t\t\t\t\t\t\t\t\t\t\t\t\t\t\t\t\t\t<\/div>\r\n\t\t\t\t\t\t\t\t\t\t\t\t<div class=\"premium-blog-content-wrapper \">\r\n\r\n\t\t\t\t\t<div class=\"premium-blog-inner-container\">\r\n\r\n\t\t\t\t\t\t\t\t\t\t\t\t\t<div class=\"premium-blog-cats-container\">\r\n\t\t\t\t\t\t\t\t<ul class=\"post-categories\">\r\n\t\t\t\t\t\t\t\t\t<li><a href=\"https:\/\/dev.antudigital.cl\/sites\/vc\/category\/artes-visuales\/\" class=\"elementor-repeater-item-3a2720b\">Artes Visuales<\/a><\/li><li><a href=\"https:\/\/dev.antudigital.cl\/sites\/vc\/category\/blog\/\" class=\"elementor-repeater-item-eae0962\">Blog<\/a><\/li><li><a href=\"https:\/\/dev.antudigital.cl\/sites\/vc\/category\/noticia\/\" class=\"elementor-repeater-item-cb02452\">Noticia<\/a><\/li>\t\t\t\t\t\t\t\t<\/ul>\r\n\t\t\t\t\t\t\t<\/div>\r\n\t\t\t\t\t\t\t\t\t\t\t\t\t\t<h3 class=\"premium-blog-entry-title\">\r\n\t\t\t<a href=\"https:\/\/dev.antudigital.cl\/sites\/vc\/espacio-cultural-vina-del-mar-presenta-nueva-etapa-con-inauguracion-de-coleccion-en-sala-y-apertura-de-deposito-de-obras\/\" target=\"_blank\">\r\n\t\t\t\tEspacio Cultural Vi\u00f1a del Mar presenta nueva etapa con inauguraci\u00f3n de Colecci\u00f3n en Sala y apertura de Dep\u00f3sito de Obras\t\t\t<\/a>\r\n\t\t<\/h3>\r\n\t\t\t\t<div class=\"premium-blog-entry-meta\">\r\n\t\t\t\r\n\t\t\t\t\t\t\t<span class=\"premium-blog-meta-separator\">\u2022<\/span>\r\n\t\t\t\t<div class=\"premium-blog-post-time premium-blog-meta-data\">\r\n\t\t\t\t\t<i class=\"fa fa-calendar-alt\" aria-hidden=\"true\"><\/i>\r\n\t\t\t\t\t<span>febrero 23, 2026<\/span>\r\n\t\t\t\t<\/div>\r\n\t\t\t\r\n\t\t\t\r\n\t\t\t\t\t<\/div>\r\n\t\t\r\n\t\t\t\t\t<\/div>\r\n\r\n\t\t\t\t\t\t\t<div class=\"premium-blog-content-inner-wrapper\">\r\n\t\t<p class=\"premium-blog-post-content\">Con la presencia de autoridades locales, artistas y representantes del ecosistema cultural regional, el Espacio Cultural Vi\u00f1a del Mar realiz\u00f3 este martes la ceremonia \u201cPuntos de Encuentro\u201d, instancia que reuni\u00f3 a cerca de 100 personas en su sede de Arlegui 683.<\/p><div class=\"premium-blog-excerpt-link-wrap\"><a href=\"https:\/\/dev.antudigital.cl\/sites\/vc\/espacio-cultural-vina-del-mar-presenta-nueva-etapa-con-inauguracion-de-coleccion-en-sala-y-apertura-de-deposito-de-obras\/\" target=\"_blank\" class=\"premium-blog-excerpt-link elementor-button\">Leer m\u00e1s \u00bb<\/a><\/div>\t\t<\/div>\r\n\t\t\t\t\t\t\t\r\n\t\t\t\t<\/div>\r\n\t\t\t<\/div>\r\n\t\t<\/article>\r\n\r\n\t\t\t\t<article class=\"premium-blog-post-outer-container\" data-total=\"116\">\r\n\t\t\t<div class=\"premium-blog-post-container premium-blog-skin-banner\">\r\n\t\t\t\t\t\t\t\t\t<div class=\"premium-blog-thumb-effect-wrapper\">\r\n\t\t\t\t\t\t<div class=\"premium-blog-thumbnail-container premium-blog-none-effect\">\r\n\t\t\t\t\t\t\t<img decoding=\"async\" width=\"1552\" height=\"873\" src=\"https:\/\/dev.antudigital.cl\/sites\/vc\/wp-content\/uploads\/2026\/02\/Jornada-Internacional-Ufologia-1_Valpo-2026.jpeg\" class=\"attachment-full size-full wp-image-27309\" alt=\"\" srcset=\"https:\/\/dev.antudigital.cl\/sites\/vc\/wp-content\/uploads\/2026\/02\/Jornada-Internacional-Ufologia-1_Valpo-2026.jpeg 1552w, https:\/\/dev.antudigital.cl\/sites\/vc\/wp-content\/uploads\/2026\/02\/Jornada-Internacional-Ufologia-1_Valpo-2026-300x169.jpeg 300w, https:\/\/dev.antudigital.cl\/sites\/vc\/wp-content\/uploads\/2026\/02\/Jornada-Internacional-Ufologia-1_Valpo-2026-1024x576.jpeg 1024w, https:\/\/dev.antudigital.cl\/sites\/vc\/wp-content\/uploads\/2026\/02\/Jornada-Internacional-Ufologia-1_Valpo-2026-768x432.jpeg 768w, https:\/\/dev.antudigital.cl\/sites\/vc\/wp-content\/uploads\/2026\/02\/Jornada-Internacional-Ufologia-1_Valpo-2026-1536x864.jpeg 1536w\" sizes=\"(max-width: 1552px) 100vw, 1552px\" \/>\t\t\t\t\t\t<\/div>\r\n\t\t\t\t\t\t\t\t\t\t\t\t\t<div class=\"premium-blog-thumbnail-overlay\">\r\n\t\t\t\t\t\t\t\t<a class=\"elementor-icon\" href=\"https:\/\/dev.antudigital.cl\/sites\/vc\/nuevos-casos-y-evidencias-daran-vida-a-la-14a-jornada-internacional-de-ufologia-en-el-teatro-municipal-de-valparaiso\/\" target=\"_blank\"><\/a>\r\n\t\t\t\t\t\t\t<\/div>\r\n\r\n\t\t\t\t\t\t\t\t\t\t\t\t\t\t\t\t\t\t<\/div>\r\n\t\t\t\t\t\t\t\t\t\t\t\t<div class=\"premium-blog-content-wrapper \">\r\n\r\n\t\t\t\t\t<div class=\"premium-blog-inner-container\">\r\n\r\n\t\t\t\t\t\t\t\t\t\t\t\t\t<div class=\"premium-blog-cats-container\">\r\n\t\t\t\t\t\t\t\t<ul class=\"post-categories\">\r\n\t\t\t\t\t\t\t\t\t<li><a href=\"https:\/\/dev.antudigital.cl\/sites\/vc\/category\/blog\/\" class=\"elementor-repeater-item-3a2720b\">Blog<\/a><\/li><li><a href=\"https:\/\/dev.antudigital.cl\/sites\/vc\/category\/noticia\/\" class=\"elementor-repeater-item-eae0962\">Noticia<\/a><\/li>\t\t\t\t\t\t\t\t<\/ul>\r\n\t\t\t\t\t\t\t<\/div>\r\n\t\t\t\t\t\t\t\t\t\t\t\t\t\t<h3 class=\"premium-blog-entry-title\">\r\n\t\t\t<a href=\"https:\/\/dev.antudigital.cl\/sites\/vc\/nuevos-casos-y-evidencias-daran-vida-a-la-14a-jornada-internacional-de-ufologia-en-el-teatro-municipal-de-valparaiso\/\" target=\"_blank\">\r\n\t\t\t\tNuevos casos y evidencias dar\u00e1n vida a\u00a0la 14\u00aa Jornada Internacional de Ufolog\u00eda en el Teatro Municipal de Valpara\u00edso\t\t\t<\/a>\r\n\t\t<\/h3>\r\n\t\t\t\t<div class=\"premium-blog-entry-meta\">\r\n\t\t\t\r\n\t\t\t\t\t\t\t<span class=\"premium-blog-meta-separator\">\u2022<\/span>\r\n\t\t\t\t<div class=\"premium-blog-post-time premium-blog-meta-data\">\r\n\t\t\t\t\t<i class=\"fa fa-calendar-alt\" aria-hidden=\"true\"><\/i>\r\n\t\t\t\t\t<span>febrero 18, 2026<\/span>\r\n\t\t\t\t<\/div>\r\n\t\t\t\r\n\t\t\t\r\n\t\t\t\t\t<\/div>\r\n\t\t\r\n\t\t\t\t\t<\/div>\r\n\r\n\t\t\t\t\t\t\t<div class=\"premium-blog-content-inner-wrapper\">\r\n\t\t<p class=\"premium-blog-post-content\">Durante dos jornadas de conferencias, investigadores nacionales e internacionales expondr\u00e1n, por primera vez de forma p\u00fablica, los nuevos casos y evidencias que remecer\u00e1n la investigaci\u00f3n actual.<\/p><div class=\"premium-blog-excerpt-link-wrap\"><a href=\"https:\/\/dev.antudigital.cl\/sites\/vc\/nuevos-casos-y-evidencias-daran-vida-a-la-14a-jornada-internacional-de-ufologia-en-el-teatro-municipal-de-valparaiso\/\" target=\"_blank\" class=\"premium-blog-excerpt-link elementor-button\">Leer m\u00e1s \u00bb<\/a><\/div>\t\t<\/div>\r\n\t\t\t\t\t\t\t\r\n\t\t\t\t<\/div>\r\n\t\t\t<\/div>\r\n\t\t<\/article>\r\n\r\n\t\t\t\t\t\t\t<\/div>\r\n\r\n\t\t\r\n\t\t\r\n\t\t\t\t\t\t<\/div>\n\t\t\t\t<\/div>\n\t\t\t\t\t<\/div>\n\t\t\t\t<\/div>\n\t\t<div class=\"elementor-element elementor-element-75a0c5a e-flex e-con-boxed e-con e-parent\" data-id=\"75a0c5a\" data-element_type=\"container\" data-e-type=\"container\" data-settings=\"{&quot;background_background&quot;:&quot;classic&quot;}\">\n\t\t\t\t\t<div class=\"e-con-inner\">\n\t\t\t\t<div class=\"elementor-element elementor-element-2deb532 elementor-widget elementor-widget-heading\" data-id=\"2deb532\" data-element_type=\"widget\" data-e-type=\"widget\" data-settings=\"{&quot;_animation&quot;:&quot;none&quot;}\" data-widget_type=\"heading.default\">\n\t\t\t\t<div class=\"elementor-widget-container\">\n\t\t\t\t\t<h1 class=\"elementor-heading-title elementor-size-default\">Novedades de la Comunidad Creativa<\/h1>\t\t\t\t<\/div>\n\t\t\t\t<\/div>\n\t\t\t\t<div class=\"elementor-element elementor-element-efa3f93 elementor-widget elementor-widget-heading\" data-id=\"efa3f93\" data-element_type=\"widget\" data-e-type=\"widget\" data-widget_type=\"heading.default\">\n\t\t\t\t<div class=\"elementor-widget-container\">\n\t\t\t\t\t<span class=\"elementor-heading-title elementor-size-default\">Ent\u00e9rate de lo que est\u00e1 ocurriendo en el universo creativo de la regi\u00f3n de Valpara\u00edso.<\/span>\t\t\t\t<\/div>\n\t\t\t\t<\/div>\n\t\t\t\t<div class=\"elementor-element elementor-element-71d45e4 elementor-widget elementor-widget-search\" data-id=\"71d45e4\" data-element_type=\"widget\" data-e-type=\"widget\" data-settings=\"{&quot;live_results&quot;:&quot;yes&quot;,&quot;template_id&quot;:24264,&quot;submit_trigger&quot;:&quot;click_submit&quot;,&quot;minimum_search_characters&quot;:3,&quot;pagination_type_options&quot;:&quot;none&quot;,&quot;results_is_dropdown_width&quot;:&quot;search_field&quot;}\" data-widget_type=\"search.default\">\n\t\t\t\t<div class=\"elementor-widget-container\">\n\t\t\t\t\t\t\t<search class=\"e-search hidden\" role=\"search\">\n\t\t\t<form class=\"e-search-form\" action=\"https:\/\/dev.antudigital.cl\/sites\/vc\" method=\"get\">\n\n\t\t\t\t\n\t\t\t\t<label class=\"e-search-label\" for=\"search-71d45e4\">\n\t\t\t\t\t<span class=\"elementor-screen-only\">\n\t\t\t\t\t\tSearch\t\t\t\t\t<\/span>\n\t\t\t\t\t\t\t\t\t<\/label>\n\n\t\t\t\t<div class=\"e-search-input-wrapper\">\n\t\t\t\t\t<input id=\"search-71d45e4\" placeholder=\"Buscar por...\" class=\"e-search-input\" type=\"search\" name=\"s\" value=\"\" autocomplete=\"on\" role=\"combobox\" aria-autocomplete=\"list\" aria-expanded=\"false\" aria-controls=\"results-71d45e4\" aria-haspopup=\"listbox\">\n\t\t\t\t\t<svg aria-hidden=\"true\" class=\"e-font-icon-svg e-fas-times\" viewBox=\"0 0 352 512\" xmlns=\"http:\/\/www.w3.org\/2000\/svg\"><path d=\"M242.72 256l100.07-100.07c12.28-12.28 12.28-32.19 0-44.48l-22.24-22.24c-12.28-12.28-32.19-12.28-44.48 0L176 189.28 75.93 89.21c-12.28-12.28-32.19-12.28-44.48 0L9.21 111.45c-12.28 12.28-12.28 32.19 0 44.48L109.28 256 9.21 356.07c-12.28 12.28-12.28 32.19 0 44.48l22.24 22.24c12.28 12.28 32.2 12.28 44.48 0L176 322.72l100.07 100.07c12.28 12.28 32.2 12.28 44.48 0l22.24-22.24c12.28-12.28 12.28-32.19 0-44.48L242.72 256z\"><\/path><\/svg>\t\t\t\t\t\t\t\t\t\t<output id=\"results-71d45e4\" class=\"e-search-results-container hide-loader\" aria-live=\"polite\" aria-atomic=\"true\" aria-label=\"Results for search\" tabindex=\"0\">\n\t\t\t\t\t\t<div class=\"e-search-results\"><\/div>\n\t\t\t\t\t\t\t\t\t<div class=\"e-search-loader\">\n\t\t\t\t<svg xmlns=\"http:\/\/www.w3.org\/2000\/svg\" viewBox=\"0 0 28 28\">\n\t\t\t\t\t<path fill-rule=\"evenodd\" d=\"M14 .188c.587 0 1.063.475 1.063 1.062V5.5a1.063 1.063 0 0 1-2.126 0V1.25c0-.587.476-1.063 1.063-1.063ZM4.182 4.181a1.063 1.063 0 0 1 1.503 0L8.73 7.228A1.062 1.062 0 1 1 7.228 8.73L4.182 5.685a1.063 1.063 0 0 1 0-1.503Zm19.636 0a1.063 1.063 0 0 1 0 1.503L20.772 8.73a1.062 1.062 0 1 1-1.502-1.502l3.045-3.046a1.063 1.063 0 0 1 1.503 0ZM.188 14c0-.587.475-1.063 1.062-1.063H5.5a1.063 1.063 0 0 1 0 2.126H1.25A1.063 1.063 0 0 1 .187 14Zm21.25 0c0-.587.475-1.063 1.062-1.063h4.25a1.063 1.063 0 0 1 0 2.126H22.5A1.063 1.063 0 0 1 21.437 14ZM8.73 19.27a1.062 1.062 0 0 1 0 1.502l-3.045 3.046a1.063 1.063 0 0 1-1.503-1.503l3.046-3.046a1.063 1.063 0 0 1 1.502 0Zm10.54 0a1.063 1.063 0 0 1 1.502 0l3.046 3.045a1.063 1.063 0 0 1-1.503 1.503l-3.046-3.046a1.063 1.063 0 0 1 0-1.502ZM14 21.438c.587 0 1.063.475 1.063 1.062v4.25a1.063 1.063 0 0 1-2.126 0V22.5c0-.587.476-1.063 1.063-1.063Z\"\/>\n\t\t\t\t<\/svg>\n\t\t\t<\/div>\n\t\t\t\t\t\t\t\t<\/output>\n\t\t\t\t\t\t\t\t\t<\/div>\n\t\t\t\t\n\t\t\t\t\n\t\t\t\t<button class=\"e-search-submit  \" type=\"submit\">\n\t\t\t\t\t\n\t\t\t\t\t\t\t\t\t\t<span class=\"\">\n\t\t\t\t\t\tBuscar\t\t\t\t\t<\/span>\n\t\t\t\t\t\t\t\t\t<\/button>\n\t\t\t\t<input type=\"hidden\" name=\"e_search_props\" value=\"71d45e4-23972\">\n\t\t\t<\/form>\n\t\t<\/search>\n\t\t\t\t\t\t<\/div>\n\t\t\t\t<\/div>\n\t\t\t\t<div class=\"elementor-element elementor-element-0db2baa elementor-widget-divider--view-line elementor-widget elementor-widget-divider\" data-id=\"0db2baa\" data-element_type=\"widget\" data-e-type=\"widget\" data-widget_type=\"divider.default\">\n\t\t\t\t<div class=\"elementor-widget-container\">\n\t\t\t\t\t\t\t<div class=\"elementor-divider\">\n\t\t\t<span class=\"elementor-divider-separator\">\n\t\t\t\t\t\t<\/span>\n\t\t<\/div>\n\t\t\t\t\t\t<\/div>\n\t\t\t\t<\/div>\n\t\t\t\t<div class=\"elementor-element elementor-element-fcf13db elementor-posts--align-left elementor-grid-4 elementor-grid-tablet-2 elementor-grid-mobile-1 elementor-posts--thumbnail-top elementor-widget elementor-widget-posts\" data-id=\"fcf13db\" data-element_type=\"widget\" data-e-type=\"widget\" data-settings=\"{&quot;pagination_type&quot;:&quot;numbers_and_prev_next&quot;,&quot;classic_columns&quot;:&quot;4&quot;,&quot;classic_columns_tablet&quot;:&quot;2&quot;,&quot;classic_columns_mobile&quot;:&quot;1&quot;,&quot;classic_row_gap&quot;:{&quot;unit&quot;:&quot;px&quot;,&quot;size&quot;:35,&quot;sizes&quot;:[]},&quot;classic_row_gap_tablet&quot;:{&quot;unit&quot;:&quot;px&quot;,&quot;size&quot;:&quot;&quot;,&quot;sizes&quot;:[]},&quot;classic_row_gap_mobile&quot;:{&quot;unit&quot;:&quot;px&quot;,&quot;size&quot;:&quot;&quot;,&quot;sizes&quot;:[]}}\" data-widget_type=\"posts.classic\">\n\t\t\t\t<div class=\"elementor-widget-container\">\n\t\t\t\t\t\t\t<div class=\"elementor-posts-container elementor-posts elementor-posts--skin-classic elementor-grid\" role=\"list\">\n\t\t\t\t<article class=\"elementor-post elementor-grid-item post-27319 post type-post status-publish format-standard has-post-thumbnail hentry category-blog category-entrevista category-noticia category-oficios category-patrimonio tag-patrimonio tag-teatro tag-valparaiso\" role=\"listitem\">\n\t\t\t\t<a class=\"elementor-post__thumbnail__link\" href=\"https:\/\/dev.antudigital.cl\/sites\/vc\/vestuario-escenico-como-patrimonio-vivo-la-puesta-en-valor-de-un-oficio-creativo-en-valparaiso\/\" tabindex=\"-1\" >\n\t\t\t<div class=\"elementor-post__thumbnail\"><img fetchpriority=\"high\" decoding=\"async\" width=\"1170\" height=\"1367\" src=\"https:\/\/dev.antudigital.cl\/sites\/vc\/wp-content\/uploads\/2026\/02\/IMG_4823.jpg\" class=\"attachment-full size-full wp-image-27324\" alt=\"\" srcset=\"https:\/\/dev.antudigital.cl\/sites\/vc\/wp-content\/uploads\/2026\/02\/IMG_4823.jpg 1170w, https:\/\/dev.antudigital.cl\/sites\/vc\/wp-content\/uploads\/2026\/02\/IMG_4823-257x300.jpg 257w, https:\/\/dev.antudigital.cl\/sites\/vc\/wp-content\/uploads\/2026\/02\/IMG_4823-876x1024.jpg 876w, https:\/\/dev.antudigital.cl\/sites\/vc\/wp-content\/uploads\/2026\/02\/IMG_4823-768x897.jpg 768w\" sizes=\"(max-width: 1170px) 100vw, 1170px\" \/><\/div>\n\t\t<\/a>\n\t\t\t\t<div class=\"elementor-post__text\">\n\t\t\t\t<h3 class=\"elementor-post__title\">\n\t\t\t<a href=\"https:\/\/dev.antudigital.cl\/sites\/vc\/vestuario-escenico-como-patrimonio-vivo-la-puesta-en-valor-de-un-oficio-creativo-en-valparaiso\/\" >\n\t\t\t\tVestuario esc\u00e9nico como patrimonio vivo: la puesta en valor de un oficio creativo en Valpara\u00edso\t\t\t<\/a>\n\t\t<\/h3>\n\t\t\t\t<div class=\"elementor-post__meta-data\">\n\t\t\t\t\t<span class=\"elementor-post-date\">\n\t\t\tfebrero 23, 2026\t\t<\/span>\n\t\t\t\t<\/div>\n\t\t\n\t\t<a class=\"elementor-post__read-more\" href=\"https:\/\/dev.antudigital.cl\/sites\/vc\/vestuario-escenico-como-patrimonio-vivo-la-puesta-en-valor-de-un-oficio-creativo-en-valparaiso\/\" aria-label=\"Read more about Vestuario esc\u00e9nico como patrimonio vivo: la puesta en valor de un oficio creativo en Valpara\u00edso\" tabindex=\"-1\" >\n\t\t\tVer m\u00e1s\t\t<\/a>\n\n\t\t\t\t<\/div>\n\t\t\t\t<\/article>\n\t\t\t\t<article class=\"elementor-post elementor-grid-item post-27312 post type-post status-publish format-standard has-post-thumbnail hentry category-artes-visuales category-blog category-noticia\" role=\"listitem\">\n\t\t\t\t<a class=\"elementor-post__thumbnail__link\" href=\"https:\/\/dev.antudigital.cl\/sites\/vc\/espacio-cultural-vina-del-mar-presenta-nueva-etapa-con-inauguracion-de-coleccion-en-sala-y-apertura-de-deposito-de-obras\/\" tabindex=\"-1\" >\n\t\t\t<div class=\"elementor-post__thumbnail\"><img decoding=\"async\" width=\"2560\" height=\"1707\" src=\"https:\/\/dev.antudigital.cl\/sites\/vc\/wp-content\/uploads\/2026\/02\/IMG_6700-scaled.jpg\" class=\"attachment-full size-full wp-image-27313\" alt=\"\" srcset=\"https:\/\/dev.antudigital.cl\/sites\/vc\/wp-content\/uploads\/2026\/02\/IMG_6700-scaled.jpg 2560w, https:\/\/dev.antudigital.cl\/sites\/vc\/wp-content\/uploads\/2026\/02\/IMG_6700-300x200.jpg 300w, https:\/\/dev.antudigital.cl\/sites\/vc\/wp-content\/uploads\/2026\/02\/IMG_6700-1024x683.jpg 1024w, https:\/\/dev.antudigital.cl\/sites\/vc\/wp-content\/uploads\/2026\/02\/IMG_6700-768x512.jpg 768w, https:\/\/dev.antudigital.cl\/sites\/vc\/wp-content\/uploads\/2026\/02\/IMG_6700-1536x1024.jpg 1536w, https:\/\/dev.antudigital.cl\/sites\/vc\/wp-content\/uploads\/2026\/02\/IMG_6700-2048x1365.jpg 2048w\" sizes=\"(max-width: 2560px) 100vw, 2560px\" \/><\/div>\n\t\t<\/a>\n\t\t\t\t<div class=\"elementor-post__text\">\n\t\t\t\t<h3 class=\"elementor-post__title\">\n\t\t\t<a href=\"https:\/\/dev.antudigital.cl\/sites\/vc\/espacio-cultural-vina-del-mar-presenta-nueva-etapa-con-inauguracion-de-coleccion-en-sala-y-apertura-de-deposito-de-obras\/\" >\n\t\t\t\tEspacio Cultural Vi\u00f1a del Mar presenta nueva etapa con inauguraci\u00f3n de Colecci\u00f3n en Sala y apertura de Dep\u00f3sito de Obras\t\t\t<\/a>\n\t\t<\/h3>\n\t\t\t\t<div class=\"elementor-post__meta-data\">\n\t\t\t\t\t<span class=\"elementor-post-date\">\n\t\t\tfebrero 23, 2026\t\t<\/span>\n\t\t\t\t<\/div>\n\t\t\n\t\t<a class=\"elementor-post__read-more\" href=\"https:\/\/dev.antudigital.cl\/sites\/vc\/espacio-cultural-vina-del-mar-presenta-nueva-etapa-con-inauguracion-de-coleccion-en-sala-y-apertura-de-deposito-de-obras\/\" aria-label=\"Read more about Espacio Cultural Vi\u00f1a del Mar presenta nueva etapa con inauguraci\u00f3n de Colecci\u00f3n en Sala y apertura de Dep\u00f3sito de Obras\" tabindex=\"-1\" >\n\t\t\tVer m\u00e1s\t\t<\/a>\n\n\t\t\t\t<\/div>\n\t\t\t\t<\/article>\n\t\t\t\t<article class=\"elementor-post elementor-grid-item post-27308 post type-post status-publish format-standard has-post-thumbnail hentry category-blog category-noticia tag-actividades tag-valparaiso\" role=\"listitem\">\n\t\t\t\t<a class=\"elementor-post__thumbnail__link\" href=\"https:\/\/dev.antudigital.cl\/sites\/vc\/nuevos-casos-y-evidencias-daran-vida-a-la-14a-jornada-internacional-de-ufologia-en-el-teatro-municipal-de-valparaiso\/\" tabindex=\"-1\" >\n\t\t\t<div class=\"elementor-post__thumbnail\"><img decoding=\"async\" width=\"1552\" height=\"873\" src=\"https:\/\/dev.antudigital.cl\/sites\/vc\/wp-content\/uploads\/2026\/02\/Jornada-Internacional-Ufologia-1_Valpo-2026.jpeg\" class=\"attachment-full size-full wp-image-27309\" alt=\"\" srcset=\"https:\/\/dev.antudigital.cl\/sites\/vc\/wp-content\/uploads\/2026\/02\/Jornada-Internacional-Ufologia-1_Valpo-2026.jpeg 1552w, https:\/\/dev.antudigital.cl\/sites\/vc\/wp-content\/uploads\/2026\/02\/Jornada-Internacional-Ufologia-1_Valpo-2026-300x169.jpeg 300w, https:\/\/dev.antudigital.cl\/sites\/vc\/wp-content\/uploads\/2026\/02\/Jornada-Internacional-Ufologia-1_Valpo-2026-1024x576.jpeg 1024w, https:\/\/dev.antudigital.cl\/sites\/vc\/wp-content\/uploads\/2026\/02\/Jornada-Internacional-Ufologia-1_Valpo-2026-768x432.jpeg 768w, https:\/\/dev.antudigital.cl\/sites\/vc\/wp-content\/uploads\/2026\/02\/Jornada-Internacional-Ufologia-1_Valpo-2026-1536x864.jpeg 1536w\" sizes=\"(max-width: 1552px) 100vw, 1552px\" \/><\/div>\n\t\t<\/a>\n\t\t\t\t<div class=\"elementor-post__text\">\n\t\t\t\t<h3 class=\"elementor-post__title\">\n\t\t\t<a href=\"https:\/\/dev.antudigital.cl\/sites\/vc\/nuevos-casos-y-evidencias-daran-vida-a-la-14a-jornada-internacional-de-ufologia-en-el-teatro-municipal-de-valparaiso\/\" >\n\t\t\t\tNuevos casos y evidencias dar\u00e1n vida a\u00a0la 14\u00aa Jornada Internacional de Ufolog\u00eda en el Teatro Municipal de Valpara\u00edso\t\t\t<\/a>\n\t\t<\/h3>\n\t\t\t\t<div class=\"elementor-post__meta-data\">\n\t\t\t\t\t<span class=\"elementor-post-date\">\n\t\t\tfebrero 18, 2026\t\t<\/span>\n\t\t\t\t<\/div>\n\t\t\n\t\t<a class=\"elementor-post__read-more\" href=\"https:\/\/dev.antudigital.cl\/sites\/vc\/nuevos-casos-y-evidencias-daran-vida-a-la-14a-jornada-internacional-de-ufologia-en-el-teatro-municipal-de-valparaiso\/\" aria-label=\"Read more about Nuevos casos y evidencias dar\u00e1n vida a\u00a0la 14\u00aa Jornada Internacional de Ufolog\u00eda en el Teatro Municipal de Valpara\u00edso\" tabindex=\"-1\" >\n\t\t\tVer m\u00e1s\t\t<\/a>\n\n\t\t\t\t<\/div>\n\t\t\t\t<\/article>\n\t\t\t\t<article class=\"elementor-post elementor-grid-item post-27305 post type-post status-publish format-standard has-post-thumbnail hentry category-blog category-noticia category-patrimonio tag-actividades tag-destino-valparaiso-2 tag-valparaiso\" role=\"listitem\">\n\t\t\t\t<a class=\"elementor-post__thumbnail__link\" href=\"https:\/\/dev.antudigital.cl\/sites\/vc\/emporio-knop-abre-sus-puertas-en-destino-valparaiso\/\" tabindex=\"-1\" >\n\t\t\t<div class=\"elementor-post__thumbnail\"><img loading=\"lazy\" decoding=\"async\" width=\"2560\" height=\"1920\" src=\"https:\/\/dev.antudigital.cl\/sites\/vc\/wp-content\/uploads\/2026\/02\/01-scaled.jpg\" class=\"attachment-full size-full wp-image-27306\" alt=\"\" srcset=\"https:\/\/dev.antudigital.cl\/sites\/vc\/wp-content\/uploads\/2026\/02\/01-scaled.jpg 2560w, https:\/\/dev.antudigital.cl\/sites\/vc\/wp-content\/uploads\/2026\/02\/01-300x225.jpg 300w, https:\/\/dev.antudigital.cl\/sites\/vc\/wp-content\/uploads\/2026\/02\/01-1024x768.jpg 1024w, https:\/\/dev.antudigital.cl\/sites\/vc\/wp-content\/uploads\/2026\/02\/01-768x576.jpg 768w, https:\/\/dev.antudigital.cl\/sites\/vc\/wp-content\/uploads\/2026\/02\/01-1536x1152.jpg 1536w, https:\/\/dev.antudigital.cl\/sites\/vc\/wp-content\/uploads\/2026\/02\/01-2048x1536.jpg 2048w\" sizes=\"(max-width: 2560px) 100vw, 2560px\" \/><\/div>\n\t\t<\/a>\n\t\t\t\t<div class=\"elementor-post__text\">\n\t\t\t\t<h3 class=\"elementor-post__title\">\n\t\t\t<a href=\"https:\/\/dev.antudigital.cl\/sites\/vc\/emporio-knop-abre-sus-puertas-en-destino-valparaiso\/\" >\n\t\t\t\tEmporio Knop abre sus puertas en Destino Valpara\u00edso\t\t\t<\/a>\n\t\t<\/h3>\n\t\t\t\t<div class=\"elementor-post__meta-data\">\n\t\t\t\t\t<span class=\"elementor-post-date\">\n\t\t\tfebrero 18, 2026\t\t<\/span>\n\t\t\t\t<\/div>\n\t\t\n\t\t<a class=\"elementor-post__read-more\" href=\"https:\/\/dev.antudigital.cl\/sites\/vc\/emporio-knop-abre-sus-puertas-en-destino-valparaiso\/\" aria-label=\"Read more about Emporio Knop abre sus puertas en Destino Valpara\u00edso\" tabindex=\"-1\" >\n\t\t\tVer m\u00e1s\t\t<\/a>\n\n\t\t\t\t<\/div>\n\t\t\t\t<\/article>\n\t\t\t\t<article class=\"elementor-post elementor-grid-item post-27300 post type-post status-publish format-standard has-post-thumbnail hentry category-blog category-musica-y-sonido category-noticia tag-actividades tag-valparaiso\" role=\"listitem\">\n\t\t\t\t<a class=\"elementor-post__thumbnail__link\" href=\"https:\/\/dev.antudigital.cl\/sites\/vc\/puerto-orquesta-catalina-plaza-y-volvere\/\" tabindex=\"-1\" >\n\t\t\t<div class=\"elementor-post__thumbnail\"><img loading=\"lazy\" decoding=\"async\" width=\"1707\" height=\"2560\" src=\"https:\/\/dev.antudigital.cl\/sites\/vc\/wp-content\/uploads\/2026\/02\/PO-CATALINA-PLAZA01-scaled.jpeg\" class=\"attachment-full size-full wp-image-27301\" alt=\"\" srcset=\"https:\/\/dev.antudigital.cl\/sites\/vc\/wp-content\/uploads\/2026\/02\/PO-CATALINA-PLAZA01-scaled.jpeg 1707w, https:\/\/dev.antudigital.cl\/sites\/vc\/wp-content\/uploads\/2026\/02\/PO-CATALINA-PLAZA01-200x300.jpeg 200w, https:\/\/dev.antudigital.cl\/sites\/vc\/wp-content\/uploads\/2026\/02\/PO-CATALINA-PLAZA01-683x1024.jpeg 683w, https:\/\/dev.antudigital.cl\/sites\/vc\/wp-content\/uploads\/2026\/02\/PO-CATALINA-PLAZA01-768x1152.jpeg 768w, https:\/\/dev.antudigital.cl\/sites\/vc\/wp-content\/uploads\/2026\/02\/PO-CATALINA-PLAZA01-1024x1536.jpeg 1024w, https:\/\/dev.antudigital.cl\/sites\/vc\/wp-content\/uploads\/2026\/02\/PO-CATALINA-PLAZA01-1366x2048.jpeg 1366w\" sizes=\"(max-width: 1707px) 100vw, 1707px\" \/><\/div>\n\t\t<\/a>\n\t\t\t\t<div class=\"elementor-post__text\">\n\t\t\t\t<h3 class=\"elementor-post__title\">\n\t\t\t<a href=\"https:\/\/dev.antudigital.cl\/sites\/vc\/puerto-orquesta-catalina-plaza-y-volvere\/\" >\n\t\t\t\tPuerto Orquesta &amp; Catalina Plaza \u00abY volver\u00e9\u00bb\t\t\t<\/a>\n\t\t<\/h3>\n\t\t\t\t<div class=\"elementor-post__meta-data\">\n\t\t\t\t\t<span class=\"elementor-post-date\">\n\t\t\tfebrero 18, 2026\t\t<\/span>\n\t\t\t\t<\/div>\n\t\t\n\t\t<a class=\"elementor-post__read-more\" href=\"https:\/\/dev.antudigital.cl\/sites\/vc\/puerto-orquesta-catalina-plaza-y-volvere\/\" aria-label=\"Read more about Puerto Orquesta &amp; Catalina Plaza \u00abY volver\u00e9\u00bb\" tabindex=\"-1\" >\n\t\t\tVer m\u00e1s\t\t<\/a>\n\n\t\t\t\t<\/div>\n\t\t\t\t<\/article>\n\t\t\t\t<article class=\"elementor-post elementor-grid-item post-27277 post type-post status-publish format-standard has-post-thumbnail hentry category-blog category-entrevista category-noticia category-patrimonio tag-actividades tag-putaendo tag-turismo-creativo\" role=\"listitem\">\n\t\t\t\t<a class=\"elementor-post__thumbnail__link\" href=\"https:\/\/dev.antudigital.cl\/sites\/vc\/putaendo-activa-el-turismo-creativo-ffocart-y-la-apuesta-descentralizar-y-proyectar-el-territorio\/\" tabindex=\"-1\" >\n\t\t\t<div class=\"elementor-post__thumbnail\"><img loading=\"lazy\" decoding=\"async\" width=\"1920\" height=\"2560\" src=\"https:\/\/dev.antudigital.cl\/sites\/vc\/wp-content\/uploads\/2026\/02\/IMG_4630-scaled.jpg\" class=\"attachment-full size-full wp-image-27278\" alt=\"\" srcset=\"https:\/\/dev.antudigital.cl\/sites\/vc\/wp-content\/uploads\/2026\/02\/IMG_4630-scaled.jpg 1920w, https:\/\/dev.antudigital.cl\/sites\/vc\/wp-content\/uploads\/2026\/02\/IMG_4630-225x300.jpg 225w, https:\/\/dev.antudigital.cl\/sites\/vc\/wp-content\/uploads\/2026\/02\/IMG_4630-768x1024.jpg 768w, https:\/\/dev.antudigital.cl\/sites\/vc\/wp-content\/uploads\/2026\/02\/IMG_4630-1152x1536.jpg 1152w, https:\/\/dev.antudigital.cl\/sites\/vc\/wp-content\/uploads\/2026\/02\/IMG_4630-1536x2048.jpg 1536w\" sizes=\"(max-width: 1920px) 100vw, 1920px\" \/><\/div>\n\t\t<\/a>\n\t\t\t\t<div class=\"elementor-post__text\">\n\t\t\t\t<h3 class=\"elementor-post__title\">\n\t\t\t<a href=\"https:\/\/dev.antudigital.cl\/sites\/vc\/putaendo-activa-el-turismo-creativo-ffocart-y-la-apuesta-descentralizar-y-proyectar-el-territorio\/\" >\n\t\t\t\tTurismo creativo en Putaendo: FFOCART y la apuesta por descentralizar y proyectar el territorio\t\t\t<\/a>\n\t\t<\/h3>\n\t\t\t\t<div class=\"elementor-post__meta-data\">\n\t\t\t\t\t<span class=\"elementor-post-date\">\n\t\t\tfebrero 16, 2026\t\t<\/span>\n\t\t\t\t<\/div>\n\t\t\n\t\t<a class=\"elementor-post__read-more\" href=\"https:\/\/dev.antudigital.cl\/sites\/vc\/putaendo-activa-el-turismo-creativo-ffocart-y-la-apuesta-descentralizar-y-proyectar-el-territorio\/\" aria-label=\"Read more about Turismo creativo en Putaendo: FFOCART y la apuesta por descentralizar y proyectar el territorio\" tabindex=\"-1\" >\n\t\t\tVer m\u00e1s\t\t<\/a>\n\n\t\t\t\t<\/div>\n\t\t\t\t<\/article>\n\t\t\t\t<article class=\"elementor-post elementor-grid-item post-27274 post type-post status-publish format-standard has-post-thumbnail hentry category-blog category-literatura category-noticia tag-actividades tag-valparaiso\" role=\"listitem\">\n\t\t\t\t<a class=\"elementor-post__thumbnail__link\" href=\"https:\/\/dev.antudigital.cl\/sites\/vc\/lanzamiento-del-libro-valparaiso-rock-pistolas-de-daniela-arenas-belmar\/\" tabindex=\"-1\" >\n\t\t\t<div class=\"elementor-post__thumbnail\"><img loading=\"lazy\" decoding=\"async\" width=\"1335\" height=\"1600\" src=\"https:\/\/dev.antudigital.cl\/sites\/vc\/wp-content\/uploads\/2026\/02\/libro.jpeg\" class=\"attachment-full size-full wp-image-27275\" alt=\"\" srcset=\"https:\/\/dev.antudigital.cl\/sites\/vc\/wp-content\/uploads\/2026\/02\/libro.jpeg 1335w, https:\/\/dev.antudigital.cl\/sites\/vc\/wp-content\/uploads\/2026\/02\/libro-250x300.jpeg 250w, https:\/\/dev.antudigital.cl\/sites\/vc\/wp-content\/uploads\/2026\/02\/libro-854x1024.jpeg 854w, https:\/\/dev.antudigital.cl\/sites\/vc\/wp-content\/uploads\/2026\/02\/libro-768x920.jpeg 768w, https:\/\/dev.antudigital.cl\/sites\/vc\/wp-content\/uploads\/2026\/02\/libro-1282x1536.jpeg 1282w\" sizes=\"(max-width: 1335px) 100vw, 1335px\" \/><\/div>\n\t\t<\/a>\n\t\t\t\t<div class=\"elementor-post__text\">\n\t\t\t\t<h3 class=\"elementor-post__title\">\n\t\t\t<a href=\"https:\/\/dev.antudigital.cl\/sites\/vc\/lanzamiento-del-libro-valparaiso-rock-pistolas-de-daniela-arenas-belmar\/\" >\n\t\t\t\tLanzamiento del libro \u00abValpara\u00edso: Rock &amp; Pistolas\u00bb de Daniela Arenas Belmar\t\t\t<\/a>\n\t\t<\/h3>\n\t\t\t\t<div class=\"elementor-post__meta-data\">\n\t\t\t\t\t<span class=\"elementor-post-date\">\n\t\t\tfebrero 16, 2026\t\t<\/span>\n\t\t\t\t<\/div>\n\t\t\n\t\t<a class=\"elementor-post__read-more\" href=\"https:\/\/dev.antudigital.cl\/sites\/vc\/lanzamiento-del-libro-valparaiso-rock-pistolas-de-daniela-arenas-belmar\/\" aria-label=\"Read more about Lanzamiento del libro \u00abValpara\u00edso: Rock &amp; Pistolas\u00bb de Daniela Arenas Belmar\" tabindex=\"-1\" >\n\t\t\tVer m\u00e1s\t\t<\/a>\n\n\t\t\t\t<\/div>\n\t\t\t\t<\/article>\n\t\t\t\t<article class=\"elementor-post elementor-grid-item post-27269 post type-post status-publish format-standard has-post-thumbnail hentry category-blog category-musica-y-sonido category-noticia category-patrimonio tag-actividades tag-casablanca tag-payadores\" role=\"listitem\">\n\t\t\t\t<a class=\"elementor-post__thumbnail__link\" href=\"https:\/\/dev.antudigital.cl\/sites\/vc\/encuentro-internacional-de-payadores-convoco-a-mas-de-7-mil-asistentes-en-tres-jornadas-dedicadas-al-folclore-iberoamericano\/\" tabindex=\"-1\" >\n\t\t\t<div class=\"elementor-post__thumbnail\"><img loading=\"lazy\" decoding=\"async\" width=\"2560\" height=\"1920\" src=\"https:\/\/dev.antudigital.cl\/sites\/vc\/wp-content\/uploads\/2026\/02\/CIERRE-DIA-3-scaled.jpg\" class=\"attachment-full size-full wp-image-27270\" alt=\"\" srcset=\"https:\/\/dev.antudigital.cl\/sites\/vc\/wp-content\/uploads\/2026\/02\/CIERRE-DIA-3-scaled.jpg 2560w, https:\/\/dev.antudigital.cl\/sites\/vc\/wp-content\/uploads\/2026\/02\/CIERRE-DIA-3-300x225.jpg 300w, https:\/\/dev.antudigital.cl\/sites\/vc\/wp-content\/uploads\/2026\/02\/CIERRE-DIA-3-1024x768.jpg 1024w, https:\/\/dev.antudigital.cl\/sites\/vc\/wp-content\/uploads\/2026\/02\/CIERRE-DIA-3-768x576.jpg 768w, https:\/\/dev.antudigital.cl\/sites\/vc\/wp-content\/uploads\/2026\/02\/CIERRE-DIA-3-1536x1152.jpg 1536w, https:\/\/dev.antudigital.cl\/sites\/vc\/wp-content\/uploads\/2026\/02\/CIERRE-DIA-3-2048x1536.jpg 2048w\" sizes=\"(max-width: 2560px) 100vw, 2560px\" \/><\/div>\n\t\t<\/a>\n\t\t\t\t<div class=\"elementor-post__text\">\n\t\t\t\t<h3 class=\"elementor-post__title\">\n\t\t\t<a href=\"https:\/\/dev.antudigital.cl\/sites\/vc\/encuentro-internacional-de-payadores-convoco-a-mas-de-7-mil-asistentes-en-tres-jornadas-dedicadas-al-folclore-iberoamericano\/\" >\n\t\t\t\tEncuentro Internacional de Payadores convoc\u00f3 a m\u00e1s de 7 mil asistentes en tres jornadas dedicadas al folclore iberoamericano\t\t\t<\/a>\n\t\t<\/h3>\n\t\t\t\t<div class=\"elementor-post__meta-data\">\n\t\t\t\t\t<span class=\"elementor-post-date\">\n\t\t\tfebrero 16, 2026\t\t<\/span>\n\t\t\t\t<\/div>\n\t\t\n\t\t<a class=\"elementor-post__read-more\" href=\"https:\/\/dev.antudigital.cl\/sites\/vc\/encuentro-internacional-de-payadores-convoco-a-mas-de-7-mil-asistentes-en-tres-jornadas-dedicadas-al-folclore-iberoamericano\/\" aria-label=\"Read more about Encuentro Internacional de Payadores convoc\u00f3 a m\u00e1s de 7 mil asistentes en tres jornadas dedicadas al folclore iberoamericano\" tabindex=\"-1\" >\n\t\t\tVer m\u00e1s\t\t<\/a>\n\n\t\t\t\t<\/div>\n\t\t\t\t<\/article>\n\t\t\t\t<article class=\"elementor-post elementor-grid-item post-27266 post type-post status-publish format-standard has-post-thumbnail hentry category-blog category-musica-y-sonido category-noticia tag-actividades tag-valparaiso\" role=\"listitem\">\n\t\t\t\t<a class=\"elementor-post__thumbnail__link\" href=\"https:\/\/dev.antudigital.cl\/sites\/vc\/ruta-sonora-bac-activa-cerro-alegre-y-cerro-concepcion-con-un-circuito-cultural-y-gastronomico-de-dia-completo\/\" tabindex=\"-1\" >\n\t\t\t<div class=\"elementor-post__thumbnail\"><img loading=\"lazy\" decoding=\"async\" width=\"1080\" height=\"1350\" src=\"https:\/\/dev.antudigital.cl\/sites\/vc\/wp-content\/uploads\/2026\/02\/BAC.png\" class=\"attachment-full size-full wp-image-27267\" alt=\"\" srcset=\"https:\/\/dev.antudigital.cl\/sites\/vc\/wp-content\/uploads\/2026\/02\/BAC.png 1080w, https:\/\/dev.antudigital.cl\/sites\/vc\/wp-content\/uploads\/2026\/02\/BAC-240x300.png 240w, https:\/\/dev.antudigital.cl\/sites\/vc\/wp-content\/uploads\/2026\/02\/BAC-819x1024.png 819w, https:\/\/dev.antudigital.cl\/sites\/vc\/wp-content\/uploads\/2026\/02\/BAC-768x960.png 768w\" sizes=\"(max-width: 1080px) 100vw, 1080px\" \/><\/div>\n\t\t<\/a>\n\t\t\t\t<div class=\"elementor-post__text\">\n\t\t\t\t<h3 class=\"elementor-post__title\">\n\t\t\t<a href=\"https:\/\/dev.antudigital.cl\/sites\/vc\/ruta-sonora-bac-activa-cerro-alegre-y-cerro-concepcion-con-un-circuito-cultural-y-gastronomico-de-dia-completo\/\" >\n\t\t\t\tRuta Sonora BAC activa Cerro Alegre y Cerro Concepci\u00f3n con un circuito cultural y gastron\u00f3mico de d\u00eda completo\t\t\t<\/a>\n\t\t<\/h3>\n\t\t\t\t<div class=\"elementor-post__meta-data\">\n\t\t\t\t\t<span class=\"elementor-post-date\">\n\t\t\tfebrero 16, 2026\t\t<\/span>\n\t\t\t\t<\/div>\n\t\t\n\t\t<a class=\"elementor-post__read-more\" href=\"https:\/\/dev.antudigital.cl\/sites\/vc\/ruta-sonora-bac-activa-cerro-alegre-y-cerro-concepcion-con-un-circuito-cultural-y-gastronomico-de-dia-completo\/\" aria-label=\"Read more about Ruta Sonora BAC activa Cerro Alegre y Cerro Concepci\u00f3n con un circuito cultural y gastron\u00f3mico de d\u00eda completo\" tabindex=\"-1\" >\n\t\t\tVer m\u00e1s\t\t<\/a>\n\n\t\t\t\t<\/div>\n\t\t\t\t<\/article>\n\t\t\t\t<article class=\"elementor-post elementor-grid-item post-27248 post type-post status-publish format-standard has-post-thumbnail hentry category-blog category-noticia tag-actividades tag-putaendo tag-turismo\" role=\"listitem\">\n\t\t\t\t<a class=\"elementor-post__thumbnail__link\" href=\"https:\/\/dev.antudigital.cl\/sites\/vc\/putaendo-impulsa-el-turismo-creativo-con-nueva-jornada-cultural-del-carnaval-de-la-chaya\/\" tabindex=\"-1\" >\n\t\t\t<div class=\"elementor-post__thumbnail\"><img loading=\"lazy\" decoding=\"async\" width=\"1080\" height=\"810\" src=\"https:\/\/dev.antudigital.cl\/sites\/vc\/wp-content\/uploads\/2026\/02\/putaendo.jpeg\" class=\"attachment-full size-full wp-image-27249\" alt=\"\" srcset=\"https:\/\/dev.antudigital.cl\/sites\/vc\/wp-content\/uploads\/2026\/02\/putaendo.jpeg 1080w, https:\/\/dev.antudigital.cl\/sites\/vc\/wp-content\/uploads\/2026\/02\/putaendo-300x225.jpeg 300w, https:\/\/dev.antudigital.cl\/sites\/vc\/wp-content\/uploads\/2026\/02\/putaendo-1024x768.jpeg 1024w, https:\/\/dev.antudigital.cl\/sites\/vc\/wp-content\/uploads\/2026\/02\/putaendo-768x576.jpeg 768w\" sizes=\"(max-width: 1080px) 100vw, 1080px\" \/><\/div>\n\t\t<\/a>\n\t\t\t\t<div class=\"elementor-post__text\">\n\t\t\t\t<h3 class=\"elementor-post__title\">\n\t\t\t<a href=\"https:\/\/dev.antudigital.cl\/sites\/vc\/putaendo-impulsa-el-turismo-creativo-con-nueva-jornada-cultural-del-carnaval-de-la-chaya\/\" >\n\t\t\t\tPutaendo impulsa el turismo creativo con nueva jornada cultural del Carnaval de la Chaya\t\t\t<\/a>\n\t\t<\/h3>\n\t\t\t\t<div class=\"elementor-post__meta-data\">\n\t\t\t\t\t<span class=\"elementor-post-date\">\n\t\t\tfebrero 11, 2026\t\t<\/span>\n\t\t\t\t<\/div>\n\t\t\n\t\t<a class=\"elementor-post__read-more\" href=\"https:\/\/dev.antudigital.cl\/sites\/vc\/putaendo-impulsa-el-turismo-creativo-con-nueva-jornada-cultural-del-carnaval-de-la-chaya\/\" aria-label=\"Read more about Putaendo impulsa el turismo creativo con nueva jornada cultural del Carnaval de la Chaya\" tabindex=\"-1\" >\n\t\t\tVer m\u00e1s\t\t<\/a>\n\n\t\t\t\t<\/div>\n\t\t\t\t<\/article>\n\t\t\t\t<article class=\"elementor-post elementor-grid-item post-27244 post type-post status-publish format-standard has-post-thumbnail hentry category-blog category-musica-y-sonido category-noticia tag-actividades tag-valparaiso\" role=\"listitem\">\n\t\t\t\t<a class=\"elementor-post__thumbnail__link\" href=\"https:\/\/dev.antudigital.cl\/sites\/vc\/valparaiso-recibe-por-primera-vez-a-globe-40-con-una-bienvenida-musical-en-muelle-baron\/\" tabindex=\"-1\" >\n\t\t\t<div class=\"elementor-post__thumbnail\"><img loading=\"lazy\" decoding=\"async\" width=\"1125\" height=\"640\" src=\"https:\/\/dev.antudigital.cl\/sites\/vc\/wp-content\/uploads\/2026\/02\/8328E28C-D285-4D82-9E8B-01DCD75243E9.jpg\" class=\"attachment-full size-full wp-image-27246\" alt=\"\" srcset=\"https:\/\/dev.antudigital.cl\/sites\/vc\/wp-content\/uploads\/2026\/02\/8328E28C-D285-4D82-9E8B-01DCD75243E9.jpg 1125w, https:\/\/dev.antudigital.cl\/sites\/vc\/wp-content\/uploads\/2026\/02\/8328E28C-D285-4D82-9E8B-01DCD75243E9-300x171.jpg 300w, https:\/\/dev.antudigital.cl\/sites\/vc\/wp-content\/uploads\/2026\/02\/8328E28C-D285-4D82-9E8B-01DCD75243E9-1024x583.jpg 1024w, https:\/\/dev.antudigital.cl\/sites\/vc\/wp-content\/uploads\/2026\/02\/8328E28C-D285-4D82-9E8B-01DCD75243E9-768x437.jpg 768w\" sizes=\"(max-width: 1125px) 100vw, 1125px\" \/><\/div>\n\t\t<\/a>\n\t\t\t\t<div class=\"elementor-post__text\">\n\t\t\t\t<h3 class=\"elementor-post__title\">\n\t\t\t<a href=\"https:\/\/dev.antudigital.cl\/sites\/vc\/valparaiso-recibe-por-primera-vez-a-globe-40-con-una-bienvenida-musical-en-muelle-baron\/\" >\n\t\t\t\tValpara\u00edso recibe por primera vez a Globe 40 con una bienvenida musical en Muelle Bar\u00f3n\t\t\t<\/a>\n\t\t<\/h3>\n\t\t\t\t<div class=\"elementor-post__meta-data\">\n\t\t\t\t\t<span class=\"elementor-post-date\">\n\t\t\tfebrero 9, 2026\t\t<\/span>\n\t\t\t\t<\/div>\n\t\t\n\t\t<a class=\"elementor-post__read-more\" href=\"https:\/\/dev.antudigital.cl\/sites\/vc\/valparaiso-recibe-por-primera-vez-a-globe-40-con-una-bienvenida-musical-en-muelle-baron\/\" aria-label=\"Read more about Valpara\u00edso recibe por primera vez a Globe 40 con una bienvenida musical en Muelle Bar\u00f3n\" tabindex=\"-1\" >\n\t\t\tVer m\u00e1s\t\t<\/a>\n\n\t\t\t\t<\/div>\n\t\t\t\t<\/article>\n\t\t\t\t<article class=\"elementor-post elementor-grid-item post-27241 post type-post status-publish format-standard has-post-thumbnail hentry category-blog category-noticia tag-actividades tag-valparaiso\" role=\"listitem\">\n\t\t\t\t<a class=\"elementor-post__thumbnail__link\" href=\"https:\/\/dev.antudigital.cl\/sites\/vc\/verano-en-valparaiso-centro-cultural-ofrece-mas-de-50-actividades-gratuitas-para-todas-las-edades\/\" tabindex=\"-1\" >\n\t\t\t<div class=\"elementor-post__thumbnail\"><img loading=\"lazy\" decoding=\"async\" width=\"2560\" height=\"1707\" src=\"https:\/\/dev.antudigital.cl\/sites\/vc\/wp-content\/uploads\/2026\/02\/Parque_en_Verano_PCdV-Ex_Carcel_nota_03-scaled.jpg\" class=\"attachment-full size-full wp-image-27242\" alt=\"\" srcset=\"https:\/\/dev.antudigital.cl\/sites\/vc\/wp-content\/uploads\/2026\/02\/Parque_en_Verano_PCdV-Ex_Carcel_nota_03-scaled.jpg 2560w, https:\/\/dev.antudigital.cl\/sites\/vc\/wp-content\/uploads\/2026\/02\/Parque_en_Verano_PCdV-Ex_Carcel_nota_03-300x200.jpg 300w, https:\/\/dev.antudigital.cl\/sites\/vc\/wp-content\/uploads\/2026\/02\/Parque_en_Verano_PCdV-Ex_Carcel_nota_03-1024x683.jpg 1024w, https:\/\/dev.antudigital.cl\/sites\/vc\/wp-content\/uploads\/2026\/02\/Parque_en_Verano_PCdV-Ex_Carcel_nota_03-768x512.jpg 768w, https:\/\/dev.antudigital.cl\/sites\/vc\/wp-content\/uploads\/2026\/02\/Parque_en_Verano_PCdV-Ex_Carcel_nota_03-1536x1024.jpg 1536w, https:\/\/dev.antudigital.cl\/sites\/vc\/wp-content\/uploads\/2026\/02\/Parque_en_Verano_PCdV-Ex_Carcel_nota_03-2048x1365.jpg 2048w\" sizes=\"(max-width: 2560px) 100vw, 2560px\" \/><\/div>\n\t\t<\/a>\n\t\t\t\t<div class=\"elementor-post__text\">\n\t\t\t\t<h3 class=\"elementor-post__title\">\n\t\t\t<a href=\"https:\/\/dev.antudigital.cl\/sites\/vc\/verano-en-valparaiso-centro-cultural-ofrece-mas-de-50-actividades-gratuitas-para-todas-las-edades\/\" >\n\t\t\t\tVerano en Valpara\u00edso: centro cultural ofrece m\u00e1s de 50 actividades gratuitas para todas las edades\t\t\t<\/a>\n\t\t<\/h3>\n\t\t\t\t<div class=\"elementor-post__meta-data\">\n\t\t\t\t\t<span class=\"elementor-post-date\">\n\t\t\tfebrero 9, 2026\t\t<\/span>\n\t\t\t\t<\/div>\n\t\t\n\t\t<a class=\"elementor-post__read-more\" href=\"https:\/\/dev.antudigital.cl\/sites\/vc\/verano-en-valparaiso-centro-cultural-ofrece-mas-de-50-actividades-gratuitas-para-todas-las-edades\/\" aria-label=\"Read more about Verano en Valpara\u00edso: centro cultural ofrece m\u00e1s de 50 actividades gratuitas para todas las edades\" tabindex=\"-1\" >\n\t\t\tVer m\u00e1s\t\t<\/a>\n\n\t\t\t\t<\/div>\n\t\t\t\t<\/article>\n\t\t\t\t<\/div>\n\t\t\n\t\t\t\t<div class=\"e-load-more-anchor\" data-page=\"1\" data-max-page=\"224\" data-next-page=\"https:\/\/dev.antudigital.cl\/sites\/vc\/wp-json\/wp\/v2\/pages\/23972\/page\/2\/\"><\/div>\n\t\t\t\t<nav class=\"elementor-pagination\" aria-label=\"Pagination\">\n\t\t\t<span class=\"page-numbers prev\">&laquo;<\/span>\n<span aria-current=\"page\" class=\"page-numbers current\"><span class=\"elementor-screen-only\">Page<\/span>1<\/span>\n<a class=\"page-numbers\" href=\"https:\/\/dev.antudigital.cl\/sites\/vc\/wp-json\/wp\/v2\/pages\/23972\/page\/2\/\"><span class=\"elementor-screen-only\">Page<\/span>2<\/a>\n<a class=\"page-numbers\" href=\"https:\/\/dev.antudigital.cl\/sites\/vc\/wp-json\/wp\/v2\/pages\/23972\/page\/3\/\"><span class=\"elementor-screen-only\">Page<\/span>3<\/a>\n<a class=\"page-numbers\" href=\"https:\/\/dev.antudigital.cl\/sites\/vc\/wp-json\/wp\/v2\/pages\/23972\/page\/4\/\"><span class=\"elementor-screen-only\">Page<\/span>4<\/a>\n<a class=\"page-numbers\" href=\"https:\/\/dev.antudigital.cl\/sites\/vc\/wp-json\/wp\/v2\/pages\/23972\/page\/5\/\"><span class=\"elementor-screen-only\">Page<\/span>5<\/a>\n<a class=\"page-numbers next\" href=\"https:\/\/dev.antudigital.cl\/sites\/vc\/wp-json\/wp\/v2\/pages\/23972\/page\/2\/\">&raquo;<\/a>\t\t<\/nav>\n\t\t\t\t\t\t<\/div>\n\t\t\t\t<\/div>\n\t\t\t\t\t<\/div>\n\t\t\t\t<\/div>\n\t\t<div class=\"elementor-element elementor-element-ee764c4 e-flex e-con-boxed e-con e-parent\" data-id=\"ee764c4\" data-element_type=\"container\" data-e-type=\"container\" data-settings=\"{&quot;background_background&quot;:&quot;classic&quot;,&quot;position&quot;:&quot;absolute&quot;}\">\n\t\t\t\t\t<div class=\"e-con-inner\">\n\t\t\t\t<div class=\"elementor-element elementor-element-3e9ed82 elementor-widget elementor-widget-spacer\" data-id=\"3e9ed82\" data-element_type=\"widget\" data-e-type=\"widget\" data-widget_type=\"spacer.default\">\n\t\t\t\t<div class=\"elementor-widget-container\">\n\t\t\t\t\t\t\t<div class=\"elementor-spacer\">\n\t\t\t<div class=\"elementor-spacer-inner\"><\/div>\n\t\t<\/div>\n\t\t\t\t\t\t<\/div>\n\t\t\t\t<\/div>\n\t\t\t\t\t<\/div>\n\t\t\t\t<\/div>\n\t\t<div class=\"elementor-element elementor-element-3d76c16 e-flex e-con-boxed e-con e-parent\" data-id=\"3d76c16\" data-element_type=\"container\" data-e-type=\"container\" data-settings=\"{&quot;background_background&quot;:&quot;classic&quot;}\">\n\t\t\t\t\t<div class=\"e-con-inner\">\n\t\t<div class=\"elementor-element elementor-element-5921668 e-grid e-con-full e-con e-child\" data-id=\"5921668\" data-element_type=\"container\" data-e-type=\"container\">\n\t\t<div class=\"elementor-element elementor-element-4bdd525 e-con-full e-flex e-con e-child\" data-id=\"4bdd525\" data-element_type=\"container\" data-e-type=\"container\">\n\t\t\t\t<div class=\"elementor-element elementor-element-aeff7d7 elementor-invisible elementor-widget elementor-widget-heading\" data-id=\"aeff7d7\" data-element_type=\"widget\" data-e-type=\"widget\" data-settings=\"{&quot;_animation&quot;:&quot;slideInUp&quot;,&quot;_animation_tablet&quot;:&quot;none&quot;}\" data-widget_type=\"heading.default\">\n\t\t\t\t<div class=\"elementor-widget-container\">\n\t\t\t\t\t<h3 class=\"elementor-heading-title elementor-size-default\">Suscr\u00edbete a nuestro Newsletter<\/h3>\t\t\t\t<\/div>\n\t\t\t\t<\/div>\n\t\t\t\t<div class=\"elementor-element elementor-element-adaae46 elementor-widget elementor-widget-text-editor\" data-id=\"adaae46\" data-element_type=\"widget\" data-e-type=\"widget\" data-widget_type=\"text-editor.default\">\n\t\t\t\t<div class=\"elementor-widget-container\">\n\t\t\t\t\t\t\t\t\t<p><b>\u00a1No te pierdas nuestras novedades!<\/b><br \/>Rec\u00edbelas en tu bandeja de entrada.<\/p>\t\t\t\t\t\t\t\t<\/div>\n\t\t\t\t<\/div>\n\t\t\t\t<\/div>\n\t\t<div class=\"elementor-element elementor-element-1e8712b e-con-full e-flex e-con e-child\" data-id=\"1e8712b\" data-element_type=\"container\" data-e-type=\"container\">\n\t\t\t\t<div class=\"elementor-element elementor-element-6934860 elementor-mobile-button-align-center elementor-button-align-stretch elementor-widget elementor-widget-form\" data-id=\"6934860\" data-element_type=\"widget\" data-e-type=\"widget\" data-settings=\"{&quot;button_width&quot;:&quot;30&quot;,&quot;step_next_label&quot;:&quot;Next&quot;,&quot;step_previous_label&quot;:&quot;Previous&quot;,&quot;button_width_mobile&quot;:&quot;30&quot;,&quot;step_type&quot;:&quot;number_text&quot;,&quot;step_icon_shape&quot;:&quot;circle&quot;}\" data-widget_type=\"form.default\">\n\t\t\t\t<div class=\"elementor-widget-container\">\n\t\t\t\t\t\t\t<form class=\"elementor-form\" method=\"post\" id=\"formulario_suscripcion_novedades_celu\" name=\"Suscripci\u00f3n\" aria-label=\"Suscripci\u00f3n\">\n\t\t\t<input type=\"hidden\" name=\"post_id\" value=\"23972\"\/>\n\t\t\t<input type=\"hidden\" name=\"form_id\" value=\"6934860\"\/>\n\t\t\t<input type=\"hidden\" name=\"referer_title\" value=\"Novedades - Valpara\u00ed\u00adso Creativo\" \/>\n\n\t\t\t\t\t\t\t<input type=\"hidden\" name=\"queried_id\" value=\"23972\"\/>\n\t\t\t\n\t\t\t<div class=\"elementor-form-fields-wrapper elementor-labels-above\">\n\t\t\t\t\t\t\t\t<div class=\"elementor-field-type-email elementor-field-group elementor-column elementor-field-group-field_1a9a98e elementor-col-70 elementor-md-70 elementor-sm-70 elementor-field-required\">\n\t\t\t\t\t\t\t\t\t\t\t\t\t<input size=\"1\" type=\"email\" name=\"form_fields[field_1a9a98e]\" id=\"form-field-field_1a9a98e\" class=\"elementor-field elementor-size-md  elementor-field-textual\" placeholder=\"Email\" required=\"required\">\n\t\t\t\t\t\t\t\t\t\t\t<\/div>\n\t\t\t\t\t\t\t\t<div class=\"elementor-field-group elementor-column elementor-field-type-submit elementor-col-30 e-form__buttons elementor-sm-30\">\n\t\t\t\t\t<button class=\"elementor-button elementor-size-md\" type=\"submit\">\n\t\t\t\t\t\t<span class=\"elementor-button-content-wrapper\">\n\t\t\t\t\t\t\t\t\t\t\t\t\t\t\t\t\t\t\t\t\t\t<span class=\"elementor-button-text\">Suscr\u00edbete<\/span>\n\t\t\t\t\t\t\t\t\t\t\t\t\t<\/span>\n\t\t\t\t\t<\/button>\n\t\t\t\t<\/div>\n\t\t\t<\/div>\n\t\t<\/form>\n\t\t\t\t\t\t<\/div>\n\t\t\t\t<\/div>\n\t\t\t\t<\/div>\n\t\t\t\t<\/div>\n\t\t\t\t\t<\/div>\n\t\t\t\t<\/div>\n\t\t<div class=\"elementor-element elementor-element-6085ab4 e-con-full e-flex e-con e-parent\" data-id=\"6085ab4\" data-element_type=\"container\" data-e-type=\"container\" data-settings=\"{&quot;background_background&quot;:&quot;classic&quot;}\">\n\t\t<div class=\"elementor-element elementor-element-068fadc e-con-full e-flex e-con e-child\" data-id=\"068fadc\" data-element_type=\"container\" data-e-type=\"container\">\n\t\t\t\t<div class=\"elementor-element elementor-element-a8b76c8 elementor-widget elementor-widget-image\" data-id=\"a8b76c8\" data-element_type=\"widget\" data-e-type=\"widget\" data-widget_type=\"image.default\">\n\t\t\t\t<div class=\"elementor-widget-container\">\n\t\t\t\t\t\t\t\t\t\t\t\t\t\t\t<img loading=\"lazy\" decoding=\"async\" width=\"327\" height=\"397\" src=\"https:\/\/dev.antudigital.cl\/sites\/vc\/wp-content\/uploads\/2025\/06\/Mesa-de-trabajo-190@5x.png\" class=\"attachment-large size-large wp-image-24134\" alt=\"\" srcset=\"https:\/\/dev.antudigital.cl\/sites\/vc\/wp-content\/uploads\/2025\/06\/Mesa-de-trabajo-190@5x.png 327w, https:\/\/dev.antudigital.cl\/sites\/vc\/wp-content\/uploads\/2025\/06\/Mesa-de-trabajo-190@5x-247x300.png 247w\" sizes=\"(max-width: 327px) 100vw, 327px\" \/>\t\t\t\t\t\t\t\t\t\t\t\t\t\t\t<\/div>\n\t\t\t\t<\/div>\n\t\t\t\t<div class=\"elementor-element elementor-element-0d4672c elementor-invisible elementor-widget elementor-widget-heading\" data-id=\"0d4672c\" data-element_type=\"widget\" data-e-type=\"widget\" data-settings=\"{&quot;_animation&quot;:&quot;slideInUp&quot;}\" data-widget_type=\"heading.default\">\n\t\t\t\t<div class=\"elementor-widget-container\">\n\t\t\t\t\t<h3 class=\"elementor-heading-title elementor-size-default\">\u00a1Conoce la variedad de eventos cerca tuyo!<\/h3>\t\t\t\t<\/div>\n\t\t\t\t<\/div>\n\t\t\t\t<div class=\"elementor-element elementor-element-341d7dc elementor-align-center elementor-invisible elementor-widget elementor-widget-button\" data-id=\"341d7dc\" data-element_type=\"widget\" data-e-type=\"widget\" data-settings=\"{&quot;_animation&quot;:&quot;slideInLeft&quot;,&quot;_animation_delay&quot;:50}\" data-widget_type=\"button.default\">\n\t\t\t\t<div class=\"elementor-widget-container\">\n\t\t\t\t\t\t\t\t\t<div class=\"elementor-button-wrapper\">\n\t\t\t\t\t<a class=\"elementor-button elementor-button-link elementor-size-sm\" href=\"https:\/\/www.valparaisocreativo.cl\/eventos\/\">\n\t\t\t\t\t\t<span class=\"elementor-button-content-wrapper\">\n\t\t\t\t\t\t\t\t\t<span class=\"elementor-button-text\">\u279e Ver eventos<\/span>\n\t\t\t\t\t<\/span>\n\t\t\t\t\t<\/a>\n\t\t\t\t<\/div>\n\t\t\t\t\t\t\t\t<\/div>\n\t\t\t\t<\/div>\n\t\t\t\t<\/div>\n\t\t\t\t<\/div>\n\t\t\t\t<\/div>\n\t\t","protected":false},"excerpt":{"rendered":"<p>Blog Entrevista Noticia Oficios Patrimonio Vestuario esc\u00e9nico como patrimonio vivo: la puesta en valor de un oficio creativo en Valpara\u00edso<\/p>\n","protected":false},"author":8,"featured_media":0,"parent":0,"menu_order":0,"comment_status":"closed","ping_status":"closed","template":"","meta":{"_acf_changed":false,"footnotes":""},"class_list":["post-23972","page","type-page","status-publish","hentry"],"acf":[],"yoast_head":"<!-- This site is optimized with the Yoast SEO plugin v27.1.1 - https:\/\/yoast.com\/product\/yoast-seo-wordpress\/ -->\n<title>Novedades - Valpara\u00ed\u00adso Creativo<\/title>\n<meta name=\"robots\" content=\"index, follow, max-snippet:-1, max-image-preview:large, max-video-preview:-1\" \/>\n<link rel=\"canonical\" href=\"https:\/\/dev.antudigital.cl\/sites\/vc\/novedades\/\" \/>\n<meta property=\"og:locale\" content=\"es_ES\" \/>\n<meta property=\"og:type\" content=\"article\" \/>\n<meta property=\"og:title\" content=\"Novedades - Valpara\u00ed\u00adso Creativo\" \/>\n<meta property=\"og:description\" content=\"Blog Entrevista Noticia Oficios Patrimonio Vestuario esc\u00e9nico como patrimonio vivo: la puesta en valor de un oficio creativo en Valpara\u00edso\" \/>\n<meta property=\"og:url\" content=\"https:\/\/dev.antudigital.cl\/sites\/vc\/novedades\/\" \/>\n<meta property=\"og:site_name\" content=\"Valpara\u00ed\u00adso Creativo\" \/>\n<meta property=\"article:modified_time\" content=\"2026-03-10T16:55:04+00:00\" \/>\n<meta property=\"og:image\" content=\"https:\/\/dev.antudigital.cl\/sites\/vc\/wp-content\/uploads\/2026\/02\/IMG_4823.jpg\" \/>\n\t<meta property=\"og:image:width\" content=\"1170\" \/>\n\t<meta property=\"og:image:height\" content=\"1367\" \/>\n\t<meta property=\"og:image:type\" content=\"image\/jpeg\" \/>\n<meta name=\"twitter:card\" content=\"summary_large_image\" \/>\n<meta name=\"twitter:label1\" content=\"Tiempo de lectura\" \/>\n\t<meta name=\"twitter:data1\" content=\"6 minutos\" \/>\n<script type=\"application\/ld+json\" class=\"yoast-schema-graph\">{\"@context\":\"https:\/\/schema.org\",\"@graph\":[{\"@type\":\"WebPage\",\"@id\":\"https:\/\/dev.antudigital.cl\/sites\/vc\/novedades\/\",\"url\":\"https:\/\/dev.antudigital.cl\/sites\/vc\/novedades\/\",\"name\":\"Novedades - Valpara\u00ed\u00adso Creativo\",\"isPartOf\":{\"@id\":\"https:\/\/dev.antudigital.cl\/sites\/vc\/#website\"},\"primaryImageOfPage\":{\"@id\":\"https:\/\/dev.antudigital.cl\/sites\/vc\/novedades\/#primaryimage\"},\"image\":{\"@id\":\"https:\/\/dev.antudigital.cl\/sites\/vc\/novedades\/#primaryimage\"},\"thumbnailUrl\":\"https:\/\/dev.antudigital.cl\/sites\/vc\/wp-content\/uploads\/2026\/02\/IMG_4823.jpg\",\"datePublished\":\"2025-06-10T13:04:10+00:00\",\"dateModified\":\"2026-03-10T16:55:04+00:00\",\"breadcrumb\":{\"@id\":\"https:\/\/dev.antudigital.cl\/sites\/vc\/novedades\/#breadcrumb\"},\"inLanguage\":\"es\",\"potentialAction\":[{\"@type\":\"ReadAction\",\"target\":[\"https:\/\/dev.antudigital.cl\/sites\/vc\/novedades\/\"]}]},{\"@type\":\"ImageObject\",\"inLanguage\":\"es\",\"@id\":\"https:\/\/dev.antudigital.cl\/sites\/vc\/novedades\/#primaryimage\",\"url\":\"https:\/\/dev.antudigital.cl\/sites\/vc\/wp-content\/uploads\/2026\/02\/IMG_4823.jpg\",\"contentUrl\":\"https:\/\/dev.antudigital.cl\/sites\/vc\/wp-content\/uploads\/2026\/02\/IMG_4823.jpg\",\"width\":1170,\"height\":1367},{\"@type\":\"BreadcrumbList\",\"@id\":\"https:\/\/dev.antudigital.cl\/sites\/vc\/novedades\/#breadcrumb\",\"itemListElement\":[{\"@type\":\"ListItem\",\"position\":1,\"name\":\"Home\",\"item\":\"https:\/\/dev.antudigital.cl\/sites\/vc\/\"},{\"@type\":\"ListItem\",\"position\":2,\"name\":\"Novedades\"}]},{\"@type\":\"WebSite\",\"@id\":\"https:\/\/dev.antudigital.cl\/sites\/vc\/#website\",\"url\":\"https:\/\/dev.antudigital.cl\/sites\/vc\/\",\"name\":\"Valpara\u00ed\u00adso Creativo\",\"description\":\"\",\"potentialAction\":[{\"@type\":\"SearchAction\",\"target\":{\"@type\":\"EntryPoint\",\"urlTemplate\":\"https:\/\/dev.antudigital.cl\/sites\/vc\/?s={search_term_string}\"},\"query-input\":{\"@type\":\"PropertyValueSpecification\",\"valueRequired\":true,\"valueName\":\"search_term_string\"}}],\"inLanguage\":\"es\"}]}<\/script>\n<!-- \/ Yoast SEO plugin. -->","yoast_head_json":{"title":"Novedades - Valpara\u00ed\u00adso Creativo","robots":{"index":"index","follow":"follow","max-snippet":"max-snippet:-1","max-image-preview":"max-image-preview:large","max-video-preview":"max-video-preview:-1"},"canonical":"https:\/\/dev.antudigital.cl\/sites\/vc\/novedades\/","og_locale":"es_ES","og_type":"article","og_title":"Novedades - Valpara\u00ed\u00adso Creativo","og_description":"Blog Entrevista Noticia Oficios Patrimonio Vestuario esc\u00e9nico como patrimonio vivo: la puesta en valor de un oficio creativo en Valpara\u00edso","og_url":"https:\/\/dev.antudigital.cl\/sites\/vc\/novedades\/","og_site_name":"Valpara\u00ed\u00adso Creativo","article_modified_time":"2026-03-10T16:55:04+00:00","og_image":[{"width":1170,"height":1367,"url":"https:\/\/dev.antudigital.cl\/sites\/vc\/wp-content\/uploads\/2026\/02\/IMG_4823.jpg","type":"image\/jpeg"}],"twitter_card":"summary_large_image","twitter_misc":{"Tiempo de lectura":"6 minutos"},"schema":{"@context":"https:\/\/schema.org","@graph":[{"@type":"WebPage","@id":"https:\/\/dev.antudigital.cl\/sites\/vc\/novedades\/","url":"https:\/\/dev.antudigital.cl\/sites\/vc\/novedades\/","name":"Novedades - Valpara\u00ed\u00adso Creativo","isPartOf":{"@id":"https:\/\/dev.antudigital.cl\/sites\/vc\/#website"},"primaryImageOfPage":{"@id":"https:\/\/dev.antudigital.cl\/sites\/vc\/novedades\/#primaryimage"},"image":{"@id":"https:\/\/dev.antudigital.cl\/sites\/vc\/novedades\/#primaryimage"},"thumbnailUrl":"https:\/\/dev.antudigital.cl\/sites\/vc\/wp-content\/uploads\/2026\/02\/IMG_4823.jpg","datePublished":"2025-06-10T13:04:10+00:00","dateModified":"2026-03-10T16:55:04+00:00","breadcrumb":{"@id":"https:\/\/dev.antudigital.cl\/sites\/vc\/novedades\/#breadcrumb"},"inLanguage":"es","potentialAction":[{"@type":"ReadAction","target":["https:\/\/dev.antudigital.cl\/sites\/vc\/novedades\/"]}]},{"@type":"ImageObject","inLanguage":"es","@id":"https:\/\/dev.antudigital.cl\/sites\/vc\/novedades\/#primaryimage","url":"https:\/\/dev.antudigital.cl\/sites\/vc\/wp-content\/uploads\/2026\/02\/IMG_4823.jpg","contentUrl":"https:\/\/dev.antudigital.cl\/sites\/vc\/wp-content\/uploads\/2026\/02\/IMG_4823.jpg","width":1170,"height":1367},{"@type":"BreadcrumbList","@id":"https:\/\/dev.antudigital.cl\/sites\/vc\/novedades\/#breadcrumb","itemListElement":[{"@type":"ListItem","position":1,"name":"Home","item":"https:\/\/dev.antudigital.cl\/sites\/vc\/"},{"@type":"ListItem","position":2,"name":"Novedades"}]},{"@type":"WebSite","@id":"https:\/\/dev.antudigital.cl\/sites\/vc\/#website","url":"https:\/\/dev.antudigital.cl\/sites\/vc\/","name":"Valpara\u00ed\u00adso Creativo","description":"","potentialAction":[{"@type":"SearchAction","target":{"@type":"EntryPoint","urlTemplate":"https:\/\/dev.antudigital.cl\/sites\/vc\/?s={search_term_string}"},"query-input":{"@type":"PropertyValueSpecification","valueRequired":true,"valueName":"search_term_string"}}],"inLanguage":"es"}]}},"_links":{"self":[{"href":"https:\/\/dev.antudigital.cl\/sites\/vc\/wp-json\/wp\/v2\/pages\/23972","targetHints":{"allow":["GET"]}}],"collection":[{"href":"https:\/\/dev.antudigital.cl\/sites\/vc\/wp-json\/wp\/v2\/pages"}],"about":[{"href":"https:\/\/dev.antudigital.cl\/sites\/vc\/wp-json\/wp\/v2\/types\/page"}],"author":[{"embeddable":true,"href":"https:\/\/dev.antudigital.cl\/sites\/vc\/wp-json\/wp\/v2\/users\/8"}],"replies":[{"embeddable":true,"href":"https:\/\/dev.antudigital.cl\/sites\/vc\/wp-json\/wp\/v2\/comments?post=23972"}],"version-history":[{"count":44,"href":"https:\/\/dev.antudigital.cl\/sites\/vc\/wp-json\/wp\/v2\/pages\/23972\/revisions"}],"predecessor-version":[{"id":27499,"href":"https:\/\/dev.antudigital.cl\/sites\/vc\/wp-json\/wp\/v2\/pages\/23972\/revisions\/27499"}],"wp:attachment":[{"href":"https:\/\/dev.antudigital.cl\/sites\/vc\/wp-json\/wp\/v2\/media?parent=23972"}],"curies":[{"name":"wp","href":"https:\/\/api.w.org\/{rel}","templated":true}]}}